{"id":1994,"date":"2021-03-03T13:53:33","date_gmt":"2021-03-03T13:53:33","guid":{"rendered":"http:\/\/temp.posticum.ro\/?page_id=1994"},"modified":"2021-05-12T07:18:13","modified_gmt":"2021-05-12T07:18:13","slug":"musto-peter-2","status":"publish","type":"page","link":"https:\/\/www.posticum.ro\/ro\/musto-peter-2\/","title":{"rendered":"Must\u00f3 P\u00e9ter"},"content":{"rendered":"<div data-elementor-type=\"wp-page\" data-elementor-id=\"1994\" class=\"elementor elementor-1994\">\n\t\t\t\t\t\t<section class=\"has_eae_slider elementor-section elementor-top-section elementor-element elementor-element-4c7d917 elementor-section-boxed elementor-section-height-default elementor-section-height-default\" data-id=\"4c7d917\" data-element_type=\"section\">\n\t\t\t\t\t\t<div class=\"elementor-container elementor-column-gap-default\">\n\t\t\t\t\t<div class=\"has_eae_slider elementor-column elementor-col-100 elementor-top-column elementor-element elementor-element-9500bc8\" data-id=\"9500bc8\" data-element_type=\"column\">\n\t\t\t<div class=\"elementor-widget-wrap elementor-element-populated\">\n\t\t\t\t\t\t<div class=\"elementor-element elementor-element-2fd6c63 elementor-widget elementor-widget-menu-anchor\" data-id=\"2fd6c63\" data-element_type=\"widget\" data-widget_type=\"menu-anchor.default\">\n\t\t\t\t<div class=\"elementor-widget-container\">\n\t\t\t\t\t\t\t<div class=\"elementor-menu-anchor\" id=\"kezdes\"><\/div>\n\t\t\t\t\t\t<\/div>\n\t\t\t\t<\/div>\n\t\t\t\t\t<\/div>\n\t\t<\/div>\n\t\t\t\t\t<\/div>\n\t\t<\/section>\n\t\t\t\t<section class=\"has_eae_slider elementor-section elementor-top-section elementor-element elementor-element-56e2a26 elementor-section-boxed elementor-section-height-default elementor-section-height-default\" data-id=\"56e2a26\" data-element_type=\"section\">\n\t\t\t\t\t\t<div class=\"elementor-container elementor-column-gap-default\">\n\t\t\t\t\t<div class=\"has_eae_slider elementor-column elementor-col-100 elementor-top-column elementor-element elementor-element-11d6e79\" data-id=\"11d6e79\" data-element_type=\"column\">\n\t\t\t<div class=\"elementor-widget-wrap elementor-element-populated\">\n\t\t\t\t\t\t<div class=\"elementor-element elementor-element-cded35a elementor-widget elementor-widget-spacer\" data-id=\"cded35a\" data-element_type=\"widget\" data-widget_type=\"spacer.default\">\n\t\t\t\t<div class=\"elementor-widget-container\">\n\t\t\t\t\t\t\t<div class=\"elementor-spacer\">\n\t\t\t<div class=\"elementor-spacer-inner\"><\/div>\n\t\t<\/div>\n\t\t\t\t\t\t<\/div>\n\t\t\t\t<\/div>\n\t\t\t\t\t<\/div>\n\t\t<\/div>\n\t\t\t\t\t<\/div>\n\t\t<\/section>\n\t\t\t\t<section class=\"has_eae_slider elementor-section elementor-top-section elementor-element elementor-element-4b67f28 elementor-section-boxed elementor-section-height-default elementor-section-height-default\" data-id=\"4b67f28\" data-element_type=\"section\">\n\t\t\t\t\t\t<div class=\"elementor-container elementor-column-gap-default\">\n\t\t\t\t\t<div class=\"has_eae_slider elementor-column elementor-col-100 elementor-top-column elementor-element elementor-element-4cb3666\" data-id=\"4cb3666\" data-element_type=\"column\">\n\t\t\t<div class=\"elementor-widget-wrap elementor-element-populated\">\n\t\t\t\t\t\t<div class=\"elementor-element elementor-element-f6ca62f elementor-widget elementor-widget-heading\" data-id=\"f6ca62f\" data-element_type=\"widget\" data-widget_type=\"heading.default\">\n\t\t\t\t<div class=\"elementor-widget-container\">\n\t\t\t\t\t<h2 class=\"elementor-heading-title elementor-size-default\">Must\u00f3 P\u00e9ter<\/h2>\t\t\t\t<\/div>\n\t\t\t\t<\/div>\n\t\t\t\t\t<\/div>\n\t\t<\/div>\n\t\t\t\t\t<\/div>\n\t\t<\/section>\n\t\t\t\t<section class=\"has_eae_slider elementor-section elementor-top-section elementor-element elementor-element-8c37baa elementor-section-boxed elementor-section-height-default elementor-section-height-default\" data-id=\"8c37baa\" data-element_type=\"section\">\n\t\t\t\t\t\t<div class=\"elementor-container elementor-column-gap-default\">\n\t\t\t\t\t<div class=\"has_eae_slider elementor-column elementor-col-100 elementor-top-column elementor-element elementor-element-d5f7fb3\" data-id=\"d5f7fb3\" data-element_type=\"column\">\n\t\t\t<div class=\"elementor-widget-wrap elementor-element-populated\">\n\t\t\t\t\t\t<div class=\"elementor-element elementor-element-1d36efc elementor-widget elementor-widget-text-editor\" data-id=\"1d36efc\" data-element_type=\"widget\" data-widget_type=\"text-editor.default\">\n\t\t\t\t<div class=\"elementor-widget-container\">\n\t\t\t\t\t\t\t\t\t<p>Must\u00f3 P\u00e9ter 1935-ben sz\u00fcletett Derecsk\u00e9n. Jezsuita szerzetes. \u00c9rdekl\u0151d\u00e9se a II. vatik\u00e1ni zsinat szellem\u00e9ben a m\u00e1s vall\u00e1s\u00faak, a m\u00e1sk\u00e9nt gondolkod\u00f3k \u00e9s a j\u00f3l\u00e9ti t\u00e1rsadalom s\u00e9r\u00fcltjei fel\u00e9 fordult. 1979 \u00e9s 1991 k\u00f6z\u00f6tt D\u00e9l-Amerik\u00e1ban, Bogot\u00e1 egyik szeg\u00e9nynegyed\u00e9ben \u00e9lt \u00e9s dolgozott. A rendszerv\u00e1lt\u00e1s \u00f3ta Magyarorsz\u00e1gon vezet medit\u00e1ci\u00f3s lelkigyakorlatokat. Im\u00e1dkozni tan\u00edt.<\/p>\n<p>Must\u00f3 P\u00e9ter t\u00f6bb k\u00f6tet szerz\u0151je. K\u00f6nyvei olvas\u00e1sa \u00fcd\u00edt\u0151, \u00e9letad\u00f3, megtiszt\u00edt\u00f3 \u00e9lm\u00e9ny. Megh\u00edv\u00e1s az \u00f6nmagunkt\u00f3l val\u00f3 szabads\u00e1gra, a radik\u00e1lis Isten fel\u00e9 fordul\u00e1sra.<\/p>\t\t\t\t\t\t\t\t<\/div>\n\t\t\t\t<\/div>\n\t\t\t\t\t<\/div>\n\t\t<\/div>\n\t\t\t\t\t<\/div>\n\t\t<\/section>\n\t\t\t\t<section class=\"has_eae_slider elementor-section elementor-top-section elementor-element elementor-element-b75a0ce elementor-section-boxed elementor-section-height-default elementor-section-height-default\" data-id=\"b75a0ce\" data-element_type=\"section\">\n\t\t\t\t\t\t<div class=\"elementor-container elementor-column-gap-default\">\n\t\t\t\t\t<div class=\"has_eae_slider elementor-column elementor-col-100 elementor-top-column elementor-element elementor-element-4182624\" data-id=\"4182624\" data-element_type=\"column\">\n\t\t\t<div class=\"elementor-widget-wrap elementor-element-populated\">\n\t\t\t\t\t\t<div class=\"elementor-element elementor-element-6f2e859 elementor-widget elementor-widget-text-editor\" data-id=\"6f2e859\" data-element_type=\"widget\" data-widget_type=\"text-editor.default\">\n\t\t\t\t<div class=\"elementor-widget-container\">\n\t\t\t\t\t\t\t\t\t<p><i>&#8222;Szeretettel \u00e9s nagyrabecs\u00fcl\u00e9ssel gondolok a Posticumra \u00e9s az ott folytatott lelki munk\u00e1ra.&#8221;<\/i> Must\u00f3 P\u00e9ter, 2016<\/p>\t\t\t\t\t\t\t\t<\/div>\n\t\t\t\t<\/div>\n\t\t\t\t\t<\/div>\n\t\t<\/div>\n\t\t\t\t\t<\/div>\n\t\t<\/section>\n\t\t\t\t<section class=\"has_eae_slider elementor-section elementor-top-section elementor-element elementor-element-9a1e249 elementor-section-boxed elementor-section-height-default elementor-section-height-default\" data-id=\"9a1e249\" data-element_type=\"section\">\n\t\t\t\t\t\t<div class=\"elementor-container elementor-column-gap-default\">\n\t\t\t\t\t<div class=\"has_eae_slider elementor-column elementor-col-100 elementor-top-column elementor-element elementor-element-6052a2f\" data-id=\"6052a2f\" data-element_type=\"column\">\n\t\t\t<div class=\"elementor-widget-wrap elementor-element-populated\">\n\t\t\t\t\t\t<div class=\"elementor-element elementor-element-c3cdb50 elementor-widget elementor-widget-text-editor\" data-id=\"c3cdb50\" data-element_type=\"widget\" data-widget_type=\"text-editor.default\">\n\t\t\t\t<div class=\"elementor-widget-container\">\n\t\t\t\t\t\t\t\t\t<p>T\u00f6bb lelkigyakorlatot tartott m\u00e1r a Posticumban, h\u00e1zunk bar\u00e1tja. El\u0151sz\u00f3t \u00edrt a Posticum Books k\u00e9t k\u00f6tet\u00e9hez: a dalai l\u00e1ma, valamint J\u00e1lics Ferenc k\u00f6nyv\u00e9hez.<\/p>\t\t\t\t\t\t\t\t<\/div>\n\t\t\t\t<\/div>\n\t\t\t\t\t<\/div>\n\t\t<\/div>\n\t\t\t\t\t<\/div>\n\t\t<\/section>\n\t\t\t\t<section class=\"has_eae_slider elementor-section elementor-top-section elementor-element elementor-element-8a31a6d elementor-section-boxed elementor-section-height-default elementor-section-height-default\" data-id=\"8a31a6d\" data-element_type=\"section\">\n\t\t\t\t\t\t<div class=\"elementor-container elementor-column-gap-default\">\n\t\t\t\t\t<div class=\"has_eae_slider elementor-column elementor-col-100 elementor-top-column elementor-element elementor-element-a8b2b63\" data-id=\"a8b2b63\" data-element_type=\"column\">\n\t\t\t<div class=\"elementor-widget-wrap elementor-element-populated\">\n\t\t\t\t\t\t<div class=\"elementor-element elementor-element-07ba30f elementor-widget elementor-widget-image-gallery\" data-id=\"07ba30f\" data-element_type=\"widget\" data-widget_type=\"image-gallery.default\">\n\t\t\t\t<div class=\"elementor-widget-container\">\n\t\t\t\t\t\t\t<div class=\"elementor-image-gallery\">\n\t\t\t\n\t\t<style type=\"text\/css\">\n\t\t\t#gallery-1 {\n\t\t\t\tmargin: auto;\n\t\t\t}\n\t\t\t#gallery-1 .gallery-item {\n\t\t\t\tfloat: left;\n\t\t\t\tmargin-top: 10px;\n\t\t\t\ttext-align: center;\n\t\t\t\twidth: 100%;\n\t\t\t}\n\t\t\t#gallery-1 img {\n\t\t\t\tborder: 2px solid #cfcfcf;\n\t\t\t}\n\t\t\t#gallery-1 .gallery-caption {\n\t\t\t\tmargin-left: 0;\n\t\t\t}\n\t\t\t\/* see gallery_shortcode() in wp-includes\/media.php *\/\n\t\t<\/style>\n\t\t<div id='gallery-1' class='gallery galleryid-1994 gallery-columns-1 gallery-size-full'><dl class='gallery-item'>\n\t\t\t<dt class='gallery-icon portrait'>\n\t\t\t\t<a data-elementor-open-lightbox=\"yes\" data-elementor-lightbox-slideshow=\"07ba30f\" data-elementor-lightbox-title=\"Must\u00f3 P\u00e9ter (fot\u00f3: Studio Bakos)\" data-e-action-hash=\"#elementor-action%3Aaction%3Dlightbox%26settings%3DeyJpZCI6MTQyOSwidXJsIjoiaHR0cHM6XC9cL3d3dy5wb3N0aWN1bS5yb1wvd3AtY29udGVudFwvdXBsb2Fkc1wvMjAyMVwvMDFcL011c3RvLVBldGVyLmpwZyIsInNsaWRlc2hvdyI6IjA3YmEzMGYifQ%3D%3D\" href='https:\/\/www.posticum.ro\/wp-content\/uploads\/2021\/01\/Musto-Peter.jpg'><img fetchpriority=\"high\" decoding=\"async\" width=\"400\" height=\"565\" src=\"https:\/\/www.posticum.ro\/wp-content\/uploads\/2021\/01\/Musto-Peter.jpg\" class=\"attachment-full size-full\" alt=\"\" srcset=\"https:\/\/www.posticum.ro\/wp-content\/uploads\/2021\/01\/Musto-Peter.jpg 400w, https:\/\/www.posticum.ro\/wp-content\/uploads\/2021\/01\/Musto-Peter-212x300.jpg 212w\" sizes=\"(max-width: 400px) 100vw, 400px\" \/><\/a>\n\t\t\t<\/dt><\/dl><br style=\"clear: both\" \/>\n\t\t<\/div>\n\t\t<\/div>\n\t\t\t\t\t\t<\/div>\n\t\t\t\t<\/div>\n\t\t\t\t\t<\/div>\n\t\t<\/div>\n\t\t\t\t\t<\/div>\n\t\t<\/section>\n\t\t\t\t<section class=\"has_eae_slider elementor-section elementor-top-section elementor-element elementor-element-d470785 elementor-section-boxed elementor-section-height-default elementor-section-height-default\" data-id=\"d470785\" data-element_type=\"section\">\n\t\t\t\t\t\t<div class=\"elementor-container elementor-column-gap-default\">\n\t\t\t\t\t<div class=\"has_eae_slider elementor-column elementor-col-100 elementor-top-column elementor-element elementor-element-32fa517\" data-id=\"32fa517\" data-element_type=\"column\">\n\t\t\t<div class=\"elementor-widget-wrap elementor-element-populated\">\n\t\t\t\t\t\t<div class=\"elementor-element elementor-element-5a18aa1 elementor-widget elementor-widget-spacer\" data-id=\"5a18aa1\" data-element_type=\"widget\" data-widget_type=\"spacer.default\">\n\t\t\t\t<div class=\"elementor-widget-container\">\n\t\t\t\t\t\t\t<div class=\"elementor-spacer\">\n\t\t\t<div class=\"elementor-spacer-inner\"><\/div>\n\t\t<\/div>\n\t\t\t\t\t\t<\/div>\n\t\t\t\t<\/div>\n\t\t\t\t\t<\/div>\n\t\t<\/div>\n\t\t\t\t\t<\/div>\n\t\t<\/section>\n\t\t\t\t<section class=\"has_eae_slider elementor-section elementor-top-section elementor-element elementor-element-1f86ca1 elementor-section-boxed elementor-section-height-default elementor-section-height-default\" data-id=\"1f86ca1\" data-element_type=\"section\">\n\t\t\t\t\t\t<div class=\"elementor-container elementor-column-gap-default\">\n\t\t\t\t\t<div class=\"has_eae_slider elementor-column elementor-col-100 elementor-top-column elementor-element elementor-element-55ca83d\" data-id=\"55ca83d\" data-element_type=\"column\">\n\t\t\t<div class=\"elementor-widget-wrap elementor-element-populated\">\n\t\t\t\t\t\t<div class=\"elementor-element elementor-element-862236d elementor-widget elementor-widget-heading\" data-id=\"862236d\" data-element_type=\"widget\" data-widget_type=\"heading.default\">\n\t\t\t\t<div class=\"elementor-widget-container\">\n\t\t\t\t\t<h3 class=\"elementor-heading-title elementor-size-default\">Hogy az arc\u00e1ban ismerjem fel az \u00e9l\u0151 embert<\/h3>\t\t\t\t<\/div>\n\t\t\t\t<\/div>\n\t\t\t\t\t<\/div>\n\t\t<\/div>\n\t\t\t\t\t<\/div>\n\t\t<\/section>\n\t\t\t\t<section class=\"has_eae_slider elementor-section elementor-top-section elementor-element elementor-element-52846c5 elementor-section-boxed elementor-section-height-default elementor-section-height-default\" data-id=\"52846c5\" data-element_type=\"section\">\n\t\t\t\t\t\t<div class=\"elementor-container elementor-column-gap-default\">\n\t\t\t\t\t<div class=\"has_eae_slider elementor-column elementor-col-100 elementor-top-column elementor-element elementor-element-e3b5b7e\" data-id=\"e3b5b7e\" data-element_type=\"column\">\n\t\t\t<div class=\"elementor-widget-wrap elementor-element-populated\">\n\t\t\t\t\t\t<div class=\"elementor-element elementor-element-ce989eb elementor-widget elementor-widget-text-editor\" data-id=\"ce989eb\" data-element_type=\"widget\" data-widget_type=\"text-editor.default\">\n\t\t\t\t<div class=\"elementor-widget-container\">\n\t\t\t\t\t\t\t\t\t<p><b>BESZ\u00c9LGET\u00c9S MUST\u00d3 P\u00c9TER SJ-VEL<\/b><\/p>\t\t\t\t\t\t\t\t<\/div>\n\t\t\t\t<\/div>\n\t\t\t\t\t<\/div>\n\t\t<\/div>\n\t\t\t\t\t<\/div>\n\t\t<\/section>\n\t\t\t\t<section class=\"has_eae_slider elementor-section elementor-top-section elementor-element elementor-element-fc75df7 elementor-section-boxed elementor-section-height-default elementor-section-height-default\" data-id=\"fc75df7\" data-element_type=\"section\">\n\t\t\t\t\t\t<div class=\"elementor-container elementor-column-gap-default\">\n\t\t\t\t\t<div class=\"has_eae_slider elementor-column elementor-col-100 elementor-top-column elementor-element elementor-element-3b4587f\" data-id=\"3b4587f\" data-element_type=\"column\">\n\t\t\t<div class=\"elementor-widget-wrap elementor-element-populated\">\n\t\t\t\t\t\t<div class=\"elementor-element elementor-element-831ab56 elementor-widget elementor-widget-text-editor\" data-id=\"831ab56\" data-element_type=\"widget\" data-widget_type=\"text-editor.default\">\n\t\t\t\t<div class=\"elementor-widget-container\">\n\t\t\t\t\t\t\t\t\t<p style=\"text-indent: 4.0pt; margin: 0cm 4.0pt .0001pt 4.0pt;\"><i><span class=\"font6\"><span style=\"font-size: 13.5pt; color: black;\">Must\u00f3 P\u00e9ter jezsuit\u00e1t a nyolc \u00e9vtizednyi \u00e9let\u00fattal, a szerzetespapi szolg\u00e1lattal kapcsolatos interj\u00fak\u00e9sz\u00edt\u00e9s sz\u00e1nd\u00e9k\u00e1val kerestem fel jelenlegi \u00e1llom\u00e1shely\u00e9n, a dobog\u00f3k\u0151i Manr\u00e9z\u00e1ban. A felszabad\u00edt\u00f3, szeretetteljes er\u0151t\u00e9rben folytatott hossz\u00fa besz\u00e9lget\u00e9s azt\u00e1n sokkal t\u00f6bb lett enn\u00e9l.<\/span><\/span><span style=\"font-size: 13.5pt; color: black;\"><o:p><\/o:p><\/span><\/i><\/p>\n<p style=\"text-indent: 4.0pt; margin: 0cm 4.0pt .0001pt 4.0pt;\"><i style=\"color: black; font-size: 13.5pt; text-indent: 4pt;\"><br><\/i><\/p>\n<p style=\"text-indent: 4.0pt; margin: 0cm 4.0pt .0001pt 4.0pt;\"><i style=\"color: black; font-size: 13.5pt; text-indent: 4pt;\">Tal\u00e1n a kedves olvas\u00f3 is ugyanezt \u00e9rzi majd.<\/i><br><\/p>\n<p style=\"margin: 0cm 4pt 0.0001pt; text-indent: 4pt;\"><span class=\"font6\"><span style=\"font-size: 13.5pt; color: black;\"><br><\/span><\/span><\/p>\n<p style=\"margin: 0cm 4pt 0.0001pt; text-indent: 4pt;\"><span class=\"font6\"><b><span style=\"font-size: 13.5pt; color: black;\">Ozsv\u00e1th Judit:<\/span><\/b><\/span><span class=\"font6\"><span style=\"font-size: 13.5pt; color: black;\">&nbsp;Papi \u00e9s szerzetesi hivat\u00e1s\u00e1nak felismer\u00e9se minden bizonynyal komoly s\u00falypont \u00e9let\u00fatj\u00e1n. K\u00e9rem, besz\u00e9ljen err\u0151l!<\/span><\/span><span style=\"font-size: 13.5pt; color: black;\"><o:p><\/o:p><\/span><\/p>\n<p style=\"margin: 0cm 4pt 0.0001pt; text-indent: 4pt;\"><span class=\"font6\"><b><span style=\"font-size: 13.5pt; color: black;\">Must\u00f3 P\u00e9ter:<\/span><\/b><\/span><span class=\"font6\"><span style=\"font-size: 13.5pt; color: black;\">&nbsp;Egyik sz\u00e1l tal\u00e1n Derecsk\u00e9re vezet, ahol a gyerekkoromat t\u00f6lt\u00f6ttem. Azt mes\u00e9lt\u00e9k sz\u00fcleim, hogy n\u00e9gy\u00e9ves koromban k\u00ednai misszion\u00e1rius akartam lenni. Err\u0151l minden bizonnyal a templomban hallhattam, ahol jezsuita aty\u00e1k n\u00e9pmisszi\u00f3t tartottak akkort\u00e1jt. A misszi\u00f3 d\u00e1tum\u00e1t a pl\u00e9b\u00e1niatemplomban l\u00e9v\u0151 nagy keresztre is feljegyezt\u00e9k. Val\u00f3sz\u00edn\u0171, hogy akkor besz\u00e9ltek a k\u00ednai misszi\u00f3ba indult jezsuit\u00e1kr\u00f3l, s ez valami\u00e9rt megragadott engem. Derecske nem nagy telep\u00fcl\u00e9s, f\u0151k\u00e9nt reform\u00e1tusok lakt\u00e1k annak idej\u00e9n is, a katolikusok kisebb k\u00f6z\u00f6ss\u00e9get jelentettek. A nagymam\u00e1m rendszeresen j\u00e1rt templomba, \u0151 katolikus volt. Felt\u00e9telezem, hogy n\u00e9gy\u00e9ves koromban vele lehettem a jezsuit\u00e1k \u00e1ltal tartott szentmis\u00e9ken. De azt is sejtem, hogy hivat\u00e1som \u00e9rlel\u0151d\u00e9s\u00e9vel kapcsolatosan vannak m\u00e9g sokkal finomabb sz\u00e1lak \u00e9s befoly\u00e1sok, amelyek a sz\u00fcl\u0151k r\u00e9sz\u00e9r\u0151l, k\u00fcl\u00f6n\u00f6sen az \u00e9desany\u00e1m r\u00e9sz\u00e9r\u0151l j\u00f6nnek. \u00c9desany\u00e1m pedig soha nem mondta, hogy pap vagy jezsuita legyek, de tal\u00e1n hozz\u00e1j\u00e1rult ahhoz, hogy lassan er\u0151s\u00f6dj\u00f6n bennem a v\u00e1gy, hogy Istennek szolg\u00e1ljak. Ezt abban az id\u0151ben els\u0151sorban papk\u00e9nt vagy szerzetesk\u00e9nt tudta az ember elk\u00e9pzelni. Eml\u00e9kszem, hogy gyerekk\u00e9nt magamt\u00f3l im\u00e1dkoztam, erre sem k\u00e9nyszer\u00edtettek soha. Szerettem egyed\u00fcl, csendben lenni, szerettem Istenre figyelni a csendben. Nem a szavak, a hitigazs\u00e1gok vagy a szent\u00edr\u00e1s volt nekem fontos, hanem a L\u00e9leknek a jelenl\u00e9te. Ezt&nbsp;ma valahogyan \u00edgy tudom kifejezni. Tal\u00e1n ez\u00e9rt lettem szerzetes. Azt\u00e1n k\u00e9s\u0151bb mindig csod\u00e1lkoztam, hogyan is jut embereknek esz\u00e9be, hogy papnak vagy szerzetesnek menjenek. Mintha benne lenne a l\u00e9lekben valami k\u00e9pess\u00e9g &#8211; egyik emberben t\u00f6bb, a m\u00e1sikban kevesebb -, amivel Istenhez fordul. Valahogyan felismeri, hogy \u00e9rtelme van a l\u00e9tnek, hogy fontos az \u00e9let, az emberek szolg\u00e1lata, az \u0151 javuknak a keres\u00e9se.<\/span><\/span><span style=\"font-size: 13.5pt; color: black;\"><o:p><\/o:p><\/span><\/p>\n<p style=\"margin: 0cm 4pt 0.0001pt; text-indent: 4pt;\"><span class=\"font6\"><span style=\"font-size: 13.5pt; color: black;\">Azt\u00e1n volt olyan id\u0151szak, m\u00e1r amikor pap voltam, hogy a \u201eszolg\u00e1lat&#8221; sz\u00f3t teljesen elvetettem, \u00e9s a mis\u00e9ben is kihagytam, mert az \u00far \u00e9s a szolga viszony\u00e1t teljesen meg akartam sz\u00fcntetni. Politikai, t\u00e1rsadalmi \u00e9rtelemben gondoltam \u00e9n ezt, \u00e9s csak k\u00e9s\u0151bb vallottam, hogy az Istenhez val\u00f3 fordul\u00e1s igaz\u00e1b\u00f3l szolg\u00e1lat.<\/span><\/span><span style=\"font-size: 13.5pt; color: black;\"><o:p><\/o:p><\/span><\/p>\n<p style=\"margin: 0cm 4pt 0.0001pt; text-indent: 4pt;\"><span class=\"font6\"><span style=\"font-size: 13.5pt; color: black;\">N\u00e9metorsz\u00e1gba val\u00f3 emigr\u00e1l\u00e1sunk elej\u00e9n egy magyar menek\u00fcltt\u00e1borban \u00e9ltem, \u00e9s egy erd\u00e9lyi magyar papnak voltam a sekresty\u00e9se \u00e9s a \u201ecsicsk\u00e1sa&#8221;. \u00c9n vittem neki az eb\u00e9det. K\u00e9s\u0151bb hosszabb ideig \u0151 volt a magyar iskola igazgat\u00f3ja, majd a frankfurti magyarok lelk\u00e9sze. Vele t\u00f6bb id\u0151t t\u00f6lt\u00f6ttem, de nem ez\u00e9rt lettem jezsuita \u00e9s pap. \u0150 adott nekem k\u00f6nyveket, amiket el is olvastam. Ut\u00f3lag vettem \u00e9szre, hogy csak nekem adott ilyesmit, m\u00e1snak nem. Val\u00f3sz\u00edn\u0171, hogy l\u00e1tott bennem olyan dolgokat, amiket \u00e9n nem is fogtam fel akkor. Teh\u00e1t nem \u0151miatta lettem pap, \u00e9s nem is a jezsuit\u00e1k miatt lettem jezsuita. Val\u00f3sz\u00edn\u0171, hogy a k\u00ednai jezsuita misszion\u00e1riusok miatt \u00e9s Kaszap Istv\u00e1n miatt lettem jezsuita. De ezeket csak f\u00e9l \u00e9vsz\u00e1zaddal k\u00e9s\u0151bb fogalmaztam meg magam sz\u00e1m\u00e1ra.<\/span><\/span><span style=\"font-size: 13.5pt; color: black;\"><o:p><\/o:p><\/span><\/p>\n<p style=\"margin: 0cm 4pt 0.0001pt; text-indent: 4pt;\"><span class=\"font6\"><i><span style=\"font-size: 13.5pt; color: black;\">Bels\u0151 ind\u00edttat\u00e1saim vez\u00e9relnek, tal\u00e1lkoz\u00e1sok, \u00e9lm\u00e9nyek, \u00e9rdekl\u0151d\u00e9sem hat\u00e1rozza meg, hogy hov\u00e1 \u00e9s merre menjek tov\u00e1bb. Tapasztalom a bels\u0151 vezet\u00e9st, \u00e9s azt is, hogy felfedez\u0151utamon biztons\u00e1gban, v\u00e9detts\u00e9gben vagyok. Az \u00c9let maga v\u00e9d. Vall\u00e1sos kifejez\u00e9ssel Gondvisel\u00e9sr\u0151l besz\u00e9ln\u00e9k. Mintha nem \u00e9n v\u00e1lasztan\u00e1m ki, hogy merre menjek, hanem valami h\u00edv, k\u00fcld, ir\u00e1ny\u00edt. Sosem er\u0151szakos, mint pszichotikus \u00e1llapotban egy parancs, sosem sz\u00f3l\u00edt fel, hogy k\u00e1rt okozzak magamnak vagy m\u00e1snak, \u00e9s mindig tiszteletben tartja a szabads\u00e1gomat. Ez lenne a hivat\u00e1s l\u00e9nyege?&#8221;<\/span><\/i><\/span><span style=\"font-size: 13.5pt; color: black;\"><o:p><\/o:p><\/span><\/p>\n<p style=\"margin: 0cm 4pt 0.0001pt; text-indent: 4pt;\"><span class=\"font6\"><span style=\"font-size: 13.5pt; color: black;\">(R\u00e9szlet Must\u00f3 P\u00e9ter<i>&nbsp;Megszereted, ami a ti\u00e9d<\/i>&nbsp;c\u00edm\u0171 k\u00f6nyv\u00e9ben k\u00f6z\u00f6lt, 1978-ban D\u00e9l-Amerik\u00e1b\u00f3l \u00edrt level\u00e9b\u0151l<sup>1<\/sup>)<\/span><\/span><span style=\"font-size: 13.5pt; color: black;\"><o:p><\/o:p><\/span><\/p>\n<p style=\"margin: 0cm 4pt 0.0001pt; text-indent: 4pt;\"><span class=\"font6\"><b><span style=\"font-size: 13.5pt; color: black;\">O. J.:<\/span><\/b><\/span><span class=\"font6\"><span style=\"font-size: 13.5pt; color: black;\">&nbsp;Az \u00e9lett\u00f6rt\u00e9netb\u0151l &#8211; a polg\u00e1ri csal\u00e1db\u00f3l val\u00f3 sz\u00e1rmaz\u00e1s ellen\u00e9re -nagyfok\u00fa szoci\u00e1lis \u00e9rz\u00e9kenys\u00e9g rajzol\u00f3dik ki. A felszabad\u00edt\u00f3 teol\u00f3gi\u00e1val val\u00f3 szimpatiz\u00e1l\u00e1snak is minden bizonnyal ez az alapja&#8230;<\/span><\/span><span style=\"font-size: 13.5pt; color: black;\"><o:p><\/o:p><\/span><\/p>\n<p style=\"margin: 0cm 4pt 0.0001pt; text-indent: 4pt;\"><span class=\"font6\"><b><span style=\"font-size: 13.5pt; color: black;\">M. P.:<\/span><\/b><\/span><span class=\"font6\"><span style=\"font-size: 13.5pt; color: black;\">&nbsp;Nagyon sokan kin\u0151ttek polg\u00e1ri csal\u00e1db\u00f3l olyanok, akik \u00e9rz\u00e9kenyekk\u00e9 v\u00e1ltak a m\u00e1sok f\u00e1jdalma \u00e9s probl\u00e9m\u00e1ja ir\u00e1nt. Tal\u00e1n nem t\u00e9vedek, ha azt mondom, hogy a N\u00e1z\u00e1reti J\u00e9zus sem volt igaz\u00e1n kitasz\u00edtott, hanem egy k\u00f6z\u00e9p-polg\u00e1ri csal\u00e1db\u00f3l sz\u00e1rmazhatott, \u0151 is tudott \u00edrni-olvasni, teh\u00e1t nem a legszeg\u00e9nyebbek \u00e9s legtudatlanabbak k\u00f6z\u00e9 tartozott. Er\u0151s szimp\u00e1tia van bennem J\u00e9zus ir\u00e1nt, aki \u00e9rz\u00e9keny volt az emberek f\u00e1jdalm\u00e1ra \u00e9s az \u0151ket \u00e9rt igazs\u00e1gtalans\u00e1gokra.<\/span><\/span><span style=\"font-size: 13.5pt; color: black;\"><o:p><\/o:p><\/span><\/p>\n<p style=\"margin: 0cm 4pt 0.0001pt; text-indent: 4pt;\"><span class=\"font6\"><span style=\"font-size: 13.5pt; color: black;\">Szoci\u00e1lis \u00e9rz\u00e9kenys\u00e9gem viszont m\u00e1r gyerekkoromban jelentkezett. A nagyn\u00e9n\u00e9mnek, aki a keresztany\u00e1m is volt, \u00e9s akit m\u00e1ig nagyon tisztelek, volt egy csel\u00e9dje, hetven \u00e9vig \u00e9ltek egy\u00fctt Ilussal. Nagyn\u00e9n\u00e9mnek k\u00f6zben k\u00e9t h\u00e1zass\u00e1ga is volt, de Ilus mindig mellette maradt. B\u00e1rmennyire is k\u00f6zel voltak egym\u00e1shoz, a kett\u0151j\u00fck k\u00f6z\u00f6tti k\u00fcl\u00f6nbs\u00e9g \u00e9reztetve volt: nagyn\u00e9n\u00e9m mag\u00e1t \u00fariasszonynak tartotta, Ilust pedig csak csel\u00e9dnek. Nagyn\u00e9n\u00e9m ebben nem l\u00e1tta a probl\u00e9m\u00e1t, azt viszont k\u00e9s\u0151bb \u00e9szrevettem, hogy Ilus nagyon sokat szenvedett emiatt. Gyerekk\u00e9nt egyf\u00e9le zsigeri szimp\u00e1ti\u00e1t \u00e9reztem Ilus ir\u00e1nt, \u00e9s azt mondtam, hogy Ilust fogom feles\u00e9g\u00fcl venni. Nem voltam szerelmes bele, sokkal id\u0151sebb is volt n\u00e1lam, ink\u00e1bb a nagyn\u00e9n\u00e9mnek al\u00e1vetett helyzete miatt \u00e9reztem \u0151t k\u00f6zel magamhoz. Volt, hogy megk\u00e9rdeztem a nagyn\u00e9n\u00e9met, mi\u00e9rt z\u00e1rja be a szekr\u00e9ny\u00e9t, hiszen ez s\u00e9rti Ilust. \u201eAz\u00e9rt, mert negyven \u00e9vvel ezel\u0151tt kivette onnan egy ruh\u00e1mat \u00e9s felpr\u00f3b\u00e1lta mag\u00e1ra&#8221; &#8211; mondta. Sz\u00f3val ezt a csal\u00e1domban is tapasztalhat\u00f3 t\u00e1rsadalmi k\u00fcl\u00f6nbs\u00e9get zsigerb\u0151l el\u00edt\u00e9ltem. Hogy ez mi\u00e9rt volt \u00edgy, ma sem tudom.<\/span><\/span><span style=\"font-size: 13.5pt; color: black;\"><o:p><\/o:p><\/span><\/p>\n<p style=\"margin: 0cm 4pt 0.0001pt; text-indent: 4pt;\"><span class=\"font6\"><span style=\"font-size: 13.5pt; color: black;\">Ezt a szoci\u00e1lis \u00e9rz\u00e9kenys\u00e9get azt\u00e1n egy egyh\u00e1zi ir\u00e1nyzat is fokozta. &#8211; Franciaorsz\u00e1gban tanultam filoz\u00f3fi\u00e1t, ott voltam hossz\u00fa ideig kik\u00e9pz\u00e9sben, \u00e9s azon fiatalok t\u00f6bbs\u00e9ge, akikkel egy\u00fctt tanultam, munk\u00e1spap lett. Egy szeg\u00e9ny v\u00e1rosnegyedbe k\u00f6lt\u00f6ztek \u00e9s ott eg\u00e9sz egyszer\u0171 gy\u00e1ri munk\u00e1sok \u00e9s k\u00e9tkezi munk\u00e1t v\u00e1llal\u00f3 emberek lettek, akik nem a papi munk\u00e1b\u00f3l \u00e9ltek, mint legt\u00f6bb pap, hanem megkerest\u00e9k a kenyer\u00fcket \u00e9s szabadidej\u00fckben szolg\u00e1ltak papk\u00e9nt. \u00c9s Szent P\u00e1lra hivatkoztak, aki nem akart a k\u00f6z\u00f6ss\u00e9g terh\u00e9re lenni, ez\u00e9rt a saj\u00e1t k\u00e9tkezi munk\u00e1j\u00e1b\u00f3l tartotta el mag\u00e1t, legal\u00e1bbis ezt \u00edrja a level\u00e9ben. A t\u00f6bbi tan\u00edtv\u00e1ny eset\u00e9ben is ezt tartotta helyesnek. Erre hivatkoztak ezek a munk\u00e1spapok is, amikor nem fogadt\u00e1k el a pap t\u00e1rsadalmi fel\u00e9rt\u00e9kel\u00e9s\u00e9t. V\u00e1rosunkban, Derecsk\u00e9n is az orvosokkal meg a b\u00edr\u00f3val egy\u00fctt a papok is a t\u00e1rsadalmi fels\u0151oszt\u00e1lyhoz tartoztak. Igaz, \u00e9desany\u00e1m mes\u00e9lte, hogy a derecskei pl\u00e9b\u00e1nos j\u00f3m\u00f3d\u00fa f\u00f6ldm\u0171ves volt, saj\u00e1t kez\u00e9vel m\u0171velte a f\u00f6ldet. A m\u00e1jusi \u00e1jtatoss\u00e1gra is csak a ministr\u00e1nsokat k\u00fcldte el, \u0151 a f\u00f6ld\u00f6n dolgozott. &#8211; A pap t\u00e1rsadalmi felemelked\u00e9se sz\u00e1momra is vissz\u00e1s volt. A munk\u00e1spapok mozgalma persze kapcsolatban volt azzal a t\u00e1rsadalmi l\u00e9gk\u00f6rrel, amelyikb\u0151l a marxizmus is megsz\u00fcletett, ez alapj\u00e1ban v\u00e9ve a t\u00e1rsadalmi oszt\u00e1lyokat mint kasztokat utas\u00edtotta el. \u00c9n is ezt vallom, aki abban hiszek, hogy Isten minden embert egyenl\u0151nek teremtett. A munk\u00e1spapok k\u00f6z\u00f6tt nagyon sok francia volt. \u00c9s amikor a II. vil\u00e1gh\u00e1bor\u00fa alatt a n\u00e9metek legy\u0151zt\u00e9k Franciaorsz\u00e1got, k\u00fcl\u00f6n fogolyt\u00e1borba vitt\u00e9k a katon\u00e1kat \u00e9s a k\u00f6zleg\u00e9nyeket, \u00e9s k\u00fcl\u00f6n fogolyt\u00e1borba a tiszteket. A papok mind a tiszti t\u00e1borban voltak, a k\u00f6zleg\u00e9nyekn\u00e9l nem volt senki. Nagyon sok francia pap ebben a helyzetben szembes\u00fclt azzal, hogy a papok egy m\u00e1sik t\u00e1rsadalmi oszt\u00e1lyhoz tartoznak, nem pedig a k\u00f6z\u00f6ns\u00e9ges n\u00e9phez. \u00c9s ebb\u0151l az elgondol\u00e1sb\u00f3l indult meg a munk\u00e1spapi mozgalom egyik \u00e1ga. \u0150k azt vallott\u00e1k, hogy az egyh\u00e1z t\u00e1volodott el a munk\u00e1sokt\u00f3l, nem pedig a munk\u00e1sok az egyh\u00e1zt\u00f3l. \u00c9s ha azt akarjuk, hogy mindenkinek az egyh\u00e1za legy\u00fcnk \u00e9s mindenkihez elvigy\u00fck az evang\u00e9liumot, akkor az egyh\u00e1znak \u00e9s a papoknak kell k\u00f6zeledni a munk\u00e1sokhoz, s nem ford\u00edtva. A m\u00e1sik a kisk\u00f6z\u00f6ss\u00e9gek ir\u00e1nyzata volt. A kolostorok nagyok \u00e9s gazdagok voltak. Az egyszer\u0171 bar\u00e1t lehet, hogy szeg\u00e9ny volt, de a kolostoroknak sz\u00e9p vagyonuk volt. A franciaorsz\u00e1gi Cluny p\u00e9ld\u00e1ul hatalmas, vir\u00e1gz\u00f3 kolostor volt \u00e9vsz\u00e1zadokon kereszt\u00fcl, az ap\u00e1tja pedig a kir\u00e1lyokkal \u00e9s a f\u0151urakkal vad\u00e1szott \u00e9s politiz\u00e1lt. Ezek a kolostorok nagyon sok j\u00f3t is k\u00f6zvet\u00edtettek, de ugyanakkor a kolostor k\u00f6r\u00fcl az eg\u00e9sz k\u00f6rny\u00e9k ateist\u00e1v\u00e1 v\u00e1lt, mert a szeg\u00e9ny emberek a kolostorok lak\u00f3iban is a munkaad\u00f3ikat \u00e9s az elnyom\u00f3ikat l\u00e1tt\u00e1k.<\/span><\/span><span style=\"font-size: 13.5pt; color: black;\"><o:p><\/o:p><\/span><\/p>\n<p style=\"margin: 0cm 4pt 0.0001pt; text-indent: 4pt;\"><span class=\"font6\"><span style=\"font-size: 13.5pt; color: black;\">A bennem l\u00e9v\u0151 szoci\u00e1lis \u00e9rz\u00e9kenys\u00e9g tal\u00e1lkozott az egyh\u00e1z \u00fan. felszabad\u00edt\u00e1steol\u00f3gi\u00e1j\u00e1val. Ez els\u0151 helyen Istennek a szeg\u00e9nyek ir\u00e1nti szeretet\u00e9t hirdette. J\u00e9zus az\u00e1ltal, hogy v\u00e1llalta a kereszthal\u00e1lt, nem a t\u00e1rsadalmi vezet\u0151r\u00e9teggel azonosult, hiszen azok meg tudj\u00e1k v\u00e9deni magukat, \u0151 j\u00f3l tudta, hogy a szeg\u00e9nyeknek van sz\u00fcks\u00e9g\u00fck v\u00e9delemre. Isten szeg\u00e9nyei az<\/span><\/span><span style=\"font-size: 13.5pt; color: black;\"><o:p><\/o:p><\/span><\/p>\n<p style=\"margin: 0cm 4pt 0.0001pt; text-indent: 4pt;\"><span class=\"font6\"><span style=\"font-size: 13.5pt; color: black;\">\u00d3sz\u00f6vets\u00e9gben is valamik\u00e9ppen szentek voltak. &#8211; \u00c9n olyan Istenben hiszek, aki a legkisebbeket is embersz\u00e1mba veszi.<\/span><\/span><span style=\"font-size: 13.5pt; color: black;\"><o:p><\/o:p><\/span><\/p>\n<p style=\"margin: 0cm 4pt 0.0001pt; text-indent: 4pt;\"><span class=\"font6\"><b><span style=\"font-size: 13.5pt; color: black;\">O. J.:<\/span><\/b><\/span><span class=\"font6\"><span style=\"font-size: 13.5pt; color: black;\">&nbsp;Azt\u00e1n a n\u00e9metorsz\u00e1gi \u00e9vek k\u00f6vetkeztek, amikor ifj\u00fas\u00e1gi lelk\u00e9szk\u00e9nt tev\u00e9kenykedett &#8230;<\/span><\/span><span style=\"font-size: 13.5pt; color: black;\"><o:p><\/o:p><\/span><\/p>\n<p style=\"margin: 0cm 4pt 0.0001pt; text-indent: 4pt;\"><span class=\"font6\"><b><span style=\"font-size: 13.5pt; color: black;\">M. P.:<\/span><\/b><\/span><span class=\"font6\"><span style=\"font-size: 13.5pt; color: black;\">&nbsp;Franciaorsz\u00e1gb\u00f3l Amerik\u00e1ba akartak k\u00fcldeni egy gimn\u00e1ziumba franciatan\u00e1rnak. Ehhez tan\u00e1ri oklevelet kellett volna szereznem. K\u00e9rtem, hogy ne mehessek. M\u00e1r akkor sem akartam int\u00e9zm\u00e9nyben dolgozni. K\u00e9t \u00e9vig voltam egy franciaorsz\u00e1gi nagy iskol\u00e1ban nevel\u0151, az nekem egy \u00e9letre el\u00e9g volt. Elismerem az int\u00e9zm\u00e9nyeknek a sz\u00fcks\u00e9gess\u00e9g\u00e9t, az egyh\u00e1zi int\u00e9zm\u00e9nyek\u00e9t is, de azt is szeretn\u00e9m, hogy azok, akik az int\u00e9zm\u00e9nyeket fenntartj\u00e1k, fogadj\u00e1k el, hogy az evang\u00e9liumot nemcsak int\u00e9zm\u00e9nyeken bel\u00fcl lehet hirdetni, hanem azokon k\u00edv\u00fcl is. Amikor szabadon lehet tal\u00e1lkozni olyan emberekkel, akik nincsenek benne egy int\u00e9zm\u00e9nyben, mint p\u00e9ld\u00e1ul egy iskol\u00e1ban vagy hadseregben.<\/span><\/span><span style=\"font-size: 13.5pt; color: black;\"><o:p><\/o:p><\/span><\/p>\n<p style=\"margin: 0cm 4pt 0.0001pt; text-indent: 4pt;\"><span class=\"font6\"><span style=\"font-size: 13.5pt; color: black;\">N\u00e9metorsz\u00e1gban ifj\u00fas\u00e1gi lelk\u00e9szk\u00e9nt a fiatalok \u00f6nmagukt\u00f3l j\u00f6ttek hozz\u00e1m, s ha a program nem felelt meg, akkor elszaladtak. Teh\u00e1t \u00fagy kellett hirdetni nekik az evang\u00e9liumot, hogy megszerettess\u00fck vel\u00fck. Az iskol\u00e1ban nem kell megszerettetni. Ismertem egy tiszteletre m\u00e9lt\u00f3 n\u0151v\u00e9rt, aki ezt mondta: \u201eEngem nem \u00e9rdekel, hogy a gyerekeknek most tetszik vagy nem tetszik, majd harminc \u00e9v m\u00falva meg\u00e9rtik&#8221;. Biztos, hogy van ebben is igazs\u00e1g. Nem akarom ezt tagadni, nem akarom az int\u00e9zm\u00e9nyeket megk\u00e9rd\u0151jelezni, csak azt mondom, hogy van egy m\u00e1sik fajt\u00e1ja is az evang\u00e9liumhoz val\u00f3 h\u0171s\u00e9gnek vagy az evang\u00e9lium hirdet\u00e9s\u00e9nek, ami az int\u00e9zm\u00e9nyen k\u00edv\u00fcl van. Ebben nekem J\u00e9zus maga a p\u00e9ldak\u00e9pem, mert neki nem voltak int\u00e9zm\u00e9nyei, \u0151 nem a zsinag\u00f3g\u00e1ban tan\u00edtotta az embereket, hanem falur\u00f3l falura ment, \u00e9s azoknak hirdette az evang\u00e9liumot, akikkel tal\u00e1lkozott. \u00c9s \u00e1ltal\u00e1ban azokkal tal\u00e1lkozott, akik b\u0171n\u00f6s\u00f6k, betegek vagy szeg\u00e9nyek voltak, vagy valami egy\u00e9b baj volt vel\u00fck. Ez\u00e9rt mondta azt, hogy a szeg\u00e9nyeknek kell hirdetni az evang\u00e9liumot. Isten \u00f6r\u00f6mh\u00edr\u00e9t azoknak kell hirdetni, akiknek valami hi\u00e1nyzik vagy akiknek valami f\u00e1j. Az int\u00e9zm\u00e9nyeken kereszt\u00fcl az egyh\u00e1znak mint a t\u00e1rsadalom meghat\u00e1roz\u00f3 r\u00e9sz\u00e9nek nevel\u00fcnk ki olyanokat, akik azt\u00e1n lobbiznak \u00e9rt\u00fcnk. Ez az \u00e9n elk\u00e9pzel\u00e9sem. Ezzel lehet, hogy az int\u00e9zm\u00e9nyekben dolgoz\u00f3 emberek v\u00e1dolva \u00e9rzik magukat, de nem v\u00e1dolni akarok. Azt mondom, hogy az egyh\u00e1z maga is egy int\u00e9zm\u00e9ny, \u00e9s kell, hogy a t\u00e1rsadalomban legyenek olyanok, akik megv\u00e9dik az \u00e9rdekeit. Mert az egyh\u00e1z terjeszti az evang\u00e9liumot. Az egyh\u00e1zon kereszt\u00fcl \u00e9l az evang\u00e9lium tov\u00e1bb. M\u00e1r az is, hogy meg\u00edrt\u00e1k J\u00e9zus t\u00f6rt\u00e9net\u00e9t az evang\u00e9liumban, az int\u00e9zm\u00e9nynek a munk\u00e1ja.<\/span><\/span><span style=\"font-size: 13.5pt; color: black;\"><o:p><\/o:p><\/span><\/p>\n<p style=\"margin: 0cm 4pt 0.0001pt; text-indent: 4pt;\"><span class=\"font6\"><span style=\"font-size: 13.5pt; color: black;\">Az evang\u00e9lium szellem\u00e9nek tov\u00e1bb\u00e9l\u00e9s\u00e9hez teh\u00e1t kell az int\u00e9zm\u00e9ny, nekem is sz\u00fcks\u00e9gem volt \u00e9s sz\u00fcks\u00e9gem van erre az int\u00e9zm\u00e9nyre, \u00e9s papk\u00e9nt \u00e9n is r\u00e9sze vagyok ennek az int\u00e9zm\u00e9nynek, de \u00e9n nem az int\u00e9zm\u00e9nyen bel\u00fcl \u00e9s nem az int\u00e9zm\u00e9ny er\u0151s\u00edt\u00e9s\u00e9\u00e9rt dolgozom. Az int\u00e9zm\u00e9ny engem az\u00e9rt szentelt papp\u00e1, hogy azokhoz az emberekhez forduljak, akikhez fordulni tudok, \u00e9s akik meghallgatnak vagy akik hozz\u00e1m j\u00f6nnek. \u00c9s mindig voltak emberek, akiknek sz\u00fcks\u00e9g\u00fck volt arra a papi szolg\u00e1latra, amit \u00e9n v\u00e9geztem. Sose voltam munkan\u00e9lk\u00fcli, \u00e9s mindig j\u00f6ttek hozz\u00e1m az emberek, annak ellen\u00e9re, hogy int\u00e9zm\u00e9nyeken k\u00edv\u00fcl dolgoztam.<\/span><\/span><span style=\"font-size: 13.5pt; color: black;\"><o:p><\/o:p><\/span><\/p>\n<p style=\"margin: 0cm 4pt 0.0001pt; text-indent: 4pt;\"><span class=\"font6\"><b><span style=\"font-size: 13.5pt; color: black;\">O. J.:<\/span><\/b><\/span><span class=\"font6\"><span style=\"font-size: 13.5pt; color: black;\">&nbsp;Ez az\u00e9rt a forgalommal szembe val\u00f3 k\u00f6zleked\u00e9st is jelentette.<\/span><\/span><span style=\"font-size: 13.5pt; color: black;\"><o:p><\/o:p><\/span><\/p>\n<p style=\"margin: 0cm 4pt 0.0001pt; text-indent: 4pt;\"><span class=\"font6\"><b><span style=\"font-size: 13.5pt; color: black;\">M. P.:<\/span><\/b><\/span><span class=\"font6\"><span style=\"font-size: 13.5pt; color: black;\">&nbsp;(Nevet.) Az ifj\u00fas\u00e1gpasztor\u00e1ci\u00f3 ter\u00fclet\u00e9n kifejtett munk\u00e1mat m\u00e1r az els\u0151 perct\u0151l kezdve nem fogadta el mindenki. \u00c9s \u00e9n nem az\u00e9rt v\u00e9geztem azt \u00fagy, mert a megszokotthoz k\u00e9pest valami m\u00e1st akartam csin\u00e1lni, hanem mert nem tudtam jobban csin\u00e1lni. Nem telt nekem \u00f6r\u00f6m\u00f6m abban, hogy \u00fagy csin\u00e1lom, hogy engem kifog\u00e1solnak. A n\u00e9met sz\u00fcl\u0151k azt kifog\u00e1solt\u00e1k, hogy idegen voltam, a jezsuit\u00e1k pedig azt, hogy a gyerekek kiab\u00e1lnak, amikor fociznak. Az egyik jezsuita testv\u00e9rrel k\u00fcl\u00f6n\u00f6sen sok vit\u00e1m volt, \u0151 sokszor k\u00e9rd\u0151re vont a hangoskod\u00e1s miatt. Mondtam neki, hogy az hozz\u00e1 tartozik a focihoz. Azt\u00e1n elk\u00fcldtek minket onnan. Majd azon a helyen, ahol a di\u00e1kjaim fociztak, egy h\u00e1zat kezdtek \u00e9p\u00edteni. Sz\u00f6rny\u0171 zaj volt a h\u00e1z\u00e9p\u00edt\u00e9s k\u00f6r\u00fcl, meg is k\u00e9rdeztem ezt a jezsuita testv\u00e9rt, hogy az nem zavarja-e. Mondta, hogy nem, mert az sz\u00fcks\u00e9ges. A gyerekek kiab\u00e1l\u00e1sa pedig nem sz\u00fcks\u00e9ges. Rem\u00e9lem, hogy ez a testv\u00e9r &#8211; m\u00e1r r\u00e9gen meghalt &#8211; az\u00f3ta a mennyorsz\u00e1gban m\u00e1r hozz\u00e1szokott a gyerekek kiab\u00e1l\u00e1s\u00e1hoz, \u00e9s nem csak a g\u00e9peknek a zaj\u00e1t tudja elviselni.<\/span><\/span><span style=\"font-size: 13.5pt; color: black;\"><o:p><\/o:p><\/span><\/p>\n<p style=\"margin: 0cm 4pt 0.0001pt; text-indent: 4pt;\"><span class=\"font6\"><span style=\"font-size: 13.5pt; color: black;\">Sz\u00f3val kifog\u00e1solt\u00e1k, hogy nem vagyok el\u00e9g szigor\u00fa, nem tartok el\u00e9g fegyelmet. Megjegyzem, hogy ugyanazok a sz\u00fcl\u0151k, akik ezeket kifog\u00e1solt\u00e1k, n\u00e9h\u00e1ny \u00e9v m\u00falva hozz\u00e1m j\u00f6ttek \u00e9s ilyet k\u00e9rtek: \u201eAz \u00e9n gyerekem annyira megb\u00edzik mag\u00e1ban, nem tudn\u00e1-e neki megmondani, hogy.?&#8221; Akkor kezdtem \u00e9szrevenni, hogy az \u00e9n hi\u00e1nyaimnak \u00e9s fegyelmez\u00e9si k\u00e9ptelens\u00e9gemnek volt egy m\u00e1sik oldala: hogy nagyon komolyan vettem azokat a fiatalokat. Nagy tisztelettel voltam ir\u00e1ntuk, k\u00f6z\u00e9j\u00fck vegy\u00fcltem, nem akartam nagy tekint\u00e9ly lenni el\u0151tt\u00fck. De le se bratyiztam vel\u00fck. Valamik\u00e9ppen tudtam \u00fagy viselkedni vel\u00fck, hogy \u0151k megbecs\u00fclve, fel\u00e9rt\u00e9kelve \u00e9rezt\u00e9k magukat. Azt\u00e1n amit \u00e9n nem tudtam, azt r\u00e1juk b\u00edztam, \u00e9s \u00edgy felel\u0151ss\u00e9get kaptak. Nem \u00e9n mondtam nekik, hogy mit kell csin\u00e1lni, hanem egy\u00fctt tal\u00e1ltuk ki azt. \u00c9s azok k\u00f6z\u00fcl a fiatalok k\u00f6z\u00fcl, akikkel \u00e9n 1965-ben &#8211; s ennek m\u00e1r t\u00f6bb mint \u00f6tven \u00e9ve. &#8211; kezdtem dolgozni, k\u00e9s\u0151bb t\u00f6bben anyagilag t\u00e1mogatt\u00e1k a d\u00e9l-amerikai munk\u00e1mat. S\u0151t, k\u00f6zel negyven \u00e9v \u00f3ta ma is t\u00e1mogatj\u00e1k azt a munk\u00e1t. A kerek sz\u00fclet\u00e9snapomat is vel\u00fck \u00fcnnepeltem tavaly. Nem sok lett k\u00f6z\u00fcl\u00fck pap, csak n\u00e9h\u00e1nyan, de nem is az\u00e9rt v\u00e9geztem azt a munk\u00e1t. \u00c1ltal\u00e1ban mind j\u00f3 \u00e9s rendes emberek lettek.<\/span><\/span><span style=\"font-size: 13.5pt; color: black;\"><o:p><\/o:p><\/span><\/p>\n<p style=\"margin: 0cm 4pt 0.0001pt; text-indent: 4pt;\"><span class=\"font6\"><i><span style=\"font-size: 13.5pt; color: black;\">Lehet, hogy semmit sem tudunk felmutatni magunk \u00e9s m\u00e1sok el\u0151tt. De akkor is \u00e9l\u00fcnk, akkor is jogunk van a l\u00e9thez, akkor is van m\u00e9lt\u00f3s\u00e1gunk. Meg\u00e9rdemelj\u00fck, hogy tiszteletben tartsanak. Nem k\u00f6nny\u0171 feladat \u00e9s c\u00e9l n\u00e9lk\u00fcl lenn\u00fcnk, csak az\u00e9rt, mert vagyunk. Neh\u00e9z, m\u00e9gis szabad.<\/span><\/i><\/span><span style=\"font-size: 13.5pt; color: black;\"><o:p><\/o:p><\/span><\/p>\n<p style=\"margin: 0cm 4pt 0.0001pt; text-indent: 4pt;\"><span class=\"font6\"><span style=\"font-size: 13.5pt; color: black;\">(R\u00e9szlet Must\u00f3 P\u00e9ter<i>&nbsp;Csendben sz\u00fcletik az \u00e9let<\/i>&nbsp;c\u00edm\u0171 k\u00f6nyv\u00e9b\u0151l<sup>2<\/sup>)<\/span><\/span><span style=\"font-size: 13.5pt; color: black;\"><o:p><\/o:p><\/span><\/p>\n<p style=\"margin: 0cm 4pt 0.0001pt; text-indent: 4pt;\"><span class=\"font6\"><span style=\"font-size: 13.5pt; color: black;\">Tizenk\u00e9t \u00e9vig voltam ifj\u00fas\u00e1gi lelk\u00e9sz M\u00fcnchenben. K\u00f6zben a zsinati szellem \u00e9lt, ami meg is osztotta az egyh\u00e1zat. De ez sem \u00faj kelet\u0171 dolog, hiszen m\u00e1r Szent P\u00e1l \u00e9s Szent P\u00e9ter is vitatkoztak egym\u00e1ssal. \u00c9s ezt nem tartom rossznak. A k\u00fcl\u00f6nb\u00f6z\u0151 ir\u00e1nyzatok vagy k\u00fczdelmek term\u00e9keny\u00edt\u0151leg hathatnak egym\u00e1sra.<\/span><\/span><span style=\"font-size: 13.5pt; color: black;\"><o:p><\/o:p><\/span><\/p>\n<p style=\"margin: 0cm 4pt 0.0001pt; text-indent: 4pt;\"><span class=\"font6\"><span style=\"font-size: 13.5pt; color: black;\">A zsinat nyitotts\u00e1g\u00e1t a magam m\u00f3dj\u00e1n \u00e9n teljesen elfogadtam. Az egyh\u00e1zmegy\u00e9ken bel\u00fcl viszont volt egy bizonyos visszarendez\u0151d\u00e9s: amikor hirtelen meghalt az \u00e9rsek, az egyh\u00e1zmegy\u00e9t korm\u00e1nyz\u00f3 seg\u00e9dp\u00fcsp\u00f6k rendet akart teremteni az ifj\u00fas\u00e1gi k\u00f6zpontban, ahol dolgoztam. M\u00e1r csak az\u00e9rt is, mert \u0151 a k\u00f6zelben lakott, \u00e9s azok a fiatalok, akik motorbiciklivel j\u00f6ttek, zavart\u00e1k \u0151t. Teh\u00e1t voltak szem\u00e9lyi \u00e9rdekek is az \u0151 r\u00e9sz\u00e9r\u0151l. \u00c9n ellen\u00e1lltam annak a rendtev\u00e9snek, \u00e9s akkor meg kellett v\u00e1lnom az ottani munk\u00e1t\u00f3l.<\/span><\/span><span style=\"font-size: 13.5pt; color: black;\"><o:p><\/o:p><\/span><\/p>\n<p style=\"margin: 0cm 4pt 0.0001pt; text-indent: 4pt;\"><span class=\"font6\"><b><span style=\"font-size: 13.5pt; color: black;\">O. J.:<\/span><\/b><\/span><span class=\"font6\"><span style=\"font-size: 13.5pt; color: black;\">&nbsp;Ez adott ind\u00edttat\u00e1st a d\u00e9l-amerikai \u00fathoz, amiben tulajdonk\u00e9ppen a r\u00e9gi v\u00e1gy teljes\u00fclt?<\/span><\/span><span style=\"font-size: 13.5pt; color: black;\"><o:p><\/o:p><\/span><\/p>\n<p style=\"margin: 0cm 4pt 0.0001pt; text-indent: 4pt;\"><span class=\"font6\"><b><span style=\"font-size: 13.5pt; color: black;\">M. P.:<\/span><\/b><\/span><span class=\"font6\"><span style=\"font-size: 13.5pt; color: black;\">&nbsp;Szeretem azt a k\u00e9pet, hogy az ember a t\u00e1volabb l\u00e9v\u0151 hegyeket olyan sz\u00e9pnek \u00e9s b\u00e9k\u00e9snek l\u00e1tja. \u00c9n is azt hittem, hogy D\u00e9l-Amerik\u00e1ban sokkal szebben, jobban \u00e9s sokkal radik\u00e1lisabban \u00e9s elk\u00f6telezettebben val\u00f3s\u00edtj\u00e1k meg az evang\u00e9lium hirdet\u00e9s\u00e9t, mint ahogyan azt itt, a gazdag Nyugat-Eur\u00f3p\u00e1ban l\u00e1ttam. Azt gondoltam, hogy az egyh\u00e1z LatinAmerik\u00e1ban fog meg\u00fajulni.<\/span><\/span><span style=\"font-size: 13.5pt; color: black;\"><o:p><\/o:p><\/span><\/p>\n<p style=\"margin: 0cm 4pt 0.0001pt; text-indent: 4pt;\"><span class=\"font6\"><b><span style=\"font-size: 13.5pt; color: black;\">O. J.:<\/span><\/b><\/span><span class=\"font6\"><span style=\"font-size: 13.5pt; color: black;\">&nbsp;Ehhez a hithez a zsinat latinamerikai p\u00fcsp\u00f6keinek nyilatkozatai j\u00e1rultak hozz\u00e1?<\/span><\/span><span style=\"font-size: 13.5pt; color: black;\"><o:p><\/o:p><\/span><\/p>\n<p style=\"margin: 0cm 4pt 0.0001pt; text-indent: 4pt;\"><span class=\"font6\"><b><span style=\"font-size: 13.5pt; color: black;\">M. P.:<\/span><\/b><\/span><span class=\"font6\"><span style=\"font-size: 13.5pt; color: black;\">&nbsp;Igen, ezek is al\u00e1t\u00e1masztott\u00e1k, meg a &#8211; k\u00fcl\u00f6n\u00f6sen a Peruban \u00e9l\u0151 -jezsuita t\u00e1rsaim elk\u00f6telez\u0151d\u00e9se is. Azt\u00e1n \u00e9n is elmentem oda, hogy saj\u00e1t szememmel l\u00e1ssam, mit hoz l\u00e9tre az egyh\u00e1z a legszeg\u00e9nyebb \u00e9s legelhanyagoltabb n\u00e9pr\u00e9tegek jav\u00e1ra, illetve azokkal egy\u00fctt. El\u0151bb egy \u00e9vre mentem, k\u00f6r\u00fclj\u00e1rtam, majd visz-szat\u00e9rtem Eur\u00f3p\u00e1ba, egy \u00e9vig Berlinben voltam munk\u00e1spap, majd onnan mentem vissza D\u00e9l-Amerik\u00e1ba.<\/span><\/span><span style=\"font-size: 13.5pt; color: black;\"><o:p><\/o:p><\/span><\/p>\n<p style=\"margin: 0cm 4pt 0.0001pt; text-indent: 4pt;\"><span class=\"font6\"><span style=\"font-size: 13.5pt; color: black;\">Kolumbi\u00e1ban el\u0151bb a szal\u00e9zi aty\u00e1kkal dolgoztam egy\u00fctt egy nagy int\u00e9zm\u00e9nyben, amit egy szal\u00e9zi atya alap\u00edtott a bogotai utcagyerekek r\u00e9sz\u00e9re. Ebben az int\u00e9zm\u00e9nyben dolgoztam egy ideig, azt\u00e1n \u00f6n\u00e1ll\u00f3sultam \u00e9s egy szeg\u00e9ny v\u00e1rosnegyedbe k\u00f6lt\u00f6ztem. Ott \u00e9ltem egy kis lak\u00e1sban, \u00e9s egy\u00fctt dolgoztam az emberekkel, akik a saj\u00e1t k\u00f6z\u00f6ss\u00e9g\u00fck felemel\u00e9s\u00e9\u00e9rt munk\u00e1lkodtak.<\/span><\/span><span style=\"font-size: 13.5pt; color: black;\"><o:p><\/o:p><\/span><\/p>\n<p style=\"margin: 0cm 4pt 0.0001pt; text-indent: 4pt;\"><span class=\"font6\"><span style=\"font-size: 13.5pt; color: black;\">Legink\u00e1bb az vitt D\u00e9l-Amerik\u00e1ba, hogy azt \u00e9reztem, Eur\u00f3pa nem val\u00f3s\u00edtja meg azt a kereszt\u00e9nys\u00e9get, amire \u00e9n v\u00e1gytam, \u00e9s az volt az ill\u00fazi\u00f3m, hogy D\u00e9l-Amerika kereszt\u00e9nyebb, mint mi itt, Eur\u00f3p\u00e1ban. A 60-as \u00e9vek v\u00e9g\u00e9n, a 70-es \u00e9vek elej\u00e9n, N\u00e9metorsz\u00e1gban \u00e9lve sz\u00fcletett bennem ez az \u00e9rz\u00e9s. J\u00e9zusban \u00e9n els\u0151sorban azt az Istent l\u00e1ttam, aki az emberek fel\u00e9 fordul, \u00e9s az emberek szem\u00e9lyes arc\u00e1val \u00e9s szem\u00e9lyes t\u00f6rt\u00e9net\u00e9vel l\u00e9p kapcsolatba. Azt\u00e1n amikor ott voltam D\u00e9l-Amerik\u00e1ban, r\u00e1j\u00f6ttem, hogy ott sem \u00e9s tal\u00e1n sehol sem val\u00f3s\u00edtjuk meg igaz\u00e1n a nyolcboldogs\u00e1g lelkis\u00e9g\u00e9n \u00e9s a M\u00e1t\u00e9 evang\u00e9lium\u00e1nak 25. fejezet\u00e9ben tal\u00e1lhat\u00f3 irgalmass\u00e1g cselekedetein alapul\u00f3 kereszt\u00e9nys\u00e9get. Ebb\u0151l az evang\u00e9liumb\u00f3l \u00e9n nem csak azt tanultam, hogy J\u00e9zus j\u00f3 volt az emberekhez, hanem azt, hogy a kereszt\u00e9ny istentisztelet elv\u00e1laszthatatlan att\u00f3l, hogy mik\u00e9nt fordulunk az embert\u00e1rsaink fel\u00e9. \u00c9s \u00e9ppen azok fel\u00e9 az embert\u00e1rsaink fel\u00e9, akik sz\u00e1munkra kellemetlenek, akik nem j\u00f3 h\u00edrnevet vagy gazdags\u00e1got hoznak sz\u00e1munkra, akik nem a nap sugar\u00e1nak f\u00e9ny\u00e9ben ragyogtatnak benn\u00fcnket, hanem azok fel\u00e9, akikkel baj van, akik sz\u00e1munkra csak bajt okoznak.<\/span><\/span><span style=\"font-size: 13.5pt; color: black;\"><o:p><\/o:p><\/span><\/p>\n<p style=\"margin: 0cm 4pt 0.0001pt; text-indent: 4pt;\"><span class=\"font6\"><span style=\"font-size: 13.5pt; color: black;\">\u00c9s az \u00e9n kritikus l\u00e1t\u00e1som \u00f6sszef\u00fcgg\u00f6tt az im\u00e1m neh\u00e9zs\u00e9geivel. Nem tudtam im\u00e1dkozni, nem tudtam \u00f6sszeszedett lenni, nem tudtam igaz\u00e1n \u00fagy fordulni Istenhez, hogy az a boldog \u00e9rz\u00e9sem lett volna, hogy \u0151benne megtal\u00e1lom a boldogs\u00e1gomat. \u00c9s akkor az im\u00e1mnak ez a gy\u00f6trelme \u00e9s sikertelens\u00e9ge ahhoz vezetett, hogy azt mondtam magamnak: \u201eP\u00e9ter, ha m\u00e1r nem tudsz szent lenni, akkor legy\u00e9l j\u00f3!&#8221; Megpr\u00f3b\u00e1ltam legal\u00e1bb j\u00f3 lenni. De amint mondtam, volt, hogy ez is probl\u00e9m\u00e1t okozott m\u00e1soknak. N\u00e9metorsz\u00e1gban gondot okozott az egyh\u00e1zmegye vezet\u0151inek, hogy \u00e9n mint ifj\u00fas\u00e1gi lelk\u00e9sz \u00e9s a munkat\u00e1rsaim olyan fiatalok fel\u00e9 fordultunk, akik probl\u00e9m\u00e1sak voltak. Mert az egyh\u00e1z a tanult ifj\u00fas\u00e1ggal akart foglalkozni, akikb\u0151l pap lehet, akik a t\u00e1rsadalomban lobbiznak az egyh\u00e1z jav\u00e1ra \u00e9s biztos\u00edtj\u00e1k az egyh\u00e1znak a hely\u00e9t a t\u00e1rsadalomban. \u00c9s mivel az az elsz\u00e1nts\u00e1gunk, hogy a probl\u00e9m\u00e1s fiatalokkal foglalkozunk, elutas\u00edt\u00e1sra tal\u00e1lt, elhat\u00e1roztam, hogy elmegyek D\u00e9l-Amerik\u00e1ba. El\u0151bb nem is volt sz\u00e1nd\u00e9komban az utcagyerekek fel\u00e9 fordulni, az utcagyerekek magukt\u00f3l j\u00f6ttek hozz\u00e1m. Koldultak vagy megt\u00e1madt\u00e1k az embert, vagy bar\u00e1ts\u00e1gosak voltak addig, ameddig azt rem\u00e9lt\u00e9k, hogy valamit kapnak. \u0150ket nem is kellett keresni, \u0151k a nyomorukkal, a rendetlens\u00e9g\u00fckkel, a piszkoss\u00e1gukkal \u00e9s fegyelmezetlens\u00e9g\u00fckkel r\u00e1er\u0151szakolt\u00e1k magukat az utc\u00e1n k\u00f6zleked\u0151 j\u00f3 sz\u00e1nd\u00e9k\u00fa emberekre, \u00e9s \u00e9nr\u00e1m is, mivel k\u00fclf\u00f6ldi voltam. \u00c9s amikor megtudt\u00e1k, hogy pap vagyok, akkor m\u00e9g ink\u00e1bb kerestek. Nem utas\u00edtottam \u0151ket vissza, nem mint emberi szemetet akartam \u0151ket tekinteni. \u00c9szrevenni benn\u00fck az embert. Nem azt, ahogyan viselkedtek, amivel kellemetlens\u00e9get okoztak, nem azt, amivel bizony\u00edtott\u00e1k a t\u00e1rsadalomnak, hogy \u0151k t\u00e9nyleg rosszak \u00e9s nem szeretetre m\u00e9lt\u00f3k. Nagyon sok k\u00f6z\u00fcl\u00fck t\u00e9nyleg nem is volt szeretetre m\u00e9lt\u00f3, de emberek voltak, \u00e9rz\u00e9seik voltak, f\u00e1jdalmaik voltak, lelki \u00e9s testi sebeik voltak. \u00c9s akkor ezekkel a fiatalokkal foglalkoztam a szal\u00e9zi aty\u00e1k int\u00e9zet\u00e9ben, amely kiz\u00e1r\u00f3lag csak az utc\u00e1n \u00e9l\u0151 gyerekek sz\u00e1m\u00e1ra j\u00f6tt l\u00e9tre. Az int\u00e9zm\u00e9ny \u00e9s az utca k\u00f6z\u00f6tt \u00e9ltem. Nagyon sokan m\u00e9g t\u00edz \u00e9ven aluliak voltak, de voltak 12-16 \u00e9ves serd\u00fcl\u0151k is k\u00f6zt\u00fck. Sok olyan is, aki m\u00e1r bent volt az int\u00e9zm\u00e9nyben, de azt\u00e1n kirep\u00fclt onnan. \u00c9s voltak, akik \u00fajra vissza akartak t\u00e9rni oda. Sz\u00f3ba \u00e1lltam vel\u00fck, ha sebeik voltak, elvittem \u0151ket a k\u00f3rh\u00e1zba vagy az orvoshoz, \u00e9s kifizettem az ell\u00e1t\u00e1s k\u00f6lts\u00e9g\u00e9t. Voltak olyanok is, akiket elk\u00eds\u00e9rtem, amikor a sz\u00fcleiket kerest\u00e9k. Elutaztam vel\u00fck, fizettem az \u00fatik\u00f6lts\u00e9g\u00fcket, megkerestem a sz\u00fcleiket, de \u00e1ltal\u00e1ban visszahoztam \u0151ket a v\u00e1rosba, az int\u00e9zm\u00e9nybe. Fontos volt sz\u00e1momra a szem\u00e9lyes kapcsolat, az, hogy az arc\u00e1ban ismerjem fel az \u00e9l\u0151 embert, \u00e9s az, hogy ez az \u00e9l\u0151 ember, ak\u00e1rmilyen nyomorult \u00e9s indulatokat kiv\u00e1lt\u00f3 \u00e9s visszatasz\u00edt\u00f3 is, Istennek nemcsak a kedves gyermeke \u00e9s teremtm\u00e9nye, hanem benne mutatkozik meg Isten. Benne mutatkozik meg J\u00e9zusnak vagy Istennek az arca vagy k\u00e9pe. \u00c9s ezt \u00fajra \u00e9s \u00fajra el kellett mondanom magamnak. El kellett mondanom, hogy nem \u00e9n v\u00e1ltom meg a vil\u00e1got, \u00e9s nem tudom az emberek helyzet\u00e9t \u00e9s sors\u00e1t megv\u00e1ltoztatni, de ha megl\u00e1tom benn\u00fck az Istent vagy azt, akit az Isten szeret benn\u00fck, akkor \u0151k is megv\u00e1ltoznak valamik\u00e9ppen. Akkor m\u00e9g nem tudtam, hogy t\u00e9nyleg meg tudnak v\u00e1ltozni. Eleinte csak kudarcra kudarc k\u00f6vetkezett, de \u00e9n akkor is a szem\u00e9lyes arcukat kerestem. Visszaeml\u00e9keztem az evang\u00e9liumb\u00f3l arra, hogy J\u00e9zus szem\u00e9lyesen tal\u00e1lkozott az emberekkel. P\u00e9ld\u00e1ul azt az \u00f6zvegyet, aki a k\u00e9t fill\u00e9rj\u00e9t dobta be a perselybe, senki m\u00e1s nem vette \u00e9szre, csak \u0151. Visszaeml\u00e9keztem arra, amikor a v\u00e9rfoly\u00e1sos asszony h\u00e1tulr\u00f3l meg\u00e9rintette ruh\u00e1j\u00e1nak a szeg\u00e9ly\u00e9t. Erre az asszonyra sem figyelt senki m\u00e1s, csak J\u00e9zus. De \u0151 megl\u00e1tta benne azt az embert, aki fel\u00e9 fordult, aki bel\u0151le kiprovok\u00e1lta azt az \u00e1ramlatot, \u00e9s gy\u00f3gyul\u00e1s t\u00f6rt\u00e9nt. \u00c9s visz-szaeml\u00e9keztem a megk\u00f6vezend\u0151 h\u00e1zass\u00e1gt\u00f6r\u0151 asszonnyal, a v\u00e1mosokkal, a b\u0171n\u00f6s\u00f6kkel val\u00f3 tal\u00e1lkoz\u00e1sokra &#8211; ezeket J\u00e9zus mind szem\u00e9lyesen vette \u00e9szre.<\/span><\/span><span style=\"font-size: 13.5pt; color: black;\"><o:p><\/o:p><\/span><\/p>\n<p style=\"margin: 0cm 4pt 0.0001pt; text-indent: 4pt;\"><span class=\"font6\"><i><span style=\"font-size: 13.5pt; color: black;\">Ekkor vittem [Deli\u00f3t] el\u0151sz\u00f6r pszichi\u00e1terhez, a jezsuita k\u00f3rh\u00e1zba. K\u00e9t h\u00e9tig tartott\u00e1k megfigyel\u00e9s alatt. Persze j\u00f3 sokat kellett fizetnem. Azzal bocs\u00e1tott\u00e1k el, hogy nem lehet rajta seg\u00edteni, \u00e1llapota mindig rosszabbodik. Hamarosan nem lesz k\u00e9pes semmif\u00e9le er\u0151fesz\u00edt\u00e9sre, sem kezdem\u00e9nyez\u00e9sre, v\u00e9g\u00fcl az \u00fat sz\u00e9l\u00e9n fog meghalni hajl\u00e9ktalank\u00e9nt. Orvosi igazol\u00e1st nem adtak err\u0151l.<\/span><\/i><\/span><span style=\"font-size: 13.5pt; color: black;\"><o:p><\/o:p><\/span><\/p>\n<p style=\"margin: 0cm 4pt 0.0001pt; text-indent: 4pt;\"><span class=\"font6\"><i><span style=\"font-size: 13.5pt; color: black;\">Bogot\u00e1i lak\u00e1somban t\u00f6rt\u00e9nt. Gy\u00f6ny\u00f6r\u0171 kil\u00e1t\u00e1s volt a v\u00e1rosra. Nem Delio j\u00e1rt az eszemben. Egyszerre egy gondolat, egy \u00e9rz\u00e9s t\u00f6rt r\u00e1m: ha igaz\u00e1n hiszem, hogy mindenki Isten teremtm\u00e9nye, Delio is az. Ha l\u00e9trehozta, \u00e9s megtartja a l\u00e9tben, l\u00e1t valami kedvelnival\u00f3t, sz\u00e9pet benne, ami\u00e9rt szeretni tudja. Ett\u0151l a gondolatt\u00f3l el\u0151sz\u00f6r megborzadtam. Delio visszatasz\u00edt\u00f3 volt. Undorodtam t\u0151le, mert agressz\u00edv volt, semminek sem felelt meg, amit \u00e9n emberi \u00e9rt\u00e9knek l\u00e1ttam, semmi olyannak, amit szeretni tudtam volna. Ha hiszem, hogy minden ember Isten k\u00e9pm\u00e1s\u00e1ra van teremtve, akkor \u0151 is Isten k\u00e9pm\u00e1sa. Ha igaz, amit gondolok, akkor Deli\u00f3t nem ker\u00fclhetem ki. Ha elfordulok t\u0151le, akkor Istent\u0151l fordulok el. Szinte f\u00e1jt elfogadni annak lehet\u0151s\u00e9g\u00e9t, hogy megl\u00e1ssam benne Isten arc\u00e1t. [&#8230;]<\/span><\/i><\/span><span style=\"font-size: 13.5pt; color: black;\"><o:p><\/o:p><\/span><\/p>\n<p style=\"margin: 0cm 4pt 0.0001pt; text-indent: 4pt;\"><span class=\"font6\"><i><span style=\"font-size: 13.5pt; color: black;\">Napokba, tal\u00e1n hetekbe telt, am\u00edg ki tudtam mondani, hogy nem r\u00e1zhatom le magamr\u00f3l t\u00f6bb\u00e9 ezt a sz\u00f6rny\u0171 embert. [&#8230;] Ezut\u00e1n m\u00e9g t\u00f6bb id\u0151re volt sz\u00fcks\u00e9gem, am\u00edg l\u00e9ptem egyet. Megk\u00e9rtem Deli\u00f3t, k\u00eds\u00e9rjen el a v\u00e1rosba. Ezzel sok id\u0151t sem vesztettem, mert h\u00e1romnegyed \u00f3r\u00e1ig \u00fagyis a buszban kellett \u00fcln\u00f6m. Megfizettem az \u00fatj\u00e1t, \u00fclj\u00f6n mell\u00e9m, \u00e9s besz\u00e9ljen nekem addig, ameddig akar. Elsz\u00e1ntam magam, hogy meghallgatom. Ez meg is t\u00f6rt\u00e9nt. Csod\u00e1lkozva vettem \u00e9szre, hogy m\u00e1r nem agressz\u00edv. Nyugodtan besz\u00e9l. Az is felt\u0171nt, hogy jobban ismeri \u00e9s kritikusabb szemmel n\u00e9zi saj\u00e1t mag\u00e1t, mint gondoltam. El\u0151sz\u00f6r ott a buszban \u00e9rintett meg az \u00e9rz\u00e9s, hogy Deli\u00f3t tudom becs\u00fclni.<\/span><\/i><\/span><span style=\"font-size: 13.5pt; color: black;\"><o:p><\/o:p><\/span><\/p>\n<p style=\"margin: 0cm 4pt 0.0001pt; text-indent: 4pt;\"><span class=\"font6\"><i><span style=\"font-size: 13.5pt; color: black;\">\u0150 tan\u00edtott meg arra, hogy tudjam minden emberben Isten k\u00e9pm\u00e1s\u00e1t keresni, azt megl\u00e1tni, amit a Teremt\u0151je kedvelhet benne. Amikor el\u0151sz\u00f6r t\u00f6rt r\u00e1m ez a gondolat, m\u00e9g megr\u00e9m\u00fcltem. De ut\u00f3lag h\u00e1l\u00e1s vagyok \u00e9rte. A vele val\u00f3 konfliktuson kereszt\u00fcl t\u00f6bbet tanultam az \u00e9letr\u0151l, az emberekr\u0151l \u00e9s a j\u00f3 Istenr\u0151l, mint tal\u00e1n ak\u00e1rki m\u00e1st\u00f3l. Lassan meg\u00e9rett bennem, hogy meg tudjak b\u00e9k\u00fclni m\u00e9g azzal is, ha elrontja az \u00e9let\u00e9t. Hiszen a Teremt\u0151 olyan \u00e9letet is akarhat, amely nem az \u00e9n elk\u00e9pzel\u00e9sem, nem az \u00e9n \u00e9rt\u00e9keim szerint alakul. Deli\u00f3t nem kell mindenk\u00e9ppen megmentenem. 1990-ben, amikor elj\u00f6ttem Kolumbi\u00e1b\u00f3l, ezzel b\u00facs\u00faztam t\u0151le:<\/span><\/i><\/span><span style=\"font-size: 13.5pt; color: black;\"><o:p><\/o:p><\/span><\/p>\n<p style=\"margin: 0cm 4pt 0.0001pt; text-indent: 4pt;\"><span class=\"font6\"><i><span style=\"font-size: 13.5pt; color: black;\">&#8211; Maga nemsok\u00e1ra az \u00fatsz\u00e9li \u00e1rokban fogja befejezni az \u00e9let\u00e9t. T\u0151lem ne v\u00e1rjon seg\u00edts\u00e9get. Amikor a mennyorsz\u00e1gba ker\u00fcl, im\u00e1dkozzon \u00e9rtem a j\u00f3 Istenhez!<\/span><\/i><\/span><span style=\"font-size: 13.5pt; color: black;\"><o:p><\/o:p><\/span><\/p>\n<p style=\"margin: 0cm 4pt 0.0001pt; text-indent: 4pt;\"><span class=\"font6\"><i><span style=\"font-size: 13.5pt; color: black;\">De Delio nem halt meg, valakit\u0151l mindig kapott valamit enni. [&#8230;]<\/span><\/i><\/span><span style=\"font-size: 13.5pt; color: black;\"><o:p><\/o:p><\/span><\/p>\n<p style=\"margin: 0cm 4pt 0.0001pt; text-indent: 4pt;\"><span class=\"font6\"><i><span style=\"font-size: 13.5pt; color: black;\">1996-ban, akkor m\u00e1r huszonh\u00e9t \u00e9ves volt, elj\u00f6tt bogot\u00e1i sz\u00e1ll\u00e1somra, \u00e9s nekem szegezte, hogy milyen felt\u00e9telek mellett lenn\u00e9k hajland\u00f3 t\u00e1mogatni \u0151t. N\u00e9gy felt\u00e9telt neveztem meg. Szerezze meg a szem\u00e9lyazonoss\u00e1gi igazolv\u00e1ny\u00e1t, a katonak\u00f6nyv\u00e9t, amit m\u00e1r r\u00e9gen elvesz\u00edtett, tartsa el mag\u00e1t egy \u00e9vig a saj\u00e1t munk\u00e1j\u00e1b\u00f3l, \u00e9s az esti iskol\u00e1ban vizsg\u00e1zzon le az \u00e1ltal\u00e1nos iskola \u00f6t\u00f6dik oszt\u00e1ly\u00e1nak anyag\u00e1b\u00f3l. M\u00e1snap legnagyobb meglepet\u00e9semre g\u00e9ppel \u00edrt szerz\u0151d\u00e9st dugott az orrom al\u00e1 k\u00e9t p\u00e9ld\u00e1nyban. Al\u00e1\u00edratta velem \u00e9s maga is al\u00e1\u00edrta.<\/span><\/i><\/span><span style=\"font-size: 13.5pt; color: black;\"><o:p><\/o:p><\/span><\/p>\n<p style=\"margin: 0cm 4pt 0.0001pt; text-indent: 4pt;\"><span class=\"font6\"><i><span style=\"font-size: 13.5pt; color: black;\">Egy \u00e9v m\u00falva, amikor visszat\u00e9rtem Bogot\u00e1ba, m\u00e1r a rep\u00fcl\u0151t\u00e9ren fogadott. K\u00f6lcs\u00f6nz\u00f6tt zak\u00f3ban, nyakkend\u0151vel, frissen borotv\u00e1ltan v\u00e1rt. Jelentette, hogy felt\u00e9teleimet egy kiv\u00e9tel\u00e9vel teljes\u00edtette. Csak levizsg\u00e1zni nem tudott. A v\u00e1rosnegyedbe \u00e9rkez\u0151 buszt takar\u00edtotta. Ebb\u0151l \u00e9lt egy ideig. [&#8230;]<\/span><\/i><\/span><span style=\"font-size: 13.5pt; color: black;\"><o:p><\/o:p><\/span><\/p>\n<p style=\"margin: 0cm 4pt 0.0001pt; text-indent: 4pt;\"><span class=\"font6\"><i><span style=\"font-size: 13.5pt; color: black;\">Csak lassan kezdtem \u00e9szrevenni, hogy j\u00f3 tulajdons\u00e1gai is vannak. \u0150szinte, nem lop, nem k\u00e1b\u00edt\u00f3zik, becs\u00fcletes.<\/span><\/i><\/span><span style=\"font-size: 13.5pt; color: black;\"><o:p><\/o:p><\/span><\/p>\n<p style=\"margin: 0cm 4pt 0.0001pt; text-indent: 4pt;\"><span class=\"font6\"><i><span style=\"font-size: 13.5pt; color: black;\">\u00dcgyes a t\u00fal\u00e9l\u00e9sben. Nem lett koldus, sem parazita, nem \u00e9l m\u00e1sok nyak\u00e1n, mint ahogyan sok\u00e1ig felt\u00e9teleztem r\u00f3la. Ha valamilyen sz\u00edvess\u00e9get, p\u00e9ld\u00e1ul egy t\u00e1l levest elfogadott, h\u00e1l\u00e1b\u00f3l \u0151 is viszonozta valamivel. [&#8230;] \u00dajra iskol\u00e1ba j\u00e1r, esti iskol\u00e1ba. 2007 november v\u00e9g\u00e9n, harmincnyolc \u00e9ves kor\u00e1ban le is \u00e9retts\u00e9gizett. A diplomakioszt\u00e1sn\u00e1l h\u00e1rom bar\u00e1tom k\u00e9pviselt. Ha minden igaz, egyetemre is beiratkozik. \u00c9s most m\u00e1r nem Deli\u00f3nak nevezi mag\u00e1t, hanem az igazi nev\u00e9t, a Heli\u00f3t haszn\u00e1lja.<\/span><\/i><\/span><span style=\"font-size: 13.5pt; color: black;\"><o:p><\/o:p><\/span><\/p>\n<p style=\"margin: 0cm 4pt 0.0001pt; text-indent: 4pt;\"><span class=\"font6\"><span style=\"font-size: 13.5pt; color: black;\">(R\u00e9szlet Must\u00f3 P\u00e9ter<i>&nbsp;Rem\u00e9ny \u00e9s k\u00e9ts\u00e9g k\u00f6z\u00f6tt Bogot\u00e1 utc\u00e1in<\/i>&nbsp;c\u00edm\u0171 k\u00f6nyv\u00e9b\u0151l<sup>3<\/sup>)<\/span><\/span><span style=\"font-size: 13.5pt; color: black;\"><o:p><\/o:p><\/span><\/p>\n<p style=\"margin: 0cm 4pt 0.0001pt; text-indent: 4pt;\"><span class=\"font6\"><span style=\"font-size: 13.5pt; color: black;\">\u00c9s most ugrok kicsit: itt \u00e9rtettem nagyon meg Ferenc p\u00e1p\u00e1t, amikor &#8211; k\u00fcl\u00f6n\u00f6s tekintettel az irgalmass\u00e1g \u00e9v\u00e9re &#8211; azt k\u00e9rte az eur\u00f3pai egyh\u00e1zakt\u00f3l \u00e9s papokt\u00f3l, t\u0151l\u00fcnk, hogy legal\u00e1bb egy menek\u00fclt csal\u00e1dot fogadjunk be. Nagyon sokan kinevett\u00e9k \u0151t vagy azt mondt\u00e1k, hogy nem \u00e9rt ehhez a k\u00e9rd\u00e9shez, nem tudja, hogy mit besz\u00e9l. A legt\u00f6bben nem tudtunk reag\u00e1lni erre a k\u00e9r\u00e9sre. A p\u00e1p\u00e1nak ebben a k\u00e9r\u00e9s\u00e9ben \u00e9n nagyon komoly sz\u00e1nd\u00e9kot l\u00e1ttam, amivel arra akar nevelni, hogy csak akkor tudjuk megl\u00e1tni a probl\u00e9m\u00e1kat, ha megismerj\u00fck a r\u00e1szorul\u00f3 emberek szem\u00e9lyes arc\u00e1t: mint embereket, mint egyedi l\u00e9nyeket ismerj\u00fck meg \u0151ket. \u00c9s akkor megismerj\u00fck az \u0151 hit\u00fcket, az \u0151 f\u00e9lelmeiket, az \u0151 rem\u00e9nyeiket, az \u0151 aggodalmaikat, a testi-lelki betegs\u00e9geiket, pszichikai probl\u00e9m\u00e1ikat, sz\u00fcks\u00e9gleteiket. M\u00e1r D\u00e9l-Amerik\u00e1ban is arra a k\u00f6vetkeztet\u00e9sre jutottam, hogy nem arra van a legnagyobb sz\u00fcks\u00e9ge a szenved\u0151 vagy probl\u00e9m\u00e1s embernek, hogy seg\u00edts\u00e9get kapjon, hanem hogy legyen, aki \u0151t embersz\u00e1mba veszi. Legyen valaki, aki \u0151mellette \u00e1ll, aki megbecs\u00fcli \u0151t \u00e9s felismer benne valami szeretetre m\u00e9lt\u00f3t. Akkor \u0151 is megtanulja \u00f6nmag\u00e1t becs\u00fclni vagy \u00e9rt\u00e9kelni. \u00dajra rem\u00e9nyt tud tal\u00e1lni, hogy az \u00e9lete \u00e9rt\u00e9kes, vagy hogy \u00e9rdemes \u00e9lnie. A p\u00e1p\u00e1nak ezt a felsz\u00f3l\u00edt\u00e1s\u00e1t, hogy mindenki forduljon egy r\u00e1szorul\u00f3 szem\u00e9ly fel\u00e9, teljesen hiteles evang\u00e9liumi viselked\u00e9snek tartom.<\/span><\/span><span style=\"font-size: 13.5pt; color: black;\"><o:p><\/o:p><\/span><\/p>\n<p style=\"margin: 0cm 4pt 0.0001pt; text-indent: 4pt;\"><span class=\"font6\"><span style=\"font-size: 13.5pt; color: black;\">\u00c9n most olyan helyzetben vagyok, hogy szem\u00e9lyesen nagyon keveset tudok tenni az anyagilag vagy egzisztenci\u00e1jukban probl\u00e9m\u00e1kkal \u00e9l\u0151 emberek\u00e9rt. Most az emberek lelki probl\u00e9m\u00e1ival tudok foglalkozni, de ezen a ter\u00fcleten is arra t\u00f6rekszem, hogy az egyes szem\u00e9lyt ismerjem meg \u00e9s \u0151t pr\u00f3b\u00e1ljam komolyan venni. Ugyanakkor ezzel a menek\u00fcltv\u00e1ls\u00e1ggal \u00fajra f\u00f6l\u00e9bred bennem az a tudat, ami \u00e9letem nagy r\u00e9sz\u00e9t k\u00eds\u00e9rte, hogy csak akkor vagyok h\u0171 a saj\u00e1t kereszt\u00e9ny hitemhez, hogyha a bajban l\u00e9v\u0151 embereket szem\u00e9lyesen komolyan veszem.<\/span><\/span><span style=\"font-size: 13.5pt; color: black;\"><o:p><\/o:p><\/span><\/p>\n<p style=\"margin: 0cm 4pt 0.0001pt; text-indent: 4pt;\"><span class=\"font6\"><b><span style=\"font-size: 13.5pt; color: black;\">O. J.:<\/span><\/b><\/span><span class=\"font6\"><span style=\"font-size: 13.5pt; color: black;\">&nbsp;A menek\u00fcltk\u00e9rd\u00e9s ir\u00e1nt nyilv\u00e1n az lesz \u00e9rz\u00e9kenyebb, aki maga is megtapasztalta a menek\u00fcltl\u00e9tet&#8230;<\/span><\/span><span style=\"font-size: 13.5pt; color: black;\"><o:p><\/o:p><\/span><\/p>\n<p style=\"margin: 0cm 4pt 0.0001pt; text-indent: 4pt;\"><span class=\"font6\"><span style=\"font-size: 13.5pt; color: black;\"><b>M. P.:<\/b> Igen, az \u00e9n esetemben ez is igaz. M\u00e9g nem voltam t\u00edz\u00e9ves \u00e9s menek\u00fclt\u00fcnk. Menek\u00fcltek voltunk, \u00e9s menek\u00fcltekk\u00e9nt sok helyen befogadtak benn\u00fcnket, sokan adtak ennival\u00f3t \u00e9s sz\u00e1ll\u00e1st nek\u00fcnk: a veszpr\u00e9mi angolkisasszonyok, a zirci ciszterciek \u00e9s a paraszt n\u00e9ni a faluban, ahol voltunk. Azt\u00e1n menek\u00fcltek voltunk N\u00e9metorsz\u00e1gban is. Egy n\u00e9met faluban voltunk menek\u00fcltek sok magyarral, \u00e9s ezeknek a n\u00e9met csal\u00e1doknak a terh\u00e9re voltunk. Ott nem voltak f\u00e9rfiak, mind a h\u00e1bor\u00faban voltak, vagy elvesztek, vagy hadifogs\u00e1gban voltak, csak a parasztasszonyok voltak otthon a gyerekekkel, az \u00f6regekkel, a betegekkel, s akkor m\u00e9g mi is a nyakukra ment\u00fcnk mint nincstelen menek\u00fcltek, \u00e9s a nyelv\u00fcket sem ismert\u00fck. \u00c9s koldultunk \u00e9s seg\u00edtett\u00fcnk, \u00e9desany\u00e1m \u00e9s a testv\u00e9reim is. \u00c9desap\u00e1m hadifogs\u00e1gban volt. \u00c9letemnek ezt a r\u00e9sz\u00e9t most a menek\u00fclt\u00e1radattal \u00fajra felfedeztem, \u00e9s r\u00e1j\u00f6ttem, hogy sz\u00e9gyelltem azt, hogy menek\u00fclt voltam. Ma is sz\u00e9gyenletes menek\u00fcltnek lenni, mert a menek\u00fclt m\u00e1sra van utalva, mert a menek\u00fcltet senki se k\u00edv\u00e1nja mag\u00e1nak, igaz\u00e1b\u00f3l senki se akar menek\u00fcltet befogadni. Azt\u00e1n t\u00f6bb \u00e9vig \u00e9ltem menek\u00fcltt\u00e1borban sok magyar k\u00f6z\u00f6tt. A r\u00e1szorul\u00f3kkal kapcsolatosan teh\u00e1t van egy szem\u00e9lyes \u00e9rintetts\u00e9gem is, \u00e9s van egy kereszt\u00e9ny \u00e9rintetts\u00e9gem is. Saj\u00e1t tapasztalatom, hogy menek\u00fcltk\u00e9nt nem volt mit enni, hogy nem volt otthonunk, hogy mindent elvesztett\u00fcnk, \u00f6sszefon\u00f3dott a kereszt\u00e9ny hitemmel, hogy J\u00e9zus \u00e9ppen ezek fel\u00e9 az emberek fel\u00e9 fordult. \u00dagy gondolom, hogy csak akkor vagyok kereszt\u00e9ny, ha \u00e9n is azok fel\u00e9 az emberek fel\u00e9 fordulok, akik bajban vannak.<\/span><\/span><span style=\"font-size: 13.5pt; color: black;\"><o:p><\/o:p><\/span><\/p>\n<p style=\"margin: 0cm 4pt 0.0001pt; text-indent: 4pt;\"><span class=\"font6\"><span style=\"font-size: 13.5pt; color: black;\">F\u00e1jdalmas nekem most azt l\u00e1tni, hogy \u00fagy pr\u00f3b\u00e1ljuk megv\u00e9deni a kereszt\u00e9ny Eur\u00f3p\u00e1t, hogy kiz\u00e1rjuk a menek\u00fclteket. Senki sem akarja Eur\u00f3p\u00e1ban a menek\u00fclteket, pedig \u00e9ppen a befogad\u00e1suk jelenten\u00e9 azt, hogy kereszt\u00e9nyek vagyunk. A befogad\u00e1s azt jelenti, hogy nagy probl\u00e9m\u00e1kat vesz\u00fcnk a nyakunkba.<\/span><\/span><span style=\"font-size: 13.5pt; color: black;\"><o:p><\/o:p><\/span><\/p>\n<p style=\"margin: 0cm 4pt 0.0001pt; text-indent: 4pt;\"><span class=\"font6\"><b><span style=\"font-size: 13.5pt; color: black;\">O. J.:<\/span><\/b><\/span><span class=\"font6\"><span style=\"font-size: 13.5pt; color: black;\">&nbsp;A m\u00e1s kult\u00far\u00e1ban \u00e9l\u0151, m\u00e1s vall\u00e1st vagy utat k\u00f6vet\u0151kkel szemben is nagy nyitotts\u00e1got mutat. Mindenki ir\u00e1ny\u00e1ba \u201eki tud \u00fcresedni&#8221;, hogy saj\u00e1t val\u00f3s\u00e1g\u00e1ban tudja befogadni \u0151t.<\/span><\/span><span style=\"font-size: 13.5pt; color: black;\"><o:p><\/o:p><\/span><\/p>\n<p style=\"margin: 0cm 4pt 0.0001pt; text-indent: 4pt;\"><span class=\"font6\"><b><span style=\"font-size: 13.5pt; color: black;\">M. P.:<\/span><\/b><\/span><span class=\"font6\"><span style=\"font-size: 13.5pt; color: black;\">&nbsp;Mindig arra t\u00f6rekedtem &#8211; \u00e9s ezt m\u00e1sokt\u00f3l tanultam D\u00e9l-Amerik\u00e1ban \u00e9s Eur\u00f3p\u00e1ban is -, hogy ne csak olyan&nbsp;r\u00e1szorul\u00f3k fel\u00e9 forduljak, akik valamik\u00e9ppen az \u00e9n k\u00f6z\u00f6ss\u00e9gemhez tartoznak. A seg\u00edts\u00e9gny\u00fajt\u00e1sn\u00e1l nem lehet ilyen krit\u00e9rium. Teh\u00e1t nem csak annak kell seg\u00edtenem, aki az \u00e9n egyh\u00e1zamhoz tartozik, aki az \u00e9n templomomba j\u00e1r, hanem annak kell seg\u00edtenem, aki bajban van. \u00c9s k\u00fcl\u00f6n\u00f6sen figyeljek arra, hogy ne csak annak seg\u00edtsek, aki valamik\u00e9ppen megfelel az \u00e9n elv\u00e1r\u00e1somnak. A seg\u00edt\u00e9s nem egy t\u00e9r\u00edt\u00e9si sz\u00e1nd\u00e9k. S itt t\u00f6rt\u00e9nelmi p\u00e9ld\u00e1t is fel tudok hozni. N\u00e9metorsz\u00e1gban a nemzetiszocializmus alatt, amikor a zsid\u00f3kat \u00fcld\u00f6zt\u00e9k, t\u00f6bb katolikus p\u00fcsp\u00f6k is ki\u00e1llt a v\u00e9delm\u00fckre, de voltak olyan p\u00fcsp\u00f6k\u00f6k, akik csak a kikeresztelkedett zsid\u00f3kat v\u00e9dt\u00e9k. A m\u00e1sodik vil\u00e1gh\u00e1bor\u00fa ut\u00e1n ezeknek a p\u00fcsp\u00f6k\u00f6knek a szem\u00e9re h\u00e1nyt\u00e1k, \u00e9s jogosan tett\u00e9k, hogy mi\u00e9rt nem keltek minden zsid\u00f3nak a v\u00e9delm\u00e9re, mi\u00e9rt csak a kikeresztelkedett zsid\u00f3kat akart\u00e1k megv\u00e9deni. &#8211; J\u00e9zus nem k\u00e9rdezte meg azt, akinek b\u00e9na volt a l\u00e1ba vagy vak, vagy v\u00e9rfoly\u00e1sos volt, hogy j\u00e1r-e a zsinag\u00f3g\u00e1ba, hogy igazhit\u0171 zsid\u00f3-e. S\u0151t, az irgalmas szamarit\u00e1nus p\u00e9ldabesz\u00e9d\u00e9vel t\u00fckr\u00f6t tartott az igazhit\u0171 vall\u00e1sos emberek fel\u00e9.<\/span><\/span><span style=\"font-size: 13.5pt; color: black;\"><o:p><\/o:p><\/span><\/p>\n<p style=\"margin: 0cm 4pt 0.0001pt; text-indent: 4pt;\"><span class=\"font6\"><span style=\"font-size: 13.5pt; color: black;\">A kereszt\u00e9nys\u00e9g \u00e9ppen a hiteless\u00e9g\u00e9t bizony\u00edtan\u00e1 azzal, ha a kereszt\u00e9nyek nem csak kereszt\u00e9nyeket fogadn\u00e1nak be, amikor milli\u00f3sz\u00e1mra vannak menek\u00fcltek a vil\u00e1gon. A hagyom\u00e1ny szerint m\u00e9g a messzi, kereszt\u00e9nys\u00e9g el\u0151tti id\u0151kben a templom egyik feladata a menek\u00fcltek befogad\u00e1sa volt. M\u00e9g akkor is, ha az a menek\u00fcl\u0151 gazember volt \u00e9s b\u00fcntet\u00e9st \u00e9rdemelt volna. Ha a templom \u0151t befogadta, az neki mened\u00e9kjogot adott.<\/span><\/span><span style=\"font-size: 13.5pt; color: black;\"><o:p><\/o:p><\/span><\/p>\n<p style=\"margin: 0cm 4pt 0.0001pt; text-indent: 4pt;\"><span class=\"font6\"><span style=\"font-size: 13.5pt; color: black;\">Nem akarom k\u00e9ts\u00e9gbe vonni azt, hogy Eur\u00f3pa sz\u00e1m\u00e1ra probl\u00e9m\u00e1t jelentenek a menek\u00fcltek. A menek\u00fclt mindig probl\u00e9m\u00e1t jelent. A probl\u00e9m\u00e1t viszont fel lehet nagy\u00edtani \u00e9s be lehet besz\u00e9lni magunknak, s \u00edgy ezzel megv\u00e9dj\u00fck magunkat att\u00f3l, hogy seg\u00edten\u00fcnk kelljen. Valamik\u00e9ppen megpr\u00f3b\u00e1ljuk t\u00e1vol tartani magunkat att\u00f3l, hogy ezen probl\u00e9m\u00e1t\u00f3l \u00e9rintettekk\u00e9 v\u00e1ljunk. Mert a menek\u00fcltv\u00e1ls\u00e1g probl\u00e9ma a korunkban, ezt nem lehet nem \u00e9szrevenni. \u00c9s ez nem csak Eur\u00f3p\u00e1nak a probl\u00e9m\u00e1ja, hanem az eg\u00e9sz f\u00f6ld\u00e9. Ilyen m\u00e1r m\u00e1skor is volt, de tal\u00e1n nem ilyen m\u00e9rt\u00e9kben. Hangs\u00falyozom viszont, hogy kereszt\u00e9nyk\u00e9nt els\u0151sorban nem azt kell n\u00e9znem, hogy a m\u00e1siknak milyen a hite vagy a kult\u00far\u00e1ja, hanem azt, hogy mi baaa van \u00e9s hogy milyen m\u00e9rt\u00e9kben tudok neki seg\u00edteni. Persze egy m\u00e1sik k\u00e9rd\u00e9s, hogy mi j\u00f3t vagy rosszat hozhat nek\u00fcnk az, hogy valakit befogadunk vagy valakinek seg\u00edt\u00fcnk. Ez egy komoly k\u00e9rd\u00e9s, amivel foglalkozni kell a felel\u0151ss\u00e9get v\u00e1llal\u00f3 politikusoknak \u00e9s egyh\u00e1zi vezet\u0151knek. \u00c9s egy csal\u00e1dap\u00e1nak is. De hadd mondjak el egy p\u00e9ld\u00e1t. Egy csal\u00e1dapa nemr\u00e9gen mes\u00e9lte nekem, hogy koldult n\u00e1la egy erd\u00e9lyi cig\u00e1ny fiatalember, \u00e9s mivel volt ideje \u00e9s kedve, hosszabban elbesz\u00e9lgetett ezzel a koldussal. K\u00f6zben esz\u00e9be jutott, hogy tud egy helyet egy \u00e9p\u00edtkez\u00e9sn\u00e9l, ahol ez a fiatalember seg\u00edthetne \u00e9s ott meg is sz\u00e1llhatna. Nyomban el is akarta vinni az \u00e9p\u00edtkez\u00e9shez ezt a fiatalt, de miel\u0151tt m\u00e9g felaj\u00e1nlotta volna neki ezt a lehet\u0151s\u00e9get, odament az aut\u00f3ban \u00fcl\u0151 csal\u00e1dj\u00e1hoz, \u00e9s megk\u00e9rdezte \u0151ket, hogy beleegyeznek-e abba, hogy egy szakaszon vel\u00fck utazzon ez a cig\u00e1ny fiatal. A 13 \u00e9ves kisl\u00e1nya nyomban ezt v\u00e1laszolta: \u201eNem, ne j\u00f6jj\u00f6n vel\u00fcnk, mert b\u00fcd\u00f6s!&#8221; Erre azt mondta az apa: \u201eTe m\u00e9g nem is l\u00e1ttad, nem is tudod, hogy milyen. \u00c9n tudom, hogy nem b\u00fcd\u00f6s, mert besz\u00e9ltem vele.&#8221; \u201eNem, ne j\u00f6jj\u00f6n vel\u00fcnk, mert koldus \u00e9s cig\u00e1ny nem kell!&#8221; &#8211; er\u0151s\u00edtette a l\u00e1ny. Az apa akkor nem tudta elvinni a cig\u00e1nygyereket az \u00e9p\u00edtkez\u00e9sre, de azt\u00e1n a dolog m\u00e9gis \u00fagy alakult, hogy a fi\u00fa megkapta azt a munk\u00e1t. &#8211; Sajnos sokunkban \u00e9lnek el\u0151\u00edt\u00e9letek. Ha valami nek\u00fcnk kellemetlen, egyszer\u0171en r\u00e1mondjuk, hogy \u201eb\u00fcd\u00f6s&#8221;. Vagy azt mondjuk, hogy az\u00e9rt j\u00f6nnek ide a muzulm\u00e1nok, hogy minket t\u00f6nkretegyenek. Pedig ezt m\u00e9g senki se bizony\u00edtotta be. \u00c9n abb\u00f3l indulok ki, hogy a sz\u00edriai Alepp\u00f3b\u00f3l most is t\u00edzezr\u00e9vel menek\u00fclnek az emberek, mert ott \u00e9letvesz\u00e9lyben vannak. Azok nem az\u00e9rt menek\u00fclnek, mert Eur\u00f3p\u00e1t t\u00f6nkre akarj\u00e1k tenni, hanem az\u00e9rt menek\u00fclnek, mert a saj\u00e1t \u00e9let\u00fcket \u00e9s a csal\u00e1djuk \u00e9let\u00e9t akarj\u00e1k menteni. Vannak teh\u00e1t el\u0151\u00edt\u00e9leteink, amelyek megsz\u00fcletnek benn\u00fcnk \u00e9s er\u0151sekk\u00e9 v\u00e1lnak. Persze a f\u00e9lelmeink jogosak, de szabad legyen nekem azt kimondanom, hogy azok akkor is el\u0151\u00edt\u00e9letek, ha jogosak. Hogy rossz j\u00f6het ki bel\u0151le?!. De j\u00f6het ki bel\u0151le valami j\u00f3 is. \u00c9s van egy gondolatom, ami nagyon r\u00e9gen foglalkoztat. Tal\u00e1n most fognak tal\u00e1lkozni a kereszt\u00e9nyek \u00e9s a muzulm\u00e1nok Eur\u00f3p\u00e1ban \u00fagy, hogy jobban megismerj\u00e9k \u00e9s tal\u00e1n megszeress\u00e9k egym\u00e1st. Megismerj\u00e9k egym\u00e1s \u00e9rt\u00e9keit, \u00e9s ne csak el\u0151\u00edt\u00e9letekkel, f\u00e9lelmekkel tekintsenek egym\u00e1sra, ne csak a t\u00f6rt\u00e9nelemben l\u00e9trej\u00f6tt h\u00e1bor\u00fakra \u00e9s h\u00f3d\u00edt\u00e1sokra gondoljanak. Mint eml\u00edtettem, az ember a szem\u00e9lyes kapcsolatok \u00e1ltal m\u00e1sk\u00e9pp l\u00e1tja meg a m\u00e1s kult\u00far\u00e1j\u00fa, m\u00e1s vall\u00e1s\u00fa, m\u00e1s hit\u0171 embert, \u00e9s az lehet valami j\u00f3 is. \u00c9s akkor visszagondolok Boldog Charles de Foucauld-ra, aki elvesztette a kereszt\u00e9ny hit\u00e9t, \u00e9s elment a muzulm\u00e1nok k\u00f6z\u00e9 \u00c9szak-Afrik\u00e1ba, majd ott \u00fajra megtal\u00e1lta a kereszt\u00e9ny hitet. De nem \u0151 az egyetlen p\u00e9lda. Amikor N\u00e9metorsz\u00e1gban voltam, Csehszlov\u00e1ki\u00e1b\u00f3l, Lengyelorsz\u00e1gb\u00f3l, Rom\u00e1ni\u00e1b\u00f3l, Magyarorsz\u00e1gr\u00f3l, Jugoszl\u00e1vi\u00e1b\u00f3l t\u00f6meg\u00e9vel telep\u00edtett\u00e9k \u00e1t a n\u00e9met eredet\u0171 lakoss\u00e1got. Az \u00e1ttelep\u00edt\u00e9s sor\u00e1n a katolikusok \u00e9s a protest\u00e1nsok keveredtek, \u00e9s ekkor kezd\u0151d\u00f6tt meg igaz\u00e1n N\u00e9metorsz\u00e1gban az \u00f6kumenizmus. Egy katolikus faluba egy csom\u00f3 kitelep\u00fclt protest\u00e1ns j\u00f6tt, \u00e9s a katolikus pl\u00e9b\u00e1nos megengedte, hogy az \u0151 templomukban protest\u00e1ns istentiszteletet tartsanak, \u00e9s ford\u00edtva. Mintha tudatosan csin\u00e1lt\u00e1k volna, hogy a katolikus vid\u00e9kekre \u00e1ltal\u00e1ban protest\u00e1nsok j\u00f6ttek, a protest\u00e1ns vid\u00e9kekre pedig katolikusok. Erre nincs bizony\u00edt\u00e9kom, de azt tudom, hogy a protest\u00e1nsok \u00e9s a katolikusok k\u00f6z\u00f6tt akkor kezdett megsz\u0171nni az ellens\u00e9gesked\u00e9s, amikor h\u00e1zass\u00e1gok j\u00f6ttek l\u00e9tre, amikor egym\u00e1s hit\u00e9t megismert\u00e9k. A m\u00e1s vall\u00e1s\u00faakkal val\u00f3 tal\u00e1lkoz\u00e1sok nem sz\u00fcks\u00e9gszer\u0171en csak rosszat hozhatnak sz\u00e1munkra. Lehet, hogy Isten \u00fagy akarja a vall\u00e1sok k\u00f6z\u00f6tti p\u00e1rbesz\u00e9det, hogy \u00f6sszekeveri \u0151ket. R\u00e9gen minden vid\u00e9knek megvolt a saj\u00e1t vall\u00e1sa, \u00e9s most \u00f6sszekeveredik az emberis\u00e9g. M\u00e1r nagyon r\u00e9gen is keveredett. \u00c9s nincs tiszta v\u00e9r\u0171 magyar \u00e9s tiszta v\u00e9r\u0171 n\u00e9met vagy tiszta v\u00e9r\u0171 francia.<\/span><\/span><span style=\"font-size: 13.5pt; color: black;\"><o:p><\/o:p><\/span><\/p>\n<p style=\"margin: 0cm 4pt 0.0001pt; text-indent: 4pt;\"><span class=\"font6\"><span style=\"font-size: 13.5pt; color: black;\">A m\u00e1sokkal val\u00f3 tal\u00e1lkoz\u00e1s mindig sok meglepet\u00e9st tartogat sz\u00e1momra. M\u00e9g akkor is, ha egyesek az idegeimre mennek. \u00c9s akkor kezdem magamat bel\u00fclr\u0151l megnyugtatni: \u0151 most hozz\u00e1m j\u00f6tt, \u0151benne is m\u0171k\u00f6dik az Isten, \u00e9s h\u00e1tha valami j\u00f3 j\u00f6n ki ebb\u0151l a tal\u00e1lkoz\u00e1sb\u00f3l. \u00c9n megpr\u00f3b\u00e1lom minden alkalommal meg\u00faj\u00edtani azt a hitemet, hogy Isten t\u00e9nyleg m\u0171k\u00f6dik, \u00e9s t\u00e9nyleg a javunkat akarja, \u00e9s t\u00e9nyleg minden rosszb\u00f3l j\u00f3t is csin\u00e1l. Amikor ezt a hitet meg\u00faj\u00edtom magamban, akkor azt a hitet is meg\u00faj\u00edtom, hogy azokban az utcagyerekekben is valami j\u00f3t akar l\u00e9trehozni, \u00e9s hogy a vel\u00fck val\u00f3 tal\u00e1lkoz\u00e1s valami j\u00f3t hoz nekem is meg nekik is. \u00c9s ha a menek\u00fcltek k\u00f6zelednek hozz\u00e1nk, akkor \u0151ket is az Isten k\u00fcldi hozz\u00e1nk. \u00c9s ha megsz\u00f3l\u00edt valaki az utc\u00e1n, \u00e9s \u00e9n robogok tov\u00e1bb, mert nincs id\u0151m vagy nem akarok vele besz\u00e9lni, akkor Istennel nem volt id\u0151m vagy nem akartam sz\u00f3ba \u00e1llni, mint az a pap, aki az irgalmas szamarit\u00e1nus p\u00e9ldabesz\u00e9d\u00e9ben n\u00e9m\u00e1n tov\u00e1bbment. Ilyen \u00e9rz\u00e9sek \u00e9s gondolatok vannak bennem, \u00e9s ki kell \u00e1llnom ez\u00e9rt, mert \u00fagy \u00e9rzem, hogy ez a hitem. K\u00fcl\u00f6nben, ha Isten nekem csak arra j\u00f3, hogy j\u00f3t tegyen velem \u00e9s minden rosszt\u00f3l megv\u00e9djen, akkor az nem az igazi Isten.<\/span><\/span><span style=\"font-size: 13.5pt; color: black;\"><o:p><\/o:p><\/span><\/p>\n<p style=\"margin: 0cm 4pt 0.0001pt; text-indent: 4pt;\"><span class=\"font6\"><b><span style=\"font-size: 13.5pt; color: black;\">O. J.:<\/span><\/b><\/span><span class=\"font6\"><span style=\"font-size: 13.5pt; color: black;\">&nbsp;Az \u00e9let\u00fathoz visszakanyarodva: a r\u00e1szorul\u00f3k seg\u00edt\u00e9se szinte v\u00e9gig jelen volt az \u00e9let\u00e9ben. \u00c9s egyidej\u0171leg a befel\u00e9 val\u00f3 \u00e9l\u00e9s, a csend fel\u00e9 fordul\u00e1s, a meditat\u00edv munka is hangs\u00falyos volt az \u00d6n \u00e9let\u00e9ben, merthogy ez az igaz\u00e1n jellemz\u0151 ma, \u00edgy ismerj\u00fck.<\/span><\/span><span style=\"font-size: 13.5pt; color: black;\"><o:p><\/o:p><\/span><\/p>\n<p style=\"margin: 0cm 4pt 0.0001pt; text-indent: 4pt;\"><span class=\"font6\"><b><span style=\"font-size: 13.5pt; color: black;\">M. P.:<\/span><\/b><\/span><span class=\"font6\"><span style=\"font-size: 13.5pt; color: black;\">&nbsp;A lelkis\u00e9get \u00e9s az im\u00e1t \u00e9n nem befel\u00e9 fordul\u00e1snak, hanem egy bel\u00fclr\u0151l, a k\u00f6zpontb\u00f3l kifel\u00e9 fordul\u00e1snak tartom. Istent, aki a legintimebb bennem, \u00e9n nem k\u00edv\u00fclr\u0151l vagy fentr\u0151l keresem, hanem azt mondom, hogy \u0151 bel\u00fclr\u0151l m\u0171k\u00f6dik. Ahogyan a f\u0171 is bel\u00fclr\u0151l n\u00f6vekszik. Persze kap k\u00edv\u00fclr\u0151l is es\u0151t meg napsugarat. Ami \u00e9l, az bel\u00fclr\u0151l n\u00f6vekszik. A l\u00e9lek is bel\u00fclr\u0151l n\u00f6vekszik. Szent \u00c1gostonnal kifejezve: ami a legintimebb benn\u00fcnk, ott tal\u00e1lkozunk Istennel, ott m\u0171k\u00f6dik benn\u00fcnk Isten. Teh\u00e1t \u00e9n nem oda n\u00e9zek, hanem azzal pr\u00f3b\u00e1lok egyes\u00fclni, aki bennem legm\u00e9lyebb, \u00e9s onnan pr\u00f3b\u00e1lom azt tenni, ami onnan, bel\u00fclr\u0151l sz\u00fcletik. A lelki \u00e9let sz\u00e1momra nem visszavonul\u00e1s, befel\u00e9 fordul\u00e1s vagy elfordul\u00e1s att\u00f3l, ami konkr\u00e9t, hanem bel\u00fclr\u0151l t\u00e1pl\u00e1lt t\u00e1mogat\u00e1sa az \u00e9letnek \u00e9s mindannak, aminek sz\u00fcks\u00e9ge van arra, hogy fel\u00e9je forduljunk. Err\u0151l a felszabad\u00edt\u00e1s teol\u00f3gi\u00e1j\u00e1nak a h\u00edveivel is vitatkoztunk. A legszeg\u00e9nyebbek szolg\u00e1lat\u00e1ra val\u00f3 elk\u00f6telez\u0151d\u00e9s sz\u00e1momra csak bel\u00fclr\u0151l sz\u00fcletik meg. Fontos, hogy mi a lelke annak az aktivit\u00e1snak. Ez\u00e9rt \u00e9n soha nem akartam forradalmat, nem akartam forradalm\u00e1rokat. Bizonyos m\u00e9rt\u00e9kig t\u00e1mogattam \u0151ket, de csak addig voltam a forradalm\u00e1rok t\u00e1mogat\u00f3ja, am\u00edg azokat elnyomt\u00e1k \u00e9s t\u00e1madt\u00e1k. Amikor a forradalm\u00e1rok hatalomra tesznek szert \u00e9s uralkodni kezdenek, akkor \u00e9n is szembeker\u00fcl\u00f6k vel\u00fck. Nem az er\u0151szak, a hatalom gyakorlata az, amit k\u00e9pviseltem \u00e9s amit szeretn\u00e9k k\u00e9pviselni most is, hanem azt a lelk\u00fcletet, amelyik \u00e9szreveszi, hogy milyen probl\u00e9m\u00e1i vannak egy k\u00f6z\u00f6ss\u00e9gnek. Ezt csak bel\u00fclr\u0151l lehet \u00e9szrevenni. \u00c9s ez els\u0151sorban nem hatalmi vagy strat\u00e9giai k\u00e9rd\u00e9s, nem fegyverkez\u00e9s vagy tervezget\u00e9s k\u00e9rd\u00e9se, hanem ez lelkis\u00e9g.<\/span><\/span><span style=\"font-size: 13.5pt; color: black;\"><o:p><\/o:p><\/span><\/p>\n<p style=\"margin: 0cm 4pt 0.0001pt; text-indent: 4pt;\"><span class=\"font6\"><i><span style=\"font-size: 13.5pt; color: black;\">Akkor is az \u00e9let szolg\u00e1lat\u00e1t kerestem, amikor nem l\u00e1ttam pontosan a teend\u0151met. Sokszor csak l\u00e9ptem. Nem v\u00e1rtam, hogy h\u00edvjanak. Nem v\u00e1rtam, hogy megmondj\u00e1k, mit kell tennem. Mentem, mert volt bennem elsz\u00e1nts\u00e1g.<\/span><\/i><\/span><span style=\"font-size: 13.5pt; color: black;\"><o:p><\/o:p><\/span><\/p>\n<p style=\"margin: 0cm 4pt 0.0001pt; text-indent: 4pt;\"><span class=\"font6\"><i><span style=\"font-size: 13.5pt; color: black;\">Nemcsak engedtem, hogy az \u00e9let szolg\u00e1lat\u00e1ba \u00e1ll\u00edtson, hanem akartam szolg\u00e1lni ezt az \u00e9letet. Mindig is akartam. Bel\u00fclr\u0151l hajtott, mozg\u00e1sba hozott, vitt, hogy er\u0151s\u00edtsem az \u00e9letet. Hogy el\u0151seg\u00edtsem azt, hogy eg\u00e9szs\u00e9ges \u00e9letform\u00e1t \u00e9lj\u00fcnk. Hogy t\u00e1mogassam a csenev\u00e9sz pal\u00e1nt\u00e1t, hogy abb\u00f3l is legyen valami. Nem maga a term\u00e9s az igaz\u00e1n fontos, hanem a n\u00f6veked\u00e9s el\u0151mozd\u00edt\u00e1sa.<\/span><\/i><\/span><span style=\"font-size: 13.5pt; color: black;\"><o:p><\/o:p><\/span><\/p>\n<p style=\"margin: 0cm 4pt 0.0001pt; text-indent: 4pt;\"><span class=\"font6\"><i><span style=\"font-size: 13.5pt; color: black;\">Amikor elsz\u00e1nts\u00e1got \u00e9lek meg magamban, akkor elk\u00f6telezetts\u00e9get \u00e9rzek. Indokolatlan bels\u0151 er\u0151, b\u00e1tors\u00e1g, meggy\u0151z\u0151d\u00e9s, hit jellemzi ezt az \u00e1llapotot. Valami bel\u00fclr\u0151l hajt, motiv\u00e1l arra, hogy l\u00e9pjek, tegyek valamit. Egy bels\u0151 szabad akar\u00e1s.<\/span><\/i><\/span><span style=\"font-size: 13.5pt; color: black;\"><o:p><\/o:p><\/span><\/p>\n<p style=\"margin: 0cm 4pt 0.0001pt; text-indent: 4pt;\"><span class=\"font6\"><span style=\"font-size: 13.5pt; color: black;\">(R\u00e9szlet Must\u00f3 P\u00e9ter<i>&nbsp;Megszereted, ami a ti\u00e9d<\/i>&nbsp;c\u00edm\u0171 k\u00f6nyv\u00e9b\u0151l<sup>4<\/sup>)<\/span><\/span><span style=\"font-size: 13.5pt; color: black;\"><o:p><\/o:p><\/span><\/p>\n<p style=\"margin: 0cm 4pt 0.0001pt; text-indent: 4pt;\"><span class=\"font6\"><b><span style=\"font-size: 13.5pt; color: black;\">O. J.:<\/span><\/b><\/span><span class=\"font6\"><span style=\"font-size: 13.5pt; color: black;\">&nbsp;Egyik k\u00f6nyv\u00e9nek recenzora \u00edgy fogalmaz: a szerz\u0151 im\u00e1dkozni tan\u00edt benn\u00fcnket a k\u00f6nyvvel. Mi\u00e9rt, nem tudunk im\u00e1dkozni?<\/span><\/span><span style=\"font-size: 13.5pt; color: black;\"><o:p><\/o:p><\/span><\/p>\n<p style=\"margin: 0cm 4pt 0.0001pt; text-indent: 4pt;\"><span class=\"font6\"><b><span style=\"font-size: 13.5pt; color: black;\">M. P.:<\/span><\/b><\/span><span class=\"font6\"><span style=\"font-size: 13.5pt; color: black;\">&nbsp;Az im\u00e1ban \u00f6nmagunk vagyunk. \u00c9s mindny\u00e1junknak neh\u00e9z \u00f6nmagunkkal, a k\u00f6rnyezet\u00fcnkkel boldogulni. Nem k\u00f6nny\u0171 megtal\u00e1lni annak a m\u00f3dj\u00e1t, hogy helyesen, magunk is megel\u00e9gedetten tudjuk \u00e9lni azt, ami a mi\u00e9nk. Amit mi tudunk csin\u00e1lni. Az ez\u00e9rt val\u00f3 megk\u00fczd\u00e9s a lelki \u00e9letnek az \u00fatja. Ennek a lelki fejl\u0151d\u00e9snek a folyamata az im\u00e1ban t\u00f6rt\u00e9nik.<\/span><\/span><span style=\"font-size: 13.5pt; color: black;\"><o:p><\/o:p><\/span><\/p>\n<p style=\"margin: 0cm 4pt 0.0001pt; text-indent: 4pt;\"><span class=\"font6\"><span style=\"font-size: 13.5pt; color: black;\">Fontos, hogy az ima hol \u00e9s mik\u00e9nt v\u00e1ltoztat meg engem, vagy hogy mit mutat meg nekem az ima. Az im\u00e1nak k\u00f6ze van a konkr\u00e9t \u00e9let\u00fcnkh\u00f6z. \u00c9s az\u00e9rt neh\u00e9z im\u00e1dkozni, mert az \u00e9let\u00fcnkkel nem tudunk mindig rendbe j\u00f6nni. \u00c9s ez a gy\u00f6tr\u0151d\u00e9s \u00e9s bels\u0151 k\u00fczdelem r\u00e9sze az im\u00e1nak. \u00c9s ez\u00e9rt nem tudunk im\u00e1dkozni. Ez\u00e9rt nem tudunk \u00f6sszeszedettek lenni, ez\u00e9rt nem tudunk szel\u00eddek lenni. Mikor valaki medit\u00e1ci\u00f3 k\u00f6zben olyan gy\u00f6ny\u00f6r\u0171en tud im\u00e1dkozni \u00e9s semmi baja nincs, akkor azt gondolom, ez az ember biztosan szerelmes, az\u00e9rt l\u00e1t most mindent r\u00f3zsasz\u00edn\u0171nek. Vagy pedig nem engedi mag\u00e1hoz azokat a f\u00e1jdalmakat, amelyek az \u00e9let\u00e9nek a gy\u00f6trelmei. Mert ha az im\u00e1ban mag\u00e1hoz engedn\u00e9 mindazt, ami neki f\u00e1j vagy amivel nem tud boldogulni, akkor nem lenne k\u00f6nny\u0171 az ima. Az ima viszont egy gyakorlat, ami seg\u00edt visszat\u00e9rnem oda, ahol Isten bennem m\u0171k\u00f6dik.<\/span><\/span><span style=\"font-size: 13.5pt; color: black;\"><o:p><\/o:p><\/span><\/p>\n<p style=\"margin: 0cm 4pt 0.0001pt; text-indent: 4pt;\"><span class=\"font6\"><b><span style=\"font-size: 13.5pt; color: black;\">O. J.:<\/span><\/b><\/span><span class=\"font6\"><span style=\"font-size: 13.5pt; color: black;\">&nbsp;A meditat\u00edv im\u00e1nak nagyon r\u00e9gi hagyom\u00e1nya van a kereszt\u00e9nys\u00e9gben, m\u00e9gis sokszor b\u00e9lyegzik ezoterizmussal \u00e9s egyebekkel. Az egyh\u00e1z spiritu\u00e1lis meg\u00fajul\u00e1s\u00e1nak pedig fontos \u00fatja lenne. Hogyan \u00e1llunk most ezzel?<\/span><\/span><span style=\"font-size: 13.5pt; color: black;\"><o:p><\/o:p><\/span><\/p>\n<p style=\"margin: 0cm 4pt 0.0001pt; text-indent: 4pt;\"><span class=\"font6\"><b><span style=\"font-size: 13.5pt; color: black;\">M. P.:<\/span><\/b><\/span><span class=\"font6\"><span style=\"font-size: 13.5pt; color: black;\">&nbsp;\u00dagy gondolom, hogy azok fogj\u00e1k meg\u00faj\u00edtani az egyh\u00e1zat \u00e9s a vil\u00e1got, akik v\u00e1llalj\u00e1k ezt a bels\u0151 munk\u00e1t, a l\u00e9lek munk\u00e1j\u00e1t. Els\u0151sorban a saj\u00e1t lelk\u00fckben.<\/span><\/span><span style=\"font-size: 13.5pt; color: black;\"><o:p><\/o:p><\/span><\/p>\n<p style=\"margin: 0cm 4pt 0.0001pt; text-indent: 4pt;\"><span class=\"font6\"><span style=\"font-size: 13.5pt; color: black;\">Azt mondom, hogy az igazi spiritualit\u00e1s az a lelk\u00fclet, amikor igaz\u00e1n b\u00edzunk abban, hogy Isten ir\u00e1ny\u00edtja mindazt, ami t\u00f6rt\u00e9nik vel\u00fcnk itt a f\u00f6ld\u00f6n. Meg kell tenn\u00fcnk, amit tudunk, de nincs program vagy pedag\u00f3giai ir\u00e1nymutat\u00e1s ilyen t\u00e9ren. Ha az Isten szeretete, der\u0171je \u00e9l a lelkemben, ha el tudom fogadni mindazt, amit az \u00e9let hoz, \u00e9s Isten kez\u00e9b\u0151l veszem mindezt, akkor fogok tudni tenni az\u00e9rt, hogy a vil\u00e1g jobb\u00e1 v\u00e1ljon.<\/span><\/span><span style=\"font-size: 13.5pt; color: black;\"><o:p><\/o:p><\/span><\/p>\n<p style=\"margin: 0cm 4pt 0.0001pt; text-indent: 4pt;\"><span class=\"font6\"><b><span style=\"font-size: 13.5pt; color: black;\">O. J.:<\/span><\/b><\/span><span class=\"font6\"><span style=\"font-size: 13.5pt; color: black;\">&nbsp;\u00c9n m\u00e9gis azt mondom, hogy van programja. Merthogy m\u00e9g k\u00f6nyvben is tan\u00edtja &#8211; s j\u00f3l teszi, hiszen sokan nem tudjuk -, hogy az \u00e9let a csendben sz\u00fcletik&#8230; Hogy \u201eott&#8221; tudunk \u00f6sszekapcsol\u00f3dni Istennel, aki \u00e1ltalunk, benn\u00fcnk m\u0171k\u00f6dik, \u00e9s \u201eonnan&#8221; ir\u00e1ny\u00edtja a vil\u00e1got.<\/span><\/span><span style=\"font-size: 13.5pt; color: black;\"><o:p><\/o:p><\/span><\/p>\n<p style=\"margin: 0cm 4pt 0.0001pt; text-indent: 4pt;\"><span class=\"font6\"><b><span style=\"font-size: 13.5pt; color: black;\">M. P.:<\/span><\/b><\/span><span class=\"font6\"><span style=\"font-size: 13.5pt; color: black;\">&nbsp;Ez olyan \u00e9rtelemben program, hogy az ut\u00f3bbi huszon\u00f6t \u00e9vben rengeteg z\u00e1rt, nyolcnapos lelkigyakorlatos csoportot vezettem \u00e9s tan\u00edtottam arra, hogyan maradjanak csendben Isten el\u0151tt. Ezt tov\u00e1bbra is tan\u00edtom, de mintha ennek a korszaknak is a v\u00e9g\u00e9re \u00e9rn\u00e9k, m\u00e1r a korom miatt is. Kurzusaimat soha nem hirdettem meg. Lelkigyakorlatos h\u00e1zak hirdetik meg a kurzust. \u00c9n soha nem hirdettem, de azt mondtam, hogy ha j\u00f6nnek hozz\u00e1m, akkor megmondom nekik, hogyan im\u00e1dkozzanak \u00fagy, hogy megv\u00e1ltozhasson benn\u00fck valami. Nem \u00e9n v\u00e1ltoztatom meg \u0151ket, nem is a m\u00f3dszerem v\u00e1ltoztatja meg \u0151ket, Isten v\u00e1ltoztat meg benn\u00fcnket. Csak azt tudom m\u00e1soknak is tov\u00e1bbadni, ami nekem is seg\u00edtett. De csak azoknak, akik azt k\u00e9rik. Azoknak megmondom, hogy \u00fcljenek le, maradjanak csendben \u00e9s pr\u00f3b\u00e1ljanak csak az Istenre figyelni. \u00c9s majd megl\u00e1tj\u00e1k, hogy az milyen neh\u00e9z. \u00c9s ha kib\u00edrj\u00e1k &#8211; Isten seg\u00edts\u00e9g\u00e9vel -, akkor azt is megl\u00e1tj\u00e1k, hogy annak lesz gy\u00fcm\u00f6lcse. \u00c9s akkor tudj\u00e1k, hogy azt nem \u0151k csin\u00e1lt\u00e1k, hanem aj\u00e1nd\u00e9kba kapt\u00e1k. Aj\u00e1nd\u00e9kba kapt\u00e1k a hitet, a der\u0171t, a szeretetet, ami meger\u0151s\u00f6d\u00f6tt benn\u00fck. Vagy az \u00f6nbizalmat, ami hi\u00e1nyzott bel\u0151l\u00fck. Vagy kicsit jobban tudnak egy\u00fctt \u00e9lni a f\u00e9lelmeikkel ezut\u00e1n, vagy elk\u00f6telezettebbekk\u00e9 tudnak v\u00e1lni a feladatukban. Mindenki azt kapja, amire neki sz\u00fcks\u00e9ge van. Nem akarom azt mondani, hogy az az imam\u00f3d, amit \u00e9n tan\u00edtottam az ut\u00f3bbi huszon\u00f6t vagy harminc \u00e9vben, az egyetlen, csak azt mondom, hogy az \u00e9n sz\u00e1momra ez a j\u00f3 \u00fat. Erre van sz\u00fcks\u00e9gem. Az ima az, amikor a k\u00e9t akt\u00edv kezemet az \u00f6lembe teszem, megsz\u0171n\u00f6k a gyepl\u0151t a kezemben tartani, \u00e9s engedem, hogy \u00fagy vezessen bel\u00fclr\u0151l a L\u00e9lek, ahogyan vezetni akar. Az ima az, amikor kiteszem magam Istennek, hogy legyen velem az, amit a l\u00e9tnek a l\u00e9trehoz\u00f3ja, gy\u00f3gy\u00edt\u00f3ja, megszentel\u0151je tenni akar &#8211; amire az \u00e9letemet fel akarja haszn\u00e1lni. Kiteszem magamat ennek az Istennek, \u00e9s megengedem, hogy \u0151 haszn\u00e1ljon. \u00c9s ennyi \u00e9ppen el\u00e9g nekem.<\/span><\/span><span style=\"font-size: 13.5pt; color: black;\"><o:p><\/o:p><\/span><\/p>\n<p style=\"margin: 4pt; text-indent: 4pt;\"><span style=\"font-size: 13.5pt; color: black;\">&nbsp;<o:p><\/o:p><\/span><\/p>\n<p style=\"margin: 0cm 4pt 0.0001pt; text-indent: 4pt;\"><span class=\"font6\"><b><span style=\"font-size: 13.5pt; color: black;\">Jegyzetek<\/span><\/b><\/span><span style=\"font-size: 13.5pt; color: black;\"><o:p><\/o:p><\/span><\/p>\n<p style=\"margin: 0cm 4pt 0.0001pt; text-indent: 4pt;\"><span class=\"font4\"><span style=\"font-size: 13.5pt; color: black;\">1. Must\u00f3 P\u00e9ter SJ:<i>&nbsp;Megszereted, ami a ti\u00e9d.&nbsp;<\/i>Jezsuita Kiad\u00f3, Budapest 2015, 179.<\/span><\/span><span style=\"font-size: 13.5pt; color: black;\"><o:p><\/o:p><\/span><\/p>\n<p style=\"margin: 0cm 4pt 0.0001pt; text-indent: 4pt;\"><span class=\"font4\"><span style=\"font-size: 13.5pt; color: black;\">2. Must\u00f3 P\u00e9ter SJ:<i>&nbsp;Csendben sz\u00fcletik az \u00e9let. A bels\u0151 ima tapasztalatair\u00f3l.<\/i>&nbsp;Jezsuita Kiad\u00f3, Budapest 2014, 33.<\/span><\/span><span style=\"font-size: 13.5pt; color: black;\"><o:p><\/o:p><\/span><\/p>\n<p style=\"margin: 0cm 4pt 0.0001pt; text-indent: 4pt;\"><span class=\"font4\"><span style=\"font-size: 13.5pt; color: black;\">3. Must\u00f3 P\u00e9ter SJ:<i>&nbsp;Rem\u00e9ny \u00e9s k\u00e9ts\u00e9g k\u00f6z\u00f6tt Bogot\u00e1 utc\u00e1in.<\/i>&nbsp;Jezsuita Kiad\u00f3, Budapest 2015, 53-58.<\/span><\/span><span style=\"font-size: 13.5pt; color: black;\"><o:p><\/o:p><\/span><\/p>\n<p><\/p>\n<p style=\"margin: 0cm 4pt 0.0001pt; text-indent: 4pt;\"><span class=\"font4\"><span style=\"font-size: 13.5pt; color: black;\">4. Must\u00f3 P\u00e9ter SJ:<i>&nbsp;Megszereted, ami a ti\u00e9d.&nbsp;<\/i>Jezsuita Kiad\u00f3, Budapest 2015, 158-159.<\/span><\/span><span style=\"font-size: 13.5pt; color: black;\"><o:p><\/o:p><\/span><\/p>\t\t\t\t\t\t\t\t<\/div>\n\t\t\t\t<\/div>\n\t\t\t\t\t<\/div>\n\t\t<\/div>\n\t\t\t\t\t<\/div>\n\t\t<\/section>\n\t\t\t\t<section class=\"has_eae_slider elementor-section elementor-top-section elementor-element elementor-element-16a2988 elementor-section-boxed elementor-section-height-default elementor-section-height-default\" data-id=\"16a2988\" data-element_type=\"section\">\n\t\t\t\t\t\t<div class=\"elementor-container elementor-column-gap-default\">\n\t\t\t\t\t<div class=\"has_eae_slider elementor-column elementor-col-100 elementor-top-column elementor-element elementor-element-61b6ae3\" data-id=\"61b6ae3\" data-element_type=\"column\">\n\t\t\t<div class=\"elementor-widget-wrap elementor-element-populated\">\n\t\t\t\t\t\t<div class=\"elementor-element elementor-element-8e9b6ed elementor-widget elementor-widget-spacer\" data-id=\"8e9b6ed\" data-element_type=\"widget\" data-widget_type=\"spacer.default\">\n\t\t\t\t<div class=\"elementor-widget-container\">\n\t\t\t\t\t\t\t<div class=\"elementor-spacer\">\n\t\t\t<div class=\"elementor-spacer-inner\"><\/div>\n\t\t<\/div>\n\t\t\t\t\t\t<\/div>\n\t\t\t\t<\/div>\n\t\t\t\t\t<\/div>\n\t\t<\/div>\n\t\t\t\t\t<\/div>\n\t\t<\/section>\n\t\t\t\t<section class=\"has_eae_slider elementor-section elementor-top-section elementor-element elementor-element-298efa8 elementor-section-boxed elementor-section-height-default elementor-section-height-default\" data-id=\"298efa8\" data-element_type=\"section\">\n\t\t\t\t\t\t<div class=\"elementor-container elementor-column-gap-default\">\n\t\t\t\t\t<div class=\"has_eae_slider elementor-column elementor-col-100 elementor-top-column elementor-element elementor-element-795550b\" data-id=\"795550b\" data-element_type=\"column\">\n\t\t\t<div class=\"elementor-widget-wrap elementor-element-populated\">\n\t\t\t\t\t\t<div class=\"elementor-element elementor-element-acbca15 elementor-widget elementor-widget-text-editor\" data-id=\"acbca15\" data-element_type=\"widget\" data-widget_type=\"text-editor.default\">\n\t\t\t\t<div class=\"elementor-widget-container\">\n\t\t\t\t\t\t\t\t\t<p>Megjelent a Kereszt\u00e9ny Sz\u00f3 2016. szeptemberi sz\u00e1m\u00e1ban<\/p>\t\t\t\t\t\t\t\t<\/div>\n\t\t\t\t<\/div>\n\t\t\t\t\t<\/div>\n\t\t<\/div>\n\t\t\t\t\t<\/div>\n\t\t<\/section>\n\t\t\t\t<section class=\"has_eae_slider elementor-section elementor-top-section elementor-element elementor-element-5ffe0b9 elementor-section-boxed elementor-section-height-default elementor-section-height-default\" data-id=\"5ffe0b9\" data-element_type=\"section\">\n\t\t\t\t\t\t<div class=\"elementor-container elementor-column-gap-default\">\n\t\t\t\t\t<div class=\"has_eae_slider elementor-column elementor-col-100 elementor-top-column elementor-element elementor-element-0643c3c\" data-id=\"0643c3c\" data-element_type=\"column\">\n\t\t\t<div class=\"elementor-widget-wrap elementor-element-populated\">\n\t\t\t\t\t\t<div class=\"elementor-element elementor-element-93313b9 elementor-widget elementor-widget-spacer\" data-id=\"93313b9\" data-element_type=\"widget\" data-widget_type=\"spacer.default\">\n\t\t\t\t<div class=\"elementor-widget-container\">\n\t\t\t\t\t\t\t<div class=\"elementor-spacer\">\n\t\t\t<div class=\"elementor-spacer-inner\"><\/div>\n\t\t<\/div>\n\t\t\t\t\t\t<\/div>\n\t\t\t\t<\/div>\n\t\t\t\t\t<\/div>\n\t\t<\/div>\n\t\t\t\t\t<\/div>\n\t\t<\/section>\n\t\t\t\t<\/div>","protected":false},"excerpt":{"rendered":"<p>Must\u00f3 P\u00e9ter Must\u00f3 P\u00e9ter 1935-ben sz\u00fcletett Derecsk\u00e9n. Jezsuita szerzetes. \u00c9rdekl\u0151d\u00e9se a II. vatik\u00e1ni zsinat szellem\u00e9ben a m\u00e1s vall\u00e1s\u00faak, a m\u00e1sk\u00e9nt gondolkod\u00f3k \u00e9s a j\u00f3l\u00e9ti t\u00e1rsadalom s\u00e9r\u00fcltjei fel\u00e9 fordult. 1979 \u00e9s 1991 k\u00f6z\u00f6tt D\u00e9l-Amerik\u00e1ban, Bogot\u00e1 egyik szeg\u00e9nynegyed\u00e9ben \u00e9lt \u00e9s dolgozott. A rendszerv\u00e1lt\u00e1s \u00f3ta Magyarorsz\u00e1gon vezet medit\u00e1ci\u00f3s lelkigyakorlatokat. Im\u00e1dkozni tan\u00edt. Must\u00f3 P\u00e9ter [&hellip;]<\/p>","protected":false},"author":1,"featured_media":0,"parent":0,"menu_order":0,"comment_status":"closed","ping_status":"closed","template":"","meta":{"_exactmetrics_skip_tracking":false,"_exactmetrics_sitenote_active":false,"_exactmetrics_sitenote_note":"","_exactmetrics_sitenote_category":0,"footnotes":""},"class_list":["post-1994","page","type-page","status-publish","hentry"],"_links":{"self":[{"href":"https:\/\/www.posticum.ro\/ro\/wp-json\/wp\/v2\/pages\/1994","targetHints":{"allow":["GET"]}}],"collection":[{"href":"https:\/\/www.posticum.ro\/ro\/wp-json\/wp\/v2\/pages"}],"about":[{"href":"https:\/\/www.posticum.ro\/ro\/wp-json\/wp\/v2\/types\/page"}],"author":[{"embeddable":true,"href":"https:\/\/www.posticum.ro\/ro\/wp-json\/wp\/v2\/users\/1"}],"replies":[{"embeddable":true,"href":"https:\/\/www.posticum.ro\/ro\/wp-json\/wp\/v2\/comments?post=1994"}],"version-history":[{"count":16,"href":"https:\/\/www.posticum.ro\/ro\/wp-json\/wp\/v2\/pages\/1994\/revisions"}],"predecessor-version":[{"id":2862,"href":"https:\/\/www.posticum.ro\/ro\/wp-json\/wp\/v2\/pages\/1994\/revisions\/2862"}],"wp:attachment":[{"href":"https:\/\/www.posticum.ro\/ro\/wp-json\/wp\/v2\/media?parent=1994"}],"curies":[{"name":"wp","href":"https:\/\/api.w.org\/{rel}","templated":true}]}}