{"id":1965,"date":"2021-03-03T11:55:12","date_gmt":"2021-03-03T11:55:12","guid":{"rendered":"http:\/\/temp.posticum.ro\/?page_id=1965"},"modified":"2021-05-12T10:48:24","modified_gmt":"2021-05-12T10:48:24","slug":"tariska-eszter","status":"publish","type":"page","link":"https:\/\/www.posticum.ro\/ro\/tariska-eszter\/","title":{"rendered":"Eszter Tariska"},"content":{"rendered":"<div data-elementor-type=\"wp-page\" data-elementor-id=\"1965\" class=\"elementor elementor-1965\">\n\t\t\t\t\t\t<section class=\"has_eae_slider elementor-section elementor-top-section elementor-element elementor-element-4e234df elementor-section-boxed elementor-section-height-default elementor-section-height-default\" data-id=\"4e234df\" data-element_type=\"section\">\n\t\t\t\t\t\t<div class=\"elementor-container elementor-column-gap-default\">\n\t\t\t\t\t<div class=\"has_eae_slider elementor-column elementor-col-100 elementor-top-column elementor-element elementor-element-4abf9eb\" data-id=\"4abf9eb\" data-element_type=\"column\">\n\t\t\t<div class=\"elementor-widget-wrap elementor-element-populated\">\n\t\t\t\t\t\t<div class=\"elementor-element elementor-element-2c4d3ec elementor-widget elementor-widget-menu-anchor\" data-id=\"2c4d3ec\" data-element_type=\"widget\" data-widget_type=\"menu-anchor.default\">\n\t\t\t\t<div class=\"elementor-widget-container\">\n\t\t\t\t\t\t\t<div class=\"elementor-menu-anchor\" id=\"kezdes\"><\/div>\n\t\t\t\t\t\t<\/div>\n\t\t\t\t<\/div>\n\t\t\t\t\t<\/div>\n\t\t<\/div>\n\t\t\t\t\t<\/div>\n\t\t<\/section>\n\t\t\t\t<section class=\"has_eae_slider elementor-section elementor-top-section elementor-element elementor-element-7610204 elementor-section-boxed elementor-section-height-default elementor-section-height-default\" data-id=\"7610204\" data-element_type=\"section\">\n\t\t\t\t\t\t<div class=\"elementor-container elementor-column-gap-default\">\n\t\t\t\t\t<div class=\"has_eae_slider elementor-column elementor-col-100 elementor-top-column elementor-element elementor-element-a32c6cd\" data-id=\"a32c6cd\" data-element_type=\"column\">\n\t\t\t<div class=\"elementor-widget-wrap elementor-element-populated\">\n\t\t\t\t\t\t<div class=\"elementor-element elementor-element-e476c91 elementor-widget elementor-widget-spacer\" data-id=\"e476c91\" data-element_type=\"widget\" data-widget_type=\"spacer.default\">\n\t\t\t\t<div class=\"elementor-widget-container\">\n\t\t\t\t\t\t\t<div class=\"elementor-spacer\">\n\t\t\t<div class=\"elementor-spacer-inner\"><\/div>\n\t\t<\/div>\n\t\t\t\t\t\t<\/div>\n\t\t\t\t<\/div>\n\t\t\t\t\t<\/div>\n\t\t<\/div>\n\t\t\t\t\t<\/div>\n\t\t<\/section>\n\t\t\t\t<section class=\"has_eae_slider elementor-section elementor-top-section elementor-element elementor-element-d5e0cbc elementor-section-boxed elementor-section-height-default elementor-section-height-default\" data-id=\"d5e0cbc\" data-element_type=\"section\">\n\t\t\t\t\t\t<div class=\"elementor-container elementor-column-gap-default\">\n\t\t\t\t\t<div class=\"has_eae_slider elementor-column elementor-col-100 elementor-top-column elementor-element elementor-element-23e03f7\" data-id=\"23e03f7\" data-element_type=\"column\">\n\t\t\t<div class=\"elementor-widget-wrap elementor-element-populated\">\n\t\t\t\t\t\t<div class=\"elementor-element elementor-element-c228c5a elementor-widget elementor-widget-heading\" data-id=\"c228c5a\" data-element_type=\"widget\" data-widget_type=\"heading.default\">\n\t\t\t\t<div class=\"elementor-widget-container\">\n\t\t\t\t\t<h2 class=\"elementor-heading-title elementor-size-default\">Eszter Tariska<\/h2>\t\t\t\t<\/div>\n\t\t\t\t<\/div>\n\t\t\t\t\t<\/div>\n\t\t<\/div>\n\t\t\t\t\t<\/div>\n\t\t<\/section>\n\t\t\t\t<section class=\"has_eae_slider elementor-section elementor-top-section elementor-element elementor-element-5d14eef elementor-section-boxed elementor-section-height-default elementor-section-height-default\" data-id=\"5d14eef\" data-element_type=\"section\">\n\t\t\t\t\t\t<div class=\"elementor-container elementor-column-gap-default\">\n\t\t\t\t\t<div class=\"has_eae_slider elementor-column elementor-col-100 elementor-top-column elementor-element elementor-element-c92a022\" data-id=\"c92a022\" data-element_type=\"column\">\n\t\t\t<div class=\"elementor-widget-wrap elementor-element-populated\">\n\t\t\t\t\t\t<div class=\"elementor-element elementor-element-15a99ea elementor-widget elementor-widget-text-editor\" data-id=\"15a99ea\" data-element_type=\"widget\" data-widget_type=\"text-editor.default\">\n\t\t\t\t<div class=\"elementor-widget-container\">\n\t\t\t\t\t\t\t\t\t<p>1955-ben sz\u00fcletett reform\u00e1tus lelk\u00e9sz csal\u00e1dban. \u00c9let\u00e9nek els\u0151 fel\u00e9ben h\u00e1zass\u00e1gban \u00e9lt, egy gyermeket nevelt f\u00e9rj\u00e9vel, \u00e9s a debreceni Kod\u00e1ly K\u00f3rus sz\u00f3lamvezet\u0151jek\u00e9nt bej\u00e1rta a vil\u00e1got. Negyvenk\u00e9t \u00e9vesen, a f\u00e9rje hal\u00e1la k\u00f6r\u00fcli id\u0151ben t\u00f6bb m\u00e9ly imatapasztalat hat\u00e1s\u00e1ra a g\u00f6r\u00f6g katolikus egyh\u00e1zba t\u00e9rt, \u00e9s az \u00e9nekesi p\u00e1ly\u00e1t feladva a m\u00e1riap\u00f3csi Nagy Szent Bazil Rendi N\u0151v\u00e9rek k\u00f6z\u00f6ss\u00e9g\u00e9be l\u00e9pett. A kolostorba vonul\u00e1s el\u0151tti hetekben ismerte meg J\u00e1lics Ferenc jezsuita szerzetes papot, \u00e9s az \u00e1ltala kidolgozott medit\u00e1ci\u00f3s imam\u00f3dot. Ett\u0151l kezdve a szeml\u00e9l\u0151d\u0151 ima lett \u00e9lete &#8222;f\u0151 foglalkoz\u00e1sa&#8221;. 2005-ben adott el\u0151sz\u00f6r J\u00e1lics Ferenccel egy\u00fctt lelkigyakorlatot, egy\u00fcttm\u0171k\u00f6d\u00e9s\u00fck 2011 \u00e9s 2015 k\u00f6z\u00f6tt rendszeress\u00e9 v\u00e1lt. 2013 \u00e9s 2020 k\u00f6z\u00f6tt a dobog\u00f3k\u0151i Manr\u00e9za bentlak\u00f3 munkat\u00e1rsak\u00e9nt sz\u00e1mos lelkigyakorlatot tartott orsz\u00e1gszerte. Jelenleg Debrecenben egyed\u00fcl \u00e9l, online \u00e9s elvonul\u00e1sos lelkigyakorlatokat tart.<\/p><p>A Posticumban 2012-t\u0151l vezetett medit\u00e1ci\u00f3s csoportot. T\u00f6bb \u00e9ven \u00e1t tartott minden h\u00f3napban medit\u00e1ci\u00f3s napot, valamint \u00e9vente egy vagy k\u00e9t lelkigyakorlatot.<\/p>\t\t\t\t\t\t\t\t<\/div>\n\t\t\t\t<\/div>\n\t\t\t\t\t<\/div>\n\t\t<\/div>\n\t\t\t\t\t<\/div>\n\t\t<\/section>\n\t\t\t\t<section class=\"has_eae_slider elementor-section elementor-top-section elementor-element elementor-element-94162bc elementor-section-boxed elementor-section-height-default elementor-section-height-default\" data-id=\"94162bc\" data-element_type=\"section\">\n\t\t\t\t\t\t<div class=\"elementor-container elementor-column-gap-default\">\n\t\t\t\t\t<div class=\"has_eae_slider elementor-column elementor-col-100 elementor-top-column elementor-element elementor-element-12ac1ac\" data-id=\"12ac1ac\" data-element_type=\"column\">\n\t\t\t<div class=\"elementor-widget-wrap elementor-element-populated\">\n\t\t\t\t\t\t<div class=\"elementor-element elementor-element-efc51cf elementor-widget elementor-widget-image-gallery\" data-id=\"efc51cf\" data-element_type=\"widget\" data-widget_type=\"image-gallery.default\">\n\t\t\t\t<div class=\"elementor-widget-container\">\n\t\t\t\t\t\t\t<div class=\"elementor-image-gallery\">\n\t\t\t\n\t\t<style type=\"text\/css\">\n\t\t\t#gallery-1 {\n\t\t\t\tmargin: auto;\n\t\t\t}\n\t\t\t#gallery-1 .gallery-item {\n\t\t\t\tfloat: left;\n\t\t\t\tmargin-top: 10px;\n\t\t\t\ttext-align: center;\n\t\t\t\twidth: 100%;\n\t\t\t}\n\t\t\t#gallery-1 img {\n\t\t\t\tborder: 2px solid #cfcfcf;\n\t\t\t}\n\t\t\t#gallery-1 .gallery-caption {\n\t\t\t\tmargin-left: 0;\n\t\t\t}\n\t\t\t\/* see gallery_shortcode() in wp-includes\/media.php *\/\n\t\t<\/style>\n\t\t<div id='gallery-1' class='gallery galleryid-1965 gallery-columns-1 gallery-size-full'><dl class='gallery-item'>\n\t\t\t<dt class='gallery-icon landscape'>\n\t\t\t\t<a data-elementor-open-lightbox=\"yes\" data-elementor-lightbox-slideshow=\"efc51cf\" data-e-action-hash=\"#elementor-action%3Aaction%3Dlightbox%26settings%3DeyJpZCI6MTk3MiwidXJsIjoiaHR0cHM6XC9cL3d3dy5wb3N0aWN1bS5yb1wvd3AtY29udGVudFwvdXBsb2Fkc1wvMjAyMVwvMDNcL1Rhcmlza2EtRXN6dGVyX0EtU3ppdl8zXy1mb3RvLUd5b25neS1KYW5vcy5qcGciLCJzbGlkZXNob3ciOiJlZmM1MWNmIn0%3D\" href='https:\/\/www.posticum.ro\/wp-content\/uploads\/2021\/03\/Tariska-Eszter_A-Sziv_3_-foto-Gyongy-Janos.jpg'><img fetchpriority=\"high\" decoding=\"async\" width=\"802\" height=\"420\" src=\"https:\/\/www.posticum.ro\/wp-content\/uploads\/2021\/03\/Tariska-Eszter_A-Sziv_3_-foto-Gyongy-Janos.jpg\" class=\"attachment-full size-full\" alt=\"\" srcset=\"https:\/\/www.posticum.ro\/wp-content\/uploads\/2021\/03\/Tariska-Eszter_A-Sziv_3_-foto-Gyongy-Janos.jpg 802w, https:\/\/www.posticum.ro\/wp-content\/uploads\/2021\/03\/Tariska-Eszter_A-Sziv_3_-foto-Gyongy-Janos-300x157.jpg 300w, https:\/\/www.posticum.ro\/wp-content\/uploads\/2021\/03\/Tariska-Eszter_A-Sziv_3_-foto-Gyongy-Janos-768x402.jpg 768w\" sizes=\"(max-width: 802px) 100vw, 802px\" \/><\/a>\n\t\t\t<\/dt><\/dl><br style=\"clear: both\" \/>\n\t\t<\/div>\n\t\t<\/div>\n\t\t\t\t\t\t<\/div>\n\t\t\t\t<\/div>\n\t\t\t\t\t<\/div>\n\t\t<\/div>\n\t\t\t\t\t<\/div>\n\t\t<\/section>\n\t\t\t\t<section class=\"has_eae_slider elementor-section elementor-top-section elementor-element elementor-element-dc1c7f7 elementor-section-boxed elementor-section-height-default elementor-section-height-default\" data-id=\"dc1c7f7\" data-element_type=\"section\">\n\t\t\t\t\t\t<div class=\"elementor-container elementor-column-gap-default\">\n\t\t\t\t\t<div class=\"has_eae_slider elementor-column elementor-col-100 elementor-top-column elementor-element elementor-element-eed3a48\" data-id=\"eed3a48\" data-element_type=\"column\">\n\t\t\t<div class=\"elementor-widget-wrap elementor-element-populated\">\n\t\t\t\t\t\t<div class=\"elementor-element elementor-element-ca0776d elementor-widget elementor-widget-heading\" data-id=\"ca0776d\" data-element_type=\"widget\" data-widget_type=\"heading.default\">\n\t\t\t\t<div class=\"elementor-widget-container\">\n\t\t\t\t\t<h2 class=\"elementor-heading-title elementor-size-default\">\"Maradok, m\u00edg \u00e1tmegyek\" - besz\u00e9lget\u00e9s Tariska Eszterrel<\/h2>\t\t\t\t<\/div>\n\t\t\t\t<\/div>\n\t\t\t\t\t<\/div>\n\t\t<\/div>\n\t\t\t\t\t<\/div>\n\t\t<\/section>\n\t\t\t\t<section class=\"has_eae_slider elementor-section elementor-top-section elementor-element elementor-element-8ea17b0 elementor-section-boxed elementor-section-height-default elementor-section-height-default\" data-id=\"8ea17b0\" data-element_type=\"section\">\n\t\t\t\t\t\t<div class=\"elementor-container elementor-column-gap-default\">\n\t\t\t\t\t<div class=\"has_eae_slider elementor-column elementor-col-100 elementor-top-column elementor-element elementor-element-c2c9363\" data-id=\"c2c9363\" data-element_type=\"column\">\n\t\t\t<div class=\"elementor-widget-wrap elementor-element-populated\">\n\t\t\t\t\t\t<div class=\"elementor-element elementor-element-4145dff elementor-widget elementor-widget-text-editor\" data-id=\"4145dff\" data-element_type=\"widget\" data-widget_type=\"text-editor.default\">\n\t\t\t\t<div class=\"elementor-widget-container\">\n\t\t\t\t\t\t\t\t\t<h2 class=\"entry-subtitle\" style=\"box-sizing: inherit; clear: both; margin-bottom: 10px; padding: 0px; font-family: 'Klinic Slab Medium', serif; color: #0a0a0a; text-rendering: optimizelegibility; line-height: 1.4; font-size: 22px;\">Hogyan tartsunk ki a jelenben, ha bizonytalan a holnap?<\/h2>\t\t\t\t\t\t\t\t<\/div>\n\t\t\t\t<\/div>\n\t\t\t\t\t<\/div>\n\t\t<\/div>\n\t\t\t\t\t<\/div>\n\t\t<\/section>\n\t\t\t\t<section class=\"has_eae_slider elementor-section elementor-top-section elementor-element elementor-element-e3c4d0e elementor-section-boxed elementor-section-height-default elementor-section-height-default\" data-id=\"e3c4d0e\" data-element_type=\"section\">\n\t\t\t\t\t\t<div class=\"elementor-container elementor-column-gap-default\">\n\t\t\t\t\t<div class=\"has_eae_slider elementor-column elementor-col-100 elementor-top-column elementor-element elementor-element-6f5eb04\" data-id=\"6f5eb04\" data-element_type=\"column\">\n\t\t\t<div class=\"elementor-widget-wrap elementor-element-populated\">\n\t\t\t\t\t\t<div class=\"elementor-element elementor-element-269ca8e elementor-widget elementor-widget-spacer\" data-id=\"269ca8e\" data-element_type=\"widget\" data-widget_type=\"spacer.default\">\n\t\t\t\t<div class=\"elementor-widget-container\">\n\t\t\t\t\t\t\t<div class=\"elementor-spacer\">\n\t\t\t<div class=\"elementor-spacer-inner\"><\/div>\n\t\t<\/div>\n\t\t\t\t\t\t<\/div>\n\t\t\t\t<\/div>\n\t\t\t\t\t<\/div>\n\t\t<\/div>\n\t\t\t\t\t<\/div>\n\t\t<\/section>\n\t\t\t\t<section class=\"has_eae_slider elementor-section elementor-top-section elementor-element elementor-element-7f9487d elementor-section-boxed elementor-section-height-default elementor-section-height-default\" data-id=\"7f9487d\" data-element_type=\"section\">\n\t\t\t\t\t\t<div class=\"elementor-container elementor-column-gap-default\">\n\t\t\t\t\t<div class=\"has_eae_slider elementor-column elementor-col-100 elementor-top-column elementor-element elementor-element-868d3eb\" data-id=\"868d3eb\" data-element_type=\"column\">\n\t\t\t<div class=\"elementor-widget-wrap elementor-element-populated\">\n\t\t\t\t\t\t<div class=\"elementor-element elementor-element-66f68a0 elementor-widget elementor-widget-text-editor\" data-id=\"66f68a0\" data-element_type=\"widget\" data-widget_type=\"text-editor.default\">\n\t\t\t\t<div class=\"elementor-widget-container\">\n\t\t\t\t\t\t\t\t\t<p style=\"box-sizing: inherit; margin-bottom: 1rem; padding: 0px; font-size: 16px; line-height: 1.6; text-rendering: optimizelegibility; color: #767676; font-family: 'Open Sans', sans-serif;\"><span style=\"box-sizing: inherit; font-size: 18px;\"><i><span style=\"box-sizing: inherit; font-weight: bold; line-height: inherit;\">Az el\u0151z\u0151 h\u00f3napban a kezeink k\u00f6z\u00fcl minduntalan elfoly\u00f3 id\u0151r\u0151l gondolkodtunk. \u00c1m mire a m\u00e1rciusi sz\u00e1m megjelent, minden megv\u00e1ltozott. Korl\u00e1tozott fizikai lehet\u0151s\u00e9geink k\u00f6z\u00f6tt az \u00f3r\u00e1ink m\u00e1r nem peregnek annyira. A napjaink mintha id\u0151tlenn\u00e9 v\u00e1ltak volna. De mit kezdj\u00fcnk a v\u00e1ratlanul kapott id\u0151vel, a szokatlan korl\u00e1tokkal? Hogyan lehet a kr\u00edzishelyzetb\u0151l lelki meg\u00fajul\u00e1s, \u00fajj\u00e1sz\u00fclet\u00e9s?&nbsp;<\/span><span style=\"box-sizing: inherit; font-weight: bold; line-height: inherit;\"><span style=\"box-sizing: inherit; line-height: inherit;\">Eszter Tariska<\/span><\/span><span style=\"box-sizing: inherit; font-weight: bold; line-height: inherit;\">t, a dobog\u00f3k\u0151i Manr\u00e9za Lelkigyakorlatos H\u00e1z lelki k\u00eds\u00e9r\u0151j\u00e9t k\u00e9rt\u00fck, adjon \u00fatmutat\u00e1st az idei nagyb\u00f6jtben, az otthoni h\u00e9tk\u00f6znapok lelkigyakorlat\u00e1ban.<\/span><\/i><\/span><span id=\"more-7165\" style=\"box-sizing: inherit;\"><\/span><\/p><p style=\"box-sizing: inherit; margin-bottom: 1rem; padding: 0px; font-size: 16px; line-height: 1.6; text-rendering: optimizelegibility; color: #767676; font-family: 'Open Sans', sans-serif;\"><span style=\"box-sizing: inherit; font-size: 18px;\"><i><span style=\"box-sizing: inherit; font-weight: bold; line-height: inherit;\"><br><\/span><\/i><\/span><\/p>\n<p style=\"box-sizing: inherit; margin-bottom: 1rem; padding: 0px; font-size: 16px; line-height: 1.6; text-rendering: optimizelegibility; color: #767676; font-family: 'Open Sans', sans-serif;\"><span style=\"box-sizing: inherit; font-weight: bold; line-height: inherit;\">\u2013 \u00dagy fogalmazta meg egyszer egy interj\u00faban, hogy \u201enagyv\u00e1rosi remetek\u00e9nt\u201d \u00e9l. Hogyan \u00e9rinti a szeml\u00e9l\u0151d\u0151 \u00e9letet, a befel\u00e9 fordul\u00e1st v\u00e1laszt\u00f3 emberk\u00e9nt mindaz, ami a j\u00e1rv\u00e1ny s\u00fajtotta id\u0151szakban a k\u00f6rnyezet\u00e9ben t\u00f6rt\u00e9nik?<\/span><\/p>\n<p style=\"box-sizing: inherit; margin-bottom: 1rem; padding: 0px; font-size: 16px; line-height: 1.6; text-rendering: optimizelegibility; color: #767676; font-family: 'Open Sans', sans-serif;\">\u2013 A v\u00edrusr\u00f3l m\u00e1rcius 12-\u00e9n \u00e9rtes\u00fcltem, amikor befejeztem egy lelkigyakorlatot. Az els\u0151 n\u00e9h\u00e1ny nap nekem is a beszerz\u00e9ssel telt. H\u00e1bor\u00fas k\u00e9pek villantak \u00e1t az agyamon. A n\u00e9lk\u00fcl\u00f6z\u00e9s r\u00e9mk\u00e9peit vizion\u00e1ltam. A fiam\u00e9k\u00e9rt, f\u0151leg az unok\u00e1im\u00e9rt agg\u00f3dtam. Rettegtem, s a h\u00edreken l\u00f3gtam. Azt\u00e1n ahogy telt az id\u0151, ahogy a csend elkezdett n\u00f6vekedni k\u00f6r\u00fcl\u00f6ttem \u00e9s bennem, ebben a k\u00edv\u00fclr\u0151l r\u00e1m szabott elhat\u00e1rol\u00f3d\u00e1sban \u00e9s bez\u00e1rts\u00e1gban egyszer csak \u00e9szrevettem magamat: a hangulataimat, a gondolataimat \u00e9s az \u00e9rz\u00e9seimet. Napok alatt vettem \u00e9szre, mennyi nyugtalans\u00e1g, teljes\u00edteni akar\u00e1s, el\u00e9gedetlens\u00e9g fesz\u00edt, de most k\u00fcl\u00f6n\u00f6s m\u00f3don ezeket csak figyeltem, \u00edzleltem. Semmi sem k\u00e9sztetett arra, hogy megoldjam \u0151ket, hogy csin\u00e1ljak vel\u00fck valamit. Csak figyeltem, ahogy megjelennek \u00e9s tovat\u0171nnek. Hagytam, hogy legyenek. \u00c9s percr\u0151l percre, \u00f3r\u00e1r\u00f3l \u00f3r\u00e1ra ett\u0151l az \u00e9rtelmezni, magyar\u00e1zni nem akar\u00f3 figyel\u00e9st\u0151l kezdtem kiold\u00f3dni, kiengedni, kezdtem megnyugodni.<\/p>\n<p style=\"box-sizing: inherit; margin-bottom: 1rem; padding: 0px; font-size: 16px; line-height: 1.6; text-rendering: optimizelegibility; color: #767676; font-family: 'Open Sans', sans-serif; text-align: center;\"><span style=\"box-sizing: inherit; font-size: 24px;\">______________________<\/span><\/p>\n<p style=\"box-sizing: inherit; margin-bottom: 1rem; padding: 0px; font-size: 16px; line-height: 1.6; text-rendering: optimizelegibility; color: #767676; font-family: 'Open Sans', sans-serif; text-align: center;\"><span style=\"box-sizing: inherit; font-size: 24px;\"><em style=\"box-sizing: inherit; line-height: inherit;\">Min\u00e9l ink\u00e1bb korl\u00e1toz\u00f3dott a mozg\u00e1st\u00e9r,<br style=\"box-sizing: inherit;\">ann\u00e1l ink\u00e1bb f\u00f6lszabadultam. \u201e\u00c1ldott \u00e1llapotba\u201d ker\u00fcltem.<br style=\"box-sizing: inherit;\">_________________________<\/em><\/span><\/p>\n<p style=\"box-sizing: inherit; margin-bottom: 1rem; padding: 0px; font-size: 16px; line-height: 1.6; text-rendering: optimizelegibility; color: #767676; font-family: 'Open Sans', sans-serif;\"><span style=\"box-sizing: inherit; font-weight: bold; line-height: inherit;\">\u2013 Min\u00e9l kisebb a mozg\u00e1st\u00e9r kifel\u00e9, ann\u00e1l jobban megny\u00edlik a lehet\u0151s\u00e9g, hogy befel\u00e9 figyelj\u00fcnk?<\/span><\/p>\n<p style=\"box-sizing: inherit; margin-bottom: 1rem; padding: 0px; font-size: 16px; line-height: 1.6; text-rendering: optimizelegibility; color: #767676; font-family: 'Open Sans', sans-serif;\">\u2013 Engem eg\u00e9szen f\u00f6lvillanyozott, amikor r\u00e1j\u00f6ttem, hogy most teljes tudatoss\u00e1ggal pont abban vagyok benne, ami van. Mindig is erre v\u00e1gytam. Kicsit laz\u00e1bb helyzetben vagyok, mint egy kem\u00e9ny napirenddel struktur\u00e1lt lelkigyakorlaton \u2013 a&nbsp;<em style=\"box-sizing: inherit; line-height: inherit;\">kronosz&nbsp;<\/em>helyett teljess\u00e9ggel a&nbsp;<em style=\"box-sizing: inherit; line-height: inherit;\">kairosz<\/em>ban: a pillanatokat felfal\u00f3 h\u00e9tk\u00f6znapi id\u0151 helyett az alkalmas, szent id\u0151ben. Ez most egy nem tervezett, de az \u00e9let \u00e1ltal dikt\u00e1lt lelkigyakorlat.<\/p>\n<p style=\"box-sizing: inherit; margin-bottom: 1rem; padding: 0px; font-size: 16px; line-height: 1.6; text-rendering: optimizelegibility; color: #767676; font-family: 'Open Sans', sans-serif;\"><span style=\"box-sizing: inherit; font-weight: bold; line-height: inherit;\">\u2013 A \u201enorm\u00e1lis\u201d h\u00e9tk\u00f6znapokb\u00f3l, a munka m\u00f3kuskerek\u00e9b\u0151l \u00e9s ezerf\u00e9le gondunkb\u00f3l gyakran v\u00e1gyunk az elcsendesed\u00e9sre, meg\u00e1ll\u00e1sra. Most azonban val\u00f3ban az \u00e9let szor\u00edt r\u00e1 mindenkit, hogy meg\u00e1lljon. Lelki k\u00eds\u00e9r\u0151t azonban nem kaptunk magunk mell\u00e9. Legt\u00f6bb\u00fcnk azt sem tudja, mit kezdjen a v\u00e1ratlanul j\u00f6tt nem cselekv\u00e9ssel. Milyen \u00fatmutat\u00e1st lehet adni e kezd\u0151 szeml\u00e9l\u0151d\u0151 embereknek? Hogyan lehet a h\u00e9tk\u00f6znapi tev\u00e9kenys\u00e9get, aktivit\u00e1st \u00e9s a kontempl\u00e1ci\u00f3t egyszerre megval\u00f3s\u00edtani?<\/span><\/p>\n<p style=\"box-sizing: inherit; margin-bottom: 1rem; padding: 0px; font-size: 16px; line-height: 1.6; text-rendering: optimizelegibility; color: #767676; font-family: 'Open Sans', sans-serif;\">\u2013 \u00c9n p\u00e9ld\u00e1ul napirendet tartok. Vannak dolgok, amik n\u00e9lk\u00fcl nem telhet el a nap. P\u00e9ld\u00e1ul mindennap egy \u00f3r\u00e1t torn\u00e1zom. Nem mindig egyv\u00e9gt\u00e9ben. Van, hogy h\u00fasz-h\u00fasz percet a nap k\u00fcl\u00f6nb\u00f6z\u0151 \u00f3r\u00e1iban. Reggel \u00e9s d\u00e9lut\u00e1n medit\u00e1lok. D\u00e9lel\u0151tt tanulok egy-k\u00e9t \u00f3r\u00e1t. Ha nem is mindennap, de f\u0151z\u00f6k. S\u00e9t\u00e1lni is kimegyek a r\u00e9gi rep\u00fcl\u0151t\u00e9rre \u2013 ott nem tal\u00e1lkozom emberekkel. A zenehallgat\u00e1s is napirendi pont. \u00c9vek \u00f3ta&nbsp;<em style=\"box-sizing: inherit; line-height: inherit;\">J<\/em><em style=\"box-sizing: inherit; line-height: inherit;\">ordi Savall<\/em>&nbsp;felv\u00e9teleit hallgatom a YouTube-on. Az\u00e9rt, mert azt vettem \u00e9szre, hogy e zene mindig b\u00e9kess\u00e9g sz\u00fcletik a sz\u00edvemben, ugyanakkor kit\u00f6r\u0151 \u00e9lettelis\u00e9get, h\u00f6mp\u00f6lyg\u0151 elevens\u00e9get \u00e9lek \u00e1t, ami sz\u00e1momra megunhatatlanul \u00e9lvezetes. Most&nbsp;<em style=\"box-sizing: inherit; line-height: inherit;\">Bach<\/em>&nbsp;<em style=\"box-sizing: inherit; line-height: inherit;\">Brandenburgi versenyei<\/em>&nbsp;vannak soron, meg a zongora- \u00e9s heged\u0171versenyek. \u00c9s \u00e9nekelek. \u00d6r\u00f6mh\u00edrv\u00e9tel napj\u00e1n elim\u00e1dkoztam az utreny\u00e9t&nbsp;<em style=\"box-sizing: inherit; line-height: inherit;\">[reggeli istentisztelet a g\u00f6r\u00f6gkatolikus egyh\u00e1zban \u2013 a szerk.].<\/em>&nbsp;Elm\u00e9lkedem az evang\u00e9liumr\u00f3l. T\u00f6bbsz\u00f6r tartottam h\u00e1laad\u00f3 \u00f3r\u00e1t.<\/p>\t\t\t\t\t\t\t\t<\/div>\n\t\t\t\t<\/div>\n\t\t\t\t\t<\/div>\n\t\t<\/div>\n\t\t\t\t\t<\/div>\n\t\t<\/section>\n\t\t\t\t<section class=\"has_eae_slider elementor-section elementor-top-section elementor-element elementor-element-0f7d378 elementor-section-boxed elementor-section-height-default elementor-section-height-default\" data-id=\"0f7d378\" data-element_type=\"section\">\n\t\t\t\t\t\t<div class=\"elementor-container elementor-column-gap-default\">\n\t\t\t\t\t<div class=\"has_eae_slider elementor-column elementor-col-100 elementor-top-column elementor-element elementor-element-7eb36e7\" data-id=\"7eb36e7\" data-element_type=\"column\">\n\t\t\t<div class=\"elementor-widget-wrap elementor-element-populated\">\n\t\t\t\t\t\t<div class=\"elementor-element elementor-element-fe945b6 elementor-widget elementor-widget-image-gallery\" data-id=\"fe945b6\" data-element_type=\"widget\" data-widget_type=\"image-gallery.default\">\n\t\t\t\t<div class=\"elementor-widget-container\">\n\t\t\t\t\t\t\t<div class=\"elementor-image-gallery\">\n\t\t\t\n\t\t<style type=\"text\/css\">\n\t\t\t#gallery-2 {\n\t\t\t\tmargin: auto;\n\t\t\t}\n\t\t\t#gallery-2 .gallery-item {\n\t\t\t\tfloat: left;\n\t\t\t\tmargin-top: 10px;\n\t\t\t\ttext-align: center;\n\t\t\t\twidth: 100%;\n\t\t\t}\n\t\t\t#gallery-2 img {\n\t\t\t\tborder: 2px solid #cfcfcf;\n\t\t\t}\n\t\t\t#gallery-2 .gallery-caption {\n\t\t\t\tmargin-left: 0;\n\t\t\t}\n\t\t\t\/* see gallery_shortcode() in wp-includes\/media.php *\/\n\t\t<\/style>\n\t\t<div id='gallery-2' class='gallery galleryid-1965 gallery-columns-1 gallery-size-full'><dl class='gallery-item'>\n\t\t\t<dt class='gallery-icon landscape'>\n\t\t\t\t<a data-elementor-open-lightbox=\"yes\" data-elementor-lightbox-slideshow=\"fe945b6\" data-e-action-hash=\"#elementor-action%3Aaction%3Dlightbox%26settings%3DeyJpZCI6MTk3MSwidXJsIjoiaHR0cHM6XC9cL3d3dy5wb3N0aWN1bS5yb1wvd3AtY29udGVudFwvdXBsb2Fkc1wvMjAyMVwvMDNcL1Rhcmlza2EtRXN6dGVyX0EtU3ppdl8yXy1mb3RvLUd5b25neS1KYW5vcy5qcGciLCJzbGlkZXNob3ciOiJmZTk0NWI2In0%3D\" href='https:\/\/www.posticum.ro\/wp-content\/uploads\/2021\/03\/Tariska-Eszter_A-Sziv_2_-foto-Gyongy-Janos.jpg'><img decoding=\"async\" width=\"1000\" height=\"668\" src=\"https:\/\/www.posticum.ro\/wp-content\/uploads\/2021\/03\/Tariska-Eszter_A-Sziv_2_-foto-Gyongy-Janos.jpg\" class=\"attachment-full size-full\" alt=\"\" srcset=\"https:\/\/www.posticum.ro\/wp-content\/uploads\/2021\/03\/Tariska-Eszter_A-Sziv_2_-foto-Gyongy-Janos.jpg 1000w, https:\/\/www.posticum.ro\/wp-content\/uploads\/2021\/03\/Tariska-Eszter_A-Sziv_2_-foto-Gyongy-Janos-300x200.jpg 300w, https:\/\/www.posticum.ro\/wp-content\/uploads\/2021\/03\/Tariska-Eszter_A-Sziv_2_-foto-Gyongy-Janos-768x513.jpg 768w, https:\/\/www.posticum.ro\/wp-content\/uploads\/2021\/03\/Tariska-Eszter_A-Sziv_2_-foto-Gyongy-Janos-360x240.jpg 360w\" sizes=\"(max-width: 1000px) 100vw, 1000px\" \/><\/a>\n\t\t\t<\/dt><\/dl><br style=\"clear: both\" \/>\n\t\t<\/div>\n\t\t<\/div>\n\t\t\t\t\t\t<\/div>\n\t\t\t\t<\/div>\n\t\t\t\t\t<\/div>\n\t\t<\/div>\n\t\t\t\t\t<\/div>\n\t\t<\/section>\n\t\t\t\t<section class=\"has_eae_slider elementor-section elementor-top-section elementor-element elementor-element-d98a5be elementor-section-boxed elementor-section-height-default elementor-section-height-default\" data-id=\"d98a5be\" data-element_type=\"section\">\n\t\t\t\t\t\t<div class=\"elementor-container elementor-column-gap-default\">\n\t\t\t\t\t<div class=\"has_eae_slider elementor-column elementor-col-100 elementor-top-column elementor-element elementor-element-b4f8b0f\" data-id=\"b4f8b0f\" data-element_type=\"column\">\n\t\t\t<div class=\"elementor-widget-wrap elementor-element-populated\">\n\t\t\t\t\t\t<div class=\"elementor-element elementor-element-b6abbf8 elementor-widget elementor-widget-text-editor\" data-id=\"b6abbf8\" data-element_type=\"widget\" data-widget_type=\"text-editor.default\">\n\t\t\t\t<div class=\"elementor-widget-container\">\n\t\t\t\t\t\t\t\t\t<p style=\"box-sizing: inherit; margin-bottom: 1rem; padding: 0px; font-size: 16px; line-height: 1.6; text-rendering: optimizelegibility; color: #767676; font-family: 'Open Sans', sans-serif;\"><span style=\"box-sizing: inherit; font-weight: bold; line-height: inherit;\">\u2013 A csal\u00e1ddal, a szeretteivel val\u00f3 kapcsolattart\u00e1s, a h\u00edrek, a t\u00e1j\u00e9koz\u00f3d\u00e1s hogyan tud megnyugtat\u00f3 m\u00f3don r\u00e9sze lenni ezeknek a mindennapoknak?<\/span><\/p>\n<p style=\"box-sizing: inherit; margin-bottom: 1rem; padding: 0px; font-size: 16px; line-height: 1.6; text-rendering: optimizelegibility; color: #767676; font-family: 'Open Sans', sans-serif;\">\u2013 \u00c9n is k\u00f6vetem a h\u00edreket, megn\u00e9zem a Facebookot is, de most m\u00e1r csak korl\u00e1tozva. Vannak, akiket szundira k\u00fcld\u00f6k \u2013 a r\u00e9mh\u00edrkelt\u0151ket \u00e9s a v\u00e1daskod\u00f3kat, a zavarosban hal\u00e1sz\u00f3kat. S b\u00e1r l\u00e9t\u00fcket elfogadom, ahogy a v\u00edrus ellen a k\u00e9zmos\u00e1ssal, a kontaktuscs\u00f6kkent\u00e9ssel v\u00e9dekezem, \u00fagy vel\u00fck szemben is \u2013 de att\u00f3l meg napr\u00f3l napra megrend\u00fcl\u00f6k \u00e9s f\u00f6lmelegszik a sz\u00edvem, hogy mennyi \u00e9rt\u00e9kes, j\u00f3akarat\u00fa ember van ebben az orsz\u00e1gban, akikkel kapcsolatba ker\u00fclhetek. Most m\u00e1r kezdenek felh\u00edvni azok is, akik besz\u00e9lgetni j\u00e1rtak hozz\u00e1m. Most a net seg\u00edts\u00e9g\u00e9vel folytatjuk a kapcsolatokat. \u00c9s persze a testv\u00e9reimmel \u00e9s a fiam\u00e9kkal meg n\u00e9h\u00e1ny j\u00f3bar\u00e1ttal.<\/p>\n<p style=\"box-sizing: inherit; margin-bottom: 1rem; padding: 0px; font-size: 16px; line-height: 1.6; text-rendering: optimizelegibility; color: #767676; font-family: 'Open Sans', sans-serif;\"><span style=\"box-sizing: inherit; font-weight: bold; line-height: inherit;\">\u2013 Ma a k\u00f6r\u00fclm\u00e9nyek k\u00f6vetkezt\u00e9ben nagyon sokan v\u00e1ltunk \u201enagyv\u00e1rosi remet\u00e9v\u00e9\u201d. R\u00e1nk szakadt, nem \u00f6nk\u00e9nt v\u00e1llaltuk\u00a0az elenged\u00e9st, a mag\u00e1nyt. Tapasztalata szerint hogyan lehet elfogadni mindazt, amit nem mi v\u00e1lasztottunk?<\/span><\/p>\n<p style=\"box-sizing: inherit; margin-bottom: 1rem; padding: 0px; font-size: 16px; line-height: 1.6; text-rendering: optimizelegibility; color: #767676; font-family: 'Open Sans', sans-serif;\">\u2013 \u00dagy, hogy tudatosan f\u00f6ladom a dolgokr\u00f3l val\u00f3 gondolkod\u00e1st, a megold\u00e1sokon val\u00f3 r\u00e1g\u00f3d\u00e1st, az okok felt\u00e1r\u00e1s\u00e1t \u00e9s a v\u00e1laszok keres\u00e9s\u00e9t. M\u00e1r r\u00e9gen tudom, hogy ezek nem hoznak megold\u00e1st. Ehelyett ink\u00e1bb megny\u00edlok arra, ami van. Figyelem a l\u00e9legzetemet, az \u00e9tel \u00edz\u00e9t, a lak\u00e1sba besz\u0171r\u0151d\u0151 f\u00e9nyeket. Nyugodtan takar\u00edtok, fert\u0151tlen\u00edtek, iszom a k\u00e1v\u00e9t, hallgatom a hangokat. Most mindenre van id\u0151. T\u00e9r keletkezik a dolgok k\u00f6r\u00fcl. \u201eMegtudni nem\u201d akar\u00e1ssal fordulok minden fel\u00e9, ami felbukkan bennem vagy el\u00e9m t\u00e1rul, \u00e9s mindent zsigerileg \u00e1t\u00e9lek.<\/p>\n<p style=\"box-sizing: inherit; margin-bottom: 1rem; padding: 0px; font-size: 16px; line-height: 1.6; text-rendering: optimizelegibility; color: #767676; font-family: 'Open Sans', sans-serif; text-align: center;\"><em style=\"box-sizing: inherit; line-height: inherit;\"><span style=\"box-sizing: inherit; font-size: 24px;\">______________________<\/span><\/em><\/p>\n<p style=\"box-sizing: inherit; margin-bottom: 1rem; padding: 0px; font-size: 16px; line-height: 1.6; text-rendering: optimizelegibility; color: #767676; font-family: 'Open Sans', sans-serif; text-align: center;\"><em style=\"box-sizing: inherit; line-height: inherit;\"><span style=\"box-sizing: inherit; font-size: 24px;\">A csendben, a mag\u00e1nyban sz\u00e9p lassan el\u0151j\u00f6nnek a rendezetlen dolgaim.<\/span><\/em><br style=\"box-sizing: inherit;\" \/><em style=\"box-sizing: inherit; line-height: inherit;\"><span style=\"box-sizing: inherit; font-size: 24px;\">\u00c9szreveszem, ahogy f\u00f6lbukkannak, \u00e9s azt is, ahogy elt\u0171nnek.<\/span><\/em><br style=\"box-sizing: inherit;\" \/><em style=\"box-sizing: inherit; line-height: inherit;\"><span style=\"box-sizing: inherit; font-size: 24px;\">______________________<\/span><\/em><\/p>\n<p style=\"box-sizing: inherit; margin-bottom: 1rem; padding: 0px; font-size: 16px; line-height: 1.6; text-rendering: optimizelegibility; color: #767676; font-family: 'Open Sans', sans-serif;\">A leggyakoribb \u00e9rz\u00e9sem mostan\u00e1ban a d\u00fch. Volt, hogy a p\u00e1rn\u00e1t \u00fct\u00f6ttem-vertem, hogy levezessem. De figyelek. Maradok, m\u00edg \u00e1tmegyek.<\/p>\n<p style=\"box-sizing: inherit; margin-bottom: 1rem; padding: 0px; font-size: 16px; line-height: 1.6; text-rendering: optimizelegibility; color: #767676; font-family: 'Open Sans', sans-serif;\"><span style=\"box-sizing: inherit; font-weight: bold; line-height: inherit;\">\u2013 \u201eMaradok m\u00edg \u00e1tmegyek.\u201d De hogy lesz a k\u00e9nyszerhelyzetb\u0151l, a d\u00fchb\u0151l elfogad\u00e1s, megb\u00e9k\u00e9l\u00e9s?<\/span><\/p>\n<p style=\"box-sizing: inherit; margin-bottom: 1rem; padding: 0px; font-size: 16px; line-height: 1.6; text-rendering: optimizelegibility; color: #767676; font-family: 'Open Sans', sans-serif;\">\u2013 A \u201emaradok, m\u00edg \u00e1tmegyek\u201d kem\u00e9ny tudatos\u00edt\u00e1si munka. Nemegyszer \u00f3r\u00e1kig tart. Szemben\u00e9zek a felt\u00e1rult hamis ind\u00edt\u00e9kaimmal, f\u00e9lreismer\u00e9seimmel, \u00f6nz\u00e9seimmel, f\u00e1jdalmas \u201el\u00e1tni sem akarom\u201d \u00e9rz\u00e9seimmel, \u00e9s nem hadakozom ellen\u00fck. Hagyom, hogy a felbukkan\u00f3 \u00e9rz\u00e9sek, negativit\u00e1sok kif\u00e1jj\u00e1k magukat. \u00c9s lassan, ebben az egyszer\u0171 elfogad\u00f3 figyelemben egyszer csak \u00e9rthetetlen\u00fcl bet\u00f6lt egy megnevezhetetlen b\u00e9kess\u00e9g. Megb\u00e9k\u00fcl\u00f6k. Megnyugszom. Bels\u0151 mosollyal fogadom el magam, kezdek \u00f6sszebar\u00e1tkozni, j\u00f3ban lenni magammal, otthonra tal\u00e1lok \u00f6nmagamban. \u00c9s mi az, ami marad? B\u00e9kess\u00e9g. Csend. Er\u0151. T\u00e9r. Aki vagyok.<\/p>\n<p style=\"box-sizing: inherit; margin-bottom: 1rem; padding: 0px; font-size: 16px; line-height: 1.6; text-rendering: optimizelegibility; color: #767676; font-family: 'Open Sans', sans-serif;\"><span style=\"box-sizing: inherit; font-weight: bold; line-height: inherit;\">\u2013 A lelkigyakorlatok elej\u00e9n figyelmeztetik a r\u00e9sztvev\u0151ket, hogy amikor az ember elkezd szeml\u00e9l\u0151dni, az egyik els\u0151 neh\u00e9zs\u00e9get, amibe bele\u00fctk\u00f6zik, a gondolatok \u2013 \u00e9s f\u0151leg a felkavar\u00f3 gondolatok jelentik: a f\u00e9lelmek, a szorong\u00e1s az, amivel szembe kell n\u00e9zni. Most kinek ne lenn\u00e9nek ilyen f\u00e9lelmei, bizonytalans\u00e1gai \u2013 nemcsak bel\u00fclr\u0151l, de k\u00edv\u00fclr\u0151l is? Hogyan lehet t\u00faljutni ezeken?<\/span><\/p>\n<p style=\"box-sizing: inherit; margin-bottom: 1rem; padding: 0px; font-size: 16px; line-height: 1.6; text-rendering: optimizelegibility; color: #767676; font-family: 'Open Sans', sans-serif;\">\u2013 A megbeteged\u00e9s \u2013 ma m\u00e1r ez nem tabu \u2013 az elme, a szem\u00e9lyis\u00e9g \u00e9s az \u00e9rzelmi vil\u00e1g zavar\u00e1nak lek\u00e9pez\u0151d\u00e9se a testben. Ahol betegs\u00e9g van, ott a h\u00e1tt\u00e9rben megoldatlan, \u00e1t\u00e9letlen, tudattalan, rendezetlen, megv\u00e1lt\u00e1sra v\u00e1r\u00f3 elmefolyamatok, \u00e9rzelmek vannak. J\u00e1rv\u00e1ny eset\u00e9n a megoldatlan, elfojtott t\u00e9m\u00e1k \u00e9s \u00e9rzelmek emberek t\u00f6megeiben v\u00e1lnak esed\u00e9kess\u00e9 a tudatos\u00edt\u00e1sra: f\u00e9lelem, harag, \u00f6nz\u00e9s, v\u00e1daskod\u00e1s\u2026<\/p>\n<p style=\"box-sizing: inherit; margin-bottom: 1rem; padding: 0px; font-size: 16px; line-height: 1.6; text-rendering: optimizelegibility; color: #767676; font-family: 'Open Sans', sans-serif;\">A v\u00edrus okozta l\u00e9gk\u00f6rben a f\u00e9lelem a leger\u0151sebb. \u00c9n vagy h\u00fasz \u00e9ve k\u00fcszk\u00f6d\u00f6m a f\u00e9lelemmel. Iszony\u00fa retteg\u00e9seket \u00e9ltem \u00e1t figyel\u0151 jelenl\u00e9ttel sok-sok mag\u00e1nyban, remetes\u00e9gben v\u00e9gzett lelkigyakorlatomon. Tavaly m\u00e1jusban is h\u00e1romhetes remetes\u00e9gben voltam. Napi nyolc \u00f3r\u00e1ban medit\u00e1ltam, \u00e9s vagy tizen\u00f6t napig csak a f\u00e9lelem \u00e9s a harag \u00e1radata d\u0151lt bel\u0151lem. Ennek tudatos\u00edt\u00e1sa volt akkor az \u00e9n istenszolg\u00e1latom, az \u00e9n im\u00e1m. \u00c9s most meglepve tapasztalom, hogy nem j\u00f6n. A v\u00edrus egyel\u0151re nem mozd\u00edtja bennem a f\u00e9lelmet. Az a tudat van bennem, hogy \u00e9lni fogok, mintha Isten is azt akarn\u00e1, hogy \u00e9ljek. Dolgom van m\u00e9g a vil\u00e1gban.<\/p>\n<p style=\"box-sizing: inherit; margin-bottom: 1rem; padding: 0px; font-size: 16px; line-height: 1.6; text-rendering: optimizelegibility; color: #767676; font-family: 'Open Sans', sans-serif;\">De a v\u00edrus a v\u00e9gess\u00e9gemet is k\u00f6zel hozza. Igen, ak\u00e1r p\u00e1r h\u00e9ten bel\u00fcl meghalhatok. \u00c9s pont ez tart \u00e9bren arra, hogy nem mindegy, mivel t\u00f6lt\u00f6m az id\u0151t.<\/p>\n<p style=\"box-sizing: inherit; margin-bottom: 1rem; padding: 0px; font-size: 16px; line-height: 1.6; text-rendering: optimizelegibility; color: #767676; font-family: 'Open Sans', sans-serif; text-align: center;\"><span style=\"box-sizing: inherit; font-size: 24px;\"><em style=\"box-sizing: inherit; line-height: inherit;\">______________________<\/em><\/span><\/p>\n<p style=\"box-sizing: inherit; margin-bottom: 1rem; padding: 0px; font-size: 16px; line-height: 1.6; text-rendering: optimizelegibility; color: #767676; font-family: 'Open Sans', sans-serif; text-align: center;\"><em style=\"box-sizing: inherit; line-height: inherit;\"><span style=\"box-sizing: inherit; font-size: 24px;\">Azt kell tennem, amit \u00e9lethivat\u00e1somnak ismertem fel,<br style=\"box-sizing: inherit;\" \/>\u00e9s azt, ami e hivat\u00e1s bet\u00f6lt\u00e9s\u00e9t t\u00e1mogatja, seg\u00edti, \u00e9lteti.<\/span><\/em><br style=\"box-sizing: inherit;\" \/><em style=\"box-sizing: inherit; line-height: inherit;\"><span style=\"box-sizing: inherit; font-size: 24px;\">______________________<\/span><\/em><\/p>\n<p style=\"box-sizing: inherit; margin-bottom: 1rem; padding: 0px; font-size: 16px; line-height: 1.6; text-rendering: optimizelegibility; color: #767676; font-family: 'Open Sans', sans-serif;\">Az elm\u00fal\u00e1s lehet\u0151s\u00e9ge az \u00e9letet t\u00e1pl\u00e1lja bennem. Az \u00e9n hivat\u00e1som Isten jelenl\u00e9t\u00e9ben lenni. A lelkigyakorlatok ad\u00e1sa ennek csak k\u00f6vetkezm\u00e9nye. Most teh\u00e1t a f\u00fcrd\u00e9st\u0151l kezdve a cip\u0151pucol\u00e1son \u00e1t mindenben ezt gyakorlom, amennyire csak k\u00e9pes vagyok. Mert megvannak a \u201ek\u00eds\u00e9rt\u00e9seim\u201d, meg \u00fajak is j\u00f6nnek, \u00e9s gyenge vagyok. De rend\u00fcletlen\u00fcl kezdem el\u00f6lr\u0151l.<\/p>\n<p style=\"box-sizing: inherit; margin-bottom: 1rem; padding: 0px; font-size: 16px; line-height: 1.6; text-rendering: optimizelegibility; color: #767676; font-family: 'Open Sans', sans-serif;\"><span style=\"box-sizing: inherit; font-weight: bold; line-height: inherit;\">\u2013 B\u00e1r divatos \u00e9s elcs\u00e9pelt dolog ma a\u00a0<\/span><span style=\"box-sizing: inherit; font-weight: bold; line-height: inherit;\"><em style=\"box-sizing: inherit; line-height: inherit;\">mindfulness<\/em><\/span><span style=\"box-sizing: inherit; font-weight: bold; line-height: inherit;\"><em style=\"box-sizing: inherit; line-height: inherit;\">,<\/em><\/span><span style=\"box-sizing: inherit; font-weight: bold; line-height: inherit;\">\u00a0a mostani helyzet megmutatja, hogy a tudatos jelenl\u00e9t az\u00e9rt t\u00f6bb, mint a munk\u00e1nkat n\u00e9h\u00e1ny percre megszak\u00edtani, \u00e9s csak a l\u00e9gz\u00e9s\u00fcnkre figyelni. Mik\u00e9nt lehet tudatos\u00edtani a jelenl\u00e9tet, ha ennyire bizonytalan k\u00f6r\u00fcl\u00f6tt\u00fcnk minden?<\/span><\/p>\n<p style=\"box-sizing: inherit; margin-bottom: 1rem; padding: 0px; font-size: 16px; line-height: 1.6; text-rendering: optimizelegibility; color: #767676; font-family: 'Open Sans', sans-serif;\">\u2013 A v\u00edrus hozz\u00e1nk tartozik, a s\u00f6t\u00e9t oldalunk. Nem akarjuk l\u00e1tni, de itt van. Akkor t\u00e1vozik el t\u0151l\u00fcnk, akkor gyeng\u00fcl meg, ha bel\u00e1tjuk \u00e9s tudom\u00e1sul vessz\u00fck az \u00fczenet\u00e9t. Mindaz, amit szem\u00e9ly szerint kiv\u00e1lt bel\u0151l\u00fcnk a v\u00edrus okozta helyzet, a mi s\u00f6t\u00e9ts\u00e9g\u00fcnk, \u00e9s benn\u00fcnk v\u00e1r megv\u00e1lt\u00e1sra. Az okok nem k\u00edv\u00fcl vannak, teh\u00e1t a vil\u00e1g helyre\u00e1ll\u00edt\u00e1s\u00e1t \u00f6nmagamon kezdem.<\/p>\n<p style=\"box-sizing: inherit; margin-bottom: 1rem; padding: 0px; font-size: 16px; line-height: 1.6; text-rendering: optimizelegibility; color: #767676; font-family: 'Open Sans', sans-serif;\">Megk\u00e9rdezhetem: mit\u0151l foszt meg a v\u00edrus? Mi az, amire r\u00e1k\u00e9nyszer\u00edt? Miket is gondolok \u00e9n itt eg\u00e9sz nap a lak\u00e1sban j\u00e1rva-kelve? \u00c9s milyen \u00e1llapotba is ker\u00fcl\u00f6k, ha ezeket gondolom naphosszat, csak \u00fagy? Otthonra tal\u00e1lni \u00f6nmagamban nem azt jelenti, hogy otthonra tal\u00e1lok a gondolataimban. Otthonra tal\u00e1lni \u00f6nmagamban a szeml\u00e9l\u0151d\u00e9s szintj\u00e9n azt jelenti, hogy el\u0151sz\u00f6r is szemben\u00e9zek a bennem l\u00e9v\u0151 zavarodotts\u00e1ggal, f\u00e9lelemmel, \u00e9s azt mondom: az \u00e9n otthonom most \u00edgy n\u00e9z ki. \u00c9s ezt jelenti val\u00f3j\u00e1ban a mindfulness: \u00e9bers\u00e9ggel teli \u00e1llapotban lenni. \u00c9szrevenni, hogy nyugtalan, zavarodott, ideges, d\u00fch\u00f6s vagyok, rettegek \u00e9s f\u00e9lek. Felismerni, hogy a gondolataim \u00e9rzelmeket gener\u00e1lnak, \u00e9s az \u00e9rzelmeim gondolatokat. R\u00e1\u00e9bredni, hogy \u00f6sszef\u00fcgg\u00e9s, szoros kapcsolat van a gondolataim \u00e9s a lelki\u00e1llapotom k\u00f6z\u00f6tt.<\/p>\n<p style=\"box-sizing: inherit; margin-bottom: 1rem; padding: 0px; font-size: 16px; line-height: 1.6; text-rendering: optimizelegibility; color: #767676; font-family: 'Open Sans', sans-serif; text-align: center;\"><em style=\"box-sizing: inherit; line-height: inherit;\"><span style=\"box-sizing: inherit; font-size: 24px;\">______________________<\/span><\/em><\/p>\n<p style=\"box-sizing: inherit; margin-bottom: 1rem; padding: 0px; font-size: 16px; line-height: 1.6; text-rendering: optimizelegibility; color: #767676; font-family: 'Open Sans', sans-serif; text-align: center;\"><em style=\"box-sizing: inherit; line-height: inherit;\"><span style=\"box-sizing: inherit; font-size: 24px;\">Nem mindegy, hogy mit gondolok, mert az \u00e1llapotomat,<br style=\"box-sizing: inherit;\" \/><\/span><\/em><em style=\"box-sizing: inherit; line-height: inherit;\"><span style=\"box-sizing: inherit; font-size: 24px;\">a k\u00f6z\u00e9rzetemet magam teremtem a gondolataimmal.<\/span><\/em><\/p>\n<p style=\"box-sizing: inherit; margin-bottom: 1rem; padding: 0px; font-size: 16px; line-height: 1.6; text-rendering: optimizelegibility; color: #767676; font-family: 'Open Sans', sans-serif; text-align: center;\"><em style=\"box-sizing: inherit; line-height: inherit;\"><span style=\"box-sizing: inherit; font-size: 24px;\">______________________<\/span><\/em><\/p>\n<p style=\"box-sizing: inherit; margin-bottom: 1rem; padding: 0px; font-size: 16px; line-height: 1.6; text-rendering: optimizelegibility; color: #767676; font-family: 'Open Sans', sans-serif;\">Felel\u0151ss\u00e9get v\u00e1llalok a bels\u0151 terem\u00e9rt.<\/p>\n<p style=\"box-sizing: inherit; margin-bottom: 1rem; padding: 0px; font-size: 16px; line-height: 1.6; text-rendering: optimizelegibility; color: #767676; font-family: 'Open Sans', sans-serif;\"><span style=\"box-sizing: inherit; font-weight: bold; line-height: inherit;\">\u2013 Mit jelent, hogy felel\u0151ss\u00e9get v\u00e1llalunk a bels\u0151 ter\u00fcnk\u00e9rt?<\/span><\/p>\n<p style=\"box-sizing: inherit; margin-bottom: 1rem; padding: 0px; font-size: 16px; line-height: 1.6; text-rendering: optimizelegibility; color: #767676; font-family: 'Open Sans', sans-serif;\">\u2013 Ahelyett hogy elt\u00fcntetn\u00e9m, meg\u00e1llok, \u00e9s megfigyelem, az adott \u00e9rz\u00e9s a testemben hol okoz diszkomfortot \u2013 p\u00e9ld\u00e1ul szitkoz\u00f3dom, \u00e9s ett\u0151l a gyomrom \u00f6sszer\u00e1ndul, vagy azon agyalok, hogy milyen vesztes\u00e9geim vannak, \u00e9s a sz\u00edvem sz\u00far, nem kapok leveg\u0151t, a h\u00e1tam befesz\u00fcl, stb. \u2013, s azut\u00e1n, hogy ezeket a testi \u00e9rzeteket tudatosan \u00e1t\u00e9ltem, megengedtem, f\u00f6lengedtem \u00e1tengedtem, elengedtem, d\u00f6nthetek arr\u00f3l, hogy ezt vagy azt nem gondolom tov\u00e1bb. Azonban ezeknek a folyamatoknak a megfigyel\u00e9s\u00e9hez csend, b\u0151s\u00e9ges id\u0151, zavartalans\u00e1g \u00e9s f\u0151leg ism\u00e9t \u00e9s ism\u00e9t f\u00f6lsz\u00edtott \u00e9bers\u00e9g sz\u00fcks\u00e9ges.<\/p>\t\t\t\t\t\t\t\t<\/div>\n\t\t\t\t<\/div>\n\t\t\t\t\t<\/div>\n\t\t<\/div>\n\t\t\t\t\t<\/div>\n\t\t<\/section>\n\t\t\t\t<section class=\"has_eae_slider elementor-section elementor-top-section elementor-element elementor-element-5930651 elementor-section-boxed elementor-section-height-default elementor-section-height-default\" data-id=\"5930651\" data-element_type=\"section\">\n\t\t\t\t\t\t<div class=\"elementor-container elementor-column-gap-default\">\n\t\t\t\t\t<div class=\"has_eae_slider elementor-column elementor-col-100 elementor-top-column elementor-element elementor-element-cbd61f6\" data-id=\"cbd61f6\" data-element_type=\"column\">\n\t\t\t<div class=\"elementor-widget-wrap elementor-element-populated\">\n\t\t\t\t\t\t<div class=\"elementor-element elementor-element-9c9676a elementor-widget elementor-widget-text-editor\" data-id=\"9c9676a\" data-element_type=\"widget\" data-widget_type=\"text-editor.default\">\n\t\t\t\t<div class=\"elementor-widget-container\">\n\t\t\t\t\t\t\t\t\t<p style=\"box-sizing: inherit; margin-bottom: 1rem; padding: 0px; font-size: 16px; line-height: 1.6; text-rendering: optimizelegibility; color: #767676; font-family: 'Open Sans', sans-serif;\"><span style=\"box-sizing: inherit; font-weight: bold; line-height: inherit;\">\u2013 \u00c9s a v\u00edrus miatt sz\u00fcks\u00e9ges karant\u00e9n k\u00f6vetkezt\u00e9ben most id\u0151nk \u00e9s lehet\u0151s\u00e9g\u00fcnk pont van erre.<\/span><\/p>\n<p style=\"box-sizing: inherit; margin-bottom: 1rem; padding: 0px; font-size: 16px; line-height: 1.6; text-rendering: optimizelegibility; color: #767676; font-family: 'Open Sans', sans-serif;\"><img loading=\"lazy\" decoding=\"async\" class=\"wp-image-7423 alignright\" src=\"https:\/\/jezsuitakiado.hu\/wp-content\/uploads\/2020\/04\/dsc_2155_ho.jpg\" alt=\"\" width=\"372\" height=\"557\" srcset=\"https:\/\/jezsuitakiado.hu\/wp-content\/uploads\/2020\/04\/dsc_2155_ho.jpg 668w, https:\/\/jezsuitakiado.hu\/wp-content\/uploads\/2020\/04\/dsc_2155_ho-200x300.jpg 200w, https:\/\/jezsuitakiado.hu\/wp-content\/uploads\/2020\/04\/dsc_2155_ho-334x500.jpg 334w, https:\/\/jezsuitakiado.hu\/wp-content\/uploads\/2020\/04\/dsc_2155_ho-300x449.jpg 300w, https:\/\/jezsuitakiado.hu\/wp-content\/uploads\/2020\/04\/dsc_2155_ho-600x898.jpg 600w\" sizes=\"auto, (max-width: 372px) 100vw, 372px\" style=\"box-sizing: inherit; border-width: 0px; border-style: initial; display: inline; margin-left: 1.5em; margin-top: 0.5em; margin-bottom: 0.5em;\" \/><\/p>\n<p style=\"box-sizing: inherit; margin-bottom: 1rem; padding: 0px; font-size: 16px; line-height: 1.6; text-rendering: optimizelegibility; color: #767676; font-family: 'Open Sans', sans-serif;\">\u2013 \u00cdgy igaz. \u201eOnnan tudhatod, hogy mire van a legnagyobb sz\u00fcks\u00e9ged, hogy \u00e9ppen az van\u201d \u2013 mondja\u00a0<em style=\"box-sizing: inherit; line-height: inherit;\">Eckhart Tolle<\/em>. Ezek a gyakorlatok az\u00e9rt is nagyon \u00e9rt\u00e9kesek, mert az\u00e1ltal, hogy a testi \u00e9rzeteinket figyelj\u00fck, magunkhoz t\u00e9r\u00fcnk, magunkba sz\u00e1llunk, \u00e9s \u00edgy a val\u00f3s\u00e1gban, egyszersmind a jelenben vagyunk. Ha elvesz\u00edtj\u00fck a kapcsolatot a test\u00fcnkkel, mert a gondolatainkkal m\u00e1shol j\u00e1runk, mint ahol testileg tart\u00f3zkodunk, ha magunkon k\u00edv\u00fcl vagyunk \u2013 a m\u00falton r\u00e1g\u00f3dunk, vagy a j\u00f6v\u0151ben fant\u00e1zi\u00e1lunk \u2013, akkor elszalasztjuk az Istennel val\u00f3 kapcsolatot, mert Isten a jelenben van. \u0150t csak \u00e9s kiz\u00e1r\u00f3lag a jelenben lehet megtapasztalni. Teh\u00e1t figyelem a l\u00e9legzetemet, mosogat\u00e1s k\u00f6zben a kezemet, a v\u00edz hangj\u00e1t, h\u0151m\u00e9rs\u00e9klet\u00e9t, annak \u00e9rzet\u00e9t, ahogy \u00e1llok vagy \u00fcl\u00f6k. Mindig vissza a testembe. Azt, hogy testem a Szentl\u00e9lek temploma, ezen egyszer\u0171 kis gyakorlatokon kereszt\u00fcl zsigerileg tapasztalom meg. Nek\u00fcnk, kereszt\u00e9nyeknek a\u00a0<em style=\"box-sizing: inherit; line-height: inherit;\">me<\/em><em style=\"box-sizing: inherit; line-height: inherit;\">g<\/em><em style=\"box-sizing: inherit; line-height: inherit;\">testes\u00fcl\u00e9s<\/em>\u00a0\u00e9s a\u00a0<em style=\"box-sizing: inherit; line-height: inherit;\">testben val\u00f3<\/em>\u00a0f\u00f6lt\u00e1mad\u00e1s alapfogalmaink.<\/p>\n<p style=\"box-sizing: inherit; margin-bottom: 1rem; padding: 0px; font-size: 16px; line-height: 1.6; text-rendering: optimizelegibility; color: #767676; font-family: 'Open Sans', sans-serif;\"><span style=\"box-sizing: inherit; font-weight: bold; line-height: inherit;\">\u00a0<\/span><span style=\"box-sizing: inherit; font-weight: bold; line-height: inherit;\">\u2013 Ha nagyh\u00e9ten a keresztre n\u00e9z, mit jelent most \u00f6nnek?<\/span><\/p>\n<p style=\"box-sizing: inherit; margin-bottom: 1rem; padding: 0px; font-size: 16px; line-height: 1.6; text-rendering: optimizelegibility; color: #767676; font-family: 'Open Sans', sans-serif;\">\u2013 Nagyp\u00e9ntek \u00e9s h\u00fasv\u00e9t \u00f6sszetartozik. Nagyp\u00e9ntek a szomor\u00fas\u00e1g, h\u00fasv\u00e9t pedig az \u00f6r\u00f6m napja. \u00c9s e k\u00e9t rendk\u00edv\u00fcli \u00fcnnepnapot a nagyszombati csend k\u00f6ti \u00f6ssze. A h\u00fasv\u00e9t nem egyszer\u0171en f\u00f6lv\u00e1ltja nagyp\u00e9nteket \u2013 nem arr\u00f3l van sz\u00f3, hogy a f\u00e1jdalmat helyettes\u00edti az \u00f6r\u00f6m \u2013, hanem a kett\u0151 k\u00f6z\u00f6tt, a nagyszombati csendben az \u00e1talakul\u00e1s csod\u00e1ja zajlik. Amikor a gy\u00e1sz, a szomor\u00fas\u00e1g \u00f6r\u00f6mm\u00e9 v\u00e1ltozik. A hal\u00e1l hal\u00e1l\u00e1nak tan\u00fai vagyunk. Szeml\u00e9lj\u00fck, ahogy a hal\u00e1l pusztul\u00e1sa \u00fcdv\u00f6z\u00edt\u0151 jelenn\u00e9 v\u00e1lik. A hal\u00e1llal val\u00f3 tal\u00e1lkoz\u00e1s Krisztusnak az \u0151 \u201e\u00f3r\u00e1j\u00e1t\u201d jelenti: \u201eEz\u00e9rt az \u00f3r\u00e1\u00e9rt j\u00f6ttem!\u201d Nem k\u00edv\u00fclr\u0151l j\u00f6tt aj\u00e1nd\u00e9kk\u00e9nt birtokolja az \u00e9let\u00e9t, amit valaki is elvehetne t\u0151le, hanem azt mondja a J\u00e1nos-evang\u00e9liumban: \u201emagam adom oda\u201d. Ez az \u00f6nk\u00e9ntes odaad\u00e1s teheti szentt\u00e9, min\u0151s\u00e9giv\u00e9 a mostani heteket.<\/p>\n<p style=\"box-sizing: inherit; margin-bottom: 1rem; padding: 0px; font-size: 16px; line-height: 1.6; text-rendering: optimizelegibility; color: #767676; font-family: 'Open Sans', sans-serif;\"><span style=\"box-sizing: inherit; font-weight: bold; line-height: inherit;\">\u2013 Sokan h\u00edv\u0151 emberek most abban is kih\u00edv\u00e1st l\u00e1tunk, hogy megszokott \u00a0vall\u00e1sgyakorlatunkat \u2013 vas\u00e1rnapi szentmise, eucharisztia, imak\u00f6z\u00f6ss\u00e9g stb. \u2013 nem tudjuk folytatni. Mintha m\u00e9g a hit\u00fcnkbe sem kapaszkodhatn\u00e1nk.<\/span><\/p>\n<p style=\"box-sizing: inherit; margin-bottom: 1rem; padding: 0px; font-size: 16px; line-height: 1.6; text-rendering: optimizelegibility; color: #767676; font-family: 'Open Sans', sans-serif;\">\u2013 Ebben a koronav\u00edrusos, karant\u00e9nos nagyb\u00f6jtben a fentebb le\u00edrt praxissal folyamatosan e h\u00e1rom nap l\u00e9nyege t\u00e1rul el\u00e9nk. Most nem szertart\u00e1sok alkalmain, hanem heteken \u00e1t a sz\u00edv\u00fcnkben zajl\u00f3 folyamatokon kereszt\u00fcl \u00e9lj\u00fck meg ezt a szent, min\u0151s\u00e9gi id\u0151t.<\/p>\n<p style=\"box-sizing: inherit; margin-bottom: 1rem; padding: 0px; font-size: 16px; line-height: 1.6; text-rendering: optimizelegibility; color: #767676; font-family: 'Open Sans', sans-serif;\">\u00c1talakul\u00e1s zajlik benn\u00fcnk, az orsz\u00e1gban, a vil\u00e1gban. A figyelemmel teli csendben sok mindenre f\u00e9ny der\u00fclhet, ami nem az \u00e9letet, hanem a hal\u00e1lt t\u00e1pl\u00e1lta benn\u00fcnk. \u00c9beren virrasztva, tudatos, odaad\u00f3 jelenl\u00e9tben, az \u00f6nmagammal val\u00f3 szeretetteljes egy\u00fctt\u00e9rz\u00e9ssel \u00e9s megbocs\u00e1t\u00e1ssal hagyom, hogy mindez megv\u00e1lt\u00f3djon, hogy a hal\u00e1l \u00e9lett\u00e9 transzform\u00e1l\u00f3djon bennem. Maradok, m\u00edg \u00e1tmegyek. Saj\u00e1t s\u00f6t\u00e9ts\u00e9gemen \u00e1thaladva \u00e9lhetem meg a szabadul\u00e1som \u00f6r\u00f6m\u00e9t, felt\u00e1mad\u00e1somat.<\/p>\t\t\t\t\t\t\t\t<\/div>\n\t\t\t\t<\/div>\n\t\t\t\t\t<\/div>\n\t\t<\/div>\n\t\t\t\t\t<\/div>\n\t\t<\/section>\n\t\t\t\t<section class=\"has_eae_slider elementor-section elementor-top-section elementor-element elementor-element-438110f elementor-section-boxed elementor-section-height-default elementor-section-height-default\" data-id=\"438110f\" data-element_type=\"section\">\n\t\t\t\t\t\t<div class=\"elementor-container elementor-column-gap-default\">\n\t\t\t\t\t<div class=\"has_eae_slider elementor-column elementor-col-100 elementor-top-column elementor-element elementor-element-d648734\" data-id=\"d648734\" data-element_type=\"column\">\n\t\t\t<div class=\"elementor-widget-wrap elementor-element-populated\">\n\t\t\t\t\t\t<div class=\"elementor-element elementor-element-ebd4c8e elementor-widget elementor-widget-text-editor\" data-id=\"ebd4c8e\" data-element_type=\"widget\" data-widget_type=\"text-editor.default\">\n\t\t\t\t<div class=\"elementor-widget-container\">\n\t\t\t\t\t\t\t\t\t<p>T\u00e1bori K\u00e1lm\u00e1n, A Sz\u00edv, 2020. \u00e1prilis &#8211; Fot\u00f3k: Gy\u00f6ngy J\u00e1nos<\/p><p>forr\u00e1s: jezsuitakiado.hu<\/p>\t\t\t\t\t\t\t\t<\/div>\n\t\t\t\t<\/div>\n\t\t\t\t\t<\/div>\n\t\t<\/div>\n\t\t\t\t\t<\/div>\n\t\t<\/section>\n\t\t\t\t<section class=\"has_eae_slider elementor-section elementor-top-section elementor-element elementor-element-2ee28a7 elementor-section-boxed elementor-section-height-default elementor-section-height-default\" data-id=\"2ee28a7\" data-element_type=\"section\">\n\t\t\t\t\t\t<div class=\"elementor-container elementor-column-gap-default\">\n\t\t\t\t\t<div class=\"has_eae_slider elementor-column elementor-col-100 elementor-top-column elementor-element elementor-element-8c718c0\" data-id=\"8c718c0\" data-element_type=\"column\">\n\t\t\t<div class=\"elementor-widget-wrap elementor-element-populated\">\n\t\t\t\t\t\t<div class=\"elementor-element elementor-element-d738ac7 elementor-widget elementor-widget-spacer\" data-id=\"d738ac7\" data-element_type=\"widget\" data-widget_type=\"spacer.default\">\n\t\t\t\t<div class=\"elementor-widget-container\">\n\t\t\t\t\t\t\t<div class=\"elementor-spacer\">\n\t\t\t<div class=\"elementor-spacer-inner\"><\/div>\n\t\t<\/div>\n\t\t\t\t\t\t<\/div>\n\t\t\t\t<\/div>\n\t\t\t\t\t<\/div>\n\t\t<\/div>\n\t\t\t\t\t<\/div>\n\t\t<\/section>\n\t\t\t\t<\/div>","protected":false},"excerpt":{"rendered":"<p>Tariska Eszter 1955-ben sz\u00fcletett reform\u00e1tus lelk\u00e9sz csal\u00e1dban. \u00c9let\u00e9nek els\u0151 fel\u00e9ben h\u00e1zass\u00e1gban \u00e9lt, egy gyermeket nevelt f\u00e9rj\u00e9vel, \u00e9s a debreceni Kod\u00e1ly K\u00f3rus sz\u00f3lamvezet\u0151jek\u00e9nt bej\u00e1rta a vil\u00e1got. Negyvenk\u00e9t \u00e9vesen, a f\u00e9rje hal\u00e1la k\u00f6r\u00fcli id\u0151ben t\u00f6bb m\u00e9ly imatapasztalat hat\u00e1s\u00e1ra a g\u00f6r\u00f6g katolikus egyh\u00e1zba t\u00e9rt, \u00e9s az \u00e9nekesi p\u00e1ly\u00e1t feladva a m\u00e1riap\u00f3csi Nagy Szent [&hellip;]<\/p>","protected":false},"author":1,"featured_media":0,"parent":0,"menu_order":0,"comment_status":"closed","ping_status":"closed","template":"","meta":{"_exactmetrics_skip_tracking":false,"_exactmetrics_sitenote_active":false,"_exactmetrics_sitenote_note":"","_exactmetrics_sitenote_category":0,"footnotes":""},"class_list":["post-1965","page","type-page","status-publish","hentry"],"_links":{"self":[{"href":"https:\/\/www.posticum.ro\/ro\/wp-json\/wp\/v2\/pages\/1965","targetHints":{"allow":["GET"]}}],"collection":[{"href":"https:\/\/www.posticum.ro\/ro\/wp-json\/wp\/v2\/pages"}],"about":[{"href":"https:\/\/www.posticum.ro\/ro\/wp-json\/wp\/v2\/types\/page"}],"author":[{"embeddable":true,"href":"https:\/\/www.posticum.ro\/ro\/wp-json\/wp\/v2\/users\/1"}],"replies":[{"embeddable":true,"href":"https:\/\/www.posticum.ro\/ro\/wp-json\/wp\/v2\/comments?post=1965"}],"version-history":[{"count":31,"href":"https:\/\/www.posticum.ro\/ro\/wp-json\/wp\/v2\/pages\/1965\/revisions"}],"predecessor-version":[{"id":2912,"href":"https:\/\/www.posticum.ro\/ro\/wp-json\/wp\/v2\/pages\/1965\/revisions\/2912"}],"wp:attachment":[{"href":"https:\/\/www.posticum.ro\/ro\/wp-json\/wp\/v2\/media?parent=1965"}],"curies":[{"name":"wp","href":"https:\/\/api.w.org\/{rel}","templated":true}]}}