{"id":1861,"date":"2021-03-01T12:04:49","date_gmt":"2021-03-01T12:04:49","guid":{"rendered":"http:\/\/temp.posticum.ro\/?page_id=1861"},"modified":"2021-12-14T18:38:00","modified_gmt":"2021-12-14T16:38:00","slug":"jazz","status":"publish","type":"page","link":"https:\/\/www.posticum.ro\/ro\/jazz\/","title":{"rendered":"Jazz"},"content":{"rendered":"<h2>A dzsessz nagyk\u00f6vete zongor\u00e1zott V\u00e1radon<\/h2>\n<p style=\"text-indent: 35.4pt;\">Fenn\u00e1ll\u00e1s\u00e1nak t\u00edz \u00e9ves jubileum\u00e1t m\u00e9lt\u00f3 rendezv\u00e9nnyel \u00fcnnepelte a nagyv\u00e1radi Posticum k\u00f6zpont, ugyanis nem m\u00e1st h\u00edvott meg muzsik\u00e1lni p\u00e9nteken este, mint a dzsesszvil\u00e1gban vil\u00e1gh\u00edr\u0171, Liszt- \u00e9s Kossuth d\u00edjas Szakcsi Lakatos B\u00e9la zongoram\u0171v\u00e9szt. A koncert elej\u00e9n a m\u0171v\u00e9sz bevallotta, hogy most van harmadszor Rom\u00e1ni\u00e1ban, de mivel Nagyv\u00e1radon azel\u0151tt sohasem j\u00e1rt, \u00e9s hogy emiatt ne \u00e9rezze mag\u00e1t egyed\u00fcl, ez\u00e9rt az eredetileg sz\u00f3l\u00f3estre tervezett koncertj\u00e9re k\u00e9t muzsikust\u00e1rsat is mag\u00e1val h\u00edvta: a m\u00e1r-m\u00e1r tiszteletbeli v\u00e1radinak sz\u00e1m\u00edt\u00f3 Bal\u00e1zs Elem\u00e9r dobost, \u00e9s a fiatal kora ellen\u00e9re m\u00e1ris nemzetk\u00f6zi rang\u00fa b\u0151g\u0151st Lakatos Pecek Kriszti\u00e1nt. A nagyv\u00e1radi k\u00f6z\u00f6ns\u00e9g kitett mag\u00e1\u00e9rt, \u00fagyhogy b\u00edzhatunk abban, hogy a fogadtat\u00e1son nem m\u00falott az, hogy Szakcsi Lakatos B\u00e9la j\u00f3l \u00e9rezze mag\u00e1t a Sebes-K\u00f6r\u00f6s parti v\u00e1rosban. Sokan elj\u00f6ttek a Posticum<b style=\"font-size: inherit; text-indent: 35.4pt; font-family: Garamond, serif;\"> <\/b>dzsesszf\u00f6ldj\u00e9re meghallgatni a tri\u00f3t, \u00e9s a k\u00f6z\u00f6ns\u00e9g soraiban nem kev\u00e9s rom\u00e1n sz\u00f3t hallottam, ami jelzi, hogy a j\u00f3, ig\u00e9nyes zen\u00e9nek nincsenek nyelvi, kultur\u00e1lis hat\u00e1rai. Az elhangzott muzsik\u00e1r\u00f3l neh\u00e9z \u00edrnia a dzsessz m\u0171faj\u00e1ban kiemelten j\u00e1ratlan tud\u00f3s\u00edt\u00f3nak, annyit azonban botf\u00fcllel is meg lehetett \u00e1llap\u00edtani, hogy a h\u00e1rom muzsikus olyan k\u00f6nnyed\u00e9n kezelte hangszer\u00e9t, mint amilyen k\u00f6nnyed\u00e9n lelegeznek. Mivel nem sz\u00f3l\u00f3estr\u0151l volt sz\u00f3, ez\u00e9rt Szakcsi Lakatos B\u00e9la engedte kibontakozni zen\u00e9szt\u00e1rsait is, t\u00e1g improviz\u00e1ci\u00f3s teret engedve mind Bal\u00e1zs Elem\u00e9rnek mind Lakatos Pecek Kriszti\u00e1nnak, akik \u00e9ltek is a lehet\u0151s\u00e9ggel legjobb tud\u00e1suk szerint. Az a tud\u00e1s pedig m\u00e9g a legv\u00e1jtf\u00fcl\u00fcbbeket is meggy\u0151zhette arr\u00f3l, hogy nem hi\u00e1ba j\u00f6ttek el a Posticumba. Az els\u0151 r\u00e9sz r\u00e1ad\u00e1s\u00e1ban <i style=\"font-size: inherit; text-indent: 35.4pt; font-family: Garamond, serif;\">Szakcsi Lakatos B\u00e9la<\/i> elj\u00e1tszott egy zongor\u00e1ra \u00edrt saj\u00e1t kompoz\u00edci\u00f3t: a szerelemr\u0151l sz\u00f3l\u00f3 m\u0171 megszeppent\u0151 sz\u00e9ps\u00e9ge \u00e1tvezetett egy m\u00e1sik hangulatvil\u00e1gba az addigi l\u00fcktet\u0151, lend\u00fcletes dzsesszmili\u0151b\u0151l. Sz\u00fcnet ut\u00e1n ott folytatt\u00e1k, ahol abbahagyt\u00e1k: a zen\u00e9szek improviz\u00e1ci\u00f3i folyamatosan ov\u00e1ci\u00f3ra \u00e9s tapsra k\u00e9sztett\u00e9k a k\u00f6z\u00f6ns\u00e9get, mely egy \u00fajabb eml\u00e9kezetes koncerttel lett gazdagabb a Posticum j\u00f3volt\u00e1b\u00f3l.<\/p>\n<p><i style=\"text-align: right;\">Pap Istv\u00e1n, Bihari Napl\u00f3, 2010. febru\u00e1r 1.<\/i><\/p>\n<h2>Egy vil\u00e1gj\u00e1r\u00f3 szaxofonos V\u00e1radon<\/h2>\n<p style=\"margin: 0cm; margin-bottom: .0001pt; text-align: justify; text-indent: 35.4pt;\">Ha valakir\u0151l elmondhat\u00f3, hogy vil\u00e1gszt\u00e1rokkal muzsik\u00e1lt egy\u00fctt, akkor az egyes\u00fclt \u00e1llamokbeli szaxofonm\u0171v\u00e9sz Tim Reis ilyen muzsikus, hiszen karrierje sor\u00e1n fell\u00e9pett m\u00e1r Michael Jacksonnal, Stevie Wonderrel \u00e9s a Rolling Stones-szal is. Szombaton este a nagyv\u00e1radi <em>Posticum<\/em>ban ugyan nem ekkora vil\u00e1gszt\u00e1rokkal, de legal\u00e1bb hozz\u00e1juk m\u00e9rhet\u0151en k\u00e9pzett muzsikusokkal l\u00e9pett fel. Zen\u00e9szt\u00e1rsai a Nagyv\u00e1radot m\u00e1sodik otthon\u00e1nak vall\u00f3 Bal\u00e1zs Elem\u00e9r dobos, Bal\u00e1zs J\u00f3zsef billenty\u0171s \u00e9s Lakatos Pecek Kriszti\u00e1n b\u0151g\u0151 voltak. Ez az \u00f6ssze\u00e1ll\u00edt\u00e1s m\u00e1r eleve garancia volt arra, hogy nagyszer\u0171 min\u0151s\u00e9g\u0171 <strong>jazzmuzsika<\/strong> fog elhangzani, \u00e9s akik megjelentek a koncerten, v\u00e1rakoz\u00e1sukban semmik\u00e9pp sem csalatkoztak. A m\u0171sor els\u0151 r\u00e9sz\u00e9ben Tim Reis kompoz\u00edci\u00f3k hangzottak el, melyekre jellemz\u0151 volt, hogy egy k\u00f6nny\u0171zenei hat\u00e1s\u00fa alapt\u00e9m\u00e1ra \u00e9p\u00fcltek, \u00e9s ezekb\u0151l bontott\u00e1k ki a muzsikusok a k\u00fcl\u00f6nb\u00f6z\u0151 vari\u00e1ci\u00f3kat. Tim r\u00f6vid felvezet\u0151 sz\u00f6vegekkel ismertette az \u00e9ppen elhangzani k\u00e9sz\u00fcl\u0151 kompoz\u00edci\u00f3k sz\u00fclet\u00e9s\u00e9nek t\u00f6rt\u00e9net\u00e9t, inspir\u00e1ci\u00f3s forr\u00e1s\u00e1t, \u00edgy tudtuk meg azt, hogy dalainak t\u00f6bbs\u00e9g\u00e9t valakinek, vagy valakire gondolva \u00edrja, illetve azt, hogy a koncertkezd\u0151 Life Changes c\u00edm\u0171 alkot\u00e1s \u00e9l\u0151ben Nagyv\u00e1radon hangzott fel el\u0151sz\u00f6r. A koncert els\u0151 r\u00e9sz\u00e9nek befejez\u00e9sek\u00e9nt a Rolling Stones Streetfighting Man c\u00edm\u0171 dal\u00e1nak er\u0151sen <strong>jazz<\/strong>es verzi\u00f3j\u00e1t sz\u00f3laltatt\u00e1k meg. A sz\u00fcnet ut\u00e1n Bal\u00e1zs J\u00f3zsef dalok \u00e9s egy Lakatos Pecek Kriszti\u00e1n dal is elhangzott <strong>jazz<\/strong><b> <\/b>standardek mellett. Szimpatikus volt, hogy Ries nem uralta le a koncertet, nem akart a m\u0171sor minden pillanat\u00e1ban a figyelem k\u00f6z\u00e9ppontj\u00e1ban \u00e1llni, hanem a muzsikusoknak megadta a megmutatkoz\u00e1si lehet\u0151s\u00e9g\u00e9t, \u00e9s mondani sem kell, hogy mindh\u00e1rom zen\u00e9szt\u00e1rsa k\u00e9szs\u00e9ggel indult el egy kis zenei kalandoz\u00e1sra hangszer\u00e9vel, \u00e9s t\u00f6bbsz\u00f6r Tim keveredett hangszerp\u00e1rbajba hol Bal\u00e1zs J\u00f3zseffel, hol Lakatos Pecek Kriszti\u00e1nnal. Nemcsak a m\u0171sor eg\u00e9sze, de maguk a kompoz\u00edci\u00f3k is v\u00e1ltozatosak voltak, a lass\u00fa t\u00e9m\u00e1k gyors ritmus\u00fa r\u00f6gt\u00f6nz\u00e9sekbe csaptak \u00e1t, hogy hossz\u00fa kalandoz\u00e1s ut\u00e1n visszat\u00e9rjenek a f\u0151 t\u00e9m\u00e1hoz.. A dinamikai v\u00e1lt\u00e1sok fantasztikusak voltak, a zen\u00e9szek olyannyira \u00e9rezt\u00e9k egym\u00e1st, mintha nem egy alkalmi turn\u00e9n venn\u00e9nek r\u00e9szt, hanem m\u00e1r \u00e9vtizedek \u00f3ta egy\u00fctt j\u00e1tszan\u00e1nak. Nagyon profi, eml\u00e9kezetes <em>koncert<\/em><i> <\/i>volt.<\/p>\n<p><i>Pap Istv\u00e1n, erdon.ro, 2011. augusztus 15.<\/i><\/p>\n<h2>Egy nagy zenekar nagy koncertje<\/h2>\n<p style=\"margin: 0cm; margin-bottom: .0001pt; text-align: justify; text-indent: 35.4pt;\">A nagyv\u00e1radi <em>Posticum <\/em>jazzkoncertekre szakosodott pincehelyis\u00e9g\u00e9ben, a <em>Jazzlandben <\/em>szinte m\u00e1r megszokott\u00e1 v\u00e1lt az, hogy rendk\u00edv\u00fcl rangos vend\u00e9gek l\u00e9pnek fel, m\u00e1r-m\u00e1r felsorolni sem lehet, h\u00e1ny neves megh\u00edvott <em>muzsik\u00e1lt <\/em>ott. Vas\u00e1rnap este \u00e9rkezett el a pillanat, hogy a <em>Budapest Jazz Orchestra<\/em> adjon rangot a Jazzlandnek. Aki ismeri a zenekart \u00e9s szereti a klasszikus jazz m\u0171faj\u00e1t, az nem hagyta ki a vas\u00e1rnap esti bulit, ennek eredm\u00e9nyek\u00e9ppen a kezd\u00e9sre m\u00e1r teljesen megtelt az egy\u00e9bk\u00e9nt nagyon hangulatos pincehelyis\u00e9g. Az alapvet\u0151en r\u00e9zf\u00fav\u00f3szenekar egy n\u00e9gytag\u00fa ritmusszekci\u00f3val kieg\u00e9sz\u00fclve (dob, git\u00e1r, b\u0151g\u0151, zongora) nem sokkal este h\u00e9t \u00f3ra ut\u00e1n kezdte el hangverseny\u00e9t. A <em>Jazzlandben <\/em>megszokott az is, hogy a zen\u00e9szek k\u00e9t r\u00e9szben adj\u00e1k el\u0151 m\u0171sorukat, \u00edgy volt ez most is, a<em> Budapest Jazz Orchestra<\/em> is beiktatott egy sz\u00fcnetet a programj\u00e1ba, ez id\u0151 alatt a jelenlev\u0151k megt\u00e1rgyalt\u00e1k az addig l\u00e1tottakat, hallottakat \u00e9s a tombola kisorsol\u00e1s\u00e1ra is sor ker\u00fclt.<o:p><\/o:p><\/p>\n<p style=\"margin: 0cm; margin-bottom: .0001pt; text-align: justify; text-indent: 35.4pt;\">A <em>Budapest Jazz Orchestra <\/em>egy klasszikus big band fel\u00e1ll\u00e1s\u00fa form\u00e1ci\u00f3 r\u00e9szf\u00fav\u00f3s \u00e9s ritmusszekci\u00f3val, mely t\u00f6k\u00e9letesen vissza tudja adni a klasszikus jazz, a swing korszak hangulat\u00e1t \u00e9s hangz\u00e1s\u00e1t, de kort\u00e1rs zeneszerz\u0151k jazzkompoz\u00edci\u00f3it is j\u00e1tszott\u00e1k a vas\u00e1rnap esti koncerten <strong>Cole Porter <\/strong>\u00e9s m\u00e1s klasszikus szerz\u0151k alkot\u00e1sai mellett. Ezen az esten a f\u0151szerep term\u00e9szetesen a r\u00e9zf\u00fav\u00f3sok\u00e9 volt, melyek igazi egys\u00e9get alkottak. A n\u00e9gy trombita, n\u00e9gy harsona \u00e9s \u00f6t szaxofon, illetve klarin\u00e9t nagyon telt hangz\u00e1st biztos\u00edtott. Ezt a r\u00e9zf\u00fav\u00f3s hangz\u00e1st nagyon kellemesen sz\u00ednes\u00edtette a ritmusszekci\u00f3. K\u00fcl\u00f6n kiemelend\u0151, hogy nem csak a f\u00fav\u00f3sok, de a ritmusszekci\u00f3 muzsikusai is t\u00f6bbsz\u00f6r v\u00e1llalkoztak improviz\u00e1ci\u00f3kra: H\u00e1rs Viktor basszusgit\u00e1ros, Gy\u00e1rf\u00e1s Istv\u00e1n git\u00e1ros \u00e9s Juh\u00e1sz Attila zongorista sz\u00f3l\u00f3i \u00e9lm\u00e9nysz\u00e1mba mentek csak\u00fagy mint a k\u00fcl\u00f6nb\u00f6z\u0151 trombita, harsona vagy \u00e9ppen szaxofonsz\u00f3l\u00f3k. A k\u00f6zel k\u00e9t \u00f3r\u00e1s koncertet nagyon kedvez\u0151en fogadta a k\u00f6z\u00f6ns\u00e9g, kijutott a muzsikusoknak a hangos tapsb\u00f3l \u00e9s ov\u00e1ci\u00f3b\u00f3l. M\u00e1ris alig v\u00e1rjuk, milyen jazzesem\u00e9nnyel rukkol el\u0151 a Posticum legk\u00f6zelebb.<\/p>\n<p><i>Pap Istv\u00e1n, erdon.ro, 2012. \u00e1prilis 23.<\/i><\/p>\n<h2>&#8222;A zene az, ami a csendb\u0151l hi\u00e1nyzik&#8221;<\/h2>\n<p><i>A III. Posticum Jazz Fesztiv\u00e1l keret\u00e9ben l\u00e9pett fel 2012. m\u00e1jus 19-\u00e9n Nagyv\u00e1radon Vuk\u00e1n Gy\u00f6rgy zongoram\u0171v\u00e9sz, aki az id\u00e9n kapta meg a legrangosabb anyaorsz\u00e1gi hivatalos elismer\u00e9st, a Kossuth-d\u00edjat. A Bihari Napl\u00f3 vele k\u00e9sz\u00edtett interj\u00faj\u00e1t olvashatj\u00e1k az al\u00e1bbiakban.<o:p><\/o:p><\/i><\/p>\n<p style=\"text-align: justify;\"><strong><i>M\u00e1r t\u00f6bbsz\u00f6r j\u00e1rt Nagyv\u00e1radon. Hogy \u00e9rzi mag\u00e1t itt, \u00e9s milyennek \u00e9rzi az itteni fogadtat\u00e1st?<\/i><\/strong><b><i><o:p><\/o:p><\/i><\/b><\/p>\n<p style=\"text-align: justify;\">A nagyv\u00e1radi fell\u00e9p\u00e9seim k\u00f6z\u00fcl ez a helysz\u00edn, a <em>Posticum <\/em>\u00e1ll hozz\u00e1m a legk\u00f6zelebb. Tetszik Imre testv\u00e9rnek (Rencsik Imre, a nagyv\u00e1radi Posticum vezet\u0151je \u2013 szerk. megj.) a hozz\u00e1\u00e1ll\u00e1sa, az \u0151 k\u00fczdelme minden\u00e9rt, a jazz\u00e9rt is. Ez p\u00e9ldamutat\u00f3 \u00e9rt\u00e9k.<o:p><\/o:p><\/p>\n<p style=\"text-align: justify;\"><strong><i>\u00d6n ma (m\u00falt vas\u00e1rnap \u2013 szerk. megj.) gyerekeknek is j\u00e1tszott. Hogyan fogadt\u00e1k \u0151k az \u00f6n muzsik\u00e1j\u00e1t?<\/i><\/strong><b><i><o:p><\/o:p><\/i><\/b><\/p>\n<p style=\"text-align: justify;\">Boldogs\u00e1g n\u00e9zni azt, amikor eltal\u00e1lod azt, ami nekik tetszik, mert azonnal reag\u00e1lnak. Az ember nem is gondoln\u00e1, hogy a gyerekek a b\u0151r\u00fck\u00f6n \u00e9rzik a zen\u00e9t. Ha tetszik nekik, amit hallanak, elkezdenek mosolyogni, odafigyel\u00e9s\u00fck \u0151szinte, nem manipul\u00e1lt. \u00c9s nem igaz az sem, hogy \u00e9rteni kell a zen\u00e9hez: az a j\u00f3 k\u00f6z\u00f6ns\u00e9g, amelyik nem okoskodik, hanem nyitott sz\u00edvvel hallgatja a zen\u00e9t.<o:p><\/o:p><\/p>\n<p style=\"text-align: justify;\"><strong><i>V\u00e1radon nagy fejl\u0151d\u00e9snek indult a jazz, legal\u00e1bbis ami a koncertek sz\u00e1m\u00e1t illeti, de sz\u00e9lesebb kitekint\u00e9sben \u00f6n szerint milyen manaps\u00e1g a jazz fogadtat\u00e1sa?<\/i><\/strong><b><i><o:p><\/o:p><\/i><\/b><\/p>\n<p style=\"text-align: justify;\">A <em>jazz <\/em>nagyon j\u00f3l \u00e1ll, legal\u00e1bbis Eur\u00f3p\u00e1ban. Nincs probl\u00e9ma vele, a kort\u00e1rs klasszikus zen\u00e9vel viszont ann\u00e1l ink\u00e1bb, mert a legelvetem\u00fcltebb jazz is sz\u00f3l valamir\u0151l, de ezek a kort\u00e1rs zenei darabok semmir\u0151l nem sz\u00f3lnak, \u00e9s senkit nem \u00e9rintenek meg igaz\u00e1n. \u00c9n azt szoktam mondani a tan\u00edtv\u00e1nyoknak, hogy \u201egyerekek, ne Beethovent akarj\u00e1tok lej\u00e1tszani, hanem azt, ahonnan Beethoven is kapta a zen\u00e9t!\u201d A nagybet\u0171s Zene a J\u00f3istenn\u00e9l van. Beethoven nem meg\u00edrta, hanem le\u00edrta azt az \u00fczenetet, amit kapott, \u00e9s ez az \u0151 nagy \u00e9rdeme. Lej\u00e1tszani nem a hangjegyeket kell, hanem azt, ami a hangjegyek m\u00f6g\u00f6tt van. Bach nem v\u00e9letlen\u00fcl nem \u00edrt le semmit a kott\u00e1ba a hangokon k\u00edv\u00fcl, mert szerintem benne fel sem mer\u00fclt, hogy ezt vagy azt oda kell \u00edrni; egy v\u00e9rbeli zen\u00e9sz elkezdi j\u00e1tszani a kompoz\u00edci\u00f3it, \u00e9s azt\u00e1n \u00fagyis \u00e9rezni fogja, mir\u0151l van sz\u00f3. De ma m\u00e1r a kort\u00e1rs zen\u00e9ben minden hang el\u00e9 van \u00edrva egy jel.<o:p><\/o:p><\/p>\n<p style=\"text-align: justify;\"><strong><i>Hogyan lehet r\u00e1vezetni a mai el\u0151ad\u00f3t arra, hogy ezt a zene m\u00f6g\u00f6tti zen\u00e9t meghallja?<\/i><\/strong><b><i><o:p><\/o:p><\/i><\/b><\/p>\n<p style=\"text-align: justify;\">A p\u00f3diumon teljesen mindegy, hogy ki a szerz\u0151, mert ott az el\u0151ad\u00f3 k\u00f6zvet\u00edti az \u00fczenetet, ez\u00e9rt annyira mag\u00e1ra kell szabnia, annyira szeretnie kell az el\u0151adott darabot, mintha az a saj\u00e1tja lenne. Az el\u0151ad\u00f3nak meg kell legyen a k\u00e9pess\u00e9ge ahhoz, hogy a darabban ne a hangjegyeket, hanem a m\u00f6g\u00f6ttes tartalmakat l\u00e1ssa \u00e9s \u00e9rz\u00e9keltesse. Val\u00f3j\u00e1ban egy rendk\u00edv\u00fcl egyszer\u0171 alaphelyzet m\u0171k\u00f6dik itt, csak szavakat neh\u00e9z r\u00e1 tal\u00e1lni. A zene t\u0151l\u00fcnk f\u00fcggetlen\u00fcl valahol van, ebb\u0151l mindenki kihallja azt az \u00fczenetet, amit kap. A zene az, ami a csendb\u0151l hi\u00e1nyzik. Ha otthon \u00fcl\u00f6k a csendben, meghallom a zen\u00e9t, \u00e9s est\u00e9re megvan t\u00edz oldalnyi szimfonikus m\u0171. Nem kell g\u00f6rcs\u00f6sen akarni, nem kell azt hinni, hogy milyen okos vagyok, mert a zen\u00e9hez sz\u00edv, f\u00fcl, al\u00e1zat \u00e9s tehets\u00e9g kell. Tehets\u00e9g n\u00e9lk\u00fcl nincs m\u0171v\u00e9szet, ezt tudom\u00e1sul kell vennie mindenkinek. Sajnos, ezt haszn\u00e1lja ki az oktat\u00e1s akkor, amikor azt mondja, hogy meg tud valakit tan\u00edtani zen\u00e9lni. Egy zeneakad\u00e9mia semmire nem tud megtan\u00edtani, jobban mondva f\u00f6l\u00f6sleges dolgokra tan\u00edt, hiszen ha valaki lej\u00e1tszik egy darabot, \u00fagy, ahogy elmondt\u00e1k neki, az kit \u00e9rdekel? Minden zeneakad\u00e9mia m\u00f6g\u00f6tt p\u00e9nz van, de a m\u0171v\u00e9szet nem ez. Mert mi az, hogy \u00e9n beiratkozom egy akad\u00e9mi\u00e1ra, \u00e9s n\u00e9h\u00e1ny \u00e9v m\u00falva, ha csak ki nem r\u00fagnak valamilyen fegyelmi okn\u00e1l fogva, kapok egy pap\u00edrt arr\u00f3l, hogy m\u0171v\u00e9sz vagyok?! Ilyen nincs! Azok a zeneszerz\u0151k, akiket tan\u00edtanak a zeneakad\u00e9mi\u00e1n Bacht\u00f3l Chopinig, szint\u00e9n nem j\u00e1rtak zeneakad\u00e9mi\u00e1ra, mint ahogy legjobb sz\u00edn\u00e9szeink sem j\u00e1rtak akad\u00e9mi\u00e1ra.<o:p><\/o:p><\/p>\n<p style=\"text-align: justify;\"><strong><i>Melyik m\u0171v\u00e9sz el\u0151ad\u00e1sa volt nagy hat\u00e1ssal volt \u00f6nre az ut\u00f3bbi \u00e9vekben?<\/i><\/strong><b><i><o:p><\/o:p><\/i><\/b><\/p>\n<p style=\"text-align: justify;\">A Keith Jarrett-\u00e9. \u0150 a huszadik sz\u00e1zad egyik legnagyobb m\u0171v\u00e9sze. A m\u00falt sz\u00e1zadban szerintem k\u00f6r\u00fclbel\u00fcl \u00f6t nagy zongoram\u0171v\u00e9sz volt, a t\u00f6bbiek meg csak zongor\u00e1ztak. Jarrett zongoram\u0171v\u00e9sz: k\u00e9pzett, intelligens, olyan dolgok birtok\u00e1ban van, ami egyszer\u0171en p\u00e1ratlan. A zen\u00e9hez \u00e9sz kell, de \u00fagy kell kompon\u00e1lni vagy koncertezni, hogy az \u00e9szt ne vegyem \u00e9szre. A sz\u00edvnek musz\u00e1j domin\u00e1lni, mert a m\u0171v\u00e9szet az \u00e9rzelmek ment\u00e9n hat, azt nem fedheti le az okoss\u00e1g. Bart\u00f3k B\u00e9l\u00e1val is az a bajom, hogy sajnos \u00e1lland\u00f3an eszembe jut, hogy milyen okos volt. Chopint hallgatva ez nem jut eszedbe, csak folynak a k\u00f6nnyeid.<o:p><\/o:p><\/p>\n<p style=\"text-align: justify;\"><strong><i>\u00d6n szerint kik azok a zeneszerz\u0151k, akikn\u00e9l a sz\u00edv domin\u00e1l?<\/i><\/strong><b><i><o:p><\/o:p><\/i><\/b><\/p>\n<p style=\"text-align: justify;\">\u00c9n is szoktam k\u00e9rdezni az embereket, hogy szerint\u00fck a huszadik sz\u00e1zad zeneszerz\u00e9s\u00e9b\u0151l mi fog fennmaradni k\u00e9tsz\u00e1z \u00e9v m\u00falva. Nekem egy tuti tippem van: Gershwin. \u0150 a huszadik sz\u00e1zad legeredetibb komponist\u00e1ja volt. \u0150 nem csin\u00e1lt dodekaf\u00f3ni\u00e1t, egyszer\u0171en csak a sz\u00edv\u00e9b\u0151l \u00edrt ut\u00e1nozhatatlan m\u0171veket. Zen\u00e9je modern, \u00fajszer\u0171, \u00e9s minden hangja igaz, \u00e9s a n\u00e9pzen\u00e9t is \u00fagy belekompon\u00e1lta a m\u0171veibe, hogy az eg\u00e9sz huszadik sz\u00e1zadi komponista g\u00e1rda csak kulloghat ut\u00e1na. Nem a rendszer hat\u00e1rozza meg az \u00e9rzelmet, hanem az \u00e9rzelemhez kell megtal\u00e1lni a megfelel\u0151 rendszert.<o:p><\/o:p><\/p>\n<p style=\"text-align: justify;\"><strong><i>A saj\u00e1t \u00e9letm\u0171v\u00e9b\u0151l melyek azok a m\u0171vek, melyek biztosan fennmaradnak?<\/i><\/strong><b><i><o:p><\/o:p><\/i><\/b><\/p>\n<p style=\"text-align: justify;\">Ezt nem tudom megmondani, de a Mise, amit a p\u00e1pa l\u00e1togat\u00e1s\u00e1ra kompon\u00e1ltam, egyre jobbnak t\u0171nik. Van egy k\u00e9tr\u00e9szes balettm\u0171vem a Derbi, ami k\u00e9t \u00e9s f\u00e9l \u00e9vig ment az oper\u00e1ban, a zongoraversenyem, ezek, \u00e9s tal\u00e1n m\u00e9g n\u00e9h\u00e1ny darabom fennmarad. Ennyi el\u00e9g is. Gershwinnek is fennmarad a Porgy and Bess-e, a K\u00e9k rapsz\u00f3di\u00e1ja meg az F-d\u00far zongoraversenye, \u00e9s ha Bart\u00f3k B\u00e9l\u00e1nak fennmarad a Csod\u00e1latos mandarinja \u2013 mert az a legjobb m\u0171ve \u2013, meg a Zene h\u00faros \u00e9s \u00fct\u0151hangszerekre \u00e9s celeszt\u00e1ra, akkor \u0151 is \u00f6r\u00fclhet.<o:p><\/o:p><\/p>\n<p style=\"text-align: justify;\"><strong><i>Mit jelent az \u00f6n sz\u00e1m\u00e1ra a Kossuth-d\u00edj?<\/i><\/strong><b><i><o:p><\/o:p><\/i><\/b><\/p>\n<p style=\"text-align: justify;\">J\u00f3l esett, hogy megkaptam. Hetvenegy \u00e9vet v\u00e1rtam r\u00e1, \u00fagyhogy \u0151szint\u00e9n sz\u00f3lva nincs olyan \u00e9rz\u00e9sem, hogy nem \u00e9rdemeltem meg. \u00c9n annyi mindent csin\u00e1ltam \u00e9letemben: negyvenhat \u00e9vig orvos voltam, van egy fog\u00e1szati vil\u00e1gszabadalmam, 130 filmzen\u00e9t \u00edrtam, hatsz\u00e1z m\u0171vet kompon\u00e1ltam, zongoristak\u00e9nt bej\u00e1rtam a vil\u00e1got. Az ut\u00f3bbi \u00e9vekben m\u00e1r szinte f\u00e9ltem m\u00e1rcius 15-t\u0151l, mert mindig megk\u00e9rdezt\u00e9k az \u00fajs\u00e1g\u00edr\u00f3k, hogyhogy m\u00e9g nem kaptam meg a d\u00edjat. Konkr\u00e9tan tudom, hogy ennek szem\u00e9lyes okai voltak.<o:p><\/o:p><\/p>\n<p style=\"text-align: justify;\"><strong><i>Nem \u00e9rzi \u00fagy, hogy Nyugaton m\u00e9g nagyobb karriert is befuthatott volna?<\/i><\/strong><b><i><o:p><\/o:p><\/i><\/b><\/p>\n<p style=\"text-align: justify;\">Lehet, de \u00e9n ellenzem azt, hogy valaki elhagyja az orsz\u00e1got. Ha kiv\u00e9gz\u00e9s el\u0151l menek\u00fcl valaki, az m\u00e1s, de \u00e9rvelhet nekem b\u00e1rki jobb lehet\u0151s\u00e9gekkel, \u00e9rv\u00e9nyes\u00fcl\u00e9ssel, meg ezer m\u00e1s indokkal, nem fogadom el. Otthon kell maradni, mert ott vannak az embernek a sz\u00fclei. Ez nem anyagi vagy \u00e9rv\u00e9nyes\u00fcl\u00e9si k\u00e9rd\u00e9s. Most, hogy a rezidensek el akarj\u00e1k hagyni az orsz\u00e1got, azt k\u00e9rdezem, hogy ki fogja ell\u00e1tni az apjukat, anyjukat? \u00c9n is Magyarorsz\u00e1gon \u00e9ltem nagyon neh\u00e9z id\u0151kben, de az\u00e9rt nem szaladtam el mindj\u00e1rt. V\u00e1llalni kell a neh\u00e9zs\u00e9geket. A nagy k\u00e9rd\u00e9s nem az \u00e9rv\u00e9nyes\u00fcl\u00e9s, hanem az, hogy ki fog fennmaradni. Az a k\u00e9rd\u00e9s, hogy mi az id\u0151t\u00e1ll\u00f3, \u00e9s \u00e9n csak egyet tudok mondani: az id\u0151t\u00e1ll\u00f3 az \u0151szintes\u00e9g.<\/p>\n<p><em>Pap Istv\u00e1n, erdon.ro, 2012. m\u00e1jus 23.<\/em><\/p>","protected":false},"excerpt":{"rendered":"<p>A dzsessz nagyk\u00f6vete zongor\u00e1zott V\u00e1radon Fenn\u00e1ll\u00e1s\u00e1nak t\u00edz \u00e9ves jubileum\u00e1t m\u00e9lt\u00f3 rendezv\u00e9nnyel \u00fcnnepelte a nagyv\u00e1radi Posticum k\u00f6zpont, ugyanis nem m\u00e1st h\u00edvott meg muzsik\u00e1lni p\u00e9nteken este, mint a dzsesszvil\u00e1gban vil\u00e1gh\u00edr\u0171, Liszt- \u00e9s Kossuth d\u00edjas Szakcsi Lakatos B\u00e9la zongoram\u0171v\u00e9szt. A koncert elej\u00e9n a m\u0171v\u00e9sz bevallotta, hogy most van harmadszor Rom\u00e1ni\u00e1ban, de mivel Nagyv\u00e1radon [&hellip;]<\/p>","protected":false},"author":1,"featured_media":0,"parent":0,"menu_order":0,"comment_status":"closed","ping_status":"closed","template":"","meta":{"_exactmetrics_skip_tracking":false,"_exactmetrics_sitenote_active":false,"_exactmetrics_sitenote_note":"","_exactmetrics_sitenote_category":0,"footnotes":""},"class_list":["post-1861","page","type-page","status-publish","hentry"],"_links":{"self":[{"href":"https:\/\/www.posticum.ro\/ro\/wp-json\/wp\/v2\/pages\/1861","targetHints":{"allow":["GET"]}}],"collection":[{"href":"https:\/\/www.posticum.ro\/ro\/wp-json\/wp\/v2\/pages"}],"about":[{"href":"https:\/\/www.posticum.ro\/ro\/wp-json\/wp\/v2\/types\/page"}],"author":[{"embeddable":true,"href":"https:\/\/www.posticum.ro\/ro\/wp-json\/wp\/v2\/users\/1"}],"replies":[{"embeddable":true,"href":"https:\/\/www.posticum.ro\/ro\/wp-json\/wp\/v2\/comments?post=1861"}],"version-history":[{"count":14,"href":"https:\/\/www.posticum.ro\/ro\/wp-json\/wp\/v2\/pages\/1861\/revisions"}],"predecessor-version":[{"id":3532,"href":"https:\/\/www.posticum.ro\/ro\/wp-json\/wp\/v2\/pages\/1861\/revisions\/3532"}],"wp:attachment":[{"href":"https:\/\/www.posticum.ro\/ro\/wp-json\/wp\/v2\/media?parent=1861"}],"curies":[{"name":"wp","href":"https:\/\/api.w.org\/{rel}","templated":true}]}}