{"id":1684,"date":"2021-02-22T09:04:39","date_gmt":"2021-02-22T09:04:39","guid":{"rendered":"http:\/\/temp.posticum.ro\/?page_id=1684"},"modified":"2021-05-12T06:55:37","modified_gmt":"2021-05-12T06:55:37","slug":"isztambuli-naplo","status":"publish","type":"page","link":"https:\/\/www.posticum.ro\/ro\/isztambuli-naplo\/","title":{"rendered":"Isztambuli napl\u00f3"},"content":{"rendered":"<div data-elementor-type=\"wp-page\" data-elementor-id=\"1684\" class=\"elementor elementor-1684\">\n\t\t\t\t\t\t<section class=\"has_eae_slider elementor-section elementor-top-section elementor-element elementor-element-c051f1f elementor-section-boxed elementor-section-height-default elementor-section-height-default\" data-id=\"c051f1f\" data-element_type=\"section\">\n\t\t\t\t\t\t<div class=\"elementor-container elementor-column-gap-default\">\n\t\t\t\t\t<div class=\"has_eae_slider elementor-column elementor-col-100 elementor-top-column elementor-element elementor-element-12ef3aa\" data-id=\"12ef3aa\" data-element_type=\"column\">\n\t\t\t<div class=\"elementor-widget-wrap elementor-element-populated\">\n\t\t\t\t\t\t<div class=\"elementor-element elementor-element-668080b elementor-widget elementor-widget-menu-anchor\" data-id=\"668080b\" data-element_type=\"widget\" data-widget_type=\"menu-anchor.default\">\n\t\t\t\t<div class=\"elementor-widget-container\">\n\t\t\t\t\t\t\t<div class=\"elementor-menu-anchor\" id=\"isztambul\"><\/div>\n\t\t\t\t\t\t<\/div>\n\t\t\t\t<\/div>\n\t\t\t\t\t<\/div>\n\t\t<\/div>\n\t\t\t\t\t<\/div>\n\t\t<\/section>\n\t\t\t\t<section class=\"has_eae_slider elementor-section elementor-top-section elementor-element elementor-element-e266beb elementor-section-boxed elementor-section-height-default elementor-section-height-default\" data-id=\"e266beb\" data-element_type=\"section\">\n\t\t\t\t\t\t<div class=\"elementor-container elementor-column-gap-default\">\n\t\t\t\t\t<div class=\"has_eae_slider elementor-column elementor-col-100 elementor-top-column elementor-element elementor-element-7409ced\" data-id=\"7409ced\" data-element_type=\"column\">\n\t\t\t<div class=\"elementor-widget-wrap elementor-element-populated\">\n\t\t\t\t\t\t<div class=\"elementor-element elementor-element-2b12461 elementor-widget elementor-widget-spacer\" data-id=\"2b12461\" data-element_type=\"widget\" data-widget_type=\"spacer.default\">\n\t\t\t\t<div class=\"elementor-widget-container\">\n\t\t\t\t\t\t\t<div class=\"elementor-spacer\">\n\t\t\t<div class=\"elementor-spacer-inner\"><\/div>\n\t\t<\/div>\n\t\t\t\t\t\t<\/div>\n\t\t\t\t<\/div>\n\t\t\t\t\t<\/div>\n\t\t<\/div>\n\t\t\t\t\t<\/div>\n\t\t<\/section>\n\t\t\t\t<section class=\"has_eae_slider elementor-section elementor-top-section elementor-element elementor-element-6fe9081 elementor-section-boxed elementor-section-height-default elementor-section-height-default\" data-id=\"6fe9081\" data-element_type=\"section\">\n\t\t\t\t\t\t<div class=\"elementor-container elementor-column-gap-default\">\n\t\t\t\t\t<div class=\"has_eae_slider elementor-column elementor-col-100 elementor-top-column elementor-element elementor-element-e30845e\" data-id=\"e30845e\" data-element_type=\"column\">\n\t\t\t<div class=\"elementor-widget-wrap elementor-element-populated\">\n\t\t\t\t\t\t<div class=\"elementor-element elementor-element-6b56287 elementor-widget elementor-widget-heading\" data-id=\"6b56287\" data-element_type=\"widget\" data-widget_type=\"heading.default\">\n\t\t\t\t<div class=\"elementor-widget-container\">\n\t\t\t\t\t<h3 class=\"elementor-heading-title elementor-size-default\">VARGA BORB\u00c1LA<\/h3>\t\t\t\t<\/div>\n\t\t\t\t<\/div>\n\t\t\t\t\t<\/div>\n\t\t<\/div>\n\t\t\t\t\t<\/div>\n\t\t<\/section>\n\t\t\t\t<section class=\"has_eae_slider elementor-section elementor-top-section elementor-element elementor-element-fd4f66f elementor-section-boxed elementor-section-height-default elementor-section-height-default\" data-id=\"fd4f66f\" data-element_type=\"section\">\n\t\t\t\t\t\t<div class=\"elementor-container elementor-column-gap-default\">\n\t\t\t\t\t<div class=\"has_eae_slider elementor-column elementor-col-100 elementor-top-column elementor-element elementor-element-8657748\" data-id=\"8657748\" data-element_type=\"column\">\n\t\t\t<div class=\"elementor-widget-wrap elementor-element-populated\">\n\t\t\t\t\t\t<div class=\"elementor-element elementor-element-1e39b6f elementor-widget elementor-widget-heading\" data-id=\"1e39b6f\" data-element_type=\"widget\" data-widget_type=\"heading.default\">\n\t\t\t\t<div class=\"elementor-widget-container\">\n\t\t\t\t\t<h2 class=\"elementor-heading-title elementor-size-default\"><i>Isztambuli napl\u00f3<\/i><\/h2>\t\t\t\t<\/div>\n\t\t\t\t<\/div>\n\t\t\t\t\t<\/div>\n\t\t<\/div>\n\t\t\t\t\t<\/div>\n\t\t<\/section>\n\t\t\t\t<section class=\"has_eae_slider elementor-section elementor-top-section elementor-element elementor-element-8ff8193 elementor-section-boxed elementor-section-height-default elementor-section-height-default\" data-id=\"8ff8193\" data-element_type=\"section\">\n\t\t\t\t\t\t<div class=\"elementor-container elementor-column-gap-default\">\n\t\t\t\t\t<div class=\"has_eae_slider elementor-column elementor-col-100 elementor-top-column elementor-element elementor-element-1dc83a5\" data-id=\"1dc83a5\" data-element_type=\"column\">\n\t\t\t<div class=\"elementor-widget-wrap elementor-element-populated\">\n\t\t\t\t\t\t<div class=\"elementor-element elementor-element-ee2abdf elementor-widget elementor-widget-image-gallery\" data-id=\"ee2abdf\" data-element_type=\"widget\" data-widget_type=\"image-gallery.default\">\n\t\t\t\t<div class=\"elementor-widget-container\">\n\t\t\t\t\t\t\t<div class=\"elementor-image-gallery\">\n\t\t\t\n\t\t<style type=\"text\/css\">\n\t\t\t#gallery-1 {\n\t\t\t\tmargin: auto;\n\t\t\t}\n\t\t\t#gallery-1 .gallery-item {\n\t\t\t\tfloat: left;\n\t\t\t\tmargin-top: 10px;\n\t\t\t\ttext-align: center;\n\t\t\t\twidth: 100%;\n\t\t\t}\n\t\t\t#gallery-1 img {\n\t\t\t\tborder: 2px solid #cfcfcf;\n\t\t\t}\n\t\t\t#gallery-1 .gallery-caption {\n\t\t\t\tmargin-left: 0;\n\t\t\t}\n\t\t\t\/* see gallery_shortcode() in wp-includes\/media.php *\/\n\t\t<\/style>\n\t\t<div id='gallery-1' class='gallery galleryid-1684 gallery-columns-1 gallery-size-full'><dl class='gallery-item'>\n\t\t\t<dt class='gallery-icon portrait'>\n\t\t\t\t<a data-elementor-open-lightbox=\"yes\" data-elementor-lightbox-slideshow=\"ee2abdf\" data-e-action-hash=\"#elementor-action%3Aaction%3Dlightbox%26settings%3DeyJpZCI6MTY4NywidXJsIjoiaHR0cHM6XC9cL3d3dy5wb3N0aWN1bS5yb1wvd3AtY29udGVudFwvdXBsb2Fkc1wvMjAyMVwvMDJcL2lzenRfMTFfMS5qcGciLCJzbGlkZXNob3ciOiJlZTJhYmRmIn0%3D\" href='https:\/\/www.posticum.ro\/wp-content\/uploads\/2021\/02\/iszt_11_1.jpg'><img fetchpriority=\"high\" decoding=\"async\" width=\"1430\" height=\"1907\" src=\"https:\/\/www.posticum.ro\/wp-content\/uploads\/2021\/02\/iszt_11_1.jpg\" class=\"attachment-full size-full\" alt=\"\" srcset=\"https:\/\/www.posticum.ro\/wp-content\/uploads\/2021\/02\/iszt_11_1.jpg 1430w, https:\/\/www.posticum.ro\/wp-content\/uploads\/2021\/02\/iszt_11_1-225x300.jpg 225w, https:\/\/www.posticum.ro\/wp-content\/uploads\/2021\/02\/iszt_11_1-768x1024.jpg 768w, https:\/\/www.posticum.ro\/wp-content\/uploads\/2021\/02\/iszt_11_1-1152x1536.jpg 1152w\" sizes=\"(max-width: 1430px) 100vw, 1430px\" \/><\/a>\n\t\t\t<\/dt><\/dl><br style=\"clear: both\" \/><dl class='gallery-item'>\n\t\t\t<dt class='gallery-icon landscape'>\n\t\t\t\t<a data-elementor-open-lightbox=\"yes\" data-elementor-lightbox-slideshow=\"ee2abdf\" data-e-action-hash=\"#elementor-action%3Aaction%3Dlightbox%26settings%3DeyJpZCI6MTY4OCwidXJsIjoiaHR0cHM6XC9cL3d3dy5wb3N0aWN1bS5yb1wvd3AtY29udGVudFwvdXBsb2Fkc1wvMjAyMVwvMDJcL2lzenRfMTFfMi5qcGciLCJzbGlkZXNob3ciOiJlZTJhYmRmIn0%3D\" href='https:\/\/www.posticum.ro\/wp-content\/uploads\/2021\/02\/iszt_11_2.jpg'><img decoding=\"async\" width=\"1270\" height=\"953\" src=\"https:\/\/www.posticum.ro\/wp-content\/uploads\/2021\/02\/iszt_11_2.jpg\" class=\"attachment-full size-full\" alt=\"\" srcset=\"https:\/\/www.posticum.ro\/wp-content\/uploads\/2021\/02\/iszt_11_2.jpg 1270w, https:\/\/www.posticum.ro\/wp-content\/uploads\/2021\/02\/iszt_11_2-300x225.jpg 300w, https:\/\/www.posticum.ro\/wp-content\/uploads\/2021\/02\/iszt_11_2-1024x768.jpg 1024w, https:\/\/www.posticum.ro\/wp-content\/uploads\/2021\/02\/iszt_11_2-768x576.jpg 768w\" sizes=\"(max-width: 1270px) 100vw, 1270px\" \/><\/a>\n\t\t\t<\/dt><\/dl><br style=\"clear: both\" \/><dl class='gallery-item'>\n\t\t\t<dt class='gallery-icon landscape'>\n\t\t\t\t<a data-elementor-open-lightbox=\"yes\" data-elementor-lightbox-slideshow=\"ee2abdf\" data-e-action-hash=\"#elementor-action%3Aaction%3Dlightbox%26settings%3DeyJpZCI6MTY4OSwidXJsIjoiaHR0cHM6XC9cL3d3dy5wb3N0aWN1bS5yb1wvd3AtY29udGVudFwvdXBsb2Fkc1wvMjAyMVwvMDJcL2lzenRfMTFfMy5qcGciLCJzbGlkZXNob3ciOiJlZTJhYmRmIn0%3D\" href='https:\/\/www.posticum.ro\/wp-content\/uploads\/2021\/02\/iszt_11_3.jpg'><img decoding=\"async\" width=\"1270\" height=\"953\" src=\"https:\/\/www.posticum.ro\/wp-content\/uploads\/2021\/02\/iszt_11_3.jpg\" class=\"attachment-full size-full\" alt=\"\" srcset=\"https:\/\/www.posticum.ro\/wp-content\/uploads\/2021\/02\/iszt_11_3.jpg 1270w, https:\/\/www.posticum.ro\/wp-content\/uploads\/2021\/02\/iszt_11_3-300x225.jpg 300w, https:\/\/www.posticum.ro\/wp-content\/uploads\/2021\/02\/iszt_11_3-1024x768.jpg 1024w, https:\/\/www.posticum.ro\/wp-content\/uploads\/2021\/02\/iszt_11_3-768x576.jpg 768w\" sizes=\"(max-width: 1270px) 100vw, 1270px\" \/><\/a>\n\t\t\t<\/dt><\/dl><br style=\"clear: both\" \/>\n\t\t<\/div>\n\t\t<\/div>\n\t\t\t\t\t\t<\/div>\n\t\t\t\t<\/div>\n\t\t\t\t\t<\/div>\n\t\t<\/div>\n\t\t\t\t\t<\/div>\n\t\t<\/section>\n\t\t\t\t<section class=\"has_eae_slider elementor-section elementor-top-section elementor-element elementor-element-59bf0db4 elementor-section-boxed elementor-section-height-default elementor-section-height-default\" data-id=\"59bf0db4\" data-element_type=\"section\">\n\t\t\t\t\t\t<div class=\"elementor-container elementor-column-gap-default\">\n\t\t\t\t\t<div class=\"has_eae_slider elementor-column elementor-col-100 elementor-top-column elementor-element elementor-element-6c2051f3\" data-id=\"6c2051f3\" data-element_type=\"column\">\n\t\t\t<div class=\"elementor-widget-wrap elementor-element-populated\">\n\t\t\t\t\t\t<div class=\"elementor-element elementor-element-75742ad1 elementor-widget elementor-widget-text-editor\" data-id=\"75742ad1\" data-element_type=\"widget\" data-widget_type=\"text-editor.default\">\n\t\t\t\t<div class=\"elementor-widget-container\">\n\t\t\t\t\t\t\t\t\t<p style=\"margin-top: 1.3em; margin-bottom: 0px; padding: 0px; border: 0px; font-variant-numeric: inherit; font-variant-east-asian: inherit; font-stretch: inherit; font-size: 13.2px; line-height: inherit; font-family: Arial; vertical-align: baseline; color: #000000; text-align: justify;\">Els\u0151nek a mecsetet nyitott\u00e1k ki. Kerek fejsipk\u00e1ban j\u00f6tt az ember, az oldalajt\u00f3n ment be. Ut\u00e1nan m\u00e1sok. F\u00e9l \u00f6t k\u00f6r\u00fcl megsz\u00f3lalt a hangsz\u00f3r\u00f3 a minareten: Allah ekber, Allah ekber. A szemem id\u0151nk\u00e9nt nyitottam ki \u00e9s mire legk\u00f6zelebb kinyitottam, j\u00f3val vil\u00e1gosabb volt \u00e9s sz\u00e1lling\u00f3ztak kifel\u00e9 a mecsetb\u0151l. Meg\u00e9rkezett az \u00f6regasszony, aki egy l\u00edr\u00e1\u00e9rt kicsi b\u00faz\u00e1st\u00e1lat ad neked \u00e9s sz\u00f3rhatod a magvakat a galamboknak. Meg\u00e9rkezett az \u00f6regember is, aki ugyanezt csin\u00e1lja. V\u00e9gigment a t\u00e9ren az \u00e1rus, aki napk\u00f6zben hideg vizet kiab\u00e1l. A\u00a0<em style=\"margin: 0px; padding: 0px; border: 0px; font-variant: inherit; font-weight: inherit; font-stretch: inherit; font-size: inherit; line-height: inherit; font-family: inherit; vertical-align: baseline;\">sz\u00e1d<\/em>ban megsz\u00f3lalt a szemeteskocsi hangja \u00e9s az \u00f6nt\u00f6z\u0151masina. \u00c9jjelenk\u00e9nt v\u00e9giglocsolj\u00e1k az utc\u00e1kat, nagy robajjal. Mindj\u00e1rt h\u00e9t \u00f3ra.<\/p>\n<p style=\"margin-top: 1.3em; margin-bottom: 0px; padding: 0px; border: 0px; font-variant-numeric: inherit; font-variant-east-asian: inherit; font-stretch: inherit; font-size: 13.2px; line-height: inherit; font-family: Arial; vertical-align: baseline; color: #000000; text-align: justify;\">K\u00f6r\u00fcln\u00e9ztem a k\u00f6veken. Itt vagyok. Vil\u00e1gos van. Nem l\u00e1tom a tengert, tavalyr\u00f3l tudom, ott van, a v\u00e1ros alj\u00e1n. Megyek a Fuat pasa hotelbe. A tulaj ugyanaz, aki tavaly. A padon a sz\u00f3t\u00e1rb\u00f3l el\u0151k\u00e9sz\u00edtettem a sz\u00f6veget. H\u00fasz \u00e9jszaka, t\u00edzt\u0151l harmincig, sz\u00e1z eur\u00f3m van. Nyolc, mondja a tulaj, vagy tizen\u00f6t l\u00edra. Sz\u00e1z van, mondom neki, odaadom mind, maradok h\u00fasz napot.<\/p>\n<p style=\"margin-top: 1.3em; margin-bottom: 0px; padding: 0px; border: 0px; font-variant-numeric: inherit; font-variant-east-asian: inherit; font-stretch: inherit; font-size: 13.2px; line-height: inherit; font-family: Arial; vertical-align: baseline; color: #000000; text-align: justify;\">Romence? k\u00e9rdem, \u00e9s felmegy az emeletre, egy galaci n\u0151 lakik n\u00e1la. \u0150 ford\u00edtott, hat eur\u00f3ban egyezt\u00fcnk. M\u00e1snap kifizettem neki \u00f6t napot \u00e9s \u00edgy sorban, \u00f6t nap letelte ut\u00e1n r\u00e1aludtam egy \u00e9jet \u00e9s a k\u00f6vetkez\u0151 \u00f6t napot. A n\u0151 azt mondta, \u0151 is annyit fizet, egy h\u00f3napot itt van, egyet meg Galacon. Ugyanaz a szoba, egy \u00e1gy f\u00e9r el benne. A f\u00fcrd\u0151 a tet\u0151 alatt van, minden m\u00e1sodik nap egy zuhany. A lak\u00f3k is t\u00f6bb\u00e9-kev\u00e9sb\u00e9 ugyanazok. Eml\u00e9kszem a cig\u00e1nycsal\u00e1dra az els\u0151 emeletr\u0151l. Leter\u00edtettem az izol\u00edrt a f\u00f6ldre. N\u00e9zem a tulip\u00e1nos feh\u00e9r t\u00fcllf\u00fcgg\u00f6nyt.<\/p>\n<p style=\"margin-top: 1.3em; margin-bottom: 0px; padding: 0px; border: 0px; font-variant-numeric: inherit; font-variant-east-asian: inherit; font-stretch: inherit; font-size: 13.2px; line-height: inherit; font-family: Arial; vertical-align: baseline; color: #000000; text-align: justify;\">A Fuat pasaban a m\u00e1sodik emeleten k\u00e9t keresked\u0151n\u0151 lakik, akik nappal tr\u00e9ninget \u00e9s p\u00f3l\u00f3kat \u00e1rulnak a bej\u00e1rat el\u0151tt. Kirakj\u00e1k az \u00e1rut v\u00e1llf\u00e1kra, a t\u00f6bbi csomagol\u00e1sban \u00e9s kicsisz\u00e9ken ott \u00fclnek mellette estig. Visszapakolnak \u00e9s vacsor\u00e1t f\u0151znek. Az els\u0151 emeleten k\u00e9t csal\u00e1d is van, k\u00e9t szob\u00e1ban. A budi mellettiben k\u00e9t \u00f6regasszony biztosan. Felmegyek reggel mosakodni, van egy kagyl\u00f3. Viszem a h\u00e1rom\u00e9ves tengeri-uborka szivacsot. A n\u00e9ni kij\u00f6n \u00e9s egy k\u00e1v\u00e9skann\u00e1ba vizet ereszt. K\u00e9t toj\u00e1st akar f\u0151zni, nem f\u00e9rnek el a kann\u00e1ban, olyan kicsike. K\u00e9s\u0151bb megengedi a g\u00e1zt egy but\u00e9li\u00e1b\u0151l \u00e9s valamennyi a l\u00e9pcs\u0151kh\u00f6z sziv\u00e1rog bel\u0151le.<\/p>\n<p style=\"margin-top: 1.3em; margin-bottom: 0px; padding: 0px; border: 0px; font-variant-numeric: inherit; font-variant-east-asian: inherit; font-stretch: inherit; font-size: 13.2px; line-height: inherit; font-family: Arial; vertical-align: baseline; color: #000000; text-align: justify;\">A negyedik emeleten, a tet\u0151 alatt, a f\u00fcrd\u0151 mellett, egy m\u00e9sz\u00e1rsz\u00e9k m\u0171k\u00f6dik. Ma m\u00e1sodszor l\u00e1ttam be az ajt\u00f3n, amikor f\u00fcr\u00f6dni mentem. Egy asztalon trancs\u00edrozz\u00e1k a h\u00fast, nagy mennyis\u00e9gben, k\u00f6t\u00e9nnyel neki\u00f6lt\u00f6z\u00f6tt k\u00e9t f\u00e9rfi. Kinyitom a f\u00fcrd\u0151ajt\u00f3t, az ablak a mecset tetej\u00e9re ny\u00edlik \u00e9s egy pisk\u00f3tat\u00e9gla tartja a becsuk\u00f3d\u00e1st\u00f3l. Az els\u0151 napokban m\u00e9g volt a zuhanynak lefoly\u00f3ja. Azt\u00e1n lebetonozt\u00e1k \u00e9s a v\u00edz egyenesen a t\u00f6r\u00f6kbudiba folyik a zuhanynak \u00e9p\u00edtett csemp\u00e9zett r\u00e9szt\u0151l. Tiszt\u00e1n tartj\u00e1k. A csemp\u00e9s r\u00e9sz sz\u00e9l\u00e9n egy sepr\u0171. Van egy csap a mosd\u00f3t\u00e1lnak \u00e9s egy csap a budi mellett.<\/p>\n<p style=\"margin-top: 1.3em; margin-bottom: 0px; padding: 0px; border: 0px; font-variant-numeric: inherit; font-variant-east-asian: inherit; font-stretch: inherit; font-size: 13.2px; line-height: inherit; font-family: Arial; vertical-align: baseline; color: #000000; text-align: justify;\">Minden budi mellett van egy csap, amivel egyliteres ed\u00e9nybe vizet ereszthetsz \u00e9s azzal le\u00f6ntheted magad ut\u00e1n az \u00fcr\u00fcl\u00e9ket. A f\u00fcrd\u0151 vize eml\u00e9kszik a melegv\u00edzre, amikor megengedem a csapot, m\u00e9g folyik valamennyi. Hamarosan el\u00e1ll \u00e9s a hideg v\u00edzre v\u00e1ltok. Hidegebb, mint ami a m\u00e1sodik emeleti kagyl\u00f3b\u00f3l j\u00f6n. Eresztek a f\u00e9mcsanakba, k\u00e9s\u0151bb inni. A l\u00e9pcs\u0151k\u00f6zben \u00fcd\u00edt\u0151ket halmoztak fel. \u00c1rulnak cukros vizet \u00e9s \u00e1sv\u00e1nyvizet, f\u0171szerezett vizet, egyes\u00e9vel, hatos\u00e1val, harmincn\u00e1l is t\u00f6bbes\u00e9vel. Els\u0151 napokon a kagyl\u00f3b\u00f3l ittam. A ruh\u00e1im mer\u0151 vizesek, mire visszat\u00e9rek a sz\u00e1ll\u00e1shelyre.<\/p>\n<p style=\"margin-top: 1.3em; margin-bottom: 0px; padding: 0px; border: 0px; font-variant-numeric: inherit; font-variant-east-asian: inherit; font-stretch: inherit; font-size: 13.2px; line-height: inherit; font-family: Arial; vertical-align: baseline; color: #000000; text-align: justify;\">\u00cdrtam Devrimnek, a boltos, aki pr\u00f3b\u00e1l olcs\u00f3bb sz\u00e1ll\u00e1st keresni. Azt \u00edrja, egy h\u00f3napra Kas v\u00e1ros\u00e1ba utazik, csal\u00e1di \u00fcgyekben. Nem lesz az \u00fczletben, felkerestem az \u00fczletet, ott is azt mondt\u00e1k, elutazott Kasba \u00e9s egy h\u00f3nap m\u00falva t\u00e9r vissza. Vele mehetn\u00e9k, \u00edrja, nem fogadom el, \u00edrom vissza, m\u00e9g idegen. Kett\u0151: jobb ha vend\u00e9g n\u00e9lk\u00fcl oldja meg a csal\u00e1di \u00fcgyeket, h\u00e1rom: nincs p\u00e9nzem Iszatmbulon k\u00edv\u00fcli \u00fatra. A hatalmas feny\u0151erd\u0151k, amelyeket a Brass\u00f3- Predeal \u00fatvonalon l\u00e1ttam a borvizet hozz\u00e1k \u00e9s a sz\u00e1m tikkad. Elmentem a Dia szupermarketbe \u00e9s alaposan tanulm\u00e1nyoztam az \u00e1sv\u00e1nyvizek felirat\u00e1t. Olyant szeretn\u00e9k, mutogattam az \u00e1rusnak, amelyik bubor\u00e9kos. Gazli? erre mos\u00f3szert mutatott.<\/p>\t\t\t\t\t\t\t\t<\/div>\n\t\t\t\t<\/div>\n\t\t\t\t\t<\/div>\n\t\t<\/div>\n\t\t\t\t\t<\/div>\n\t\t<\/section>\n\t\t\t\t<section class=\"has_eae_slider elementor-section elementor-top-section elementor-element elementor-element-0fb120d elementor-section-boxed elementor-section-height-default elementor-section-height-default\" data-id=\"0fb120d\" data-element_type=\"section\">\n\t\t\t\t\t\t<div class=\"elementor-container elementor-column-gap-default\">\n\t\t\t\t\t<div class=\"has_eae_slider elementor-column elementor-col-100 elementor-top-column elementor-element elementor-element-9c2ac4d\" data-id=\"9c2ac4d\" data-element_type=\"column\">\n\t\t\t<div class=\"elementor-widget-wrap elementor-element-populated\">\n\t\t\t\t\t\t<div class=\"elementor-element elementor-element-7bbaec6 elementor-widget elementor-widget-image-gallery\" data-id=\"7bbaec6\" data-element_type=\"widget\" data-widget_type=\"image-gallery.default\">\n\t\t\t\t<div class=\"elementor-widget-container\">\n\t\t\t\t\t\t\t<div class=\"elementor-image-gallery\">\n\t\t\t\n\t\t<style type=\"text\/css\">\n\t\t\t#gallery-2 {\n\t\t\t\tmargin: auto;\n\t\t\t}\n\t\t\t#gallery-2 .gallery-item {\n\t\t\t\tfloat: left;\n\t\t\t\tmargin-top: 10px;\n\t\t\t\ttext-align: center;\n\t\t\t\twidth: 100%;\n\t\t\t}\n\t\t\t#gallery-2 img {\n\t\t\t\tborder: 2px solid #cfcfcf;\n\t\t\t}\n\t\t\t#gallery-2 .gallery-caption {\n\t\t\t\tmargin-left: 0;\n\t\t\t}\n\t\t\t\/* see gallery_shortcode() in wp-includes\/media.php *\/\n\t\t<\/style>\n\t\t<div id='gallery-2' class='gallery galleryid-1684 gallery-columns-1 gallery-size-full'><dl class='gallery-item'>\n\t\t\t<dt class='gallery-icon portrait'>\n\t\t\t\t<a data-elementor-open-lightbox=\"yes\" data-elementor-lightbox-slideshow=\"7bbaec6\" data-e-action-hash=\"#elementor-action%3Aaction%3Dlightbox%26settings%3DeyJpZCI6MTY5MCwidXJsIjoiaHR0cHM6XC9cL3d3dy5wb3N0aWN1bS5yb1wvd3AtY29udGVudFwvdXBsb2Fkc1wvMjAyMVwvMDJcL2lzenRfMTBfMS5qcGciLCJzbGlkZXNob3ciOiI3YmJhZWM2In0%3D\" href='https:\/\/www.posticum.ro\/wp-content\/uploads\/2021\/02\/iszt_10_1.jpg'><img loading=\"lazy\" decoding=\"async\" width=\"1430\" height=\"1907\" src=\"https:\/\/www.posticum.ro\/wp-content\/uploads\/2021\/02\/iszt_10_1.jpg\" class=\"attachment-full size-full\" alt=\"\" srcset=\"https:\/\/www.posticum.ro\/wp-content\/uploads\/2021\/02\/iszt_10_1.jpg 1430w, https:\/\/www.posticum.ro\/wp-content\/uploads\/2021\/02\/iszt_10_1-225x300.jpg 225w, https:\/\/www.posticum.ro\/wp-content\/uploads\/2021\/02\/iszt_10_1-768x1024.jpg 768w, https:\/\/www.posticum.ro\/wp-content\/uploads\/2021\/02\/iszt_10_1-1152x1536.jpg 1152w\" sizes=\"(max-width: 1430px) 100vw, 1430px\" \/><\/a>\n\t\t\t<\/dt><\/dl><br style=\"clear: both\" \/><dl class='gallery-item'>\n\t\t\t<dt class='gallery-icon landscape'>\n\t\t\t\t<a data-elementor-open-lightbox=\"yes\" data-elementor-lightbox-slideshow=\"7bbaec6\" data-e-action-hash=\"#elementor-action%3Aaction%3Dlightbox%26settings%3DeyJpZCI6MTY5MSwidXJsIjoiaHR0cHM6XC9cL3d3dy5wb3N0aWN1bS5yb1wvd3AtY29udGVudFwvdXBsb2Fkc1wvMjAyMVwvMDJcL2lzenRfMTBfMi5qcGciLCJzbGlkZXNob3ciOiI3YmJhZWM2In0%3D\" href='https:\/\/www.posticum.ro\/wp-content\/uploads\/2021\/02\/iszt_10_2.jpg'><img loading=\"lazy\" decoding=\"async\" width=\"1270\" height=\"953\" src=\"https:\/\/www.posticum.ro\/wp-content\/uploads\/2021\/02\/iszt_10_2.jpg\" class=\"attachment-full size-full\" alt=\"\" srcset=\"https:\/\/www.posticum.ro\/wp-content\/uploads\/2021\/02\/iszt_10_2.jpg 1270w, https:\/\/www.posticum.ro\/wp-content\/uploads\/2021\/02\/iszt_10_2-300x225.jpg 300w, https:\/\/www.posticum.ro\/wp-content\/uploads\/2021\/02\/iszt_10_2-1024x768.jpg 1024w, https:\/\/www.posticum.ro\/wp-content\/uploads\/2021\/02\/iszt_10_2-768x576.jpg 768w\" sizes=\"(max-width: 1270px) 100vw, 1270px\" \/><\/a>\n\t\t\t<\/dt><\/dl><br style=\"clear: both\" \/><dl class='gallery-item'>\n\t\t\t<dt class='gallery-icon landscape'>\n\t\t\t\t<a data-elementor-open-lightbox=\"yes\" data-elementor-lightbox-slideshow=\"7bbaec6\" data-e-action-hash=\"#elementor-action%3Aaction%3Dlightbox%26settings%3DeyJpZCI6MTY5MiwidXJsIjoiaHR0cHM6XC9cL3d3dy5wb3N0aWN1bS5yb1wvd3AtY29udGVudFwvdXBsb2Fkc1wvMjAyMVwvMDJcL2lzenRfMTBfMy5qcGciLCJzbGlkZXNob3ciOiI3YmJhZWM2In0%3D\" href='https:\/\/www.posticum.ro\/wp-content\/uploads\/2021\/02\/iszt_10_3.jpg'><img loading=\"lazy\" decoding=\"async\" width=\"1270\" height=\"953\" src=\"https:\/\/www.posticum.ro\/wp-content\/uploads\/2021\/02\/iszt_10_3.jpg\" class=\"attachment-full size-full\" alt=\"\" srcset=\"https:\/\/www.posticum.ro\/wp-content\/uploads\/2021\/02\/iszt_10_3.jpg 1270w, https:\/\/www.posticum.ro\/wp-content\/uploads\/2021\/02\/iszt_10_3-300x225.jpg 300w, https:\/\/www.posticum.ro\/wp-content\/uploads\/2021\/02\/iszt_10_3-1024x768.jpg 1024w, https:\/\/www.posticum.ro\/wp-content\/uploads\/2021\/02\/iszt_10_3-768x576.jpg 768w\" sizes=\"(max-width: 1270px) 100vw, 1270px\" \/><\/a>\n\t\t\t<\/dt><\/dl><br style=\"clear: both\" \/>\n\t\t<\/div>\n\t\t<\/div>\n\t\t\t\t\t\t<\/div>\n\t\t\t\t<\/div>\n\t\t\t\t\t<\/div>\n\t\t<\/div>\n\t\t\t\t\t<\/div>\n\t\t<\/section>\n\t\t\t\t<section class=\"has_eae_slider elementor-section elementor-top-section elementor-element elementor-element-67a5f3f elementor-section-boxed elementor-section-height-default elementor-section-height-default\" data-id=\"67a5f3f\" data-element_type=\"section\">\n\t\t\t\t\t\t<div class=\"elementor-container elementor-column-gap-default\">\n\t\t\t\t\t<div class=\"has_eae_slider elementor-column elementor-col-100 elementor-top-column elementor-element elementor-element-9be8963\" data-id=\"9be8963\" data-element_type=\"column\">\n\t\t\t<div class=\"elementor-widget-wrap elementor-element-populated\">\n\t\t\t\t\t\t<div class=\"elementor-element elementor-element-3e43502 elementor-widget elementor-widget-text-editor\" data-id=\"3e43502\" data-element_type=\"widget\" data-widget_type=\"text-editor.default\">\n\t\t\t\t<div class=\"elementor-widget-container\">\n\t\t\t\t\t\t\t\t\t<p style=\"margin-top: 1.3em; margin-bottom: 0px; padding: 0px; border: 0px; font-variant-numeric: inherit; font-variant-east-asian: inherit; font-stretch: inherit; font-size: 13.2px; line-height: inherit; font-family: Arial; vertical-align: baseline; color: #000000; text-align: justify;\">J\u00falius tizedik\u00e9n \u00e9rkeztem. A busz ugyanott tett le majdnem, ahol tavaly a m\u00e1sik t\u00e1rsas\u00e1g: egy kiss\u00e9 lennebb az egyetemt\u0151l, az Aksaraynak nevezett k\u00f6zponti ker\u00fcletben. A t\u00f6bbi utas percek alatt elp\u00e1rolgott a mell\u00e9kutc\u00e1kba. A t\u00f6r\u00f6k asszony \u00e9s a menye taxiba sz\u00e1lltak. A t\u00e1rsas\u00e1g emberei kipakolt\u00e1k a nagy kartondobozokat, amilyenekt itt minden reggel leragaszt\u00f3znak a hotelekben. Vettem a k\u00e9t h\u00e1tizskot, el\u0151re a kicsit \u00e9s h\u00e1tra nagyot, \u00e9s elindultam Fuat pasa sz\u00e1dj\u00e1ra. M\u00e9g s\u00f6t\u00e9t volt. A sz\u00e1llod\u00e1t z\u00e1rva tal\u00e1ltam. A sz\u00e1don ketten \u00e1mbolyogtak \u00e9s nevetg\u00e9ltek, j\u00f3 f\u00e1radt az arcom, gondoltam magamban. Visszat\u00e9rtem az egyetem el\u00e9, a magas l\u00e9pcs\u0151kh\u00f6z, arra a r\u00e9szre, ahol padok mellett z\u00f6ld f\u0171 \u00e9s sok szem\u00e9t teny\u00e9szik. Az \u0151r\u00f6k r\u00f6gt\u00f6n besz\u00e9lni akartak velem. Yok problem, mondt\u00e1k, \u00fclhetek ott nyugodtan.<\/p>\n<p style=\"margin-top: 1.3em; margin-bottom: 0px; padding: 0px; border: 0px; font-variant-numeric: inherit; font-variant-east-asian: inherit; font-stretch: inherit; font-size: 13.2px; line-height: inherit; font-family: Arial; vertical-align: baseline; color: #000000; text-align: justify;\"><\/p>\n<p style=\"margin-top: 1.3em; margin-bottom: 0px; padding: 0px; border: 0px; font-variant-numeric: inherit; font-variant-east-asian: inherit; font-stretch: inherit; font-size: 13.2px; line-height: inherit; font-family: Arial; vertical-align: baseline; color: #000000; text-align: justify;\">Azt sem tudtam, a yok problem vajon k\u00e9rd\u00e9s-e. M\u00e1rmint van-e valami gond? Nincs, nincs, integettem, megism\u00e9teltem: yok problem, yok problem. A k\u00e9t \u0151r bemutatkozott. Serkannak h\u00edvt\u00e1k az egyiket. Honnan j\u00f6ttem? Inglizce? Almanca? Italyanca? Romanya. Van hotel, ahol megsz\u00e1lljak? Igen \u00e9s mutogattam nekik a helyzetet.<\/p>\n<p style=\"margin-top: 1.3em; margin-bottom: 0px; padding: 0px; border: 0px; font-variant-numeric: inherit; font-variant-east-asian: inherit; font-stretch: inherit; font-size: 13.2px; line-height: inherit; font-family: Arial; vertical-align: baseline; color: #000000; text-align: justify;\"><\/p>\n<p style=\"margin-top: 1.3em; margin-bottom: 0px; padding: 0px; border: 0px; font-variant-numeric: inherit; font-variant-east-asian: inherit; font-stretch: inherit; font-size: 13.2px; line-height: inherit; font-family: Arial; vertical-align: baseline; color: #000000; text-align: justify;\">Van egy sz\u00e1lloda, most be van z\u00e1rva, reggel kinyit \u00e9s itt akarom megv\u00e1rni. Erre azt \u00e9rtett\u00e9k, be van z\u00e1rva a sz\u00e1lloda. El\u0151kerestem az angol-t\u00f6r\u00f6k zsebsz\u00f3t\u00e1rt \u00e9s pr\u00f3b\u00e1ltam mondani: v\u00e1rom hogy kinyisson. Ki fog nyitni. Van telefonsz\u00e1mom? k\u00e9rdezt\u00e9k. Nem kell, v\u00e1laszoltam. Felh\u00edvom a bar\u00e1tokat? Felh\u00edvom a sz\u00e1llod\u00e1t? Nem kell. Nappal nyitva van, mondtam. Azt\u00e1n hallgattam \u00e9s becsuktam a szemem. Az \u0151r\u00f6k od\u00e9bbh\u00faz\u00f3dtak.<\/p>\n<p style=\"margin-top: 1.3em; margin-bottom: 0px; padding: 0px; border: 0px; font-variant-numeric: inherit; font-variant-east-asian: inherit; font-stretch: inherit; font-size: 13.2px; line-height: inherit; font-family: Arial; vertical-align: baseline; color: #000000; text-align: justify;\">Id\u0151nk\u00e9nt visszaj\u00f6tt az egyik, aki bemutatkozott. K\u00e9s\u0151bb \u0151 hozott egy m\u00e1sik \u0151rt aki tal\u00e1n jobban tud angolul \u00e9s \u0151 is v\u00e9gigk\u00e9rdezte ugyanazt. Az oldals\u00f3 padokon ketten \u00fcltek. Fejem a tenger ir\u00e1ny\u00e1ba fodrd\u00edtottam. A h\u00e1tizs\u00e1knak t\u00e1maszkodtam, felkucorodva a padra. Kerestem puh\u00e1bb helyet a fejemnek. El\u0151z\u0151 nap esett Isztambulban, az utc\u00e1k nedvesek voltak \u00e9s a leveg\u0151 ink\u00e1bb v\u00edz. Az egyik kend\u0151t a derekam k\u00f6r\u00e9 tekertem, a m\u00e1sikat szorosabban csavartam a fejemre. Kivettem egy pul\u00f3vert. A kisebbik t\u00e1ska f\u00e9lig m\u00e9g meleg\u00edtett. S\u00e1rga \u00e9s feh\u00e9r utcal\u00e1mp\u00e1k vil\u00e1g\u00edtott\u00e1k meg a t\u00e9rt \u00e9s a mecsetet.<\/p>\n<p style=\"margin-top: 1.3em; margin-bottom: 0px; padding: 0px; border: 0px; font-variant-numeric: inherit; font-variant-east-asian: inherit; font-stretch: inherit; font-size: 13.2px; line-height: inherit; font-family: Arial; vertical-align: baseline; color: #000000; text-align: justify;\">A f\u00e1rads\u00e1gt\u00f3l le-lecsuk\u00f3dott a szemem \u00e9s a reggeli nedvess\u00e9g hamar kinyitotta. Hajnalodni kezdett. N\u00e9ztem az egyetem \u00f3r\u00e1j\u00e1t. F\u00e9l n\u00e9gy el\u0151tt \u00fcltem oda le, mindj\u00e1rt n\u00e9gy, f\u00e9l \u00f6t \u00e9s \u00edgy a t\u00f6bbi. Az \u00e9gen a felh\u0151k r\u00f3zsasz\u00edn\u0171ek \u00e9s az \u00e9g fekete. A felh\u0151k visszaverik a v\u00e1ros f\u00e9nyeit. Vil\u00e1gosabb lett \u00e9s leoltott\u00e1k a l\u00e1mp\u00e1k egy r\u00e9sz\u00e9t. Maradt a mecset z\u00f6ldre vil\u00e1gos\u00edtott kupol\u00e1ja, mik\u00f6zben a felh\u0151k m\u00e9g mindig r\u00f3zsasz\u00edn\u0171ek. Dereng\u00e9sre megjelentek a sir\u00e1lyok kuk\u00e1zni. Elaludtak az utols\u00f3 l\u00e1mp\u00e1k. Mindj\u00e1rt nappal, mindj\u00e1rt j\u00f6nnek a keresked\u0151k \u00e9s felh\u00fazz\u00e1k a r\u00f3l\u00f3t az \u00fczleteik el\u0151tt.<\/p>\t\t\t\t\t\t\t\t<\/div>\n\t\t\t\t<\/div>\n\t\t\t\t\t<\/div>\n\t\t<\/div>\n\t\t\t\t\t<\/div>\n\t\t<\/section>\n\t\t\t\t<section class=\"has_eae_slider elementor-section elementor-top-section elementor-element elementor-element-28e71e6 elementor-section-boxed elementor-section-height-default elementor-section-height-default\" data-id=\"28e71e6\" data-element_type=\"section\">\n\t\t\t\t\t\t<div class=\"elementor-container elementor-column-gap-default\">\n\t\t\t\t\t<div class=\"has_eae_slider elementor-column elementor-col-100 elementor-top-column elementor-element elementor-element-69d933c\" data-id=\"69d933c\" data-element_type=\"column\">\n\t\t\t<div class=\"elementor-widget-wrap elementor-element-populated\">\n\t\t\t\t\t\t<div class=\"elementor-element elementor-element-d3fa52f elementor-widget elementor-widget-image-gallery\" data-id=\"d3fa52f\" data-element_type=\"widget\" data-widget_type=\"image-gallery.default\">\n\t\t\t\t<div class=\"elementor-widget-container\">\n\t\t\t\t\t\t\t<div class=\"elementor-image-gallery\">\n\t\t\t\n\t\t<style type=\"text\/css\">\n\t\t\t#gallery-3 {\n\t\t\t\tmargin: auto;\n\t\t\t}\n\t\t\t#gallery-3 .gallery-item {\n\t\t\t\tfloat: left;\n\t\t\t\tmargin-top: 10px;\n\t\t\t\ttext-align: center;\n\t\t\t\twidth: 100%;\n\t\t\t}\n\t\t\t#gallery-3 img {\n\t\t\t\tborder: 2px solid #cfcfcf;\n\t\t\t}\n\t\t\t#gallery-3 .gallery-caption {\n\t\t\t\tmargin-left: 0;\n\t\t\t}\n\t\t\t\/* see gallery_shortcode() in wp-includes\/media.php *\/\n\t\t<\/style>\n\t\t<div id='gallery-3' class='gallery galleryid-1684 gallery-columns-1 gallery-size-full'><dl class='gallery-item'>\n\t\t\t<dt class='gallery-icon landscape'>\n\t\t\t\t<a data-elementor-open-lightbox=\"yes\" data-elementor-lightbox-slideshow=\"d3fa52f\" data-e-action-hash=\"#elementor-action%3Aaction%3Dlightbox%26settings%3DeyJpZCI6MTY5MywidXJsIjoiaHR0cHM6XC9cL3d3dy5wb3N0aWN1bS5yb1wvd3AtY29udGVudFwvdXBsb2Fkc1wvMjAyMVwvMDJcL2lzenRfOV8xLmpwZyIsInNsaWRlc2hvdyI6ImQzZmE1MmYifQ%3D%3D\" href='https:\/\/www.posticum.ro\/wp-content\/uploads\/2021\/02\/iszt_9_1.jpg'><img loading=\"lazy\" decoding=\"async\" width=\"1270\" height=\"953\" src=\"https:\/\/www.posticum.ro\/wp-content\/uploads\/2021\/02\/iszt_9_1.jpg\" class=\"attachment-full size-full\" alt=\"\" srcset=\"https:\/\/www.posticum.ro\/wp-content\/uploads\/2021\/02\/iszt_9_1.jpg 1270w, https:\/\/www.posticum.ro\/wp-content\/uploads\/2021\/02\/iszt_9_1-300x225.jpg 300w, https:\/\/www.posticum.ro\/wp-content\/uploads\/2021\/02\/iszt_9_1-1024x768.jpg 1024w, https:\/\/www.posticum.ro\/wp-content\/uploads\/2021\/02\/iszt_9_1-768x576.jpg 768w\" sizes=\"(max-width: 1270px) 100vw, 1270px\" \/><\/a>\n\t\t\t<\/dt><\/dl><br style=\"clear: both\" \/><dl class='gallery-item'>\n\t\t\t<dt class='gallery-icon landscape'>\n\t\t\t\t<a data-elementor-open-lightbox=\"yes\" data-elementor-lightbox-slideshow=\"d3fa52f\" data-e-action-hash=\"#elementor-action%3Aaction%3Dlightbox%26settings%3DeyJpZCI6MTY5NCwidXJsIjoiaHR0cHM6XC9cL3d3dy5wb3N0aWN1bS5yb1wvd3AtY29udGVudFwvdXBsb2Fkc1wvMjAyMVwvMDJcL2lzenRfOV8yLmpwZyIsInNsaWRlc2hvdyI6ImQzZmE1MmYifQ%3D%3D\" href='https:\/\/www.posticum.ro\/wp-content\/uploads\/2021\/02\/iszt_9_2.jpg'><img loading=\"lazy\" decoding=\"async\" width=\"1270\" height=\"953\" src=\"https:\/\/www.posticum.ro\/wp-content\/uploads\/2021\/02\/iszt_9_2.jpg\" class=\"attachment-full size-full\" alt=\"\" srcset=\"https:\/\/www.posticum.ro\/wp-content\/uploads\/2021\/02\/iszt_9_2.jpg 1270w, https:\/\/www.posticum.ro\/wp-content\/uploads\/2021\/02\/iszt_9_2-300x225.jpg 300w, https:\/\/www.posticum.ro\/wp-content\/uploads\/2021\/02\/iszt_9_2-1024x768.jpg 1024w, https:\/\/www.posticum.ro\/wp-content\/uploads\/2021\/02\/iszt_9_2-768x576.jpg 768w\" sizes=\"(max-width: 1270px) 100vw, 1270px\" \/><\/a>\n\t\t\t<\/dt><\/dl><br style=\"clear: both\" \/><dl class='gallery-item'>\n\t\t\t<dt class='gallery-icon landscape'>\n\t\t\t\t<a data-elementor-open-lightbox=\"yes\" data-elementor-lightbox-slideshow=\"d3fa52f\" data-e-action-hash=\"#elementor-action%3Aaction%3Dlightbox%26settings%3DeyJpZCI6MTY5NSwidXJsIjoiaHR0cHM6XC9cL3d3dy5wb3N0aWN1bS5yb1wvd3AtY29udGVudFwvdXBsb2Fkc1wvMjAyMVwvMDJcL2lzenRfOV8zLmpwZyIsInNsaWRlc2hvdyI6ImQzZmE1MmYifQ%3D%3D\" href='https:\/\/www.posticum.ro\/wp-content\/uploads\/2021\/02\/iszt_9_3.jpg'><img loading=\"lazy\" decoding=\"async\" width=\"1243\" height=\"953\" src=\"https:\/\/www.posticum.ro\/wp-content\/uploads\/2021\/02\/iszt_9_3.jpg\" class=\"attachment-full size-full\" alt=\"\" srcset=\"https:\/\/www.posticum.ro\/wp-content\/uploads\/2021\/02\/iszt_9_3.jpg 1243w, https:\/\/www.posticum.ro\/wp-content\/uploads\/2021\/02\/iszt_9_3-300x230.jpg 300w, https:\/\/www.posticum.ro\/wp-content\/uploads\/2021\/02\/iszt_9_3-1024x785.jpg 1024w, https:\/\/www.posticum.ro\/wp-content\/uploads\/2021\/02\/iszt_9_3-768x589.jpg 768w\" sizes=\"(max-width: 1243px) 100vw, 1243px\" \/><\/a>\n\t\t\t<\/dt><\/dl><br style=\"clear: both\" \/><dl class='gallery-item'>\n\t\t\t<dt class='gallery-icon landscape'>\n\t\t\t\t<a data-elementor-open-lightbox=\"yes\" data-elementor-lightbox-slideshow=\"d3fa52f\" data-e-action-hash=\"#elementor-action%3Aaction%3Dlightbox%26settings%3DeyJpZCI6MTY5NiwidXJsIjoiaHR0cHM6XC9cL3d3dy5wb3N0aWN1bS5yb1wvd3AtY29udGVudFwvdXBsb2Fkc1wvMjAyMVwvMDJcL2lzenRfOV80LmpwZyIsInNsaWRlc2hvdyI6ImQzZmE1MmYifQ%3D%3D\" href='https:\/\/www.posticum.ro\/wp-content\/uploads\/2021\/02\/iszt_9_4.jpg'><img loading=\"lazy\" decoding=\"async\" width=\"1248\" height=\"936\" src=\"https:\/\/www.posticum.ro\/wp-content\/uploads\/2021\/02\/iszt_9_4.jpg\" class=\"attachment-full size-full\" alt=\"\" srcset=\"https:\/\/www.posticum.ro\/wp-content\/uploads\/2021\/02\/iszt_9_4.jpg 1248w, https:\/\/www.posticum.ro\/wp-content\/uploads\/2021\/02\/iszt_9_4-300x225.jpg 300w, https:\/\/www.posticum.ro\/wp-content\/uploads\/2021\/02\/iszt_9_4-1024x768.jpg 1024w, https:\/\/www.posticum.ro\/wp-content\/uploads\/2021\/02\/iszt_9_4-768x576.jpg 768w\" sizes=\"(max-width: 1248px) 100vw, 1248px\" \/><\/a>\n\t\t\t<\/dt><\/dl><br style=\"clear: both\" \/>\n\t\t<\/div>\n\t\t<\/div>\n\t\t\t\t\t\t<\/div>\n\t\t\t\t<\/div>\n\t\t\t\t\t<\/div>\n\t\t<\/div>\n\t\t\t\t\t<\/div>\n\t\t<\/section>\n\t\t\t\t<section class=\"has_eae_slider elementor-section elementor-top-section elementor-element elementor-element-b2143bc elementor-section-boxed elementor-section-height-default elementor-section-height-default\" data-id=\"b2143bc\" data-element_type=\"section\">\n\t\t\t\t\t\t<div class=\"elementor-container elementor-column-gap-default\">\n\t\t\t\t\t<div class=\"has_eae_slider elementor-column elementor-col-100 elementor-top-column elementor-element elementor-element-5ca600e\" data-id=\"5ca600e\" data-element_type=\"column\">\n\t\t\t<div class=\"elementor-widget-wrap elementor-element-populated\">\n\t\t\t\t\t\t<div class=\"elementor-element elementor-element-6243cb8 elementor-widget elementor-widget-text-editor\" data-id=\"6243cb8\" data-element_type=\"widget\" data-widget_type=\"text-editor.default\">\n\t\t\t\t<div class=\"elementor-widget-container\">\n\t\t\t\t\t\t\t\t\t<p style=\"margin-top: 1.3em; margin-bottom: 0px; padding: 0px; border: 0px; font-variant-numeric: inherit; font-variant-east-asian: inherit; font-stretch: inherit; font-size: 13.2px; line-height: inherit; font-family: Arial; vertical-align: baseline; color: #000000; text-align: justify;\">Lehet hogy nem minden v\u00e1rosban \u00e9rdemes cs\u00f6vesnek lenni. Az \u00e9sz legt\u00f6bbsz\u00f6r h\u00fclyes\u00e9geket besz\u00e9l, mindig! mondjuk \u00edgy \u00e9s az \u00e9sz tudja \u00e9s igazolni akarja mag\u00e1t. Most almasz\u00f6rp\u00f6t vettem \u00e9s kerek bogy\u00f3kat, c\u0131t\u0131k leblebi, ezt \u00edrja a tasakon.Tiszta kem\u00e9ny\u00edt\u0151. Az alma pedig sav. A kett\u0151 egy\u00fctt ki\u00fcti egym\u00e1st \u00e9s a gyomrod. \u00c9des filoz\u00f3fia!Tudom hogy \u00fcres minden szavad mint ahogy a k\u0151 \u00fcres ha szertebontod \u00e9s a v\u00e9g\u00fclis \u00f6sszes \u00e9rvei ide vezetnek. Az is ide vezet ha nincsen \u00e9rve. Most? Ez az \u00fcress\u00e9g kell, \u0171r, a sok semmi a lebeg\u00e9shez. Nem kell utazni vagy nem kell egy helyben maradni. Ezt most m\u00e1r tudom.<\/p>\n<p style=\"margin-top: 1.3em; margin-bottom: 0px; padding: 0px; border: 0px; font-variant-numeric: inherit; font-variant-east-asian: inherit; font-stretch: inherit; font-size: 13.2px; line-height: inherit; font-family: Arial; vertical-align: baseline; color: #000000; text-align: justify;\"><\/p>\n<p style=\"margin-top: 1.3em; margin-bottom: 0px; padding: 0px; border: 0px; font-variant-numeric: inherit; font-variant-east-asian: inherit; font-stretch: inherit; font-size: 13.2px; line-height: inherit; font-family: Arial; vertical-align: baseline; color: #000000; text-align: justify;\">Az itteniek t\u00f6bbnyire csont \u00e9s b\u0151r, eg\u00e9szs\u00e9gesek, ny\u00fal\u00e1nkak.Van egy m\u00e1sik r\u00e9sz, a k\u00f6pc\u00f6s alkat, nem k\u00f6v\u00e9rek \u0151k se. Akik az utc\u00e1n \u00e1rulnak azok langal\u00e9t\u00e1k. A sok ember teszi, akivel sz\u00f3t cser\u00e9lnek? A sz\u00e9l f\u00faj, a sz\u00f6k\u0151k\u00fat vize inog. V\u00e9gre \u00edrok megint, ig\u00e9nyek n\u00e9lk\u00fcl. Az elit szem\u00e9tl\u00e1d\u00e1k ugyanolyanok mint n\u00e1lunk. Amikor Saarbr\u00fcckenbe \u00e9rt\u00fcnk a szem\u00e9tl\u00e1da volt az els\u0151 otthonr\u00f3l is ismert t\u00e1rgy. N\u00e9! Itt is a Rosalgroup van. A szemetesek ahogy l\u00e1ttam nagy szeretettel vannak egym\u00e1s ir\u00e1nt. T\u00e9nyleg semmi b\u00fcszkes\u00e9g. Mint Keresztany\u00e1mmal \u00e9s Keresztap\u00e1mmal d\u00e9lkor a f\u00fcv\u00f6n, takar\u00e1s sz\u00fcnet\u00e9ben \u00fclnek a parkban. \u0150k tudj\u00e1k hogy d\u00e9lben pihenni kell \u00e9s nem sietnek el semmit. Egy\u00fctt esznek \u00e9s az \u00e9let\u00fcket is elmes\u00e9lik neked ha van t\u00fcrelmed a padon. J\u00f3, ez \u00e1ltal\u00e1nos. Eddig ezt l\u00e1ttam, ha \u0151ket l\u00e1ttam. Mit mondan\u00e1l egy \u00e9l\u0151 embernek?<\/p>\n<p style=\"margin-top: 1.3em; margin-bottom: 0px; padding: 0px; border: 0px; font-variant-numeric: inherit; font-variant-east-asian: inherit; font-stretch: inherit; font-size: 13.2px; line-height: inherit; font-family: Arial; vertical-align: baseline; color: #000000; text-align: justify;\"><\/p>\n<p style=\"margin-top: 1.3em; margin-bottom: 0px; padding: 0px; border: 0px; font-variant-numeric: inherit; font-variant-east-asian: inherit; font-stretch: inherit; font-size: 13.2px; line-height: inherit; font-family: Arial; vertical-align: baseline; color: #000000; text-align: justify;\">Isztambulban a f\u0151utc\u00e1n v\u00e9gigm\u00e9sz \u00e9s a f\u0151utca nap mint nap ugyanaz. A t\u00f6bbi utca is val\u00f3sz\u00edn\u0171leg nap mint nap ugyanaz. De mindegyik utca m\u00e1s. N\u00e1lunk a negyedben az utc\u00e1k ugyanolyanok, itt nincs is id\u0151, a f\u0151utca pedig nap mint nap m\u00e1s. Ha \u00e9rten\u00e9k t\u00f6r\u00f6k\u00fcl sokat besz\u00e9lgetn\u00e9nk mert sz\u00edvesen besz\u00e9lgetnek b\u00e1rkivel. A hat\u00e1rokat \u0151rzik. Csak a sz\u00f3 nem ker\u00fcl semmibe. Azt adnak. K\u00fcl\u00f6n szavuk van arra ha valaki telebesz\u00e9li a fejed \u00e9s arra is ha a n\u0151h\u00f6z tapad k\u00e9retlen\u00fcl egy ismeretlen f\u00e9rfi. Pisz! mondt\u00e1k az asszonyok a parkban. Pisz! n\u00e1lunk hallgat\u00e1st jelent. Itt egy sz\u00f3, ma olvastam a sz\u00f3t\u00e1rban, mocskost, pimaszt, k\u00e9js\u00f3v\u00e1r fr\u00e1tert jelent. Ne tal\u00e1lkozzam vele, intettek. Sz\u00e9p s\u00f6t\u00e9t hajuk van, s\u00f6t\u00e9t b\u0151r\u00fck.<\/p>\t\t\t\t\t\t\t\t<\/div>\n\t\t\t\t<\/div>\n\t\t\t\t\t<\/div>\n\t\t<\/div>\n\t\t\t\t\t<\/div>\n\t\t<\/section>\n\t\t\t\t<section class=\"has_eae_slider elementor-section elementor-top-section elementor-element elementor-element-6b49eb0 elementor-section-boxed elementor-section-height-default elementor-section-height-default\" data-id=\"6b49eb0\" data-element_type=\"section\">\n\t\t\t\t\t\t<div class=\"elementor-container elementor-column-gap-default\">\n\t\t\t\t\t<div class=\"has_eae_slider elementor-column elementor-col-100 elementor-top-column elementor-element elementor-element-e4f897c\" data-id=\"e4f897c\" data-element_type=\"column\">\n\t\t\t<div class=\"elementor-widget-wrap elementor-element-populated\">\n\t\t\t\t\t\t<div class=\"elementor-element elementor-element-99d36fa elementor-widget elementor-widget-image-gallery\" data-id=\"99d36fa\" data-element_type=\"widget\" data-widget_type=\"image-gallery.default\">\n\t\t\t\t<div class=\"elementor-widget-container\">\n\t\t\t\t\t\t\t<div class=\"elementor-image-gallery\">\n\t\t\t\n\t\t<style type=\"text\/css\">\n\t\t\t#gallery-4 {\n\t\t\t\tmargin: auto;\n\t\t\t}\n\t\t\t#gallery-4 .gallery-item {\n\t\t\t\tfloat: left;\n\t\t\t\tmargin-top: 10px;\n\t\t\t\ttext-align: center;\n\t\t\t\twidth: 100%;\n\t\t\t}\n\t\t\t#gallery-4 img {\n\t\t\t\tborder: 2px solid #cfcfcf;\n\t\t\t}\n\t\t\t#gallery-4 .gallery-caption {\n\t\t\t\tmargin-left: 0;\n\t\t\t}\n\t\t\t\/* see gallery_shortcode() in wp-includes\/media.php *\/\n\t\t<\/style>\n\t\t<div id='gallery-4' class='gallery galleryid-1684 gallery-columns-1 gallery-size-full'><dl class='gallery-item'>\n\t\t\t<dt class='gallery-icon portrait'>\n\t\t\t\t<a data-elementor-open-lightbox=\"yes\" data-elementor-lightbox-slideshow=\"99d36fa\" data-e-action-hash=\"#elementor-action%3Aaction%3Dlightbox%26settings%3DeyJpZCI6MTcwMCwidXJsIjoiaHR0cHM6XC9cL3d3dy5wb3N0aWN1bS5yb1wvd3AtY29udGVudFwvdXBsb2Fkc1wvMjAyMVwvMDJcL2lzenRfOF8xLmpwZyIsInNsaWRlc2hvdyI6Ijk5ZDM2ZmEifQ%3D%3D\" href='https:\/\/www.posticum.ro\/wp-content\/uploads\/2021\/02\/iszt_8_1.jpg'><img loading=\"lazy\" decoding=\"async\" width=\"1430\" height=\"1907\" src=\"https:\/\/www.posticum.ro\/wp-content\/uploads\/2021\/02\/iszt_8_1.jpg\" class=\"attachment-full size-full\" alt=\"\" srcset=\"https:\/\/www.posticum.ro\/wp-content\/uploads\/2021\/02\/iszt_8_1.jpg 1430w, https:\/\/www.posticum.ro\/wp-content\/uploads\/2021\/02\/iszt_8_1-225x300.jpg 225w, https:\/\/www.posticum.ro\/wp-content\/uploads\/2021\/02\/iszt_8_1-768x1024.jpg 768w, https:\/\/www.posticum.ro\/wp-content\/uploads\/2021\/02\/iszt_8_1-1152x1536.jpg 1152w\" sizes=\"(max-width: 1430px) 100vw, 1430px\" \/><\/a>\n\t\t\t<\/dt><\/dl><br style=\"clear: both\" \/><dl class='gallery-item'>\n\t\t\t<dt class='gallery-icon landscape'>\n\t\t\t\t<a data-elementor-open-lightbox=\"yes\" data-elementor-lightbox-slideshow=\"99d36fa\" data-e-action-hash=\"#elementor-action%3Aaction%3Dlightbox%26settings%3DeyJpZCI6MTcwMSwidXJsIjoiaHR0cHM6XC9cL3d3dy5wb3N0aWN1bS5yb1wvd3AtY29udGVudFwvdXBsb2Fkc1wvMjAyMVwvMDJcL2lzenRfOF8yLmpwZyIsInNsaWRlc2hvdyI6Ijk5ZDM2ZmEifQ%3D%3D\" href='https:\/\/www.posticum.ro\/wp-content\/uploads\/2021\/02\/iszt_8_2.jpg'><img loading=\"lazy\" decoding=\"async\" width=\"1248\" height=\"936\" src=\"https:\/\/www.posticum.ro\/wp-content\/uploads\/2021\/02\/iszt_8_2.jpg\" class=\"attachment-full size-full\" alt=\"\" srcset=\"https:\/\/www.posticum.ro\/wp-content\/uploads\/2021\/02\/iszt_8_2.jpg 1248w, https:\/\/www.posticum.ro\/wp-content\/uploads\/2021\/02\/iszt_8_2-300x225.jpg 300w, https:\/\/www.posticum.ro\/wp-content\/uploads\/2021\/02\/iszt_8_2-1024x768.jpg 1024w, https:\/\/www.posticum.ro\/wp-content\/uploads\/2021\/02\/iszt_8_2-768x576.jpg 768w\" sizes=\"(max-width: 1248px) 100vw, 1248px\" \/><\/a>\n\t\t\t<\/dt><\/dl><br style=\"clear: both\" \/><dl class='gallery-item'>\n\t\t\t<dt class='gallery-icon landscape'>\n\t\t\t\t<a data-elementor-open-lightbox=\"yes\" data-elementor-lightbox-slideshow=\"99d36fa\" data-e-action-hash=\"#elementor-action%3Aaction%3Dlightbox%26settings%3DeyJpZCI6MTcwMiwidXJsIjoiaHR0cHM6XC9cL3d3dy5wb3N0aWN1bS5yb1wvd3AtY29udGVudFwvdXBsb2Fkc1wvMjAyMVwvMDJcL2lzenRfOF8zLmpwZyIsInNsaWRlc2hvdyI6Ijk5ZDM2ZmEifQ%3D%3D\" href='https:\/\/www.posticum.ro\/wp-content\/uploads\/2021\/02\/iszt_8_3.jpg'><img loading=\"lazy\" decoding=\"async\" width=\"1240\" height=\"953\" src=\"https:\/\/www.posticum.ro\/wp-content\/uploads\/2021\/02\/iszt_8_3.jpg\" class=\"attachment-full size-full\" alt=\"\" srcset=\"https:\/\/www.posticum.ro\/wp-content\/uploads\/2021\/02\/iszt_8_3.jpg 1240w, https:\/\/www.posticum.ro\/wp-content\/uploads\/2021\/02\/iszt_8_3-300x231.jpg 300w, https:\/\/www.posticum.ro\/wp-content\/uploads\/2021\/02\/iszt_8_3-1024x787.jpg 1024w, https:\/\/www.posticum.ro\/wp-content\/uploads\/2021\/02\/iszt_8_3-768x590.jpg 768w\" sizes=\"(max-width: 1240px) 100vw, 1240px\" \/><\/a>\n\t\t\t<\/dt><\/dl><br style=\"clear: both\" \/>\n\t\t<\/div>\n\t\t<\/div>\n\t\t\t\t\t\t<\/div>\n\t\t\t\t<\/div>\n\t\t\t\t\t<\/div>\n\t\t<\/div>\n\t\t\t\t\t<\/div>\n\t\t<\/section>\n\t\t\t\t<section class=\"has_eae_slider elementor-section elementor-top-section elementor-element elementor-element-c47fe56 elementor-section-boxed elementor-section-height-default elementor-section-height-default\" data-id=\"c47fe56\" data-element_type=\"section\">\n\t\t\t\t\t\t<div class=\"elementor-container elementor-column-gap-default\">\n\t\t\t\t\t<div class=\"has_eae_slider elementor-column elementor-col-100 elementor-top-column elementor-element elementor-element-4955e8e\" data-id=\"4955e8e\" data-element_type=\"column\">\n\t\t\t<div class=\"elementor-widget-wrap elementor-element-populated\">\n\t\t\t\t\t\t<div class=\"elementor-element elementor-element-5aa2496 elementor-widget elementor-widget-text-editor\" data-id=\"5aa2496\" data-element_type=\"widget\" data-widget_type=\"text-editor.default\">\n\t\t\t\t<div class=\"elementor-widget-container\">\n\t\t\t\t\t\t\t\t\t<p style=\"margin-top: 1.3em; margin-bottom: 0px; padding: 0px; border: 0px; font-variant-numeric: inherit; font-variant-east-asian: inherit; font-stretch: inherit; font-size: 13.2px; line-height: inherit; font-family: Arial; vertical-align: baseline; color: #000000; text-align: justify;\"><span style=\"margin: 0px; padding: 0px; border: 0px; font-style: inherit; font-variant: inherit; font-weight: bold; font-stretch: inherit; font-size: inherit; line-height: inherit; font-family: inherit; vertical-align: baseline;\">Ez Isztambul, kilencedik nap, holnap&#8230; itt nincs.<\/span>\u00a0M\u00e1r elm\u00falt d\u00e9l. Most olvastam Anci \u00fczenet\u00e9t, igeeeen \u00edrja, olyan boldog vagyok! \u00c9s Dragos is \u00edrt. J\u00f3\u00f3\u00f3\u00f3\u00f3\u00f3\u00f3\u00f3\u00f3! Tal\u00e1lkozzunk. Ma van a Ramad\u00e1n els\u0151 napja. Van \u00fczlet, amely nyitva sincs. A t\u00f6bbiek a turist\u00e1knak, t\u00f6r\u00f6k embert ma nem l\u00e1ttam enni. Vettem egy szendvicset \u00e9s elb\u00fajtam vele a buszmeg\u00e1ll\u00f3 h\u00e1ta m\u00f6g\u00e9 az \u00e1rny\u00e9kba. Itt minden\u00fctt lehet \u00fclni. A n\u0151 mellettem egy vasdarabon \u00fclt, egy v\u00e9kony vaskorl\u00e1ton \u00f6tven centire a f\u00f6ld felett. Azt\u00e1n j\u00f6tt egy f\u00e9rfi \u00e9s a koldusasszony mell\u00e9 telepedett, aki pap\u00edrokon hevert. Ott mellett\u00fck voltak eldobott kartonok, a f\u00e9rfi kivett egyet \u00e9s azt tette maga al\u00e1. Vahab elmondta tegnap \u00e9s tegnapel\u0151tt, orucs, ez a b\u00f6jt neve. Nem v\u00e1gnak hajat, nem esznek nappal \u00e9s inni sem isznak napsz\u00e1llt\u00e1ig. Akkor a mecset mellett \u00e9telt lehet kapni egy s\u00e1torban. Food for everyone. mondta Vahab. A neve egy Allah kilencvenkilenc neve k\u00f6z\u00fcl, Vahab azt jelent aki ad, aki csak ad \u00e9s nem vesz el. Allahnak kilencvenkilenc neve van. A tenyeredbe van \u00edrva ez a sz\u00e1m. Az arab sz\u00e1m\u00edr\u00e1s ford\u00edtott v nek \u00edrja a nyolcat. A tenyered vonalai egy \u00e9s nyolc, a m\u00e1sik ford\u00edtva nyolc \u00e9s egy. Tizennyolc \u00e9s nyolcvanegy az kilencvenkilenc. Egy h\u00f3napig tart a b\u00f6jt. Vahab az mondja, szomor\u00fa. Live in Turkey. Will you? Te is tudod hogy nem v\u00e1laszolok. Egy kisl\u00e1ny \u00e1llt a kagyl\u00f3n\u00e1l a sz\u00e1llod\u00e1ban amely l\u00e9pcs\u0151h\u00e1z \u00e9s csal\u00e1dok laknak benne. Az els\u0151 emeleten nincs mosd\u00f3 semmi, a m\u00e1sodikon van kagyl\u00f3 \u00e9s budi, a harmadikon is \u00e9s a negyediken tusolhatsz. A kagyl\u00f3n\u00e1l \u00e1llt a kisl\u00e1ny. Mosta a csemp\u00e9t, amely \u00fagyis tiszta volt, amennyire csak lehetett. Van ott egy szivacs, r\u00e9gi, arra vizet engedett \u00e9s azzal k\u00f6rbes\u00farolta a kagyl\u00f3 perem\u00e9t, majd \u00fajb\u00f3l vizet engedett \u00e9s \u00fajb\u00f3l k\u00f6rbesim\u00edtotta. A szappantart\u00f3ban m\u00e9g volt egy ujjbegynyi szappan, azzal bekenete a szivacsot \u00e9s \u00f6sszeszor\u00edtotta, hogy a hab kij\u00f6jj\u00f6n a p\u00f3rusokon. A m\u00fcezzin ma szinte megszak\u00edt\u00e1s n\u00e9lk\u00fcl \u00e9nekelt. Pr\u00e9dik\u00e1ltak is, nem \u00e9rtek t\u00f6r\u00f6k\u00fcl. Az ablak a mecset bej\u00e1rat\u00e1val szemben van, hallottam amikor sok papucs csoszogott ki \u00e9s be. Kin\u00e9ztem az ablakon, a f\u00fcgg\u00f6ny f\u00e9lig eltakarja, l\u00e1ttam ahogy hajlonganak az ima k\u00f6zben \u00e9s leborulnak. A kisl\u00e1ny h\u00e1tran\u00e9zett \u00e9s nevetett. Intettem hogy mossa csak nyugodtan, v\u00e1rok m\u00e9g. Egy szivaccsal a kezemben, arcot mosni. A mosogat\u00f3szivacsot kicsavarta \u00e9s \u00fajb\u00f3l vizet csorgatott \u00e9s \u00fajb\u00f3l k\u00f6rbesim\u00edtota a csemp\u00e9t, csatakolva ott ahol esz\u00e9be jutott. K\u00f6zben h\u00e1tra-h\u00e1tran\u00e9zett. Besz\u00e9lt hozz\u00e1m, k\u00e9rdezett &#8211; Bil mijorum t\u00fcrkcse, mondtam. Azt hiszem m\u00e1s nyelven besz\u00e9lt, oroszul vagy valamelyik szomsz\u00e9d orsz\u00e1g nyelv\u00e9n \u00e9s a szomsz\u00e9d helyis\u00e9gre mutatott ahol az asszonyok \u00fcltek a f\u00f6ld\u00f6n. Mosta m\u00e9g mindig a kagyl\u00f3t, most a csapot, a szivacsb\u00f3l vizet csorgatva r\u00e1, majd a csapot engedte meg \u00e9s abb\u00f3l csorgatott vizet a szivacsra. Kicsavarta \u00e9s \u00fajrakezdte. Besz\u00e9lt, azt\u00e1n elz\u00e1rta a csapot, megszor\u00edtotta amennyire csak tudta hogy ne csepegjen. Intettem, meg fogom engedni \u00fajb\u00f3l. Visszaintett, most menjek oda, szabad a hely. Ahogy \u00e9n figyeltem \u0151t, mosakod\u00e1s k\u00f6zben \u0151 is ott \u00e1llt \u00e9s figyelt.<\/p>\n<p style=\"margin-top: 1.3em; margin-bottom: 0px; padding: 0px; border: 0px; font-variant-numeric: inherit; font-variant-east-asian: inherit; font-stretch: inherit; font-size: 13.2px; line-height: inherit; font-family: Arial; vertical-align: baseline; color: #000000; text-align: justify;\"><\/p>\n<p style=\"margin-top: 1.3em; margin-bottom: 0px; padding: 0px; border: 0px; font-variant-numeric: inherit; font-variant-east-asian: inherit; font-stretch: inherit; font-size: 13.2px; line-height: inherit; font-family: Arial; vertical-align: baseline; color: #000000; text-align: justify;\">Tegnap a tengerparton a haj\u00f3k indul\u00e1si hely\u00e9n volt egy s\u00e1v ahol n\u00e9gy kamasz \u00fclt, lel\u00f3gatva l\u00e1baikat a v\u00edz f\u00f6l\u00e9. A mennyben ez a n\u00e9gy kamasz leszek egy l\u00e1nnyal aki \u0151ket kacagja. Ezen a helyen. Amikor ide \u00e9rtem m\u00e1r k\u00e9t r\u00e9sz f\u00f6ld volt m\u00f6g\u00f6ttem Isztambulb\u00f3l. \u00c1t az Aranyszarv ut\u00e1n ez volt a Boszporusz. Kerestem, hol van annak a h\u00eddnak a kezdete, amely magasan a leveg\u0151ben \u00edvelt \u00e1t, amelyen \u00e1tmehetn\u00e9k. Kider\u00fclt azt\u00e1n, sehol sincs, ez egy aut\u00f3p\u00e1lya \u00e9s kilom\u00e9tereket k\u00e9ne menni, legal\u00e1bb \u00f6t\u00f6t, am\u00edg egy helyre akadn\u00e9k, ahol gyalogosok is r\u00e1mehetnek. A v\u00edz mellett csak a v\u00edz volt. Meg a kamaszok. Kicsit t\u00e1volabb \u00fcltem, hogy ne adjak ezzel \u00fczenetet, mintha besz\u00e9dbe akarn\u00e9k elegyedni vel\u00fck. Levetettem a cip\u0151t, volt egy liter almal\u00e9 is. \u00c9s semmi. V\u00e9gre! \u0150k besz\u00e9lgettek azt\u00e1n leereszkedtek a betonp\u00e1rk\u00e1nyon, ennek az alj\u00e1n volt egy kicsi p\u00e1rk\u00e1ny, a v\u00edz itt m\u00e9g nem m\u00e9ly, ap\u00e1ly ut\u00e1n lehetett, a k\u00f6vek ki\u00e1lltak bel\u0151le. Alg\u00e1val, z\u00f6lddel tele bor\u00edtottak, az els\u0151 kamasz \u00e1tm\u00e1szott a betonlapra amely ott a sz\u00e9len szint\u00e9n ki\u00e1llt. Levetette a cip\u0151j\u00e9t \u00e9s ki\u00e1ltozott \u00f6r\u00f6m\u00e9ben, h\u00edvta a t\u00f6bbieket. A m\u00e1sodik is \u00e1tm\u00e1szott, k\u00f6zben kerest\u00e9k a k\u00f6veket, m\u00e9g cip\u0151vel m\u00e1sztak \u00e1t. A harmadik megcs\u00faszott \u00e9s a betonra ter\u00fclt, az inge z\u00f6ld lett, csak kacagtak. V\u00e9g\u00fcl leh\u00edvt\u00e1k a negyediket is, a legh\u00faz\u00f3d\u00f3z\u00f3bbat, seg\u00edtettek neki. M\u00e1r azon gondolkoztak, hogy f\u00fcr\u00f6dni fognak \u00e9s levetett\u00e9k ing\u00fcket, a nadr\u00e1gon t\u00e9pel\u0151dtek, az\u00e9rt m\u00e9g t\u00e9bl\u00e1boltak ott a betonon, mikor j\u00f6tt a haj\u00f3\u00e1llom\u00e1s f\u0151n\u00f6ke \u00e9s kiparancsolta \u0151ket onnan. Most?! k\u00e9rdeztek vissza, de az ember a ruh\u00e1ikhoz l\u00e9pett, a cip\u0151khez \u00e9s ingekhez amit k\u00f6zben a partra haj\u00edtottak \u00e9s megl\u00f6kte \u0151ket enyh\u00e1n a l\u00e1baival a v\u00edz fel\u00e9. Kim\u00e1sztak. M\u00e1r\u00e9falv\u00e1n is pont \u00edgy f\u00fcr\u00f6dt\u00fcnk. Csak ha a tengert \u00e9s a kamaszokat n\u00e9zed. A hegyeken amit napk\u00f6zben m\u00e1sztam elfogott a h\u0151s\u00e9g \u00e9s f\u00fcg\u00e9t k\u00e9rtem egy asszonyt\u00f3l. Hogy nevetett! Talpig be volt burkol\u00f3zva s\u00e1rga k\u00f6penybe, a kisl\u00e1ny\u00e1val szedt\u00e9k a gy\u00fcm\u00f6lcs\u00f6t a f\u00e1r\u00f3l. Egyet k\u00e9rtem, adott egy \u00f6sszmar\u00e9kkal, \u00e9deset, oml\u00f3sat, amilyent m\u00e9g nem \u00edzleltem.<\/p>\t\t\t\t\t\t\t\t<\/div>\n\t\t\t\t<\/div>\n\t\t\t\t\t<\/div>\n\t\t<\/div>\n\t\t\t\t\t<\/div>\n\t\t<\/section>\n\t\t\t\t<section class=\"has_eae_slider elementor-section elementor-top-section elementor-element elementor-element-6dc624d elementor-section-boxed elementor-section-height-default elementor-section-height-default\" data-id=\"6dc624d\" data-element_type=\"section\">\n\t\t\t\t\t\t<div class=\"elementor-container elementor-column-gap-default\">\n\t\t\t\t\t<div class=\"has_eae_slider elementor-column elementor-col-100 elementor-top-column elementor-element elementor-element-408626f\" data-id=\"408626f\" data-element_type=\"column\">\n\t\t\t<div class=\"elementor-widget-wrap elementor-element-populated\">\n\t\t\t\t\t\t<div class=\"elementor-element elementor-element-14ad128 elementor-widget elementor-widget-image-gallery\" data-id=\"14ad128\" data-element_type=\"widget\" data-widget_type=\"image-gallery.default\">\n\t\t\t\t<div class=\"elementor-widget-container\">\n\t\t\t\t\t\t\t<div class=\"elementor-image-gallery\">\n\t\t\t\n\t\t<style type=\"text\/css\">\n\t\t\t#gallery-5 {\n\t\t\t\tmargin: auto;\n\t\t\t}\n\t\t\t#gallery-5 .gallery-item {\n\t\t\t\tfloat: left;\n\t\t\t\tmargin-top: 10px;\n\t\t\t\ttext-align: center;\n\t\t\t\twidth: 100%;\n\t\t\t}\n\t\t\t#gallery-5 img {\n\t\t\t\tborder: 2px solid #cfcfcf;\n\t\t\t}\n\t\t\t#gallery-5 .gallery-caption {\n\t\t\t\tmargin-left: 0;\n\t\t\t}\n\t\t\t\/* see gallery_shortcode() in wp-includes\/media.php *\/\n\t\t<\/style>\n\t\t<div id='gallery-5' class='gallery galleryid-1684 gallery-columns-1 gallery-size-full'><dl class='gallery-item'>\n\t\t\t<dt class='gallery-icon portrait'>\n\t\t\t\t<a data-elementor-open-lightbox=\"yes\" data-elementor-lightbox-slideshow=\"14ad128\" data-e-action-hash=\"#elementor-action%3Aaction%3Dlightbox%26settings%3DeyJpZCI6MTcwMywidXJsIjoiaHR0cHM6XC9cL3d3dy5wb3N0aWN1bS5yb1wvd3AtY29udGVudFwvdXBsb2Fkc1wvMjAyMVwvMDJcL2lzenRfN18xLmpwZyIsInNsaWRlc2hvdyI6IjE0YWQxMjgifQ%3D%3D\" href='https:\/\/www.posticum.ro\/wp-content\/uploads\/2021\/02\/iszt_7_1.jpg'><img loading=\"lazy\" decoding=\"async\" width=\"1430\" height=\"1907\" src=\"https:\/\/www.posticum.ro\/wp-content\/uploads\/2021\/02\/iszt_7_1.jpg\" class=\"attachment-full size-full\" alt=\"\" srcset=\"https:\/\/www.posticum.ro\/wp-content\/uploads\/2021\/02\/iszt_7_1.jpg 1430w, https:\/\/www.posticum.ro\/wp-content\/uploads\/2021\/02\/iszt_7_1-225x300.jpg 225w, https:\/\/www.posticum.ro\/wp-content\/uploads\/2021\/02\/iszt_7_1-768x1024.jpg 768w, https:\/\/www.posticum.ro\/wp-content\/uploads\/2021\/02\/iszt_7_1-1152x1536.jpg 1152w\" sizes=\"(max-width: 1430px) 100vw, 1430px\" \/><\/a>\n\t\t\t<\/dt><\/dl><br style=\"clear: both\" \/><dl class='gallery-item'>\n\t\t\t<dt class='gallery-icon landscape'>\n\t\t\t\t<a data-elementor-open-lightbox=\"yes\" data-elementor-lightbox-slideshow=\"14ad128\" data-e-action-hash=\"#elementor-action%3Aaction%3Dlightbox%26settings%3DeyJpZCI6MTcwNCwidXJsIjoiaHR0cHM6XC9cL3d3dy5wb3N0aWN1bS5yb1wvd3AtY29udGVudFwvdXBsb2Fkc1wvMjAyMVwvMDJcL2lzenRfN18yLmpwZyIsInNsaWRlc2hvdyI6IjE0YWQxMjgifQ%3D%3D\" href='https:\/\/www.posticum.ro\/wp-content\/uploads\/2021\/02\/iszt_7_2.jpg'><img loading=\"lazy\" decoding=\"async\" width=\"1270\" height=\"953\" src=\"https:\/\/www.posticum.ro\/wp-content\/uploads\/2021\/02\/iszt_7_2.jpg\" class=\"attachment-full size-full\" alt=\"\" srcset=\"https:\/\/www.posticum.ro\/wp-content\/uploads\/2021\/02\/iszt_7_2.jpg 1270w, https:\/\/www.posticum.ro\/wp-content\/uploads\/2021\/02\/iszt_7_2-300x225.jpg 300w, https:\/\/www.posticum.ro\/wp-content\/uploads\/2021\/02\/iszt_7_2-1024x768.jpg 1024w, https:\/\/www.posticum.ro\/wp-content\/uploads\/2021\/02\/iszt_7_2-768x576.jpg 768w\" sizes=\"(max-width: 1270px) 100vw, 1270px\" \/><\/a>\n\t\t\t<\/dt><\/dl><br style=\"clear: both\" \/><dl class='gallery-item'>\n\t\t\t<dt class='gallery-icon landscape'>\n\t\t\t\t<a data-elementor-open-lightbox=\"yes\" data-elementor-lightbox-slideshow=\"14ad128\" data-e-action-hash=\"#elementor-action%3Aaction%3Dlightbox%26settings%3DeyJpZCI6MTcwNSwidXJsIjoiaHR0cHM6XC9cL3d3dy5wb3N0aWN1bS5yb1wvd3AtY29udGVudFwvdXBsb2Fkc1wvMjAyMVwvMDJcL2lzenRfN18zLmpwZyIsInNsaWRlc2hvdyI6IjE0YWQxMjgifQ%3D%3D\" href='https:\/\/www.posticum.ro\/wp-content\/uploads\/2021\/02\/iszt_7_3.jpg'><img loading=\"lazy\" decoding=\"async\" width=\"1270\" height=\"953\" src=\"https:\/\/www.posticum.ro\/wp-content\/uploads\/2021\/02\/iszt_7_3.jpg\" class=\"attachment-full size-full\" alt=\"\" srcset=\"https:\/\/www.posticum.ro\/wp-content\/uploads\/2021\/02\/iszt_7_3.jpg 1270w, https:\/\/www.posticum.ro\/wp-content\/uploads\/2021\/02\/iszt_7_3-300x225.jpg 300w, https:\/\/www.posticum.ro\/wp-content\/uploads\/2021\/02\/iszt_7_3-1024x768.jpg 1024w, https:\/\/www.posticum.ro\/wp-content\/uploads\/2021\/02\/iszt_7_3-768x576.jpg 768w\" sizes=\"(max-width: 1270px) 100vw, 1270px\" \/><\/a>\n\t\t\t<\/dt><\/dl><br style=\"clear: both\" \/>\n\t\t<\/div>\n\t\t<\/div>\n\t\t\t\t\t\t<\/div>\n\t\t\t\t<\/div>\n\t\t\t\t\t<\/div>\n\t\t<\/div>\n\t\t\t\t\t<\/div>\n\t\t<\/section>\n\t\t\t\t<section class=\"has_eae_slider elementor-section elementor-top-section elementor-element elementor-element-9a0faf6 elementor-section-boxed elementor-section-height-default elementor-section-height-default\" data-id=\"9a0faf6\" data-element_type=\"section\">\n\t\t\t\t\t\t<div class=\"elementor-container elementor-column-gap-default\">\n\t\t\t\t\t<div class=\"has_eae_slider elementor-column elementor-col-100 elementor-top-column elementor-element elementor-element-92d3034\" data-id=\"92d3034\" data-element_type=\"column\">\n\t\t\t<div class=\"elementor-widget-wrap elementor-element-populated\">\n\t\t\t\t\t\t<div class=\"elementor-element elementor-element-d5d21d6 elementor-widget elementor-widget-text-editor\" data-id=\"d5d21d6\" data-element_type=\"widget\" data-widget_type=\"text-editor.default\">\n\t\t\t\t<div class=\"elementor-widget-container\">\n\t\t\t\t\t\t\t\t\t<p style=\"margin-top: 1.3em; margin-bottom: 0px; padding: 0px; border: 0px; font-variant-numeric: inherit; font-variant-east-asian: inherit; font-stretch: inherit; font-size: 13.2px; line-height: inherit; font-family: Arial; vertical-align: baseline; color: #000000; text-align: justify;\">Mikor megkezd\u0151dik a b\u00f6jt, a nappali kaj\u00e1s \u00fczletek egy j\u00f3 r\u00e9sze bez\u00e1r. Nincs most palacsinta, kebab meg ilyenek. Aki nyitvatart, az a turist\u00e1k\u00e9rt. A leveg\u0151ben van az \u00e9hs\u00e9g. Milli\u00f3nyi ember a meg\u00e1ll\u00f3ban, a gyerekeknek vesznek valamit, vagy ihatnak vizet, ha nem b\u00edrj\u00e1k. \u00c9n sz\u00e9gyellek enni. F\u00e9lreh\u00faz\u00f3dom a meg\u00e1ll\u00f3 m\u00f6g\u00e9 \u00e9s csendben majszolok, ha musz\u00e1j. Alkonyatkor ki\u00e1lt a m\u00fcezzin. A mecsetek k\u00f6r\u00fcl konyh\u00e1t \u00e1ll\u00edtottak fel. Vahab mes\u00e9lt r\u00f3la. Itt, pont ann\u00e1l a mecsetn\u00e9l, amely az egyetem el\u0151tt van, ingyen ehetnek. A nagy mecsetn\u00e9l szint\u00e9n van \u00e9teloszt\u00e1s \u00e9s persze minden nagyobb mecset k\u00f6r\u00fcl vannak p\u00e9nzes konyh\u00e1k is. Alkonyatkor mindenki im\u00e1ra megy. Ez\u00fattal van besz\u00e9d is a kihangos\u00edt\u00f3n. M\u00edg a Kor\u00e1nt olvass\u00e1k fel \u00e9s magyar\u00e1zz\u00e1k, a csal\u00e1dok a hossz\u00fa asztalok k\u00f6r\u00e9 \u00fclnek vagy a f\u0171re. A n\u0151k tet\u0151t\u0151l talpig eltakarva, a szigor\u00fabb ir\u00e1nyzat k\u00f6vet\u0151i tiszta feket\u00e9ben arcf\u00e1tyollal. Most l\u00e1tom, mekkora is egy \u00e1tlagos t\u00f6r\u00f6k csal\u00e1d. Minimum t\u00edz ember \u00fcli k\u00f6r\u00fcl az asztalt. A mecsetb\u0151l felolvasnak nekik, \u0151k esznek. Az \u00e9tel szabad, t\u00f6bbnyire egyszer\u0171. Rizs \u00e9s bors\u00f3, vagy bulgur.<\/p>\n<p style=\"margin-top: 1.3em; margin-bottom: 0px; padding: 0px; border: 0px; font-variant-numeric: inherit; font-variant-east-asian: inherit; font-stretch: inherit; font-size: 13.2px; line-height: inherit; font-family: Arial; vertical-align: baseline; color: #000000; text-align: justify;\">M\u00e1sik utcai \u00e9tel a pil\u00e1f, rizs csirkeh\u00fasmorzs\u00e1kkal keverve. Kebab term\u00e9szetesen. A legt\u00f6bb t\u00f6r\u00f6k m\u00e9gsem ezt eszi tisztess\u00e9ges kaj\u00e1nak. Egyszer be\u00fcl\u00f6k egy vend\u00e9gl\u0151be. Mindenki n\u00e9z, mert n\u0151 vagyok \u00e9s mert egyed\u00fcl. Az\u00e9rt kiszolg\u00e1lnak, nem siet\u0151sen, mert egy csoport f\u00e9rfi is j\u00f6n \u00e9s rendel. El\u0151bb \u0151k. Sal\u00e1t\u00e1t esznek, sok ubork\u00e1t, jaurtot \u00e9s paradicsomot. \u00c9n saorm\u00e1t rendeltem, ez keny\u00e9rbetekert z\u00f6lds\u00e9g. Veget\u00e1ri\u00e1nusat. \u0150k t\u00e1ny\u00e9rr\u00f3l esznek. Gyakori az ajran, s\u00f3s joghurtm\u00e1rt\u00e1s. Mindenhez j\u00e1r. Ezt r\u00e9zkann\u00e1csk\u00e1kb\u00f3l t\u00f6ltik. M\u00e1s alkalommal egy sov\u00e1ny, aszott k\u00e9kk\u00f6penyes villanyszerel\u0151t l\u00e1tok eb\u00e9delni az utca sz\u00e9l\u00e9n. Kom\u00f3tosan kissz\u00e9kre \u00fcl, egy m\u00e1sik kissz\u00e9ket tesz maga el\u00e9. Ez egy kisebb macskak\u00f6ves utc\u00e1nak a zs\u00e1kutc\u00e1ja, itt kiv\u00e9telesen nincs kocsij\u00e1r\u00e1s \u2013 h\u00e1t teheti nyugodtan. Le\u00fcl a k\u00e9k fal mell\u00e9 az \u00e1rny\u00e9kba. Egy szelet keny\u00e9r, uborka, valami tejf\u00e9le \u00e9s egy nagy szelet dinnye. K\u00e9ssel v\u00e1gja le a kocka alak\u00fa falatokat. Lassan, keveset \u00e9s k\u00f6nny\u0171t. Ebben a pillanatban m\u00e9g az is pihentet, ha n\u00e9zem.<\/p>\n<p style=\"margin-top: 1.3em; margin-bottom: 0px; padding: 0px; border: 0px; font-variant-numeric: inherit; font-variant-east-asian: inherit; font-stretch: inherit; font-size: 13.2px; line-height: inherit; font-family: Arial; vertical-align: baseline; color: #000000; text-align: justify;\"><\/p>\n<p style=\"margin-top: 1.3em; margin-bottom: 0px; padding: 0px; border: 0px; font-variant-numeric: inherit; font-variant-east-asian: inherit; font-stretch: inherit; font-size: 13.2px; line-height: inherit; font-family: Arial; vertical-align: baseline; color: #000000; text-align: justify;\">Az utc\u00e1k meredekek. Ha csak el\u00e9g sz\u00e9lesek egy j\u00e1rm\u0171nek, van rajtuk forgalom. \u00fcl az ember, eszi a rizs\u00e9t, az ubork\u00e1j\u00e1t vagy ereszkedik a p\u00e1rj\u00e1val \u00e9s a k\u00f6ny\u00f6k\u00e9t\u0151l k\u00e9t centire megy egy fuvaroz\u00f3. k\u00f6zben m\u00e9g k\u00e9t sor kocsi az utcasz\u00e9len, a motorbiciklir\u0151l most ugr\u00e1lnak le a macsk\u00e1k.<\/p>\n<p style=\"margin-top: 1.3em; margin-bottom: 0px; padding: 0px; border: 0px; font-variant-numeric: inherit; font-variant-east-asian: inherit; font-stretch: inherit; font-size: 13.2px; line-height: inherit; font-family: Arial; vertical-align: baseline; color: #000000; text-align: justify;\"><\/p>\n<p style=\"margin-top: 1.3em; margin-bottom: 0px; padding: 0px; border: 0px; font-variant-numeric: inherit; font-variant-east-asian: inherit; font-stretch: inherit; font-size: 13.2px; line-height: inherit; font-family: Arial; vertical-align: baseline; color: #000000; text-align: justify;\"><em style=\"margin: 0px; padding: 0px; border: 0px; font-variant: inherit; font-weight: inherit; font-stretch: inherit; font-size: inherit; line-height: inherit; font-family: inherit; vertical-align: baseline;\">Ennyi most az els\u0151 Isztambuli \u00fatr\u00f3l. Amikor meg\u00e9rkezem M\u00e1r\u00e9falv\u00e1ra, any\u00e1m \u00e9pp menni k\u00e9sz\u00fcl a faluba. Nem \u00e1ll meg. Hirtelenj\u00e9ben l\u00e1tja lelkes arcom \u00e9s hall n\u00e9h\u00e1ny sz\u00f3t. &#8211; Ha ennyire j\u00f3 neked, tanulj meg t\u00f6r\u00f6k\u00fcl.<\/em><\/p>\n<p style=\"margin-top: 1.3em; margin-bottom: 0px; padding: 0px; border: 0px; font-variant-numeric: inherit; font-variant-east-asian: inherit; font-stretch: inherit; font-size: 13.2px; line-height: inherit; font-family: Arial; vertical-align: baseline; color: #000000; text-align: justify;\"><em style=\"margin: 0px; padding: 0px; border: 0px; font-variant: inherit; font-weight: inherit; font-stretch: inherit; font-size: inherit; line-height: inherit; font-family: inherit; vertical-align: baseline;\">Els\u0151 alkalommal t\u00f6bbet felvettem a v\u00e1rosb\u00f3l. A m\u00e1sodikban kev\u00e9sb\u00e9 \u00e9rdekelt a kezdem\u00e9nyez\u00e9s. A mindennapok\u00e9rt mentem. \u00fcres id\u0151\u00e9rt. Ha a vil\u00e1gb\u00f3l valaha kifogyna, itt megtal\u00e1lom. Megyek egy sik\u00e1toron, szeg\u00e9nynegyed, \u00e9s tudom, egyszer m\u00e1r j\u00e1rtam itt. Dinny\u00e9t veszek \u00e9s cipelem. M\u00fazeum? nem tudom, ott van a park t\u00fals\u00f3 fel\u00e9n, az Aja Sz\u00f3fia is, nekem most j\u00f3 ez a f\u0171. Van sz\u0151l\u0151m. S\u00fct a nap. Vannak k\u00f6vek. Sok ember. A mecsetben friss v\u00edz. Szabad l\u00e1bat mosni. \u00c9s ak\u00e1rmikor \u00e1rny\u00e9kban \u00fclni h\u00e1tul a sz\u0151nyegen. mi nekem ez a v\u00e1ros? az, ahogy emelkednek a bok\u00e1k. J\u00f6ttem a k\u00f6v\u00f6n \u00fcld\u00f6g\u00e9lni, a tengerhez, l\u00e1tni, kiny\u00fajt\u00f3zni, \u00fclni, lenni, csak \u00fagy.<\/em><\/p>\t\t\t\t\t\t\t\t<\/div>\n\t\t\t\t<\/div>\n\t\t\t\t\t<\/div>\n\t\t<\/div>\n\t\t\t\t\t<\/div>\n\t\t<\/section>\n\t\t\t\t<section class=\"has_eae_slider elementor-section elementor-top-section elementor-element elementor-element-40c3b09 elementor-section-boxed elementor-section-height-default elementor-section-height-default\" data-id=\"40c3b09\" data-element_type=\"section\">\n\t\t\t\t\t\t<div class=\"elementor-container elementor-column-gap-default\">\n\t\t\t\t\t<div class=\"has_eae_slider elementor-column elementor-col-100 elementor-top-column elementor-element elementor-element-80da594\" data-id=\"80da594\" data-element_type=\"column\">\n\t\t\t<div class=\"elementor-widget-wrap elementor-element-populated\">\n\t\t\t\t\t\t<div class=\"elementor-element elementor-element-dd2f7ee elementor-widget elementor-widget-image-gallery\" data-id=\"dd2f7ee\" data-element_type=\"widget\" data-widget_type=\"image-gallery.default\">\n\t\t\t\t<div class=\"elementor-widget-container\">\n\t\t\t\t\t\t\t<div class=\"elementor-image-gallery\">\n\t\t\t\n\t\t<style type=\"text\/css\">\n\t\t\t#gallery-6 {\n\t\t\t\tmargin: auto;\n\t\t\t}\n\t\t\t#gallery-6 .gallery-item {\n\t\t\t\tfloat: left;\n\t\t\t\tmargin-top: 10px;\n\t\t\t\ttext-align: center;\n\t\t\t\twidth: 100%;\n\t\t\t}\n\t\t\t#gallery-6 img {\n\t\t\t\tborder: 2px solid #cfcfcf;\n\t\t\t}\n\t\t\t#gallery-6 .gallery-caption {\n\t\t\t\tmargin-left: 0;\n\t\t\t}\n\t\t\t\/* see gallery_shortcode() in wp-includes\/media.php *\/\n\t\t<\/style>\n\t\t<div id='gallery-6' class='gallery galleryid-1684 gallery-columns-1 gallery-size-full'><dl class='gallery-item'>\n\t\t\t<dt class='gallery-icon portrait'>\n\t\t\t\t<a data-elementor-open-lightbox=\"yes\" data-elementor-lightbox-slideshow=\"dd2f7ee\" data-e-action-hash=\"#elementor-action%3Aaction%3Dlightbox%26settings%3DeyJpZCI6MTcwNiwidXJsIjoiaHR0cHM6XC9cL3d3dy5wb3N0aWN1bS5yb1wvd3AtY29udGVudFwvdXBsb2Fkc1wvMjAyMVwvMDJcL2lzenRfNl8xLmpwZyIsInNsaWRlc2hvdyI6ImRkMmY3ZWUifQ%3D%3D\" href='https:\/\/www.posticum.ro\/wp-content\/uploads\/2021\/02\/iszt_6_1.jpg'><img loading=\"lazy\" decoding=\"async\" width=\"1430\" height=\"1907\" src=\"https:\/\/www.posticum.ro\/wp-content\/uploads\/2021\/02\/iszt_6_1.jpg\" class=\"attachment-full size-full\" alt=\"\" srcset=\"https:\/\/www.posticum.ro\/wp-content\/uploads\/2021\/02\/iszt_6_1.jpg 1430w, https:\/\/www.posticum.ro\/wp-content\/uploads\/2021\/02\/iszt_6_1-225x300.jpg 225w, https:\/\/www.posticum.ro\/wp-content\/uploads\/2021\/02\/iszt_6_1-768x1024.jpg 768w, https:\/\/www.posticum.ro\/wp-content\/uploads\/2021\/02\/iszt_6_1-1152x1536.jpg 1152w\" sizes=\"(max-width: 1430px) 100vw, 1430px\" \/><\/a>\n\t\t\t<\/dt><\/dl><br style=\"clear: both\" \/><dl class='gallery-item'>\n\t\t\t<dt class='gallery-icon landscape'>\n\t\t\t\t<a data-elementor-open-lightbox=\"yes\" data-elementor-lightbox-slideshow=\"dd2f7ee\" data-e-action-hash=\"#elementor-action%3Aaction%3Dlightbox%26settings%3DeyJpZCI6MTcwNywidXJsIjoiaHR0cHM6XC9cL3d3dy5wb3N0aWN1bS5yb1wvd3AtY29udGVudFwvdXBsb2Fkc1wvMjAyMVwvMDJcL2lzenRfNl8yLmpwZyIsInNsaWRlc2hvdyI6ImRkMmY3ZWUifQ%3D%3D\" href='https:\/\/www.posticum.ro\/wp-content\/uploads\/2021\/02\/iszt_6_2.jpg'><img loading=\"lazy\" decoding=\"async\" width=\"1270\" height=\"953\" src=\"https:\/\/www.posticum.ro\/wp-content\/uploads\/2021\/02\/iszt_6_2.jpg\" class=\"attachment-full size-full\" alt=\"\" srcset=\"https:\/\/www.posticum.ro\/wp-content\/uploads\/2021\/02\/iszt_6_2.jpg 1270w, https:\/\/www.posticum.ro\/wp-content\/uploads\/2021\/02\/iszt_6_2-300x225.jpg 300w, https:\/\/www.posticum.ro\/wp-content\/uploads\/2021\/02\/iszt_6_2-1024x768.jpg 1024w, https:\/\/www.posticum.ro\/wp-content\/uploads\/2021\/02\/iszt_6_2-768x576.jpg 768w\" sizes=\"(max-width: 1270px) 100vw, 1270px\" \/><\/a>\n\t\t\t<\/dt><\/dl><br style=\"clear: both\" \/><dl class='gallery-item'>\n\t\t\t<dt class='gallery-icon landscape'>\n\t\t\t\t<a data-elementor-open-lightbox=\"yes\" data-elementor-lightbox-slideshow=\"dd2f7ee\" data-e-action-hash=\"#elementor-action%3Aaction%3Dlightbox%26settings%3DeyJpZCI6MTcwOCwidXJsIjoiaHR0cHM6XC9cL3d3dy5wb3N0aWN1bS5yb1wvd3AtY29udGVudFwvdXBsb2Fkc1wvMjAyMVwvMDJcL2lzenRfNl8zLmpwZyIsInNsaWRlc2hvdyI6ImRkMmY3ZWUifQ%3D%3D\" href='https:\/\/www.posticum.ro\/wp-content\/uploads\/2021\/02\/iszt_6_3.jpg'><img loading=\"lazy\" decoding=\"async\" width=\"1270\" height=\"953\" src=\"https:\/\/www.posticum.ro\/wp-content\/uploads\/2021\/02\/iszt_6_3.jpg\" class=\"attachment-full size-full\" alt=\"\" srcset=\"https:\/\/www.posticum.ro\/wp-content\/uploads\/2021\/02\/iszt_6_3.jpg 1270w, https:\/\/www.posticum.ro\/wp-content\/uploads\/2021\/02\/iszt_6_3-300x225.jpg 300w, https:\/\/www.posticum.ro\/wp-content\/uploads\/2021\/02\/iszt_6_3-1024x768.jpg 1024w, https:\/\/www.posticum.ro\/wp-content\/uploads\/2021\/02\/iszt_6_3-768x576.jpg 768w\" sizes=\"(max-width: 1270px) 100vw, 1270px\" \/><\/a>\n\t\t\t<\/dt><\/dl><br style=\"clear: both\" \/>\n\t\t<\/div>\n\t\t<\/div>\n\t\t\t\t\t\t<\/div>\n\t\t\t\t<\/div>\n\t\t\t\t\t<\/div>\n\t\t<\/div>\n\t\t\t\t\t<\/div>\n\t\t<\/section>\n\t\t\t\t<section class=\"has_eae_slider elementor-section elementor-top-section elementor-element elementor-element-c89ed05 elementor-section-boxed elementor-section-height-default elementor-section-height-default\" data-id=\"c89ed05\" data-element_type=\"section\">\n\t\t\t\t\t\t<div class=\"elementor-container elementor-column-gap-default\">\n\t\t\t\t\t<div class=\"has_eae_slider elementor-column elementor-col-100 elementor-top-column elementor-element elementor-element-f853221\" data-id=\"f853221\" data-element_type=\"column\">\n\t\t\t<div class=\"elementor-widget-wrap elementor-element-populated\">\n\t\t\t\t\t\t<div class=\"elementor-element elementor-element-710e724 elementor-widget elementor-widget-text-editor\" data-id=\"710e724\" data-element_type=\"widget\" data-widget_type=\"text-editor.default\">\n\t\t\t\t<div class=\"elementor-widget-container\">\n\t\t\t\t\t\t\t\t\t<p style=\"margin-top: 1.3em; margin-bottom: 0px; padding: 0px; border: 0px; font-variant-numeric: inherit; font-variant-east-asian: inherit; font-stretch: inherit; font-size: 13.2px; line-height: inherit; font-family: Arial; vertical-align: baseline; color: #000000; text-align: justify;\">Egy l\u00e9p\u00e9s \u2013 egy utca \u2013 r\u00f6vid eg\u00e9szen, m\u00e9gis van ebben is valami, ami nekem sz\u00f3l. Pirosmani gr\u00faz gal\u00e9ri\u00e1ja. L\u00e1tok m\u0171veket, ahol maradok p\u00e1r percet. Az ember ott a pultn\u00e1l \u00e9s m\u00f6g\u00f6tte a f\u00e9l otthona. Albumok, sok helyi m\u0171v\u00e9sz vagy akiket szem\u00e9lyesen ismer. Mutogat, itt is van tea \u00e9s n\u00e1la hagyom a k\u00e9pfelv\u00e9teleimet. Amikor egy \u00e9v m\u00falva visszamegyek, m\u00e9g eml\u00e9kszik r\u00e1m, a k\u00e9peim ott vannak a laptopj\u00e1n. Lehetne ki\u00e1ll\u00edt\u00e1sod n\u00e1lam, mondja, k\u00fcldj\u00e9l m\u00e9g.<\/p>\n<p style=\"margin-top: 1.3em; margin-bottom: 0px; padding: 0px; border: 0px; font-variant-numeric: inherit; font-variant-east-asian: inherit; font-stretch: inherit; font-size: 13.2px; line-height: inherit; font-family: Arial; vertical-align: baseline; color: #000000; text-align: justify;\">A nagy Baz\u00e1rban tal\u00e1lkozom a kurd ap\u00f3s\u00e1val, miel\u0151tt elmenn\u00e9k. Most nem \u00faszom meg, meg kell hogy l\u00e1togassam \u00e9s v\u00e1laszt nekem aj\u00e1nd\u00e9kot. Melyik tetszik? k\u00e9rdezi, el\u00e9m mutatva sok kit\u0171z\u0151t, figur\u00e1t, apr\u00f3s\u00e1got, ez\u00fcst\u00f6ket. K\u00f6r\u00fcln\u00e9zek \u00e9s megpillantok egy p\u00e1r t\u00fcrkizmorzs\u00e1t ez\u00fcstfoglalatban, f\u00fclbeval\u00f3k. Ezeket nem aj\u00e1nlotta. Ez tetszik, mondom, ezt lehet v\u00e1lasztani? Persze! \u00e9s aj\u00e1nd\u00e9kba adja. Csak azt mondtad, nem viselsz \u00e9kszert. (Igen, ezt a kurdn\u00e1l mondtam, hogy nem viselek ilyen k\u00f6zeli \u00e9kszereket, mert jobbnak l\u00e1ttam kit\u00e9rni, amikor egy karperecet akart nekem adni.) Hirtelen nem is tudtam, mit feleljek, az ap\u00f3s persze nem haragudott, ritk\u00e1n, mondtam m\u00e9gis, ritk\u00e1n hordok, \u00e9s ez tetszik.<\/p>\n<p style=\"margin-top: 1.3em; margin-bottom: 0px; padding: 0px; border: 0px; font-variant-numeric: inherit; font-variant-east-asian: inherit; font-stretch: inherit; font-size: 13.2px; line-height: inherit; font-family: Arial; vertical-align: baseline; color: #000000; text-align: justify;\">Ugyancsak a nagy baz\u00e1rban van a posta. Vettem Karag\u00f6z k\u00e9peslapokat Taximban \u00e9s k\u00fcldtem n\u0151v\u00e9remnek, apr\u00f3 mindennapi besz\u00e1mol\u00f3kkal. Nagyon \u00f6r\u00fclt neki otthon. A baz\u00e1ri posta k\u00f6zel\u00e9ben tal\u00e1ltam egy moldvai keresked\u0151t akivel rom\u00e1nul besz\u00e9lgettem. Megfogta a kezem \u00e9n meg r\u00f6vidre a l\u00e1togat\u00e1st. B\u00f3logatott, mennyire j\u00f3t akar, azt\u00e1n fejemen l\u00e1tva a kend\u0151t k\u00e9rdez\u0151sk\u00f6dni kezdett. Kilisze? Ez templomot jelent. Igen-igen. Jaj akkor semmi, \u00e9s r\u00f6gt\u00f6n elengedte. H\u00e1t maradtam kilisze. K\u00e9rte, felt\u00e9tlen\u00fcl menjek vissza. Nem mentem. Utols\u00f3 nap, mikor a kurd ap\u00f3s\u00e1n\u00e1l j\u00e1rtam, elhaladtam el\u0151tte \u2013 eddigre el is felejtkeztem, hol van. A l\u00e1ny, aki az \u00fczletben \u00e1rult, megsz\u00f3l\u00edtott: Itt j\u00e1rt\u00e1l \u00e9s azt mondtad, visszaj\u00f6ssz. Szabadkoztam, mennyire elragadott a v\u00e1ros. Holnap sem tudok, most m\u00e1r megyek vissza. V\u00e9gig rom\u00e1nul besz\u00e9lt\u00fcnk.<\/p>\n<p style=\"margin-top: 1.3em; margin-bottom: 0px; padding: 0px; border: 0px; font-variant-numeric: inherit; font-variant-east-asian: inherit; font-stretch: inherit; font-size: 13.2px; line-height: inherit; font-family: Arial; vertical-align: baseline; color: #000000; text-align: justify;\">J\u00f6n egy ember fel a l\u00e9pcs\u0151n, egy koldus. F\u00e9l csirk\u00e9t eszik, csak \u00fagy k\u00e9zb\u0151l. M\u00e9g nincs Ramaz\u00e1n. Azt k\u00e9rdi, k\u00e9rek-e? \u00e9s egy j\u00f3 r\u00e9szt a kezembe nyom.<\/p>\n<p style=\"margin-top: 1.3em; margin-bottom: 0px; padding: 0px; border: 0px; font-variant-numeric: inherit; font-variant-east-asian: inherit; font-stretch: inherit; font-size: 13.2px; line-height: inherit; font-family: Arial; vertical-align: baseline; color: #000000; text-align: justify;\">K\u00e9t kamasz r\u00f3zs\u00e1t \u00e1rul a tenger partj\u00e1n. Nincs most vev\u0151. Le\u00fclnek a kiperzselt f\u0171re. Az egyik \u00f6l\u00e9ben tartja a vir\u00e1gokat. A m\u00e1sik egy hervadtabb szirmait t\u00e9pdesi.<\/p>\t\t\t\t\t\t\t\t<\/div>\n\t\t\t\t<\/div>\n\t\t\t\t\t<\/div>\n\t\t<\/div>\n\t\t\t\t\t<\/div>\n\t\t<\/section>\n\t\t\t\t<section class=\"has_eae_slider elementor-section elementor-top-section elementor-element elementor-element-7af832f elementor-section-boxed elementor-section-height-default elementor-section-height-default\" data-id=\"7af832f\" data-element_type=\"section\">\n\t\t\t\t\t\t<div class=\"elementor-container elementor-column-gap-default\">\n\t\t\t\t\t<div class=\"has_eae_slider elementor-column elementor-col-100 elementor-top-column elementor-element elementor-element-455a20d\" data-id=\"455a20d\" data-element_type=\"column\">\n\t\t\t<div class=\"elementor-widget-wrap elementor-element-populated\">\n\t\t\t\t\t\t<div class=\"elementor-element elementor-element-f22f9a4 elementor-widget elementor-widget-image-gallery\" data-id=\"f22f9a4\" data-element_type=\"widget\" data-widget_type=\"image-gallery.default\">\n\t\t\t\t<div class=\"elementor-widget-container\">\n\t\t\t\t\t\t\t<div class=\"elementor-image-gallery\">\n\t\t\t\n\t\t<style type=\"text\/css\">\n\t\t\t#gallery-7 {\n\t\t\t\tmargin: auto;\n\t\t\t}\n\t\t\t#gallery-7 .gallery-item {\n\t\t\t\tfloat: left;\n\t\t\t\tmargin-top: 10px;\n\t\t\t\ttext-align: center;\n\t\t\t\twidth: 100%;\n\t\t\t}\n\t\t\t#gallery-7 img {\n\t\t\t\tborder: 2px solid #cfcfcf;\n\t\t\t}\n\t\t\t#gallery-7 .gallery-caption {\n\t\t\t\tmargin-left: 0;\n\t\t\t}\n\t\t\t\/* see gallery_shortcode() in wp-includes\/media.php *\/\n\t\t<\/style>\n\t\t<div id='gallery-7' class='gallery galleryid-1684 gallery-columns-1 gallery-size-full'><dl class='gallery-item'>\n\t\t\t<dt class='gallery-icon portrait'>\n\t\t\t\t<a data-elementor-open-lightbox=\"yes\" data-elementor-lightbox-slideshow=\"f22f9a4\" data-e-action-hash=\"#elementor-action%3Aaction%3Dlightbox%26settings%3DeyJpZCI6MTcxMCwidXJsIjoiaHR0cHM6XC9cL3d3dy5wb3N0aWN1bS5yb1wvd3AtY29udGVudFwvdXBsb2Fkc1wvMjAyMVwvMDJcL2lzenRfNV8xLmpwZyIsInNsaWRlc2hvdyI6ImYyMmY5YTQifQ%3D%3D\" href='https:\/\/www.posticum.ro\/wp-content\/uploads\/2021\/02\/iszt_5_1.jpg'><img loading=\"lazy\" decoding=\"async\" width=\"1430\" height=\"1907\" src=\"https:\/\/www.posticum.ro\/wp-content\/uploads\/2021\/02\/iszt_5_1.jpg\" class=\"attachment-full size-full\" alt=\"\" srcset=\"https:\/\/www.posticum.ro\/wp-content\/uploads\/2021\/02\/iszt_5_1.jpg 1430w, https:\/\/www.posticum.ro\/wp-content\/uploads\/2021\/02\/iszt_5_1-225x300.jpg 225w, https:\/\/www.posticum.ro\/wp-content\/uploads\/2021\/02\/iszt_5_1-768x1024.jpg 768w, https:\/\/www.posticum.ro\/wp-content\/uploads\/2021\/02\/iszt_5_1-1152x1536.jpg 1152w\" sizes=\"(max-width: 1430px) 100vw, 1430px\" \/><\/a>\n\t\t\t<\/dt><\/dl><br style=\"clear: both\" \/><dl class='gallery-item'>\n\t\t\t<dt class='gallery-icon portrait'>\n\t\t\t\t<a data-elementor-open-lightbox=\"yes\" data-elementor-lightbox-slideshow=\"f22f9a4\" data-e-action-hash=\"#elementor-action%3Aaction%3Dlightbox%26settings%3DeyJpZCI6MTcxMSwidXJsIjoiaHR0cHM6XC9cL3d3dy5wb3N0aWN1bS5yb1wvd3AtY29udGVudFwvdXBsb2Fkc1wvMjAyMVwvMDJcL2lzenRfNV8yLmpwZyIsInNsaWRlc2hvdyI6ImYyMmY5YTQifQ%3D%3D\" href='https:\/\/www.posticum.ro\/wp-content\/uploads\/2021\/02\/iszt_5_2.jpg'><img loading=\"lazy\" decoding=\"async\" width=\"1430\" height=\"1907\" src=\"https:\/\/www.posticum.ro\/wp-content\/uploads\/2021\/02\/iszt_5_2.jpg\" class=\"attachment-full size-full\" alt=\"\" srcset=\"https:\/\/www.posticum.ro\/wp-content\/uploads\/2021\/02\/iszt_5_2.jpg 1430w, https:\/\/www.posticum.ro\/wp-content\/uploads\/2021\/02\/iszt_5_2-225x300.jpg 225w, https:\/\/www.posticum.ro\/wp-content\/uploads\/2021\/02\/iszt_5_2-768x1024.jpg 768w, https:\/\/www.posticum.ro\/wp-content\/uploads\/2021\/02\/iszt_5_2-1152x1536.jpg 1152w\" sizes=\"(max-width: 1430px) 100vw, 1430px\" \/><\/a>\n\t\t\t<\/dt><\/dl><br style=\"clear: both\" \/><dl class='gallery-item'>\n\t\t\t<dt class='gallery-icon landscape'>\n\t\t\t\t<a data-elementor-open-lightbox=\"yes\" data-elementor-lightbox-slideshow=\"f22f9a4\" data-e-action-hash=\"#elementor-action%3Aaction%3Dlightbox%26settings%3DeyJpZCI6MTcxMiwidXJsIjoiaHR0cHM6XC9cL3d3dy5wb3N0aWN1bS5yb1wvd3AtY29udGVudFwvdXBsb2Fkc1wvMjAyMVwvMDJcL2lzenRfNV8zLmpwZyIsInNsaWRlc2hvdyI6ImYyMmY5YTQifQ%3D%3D\" href='https:\/\/www.posticum.ro\/wp-content\/uploads\/2021\/02\/iszt_5_3.jpg'><img loading=\"lazy\" decoding=\"async\" width=\"1270\" height=\"953\" src=\"https:\/\/www.posticum.ro\/wp-content\/uploads\/2021\/02\/iszt_5_3.jpg\" class=\"attachment-full size-full\" alt=\"\" srcset=\"https:\/\/www.posticum.ro\/wp-content\/uploads\/2021\/02\/iszt_5_3.jpg 1270w, https:\/\/www.posticum.ro\/wp-content\/uploads\/2021\/02\/iszt_5_3-300x225.jpg 300w, https:\/\/www.posticum.ro\/wp-content\/uploads\/2021\/02\/iszt_5_3-1024x768.jpg 1024w, https:\/\/www.posticum.ro\/wp-content\/uploads\/2021\/02\/iszt_5_3-768x576.jpg 768w\" sizes=\"(max-width: 1270px) 100vw, 1270px\" \/><\/a>\n\t\t\t<\/dt><\/dl><br style=\"clear: both\" \/><dl class='gallery-item'>\n\t\t\t<dt class='gallery-icon landscape'>\n\t\t\t\t<a data-elementor-open-lightbox=\"yes\" data-elementor-lightbox-slideshow=\"f22f9a4\" data-e-action-hash=\"#elementor-action%3Aaction%3Dlightbox%26settings%3DeyJpZCI6MTcxMywidXJsIjoiaHR0cHM6XC9cL3d3dy5wb3N0aWN1bS5yb1wvd3AtY29udGVudFwvdXBsb2Fkc1wvMjAyMVwvMDJcL2lzenRfNV80LmpwZyIsInNsaWRlc2hvdyI6ImYyMmY5YTQifQ%3D%3D\" href='https:\/\/www.posticum.ro\/wp-content\/uploads\/2021\/02\/iszt_5_4.jpg'><img loading=\"lazy\" decoding=\"async\" width=\"1270\" height=\"953\" src=\"https:\/\/www.posticum.ro\/wp-content\/uploads\/2021\/02\/iszt_5_4.jpg\" class=\"attachment-full size-full\" alt=\"\" srcset=\"https:\/\/www.posticum.ro\/wp-content\/uploads\/2021\/02\/iszt_5_4.jpg 1270w, https:\/\/www.posticum.ro\/wp-content\/uploads\/2021\/02\/iszt_5_4-300x225.jpg 300w, https:\/\/www.posticum.ro\/wp-content\/uploads\/2021\/02\/iszt_5_4-1024x768.jpg 1024w, https:\/\/www.posticum.ro\/wp-content\/uploads\/2021\/02\/iszt_5_4-768x576.jpg 768w\" sizes=\"(max-width: 1270px) 100vw, 1270px\" \/><\/a>\n\t\t\t<\/dt><\/dl><br style=\"clear: both\" \/><dl class='gallery-item'>\n\t\t\t<dt class='gallery-icon landscape'>\n\t\t\t\t<a data-elementor-open-lightbox=\"yes\" data-elementor-lightbox-slideshow=\"f22f9a4\" data-e-action-hash=\"#elementor-action%3Aaction%3Dlightbox%26settings%3DeyJpZCI6MTcxNCwidXJsIjoiaHR0cHM6XC9cL3d3dy5wb3N0aWN1bS5yb1wvd3AtY29udGVudFwvdXBsb2Fkc1wvMjAyMVwvMDJcL2lzenRfNV81LmpwZyIsInNsaWRlc2hvdyI6ImYyMmY5YTQifQ%3D%3D\" href='https:\/\/www.posticum.ro\/wp-content\/uploads\/2021\/02\/iszt_5_5.jpg'><img loading=\"lazy\" decoding=\"async\" width=\"1270\" height=\"953\" src=\"https:\/\/www.posticum.ro\/wp-content\/uploads\/2021\/02\/iszt_5_5.jpg\" class=\"attachment-full size-full\" alt=\"\" srcset=\"https:\/\/www.posticum.ro\/wp-content\/uploads\/2021\/02\/iszt_5_5.jpg 1270w, https:\/\/www.posticum.ro\/wp-content\/uploads\/2021\/02\/iszt_5_5-300x225.jpg 300w, https:\/\/www.posticum.ro\/wp-content\/uploads\/2021\/02\/iszt_5_5-1024x768.jpg 1024w, https:\/\/www.posticum.ro\/wp-content\/uploads\/2021\/02\/iszt_5_5-768x576.jpg 768w\" sizes=\"(max-width: 1270px) 100vw, 1270px\" \/><\/a>\n\t\t\t<\/dt><\/dl><br style=\"clear: both\" \/><dl class='gallery-item'>\n\t\t\t<dt class='gallery-icon landscape'>\n\t\t\t\t<a data-elementor-open-lightbox=\"yes\" data-elementor-lightbox-slideshow=\"f22f9a4\" data-e-action-hash=\"#elementor-action%3Aaction%3Dlightbox%26settings%3DeyJpZCI6MTcxNSwidXJsIjoiaHR0cHM6XC9cL3d3dy5wb3N0aWN1bS5yb1wvd3AtY29udGVudFwvdXBsb2Fkc1wvMjAyMVwvMDJcL2lzenRfNV82LmpwZyIsInNsaWRlc2hvdyI6ImYyMmY5YTQifQ%3D%3D\" href='https:\/\/www.posticum.ro\/wp-content\/uploads\/2021\/02\/iszt_5_6.jpg'><img loading=\"lazy\" decoding=\"async\" width=\"1270\" height=\"953\" src=\"https:\/\/www.posticum.ro\/wp-content\/uploads\/2021\/02\/iszt_5_6.jpg\" class=\"attachment-full size-full\" alt=\"\" srcset=\"https:\/\/www.posticum.ro\/wp-content\/uploads\/2021\/02\/iszt_5_6.jpg 1270w, https:\/\/www.posticum.ro\/wp-content\/uploads\/2021\/02\/iszt_5_6-300x225.jpg 300w, https:\/\/www.posticum.ro\/wp-content\/uploads\/2021\/02\/iszt_5_6-1024x768.jpg 1024w, https:\/\/www.posticum.ro\/wp-content\/uploads\/2021\/02\/iszt_5_6-768x576.jpg 768w\" sizes=\"(max-width: 1270px) 100vw, 1270px\" \/><\/a>\n\t\t\t<\/dt><\/dl><br style=\"clear: both\" \/><dl class='gallery-item'>\n\t\t\t<dt class='gallery-icon landscape'>\n\t\t\t\t<a data-elementor-open-lightbox=\"yes\" data-elementor-lightbox-slideshow=\"f22f9a4\" data-e-action-hash=\"#elementor-action%3Aaction%3Dlightbox%26settings%3DeyJpZCI6MTcxNiwidXJsIjoiaHR0cHM6XC9cL3d3dy5wb3N0aWN1bS5yb1wvd3AtY29udGVudFwvdXBsb2Fkc1wvMjAyMVwvMDJcL2lzenRfNV83LmpwZyIsInNsaWRlc2hvdyI6ImYyMmY5YTQifQ%3D%3D\" href='https:\/\/www.posticum.ro\/wp-content\/uploads\/2021\/02\/iszt_5_7.jpg'><img loading=\"lazy\" decoding=\"async\" width=\"1270\" height=\"953\" src=\"https:\/\/www.posticum.ro\/wp-content\/uploads\/2021\/02\/iszt_5_7.jpg\" class=\"attachment-full size-full\" alt=\"\" srcset=\"https:\/\/www.posticum.ro\/wp-content\/uploads\/2021\/02\/iszt_5_7.jpg 1270w, https:\/\/www.posticum.ro\/wp-content\/uploads\/2021\/02\/iszt_5_7-300x225.jpg 300w, https:\/\/www.posticum.ro\/wp-content\/uploads\/2021\/02\/iszt_5_7-1024x768.jpg 1024w, https:\/\/www.posticum.ro\/wp-content\/uploads\/2021\/02\/iszt_5_7-768x576.jpg 768w\" sizes=\"(max-width: 1270px) 100vw, 1270px\" \/><\/a>\n\t\t\t<\/dt><\/dl><br style=\"clear: both\" \/>\n\t\t<\/div>\n\t\t<\/div>\n\t\t\t\t\t\t<\/div>\n\t\t\t\t<\/div>\n\t\t\t\t\t<\/div>\n\t\t<\/div>\n\t\t\t\t\t<\/div>\n\t\t<\/section>\n\t\t\t\t<section class=\"has_eae_slider elementor-section elementor-top-section elementor-element elementor-element-320575b elementor-section-boxed elementor-section-height-default elementor-section-height-default\" data-id=\"320575b\" data-element_type=\"section\">\n\t\t\t\t\t\t<div class=\"elementor-container elementor-column-gap-default\">\n\t\t\t\t\t<div class=\"has_eae_slider elementor-column elementor-col-100 elementor-top-column elementor-element elementor-element-450064d\" data-id=\"450064d\" data-element_type=\"column\">\n\t\t\t<div class=\"elementor-widget-wrap elementor-element-populated\">\n\t\t\t\t\t\t<div class=\"elementor-element elementor-element-38d8e73 elementor-widget elementor-widget-text-editor\" data-id=\"38d8e73\" data-element_type=\"widget\" data-widget_type=\"text-editor.default\">\n\t\t\t\t<div class=\"elementor-widget-container\">\n\t\t\t\t\t\t\t\t\t<p style=\"margin-top: 1.3em; margin-bottom: 0px; padding: 0px; border: 0px; font-variant-numeric: inherit; font-variant-east-asian: inherit; font-stretch: inherit; font-size: 13.2px; line-height: inherit; font-family: Arial; vertical-align: baseline; color: #000000; text-align: justify;\">Vahabnak h\u00edvj\u00e1k. Fekete haja, szak\u00e1lla, szeme. Holnap nyolcig dolgozik este, ut\u00e1na tal\u00e1lkozunk? Te Vahab, mondom neki, tudod hogy turista vagyok \u00e9s visszamegyek. Nem fog f\u00e1jni? El akar menni k\u00fclf\u00f6ldre, Franciaorsz\u00e1gba dolgozni. Van m\u00e1r egy testv\u00e9re ott. Nem nagy bizalommal besz\u00e9l r\u00f3la, \u00e9n b\u00edztatom. Nem tudja a nyelvet. Mit sz\u00e1m\u00edt, megtanulod amikor ott vagy. Menj el \u00e9s megl\u00e1tod. Itt m\u00e1r tudsz dolgozni, mi\u00e9rt ne tudn\u00e1l ott is? Szomor\u00fanak l\u00e1tszik. Vettem barackot, egy zacsk\u00f3ban n\u00e1lam van. M\u00e9z\u00e9des, ha csak kicsit megnyomom, csorog. Kezemmel k\u00f6nnyen leh\u00e1ntom a h\u00e9j\u00e1t. Mindent megeszek, a magot persze nem, a h\u00e9j\u00e1t el\u0151sz\u00f6r. Megk\u00edn\u00e1lom. V\u00e9g\u00fcl kellene valami, mert csupa ragacs lett\u00fcnk. Van pap\u00edrzsebkend\u0151je amit haszn\u00e1lat ut\u00e1n bedob a pad m\u00f6g\u00e9 a f\u00f6ldre. Itt m\u00e1r egy halom zacsk\u00f3 \u00e9s pap\u00edrzsebkend\u0151 hever. Voltak\u00e9pp f\u00e9lig a szem\u00e9t k\u00f6zep\u00e9n \u00fcl\u00fcnk. El\u0151tt\u00fcnk valamicske t\u00e9r \u00e9s oldalt-m\u00f6g\u00f6tt\u00fcnk, ahogy minden parki padn\u00e1l, feh\u00e9r hullad\u00e9khalmaz. Zsebkend\u0151k, zacsk\u00f3k, vizespoharak \u00e9s palackok. Mi\u00e9rt nem a kuk\u00e1ba? k\u00e9rdem, itt van mellett\u00fcnk. Vahab legyint, teljesen mindegy. De h\u00e1t l\u00e1tod, miben \u00fcl\u00fcnk, ezt ti csin\u00e1lj\u00e1tok. Veszi az eldobott zsebkend\u0151t, kikeresi a halomb\u00f3l \u00e9s a kos\u00e1rba dobja. Azt\u00e1n vissza\u00fcl, tov\u00e1bbn\u00e9z. Van egy l\u00e1ncom, ma alkudtam r\u00e1 egy \u00e9kszeresn\u00e9l. Kereskedem, v\u00e1s\u00e1rolok, van mire, van mivel \u00e9s \u00e9lvezem, mert olyasmiket tal\u00e1ltam, amir\u0151l r\u00e9g tudtam magamb\u00f3l. Ez a l\u00e1ncocska is pont az, ami nekem a l\u00e1ncocska. Nekem sz\u00f3l. Itt sokminden nekem sz\u00f3l. Ez az eg\u00e9sz v\u00e1ros nekem sz\u00f3l \u00e9s otthonom. Mehmed k\u00f6z\u00f6nye \u00e9s a 3 m\u00b2 szoba pont az, ami nekem egy hotelb\u0151l sz\u00fcks\u00e9ges, el\u00e9gs\u00e9ges \u00e9s j\u00f3. Pont nekem sz\u00f3l. \u00c9s most itt van Vahab, lila ingben, fessen \u00e9s szomor\u00fa arccal. Holnap kezd\u0151dik a b\u00f6jt mondja. Elmagyar\u00e1zza mi az. Halk hangon besz\u00e9l, sz\u00e9pen. Tiszteletet t\u00fckr\u00f6z az arca. Nem szabad enni, inni eg\u00e9sz nap, csak naplemente ut\u00e1n. Sok\u00e1ig, egy h\u00f3napig. Ramazan.<\/p>\n<p style=\"margin-top: 1.3em; margin-bottom: 0px; padding: 0px; border: 0px; font-variant-numeric: inherit; font-variant-east-asian: inherit; font-stretch: inherit; font-size: 13.2px; line-height: inherit; font-family: Arial; vertical-align: baseline; color: #000000; text-align: justify;\">F\u00f6l\u00f6tt\u00fcnk lobog T\u00f6r\u00f6korsz\u00e1g piros z\u00e1szl\u00f3ja. Ez az egyetem bej\u00e1rata. \u0150r\u00f6k is vannak. Esteledik. Tudod, honnan van? k\u00e9rdezi r\u00e1mutatva. Sok katona harcolt \u00e9s a v\u00e9r\u00fck t\u00f3cs\u00e1j\u00e1ban t\u00fckr\u00f6z\u0151d\u00f6tt a hold meg a csillagok. Hallgatunk. T\u00f6r\u00f6k\u00fcl besz\u00e9l, egy-egy sz\u00f3t. Hold, mutat fel, most mondd te. Csillagok. Szem. Szem\u00f6ld\u00f6k. K\u00e9z. Sz\u00e1j. Arc.<\/p>\n<p style=\"margin-top: 1.3em; margin-bottom: 0px; padding: 0px; border: 0px; font-variant-numeric: inherit; font-variant-east-asian: inherit; font-stretch: inherit; font-size: 13.2px; line-height: inherit; font-family: Arial; vertical-align: baseline; color: #000000; text-align: justify;\">Megl\u00e1tja a l\u00e1ncom. Van rajta egy Fatima-teny\u00e9r. Ford\u00edtva van, mondja, leveszi \u00e9s kicser\u00e9li. Egy pillanatig meghajtom fejem, m\u00edg h\u00e1tul \u00f6ssze\u00e9r. Tov\u00e1bb n\u00e9z, ugyanolyan szomor\u00fa szemmel, s\u00f6t\u00e9ten. Most m\u00e1r j\u00f3 lesz mennem. Elk\u00f6sz\u00f6n\u00f6k. M\u00e1snap m\u00e9g tal\u00e1lkozunk? \u00c9s mikor tal\u00e1lkozunk, elvisz rizset enni ajr\u00e1nnal, egy bar\u00e1tja ismer\u0151se utcai asztal\u00e1hoz, \u00e9s akar venni egy parf\u00fcm\u00f6t, amibe nem egyezem bele. A csal\u00e1d&#8230; itt sok l\u00e1ny van, de nem tetszenek neki. Te m\u00e1s vagy mint a t\u00f6bbi, mondja. Sok l\u00e1ny van neked itt, felelem. K\u00e9rlek ne menj haza Rom\u00e1ni\u00e1ba.<\/p>\n<p style=\"margin-top: 1.3em; margin-bottom: 0px; padding: 0px; border: 0px; font-variant-numeric: inherit; font-variant-east-asian: inherit; font-stretch: inherit; font-size: 13.2px; line-height: inherit; font-family: Arial; vertical-align: baseline; color: #000000; text-align: justify;\">Tudom, hazamegyek. Mondom, hazamegyek. M\u00e9g n\u00e9h\u00e1ny nap. Tudod. Akar j\u00f6nni \u0151 is. \u00c9s ha felkereslek a v\u00e1rosodban? Fogadsz? Igen, fogadlak&#8230; csak legyen itt \u00e9leted. Ism\u00e9t k\u00e9rlel, otthagyom. Sz\u00fcrk\u00fcl\u00f6dik, nem j\u00f3 tov\u00e1bb maradnom. M\u00e9g maradj, k\u00e9rlel, maradj m\u00e9g. Megyek a Fuat pasa sz\u00e1dja fel\u00e9, sok\u00e1ig nem n\u00e9zek vissza. Ut\u00e1nam j\u00f6n a sz\u00e1dig. Megyek, egy t\u00e1vols\u00e1g ut\u00e1n meg\u00e1llok. Itt van. Most ne gyere tov\u00e1bb, mondom neki. Ne gyere.<\/p>\n<p style=\"margin-top: 1.3em; margin-bottom: 0px; padding: 0px; border: 0px; font-variant-numeric: inherit; font-variant-east-asian: inherit; font-stretch: inherit; font-size: 13.2px; line-height: inherit; font-family: Arial; vertical-align: baseline; color: #000000; text-align: justify;\">*<\/p>\n<p style=\"margin-top: 1.3em; margin-bottom: 0px; padding: 0px; border: 0px; font-variant-numeric: inherit; font-variant-east-asian: inherit; font-stretch: inherit; font-size: 13.2px; line-height: inherit; font-family: Arial; vertical-align: baseline; color: #000000; text-align: justify;\">Isztambulban minden l\u00e9p\u00e9sn\u00e9l van valaki aki udvarol neked, csak \u00e9pk\u00e9zl\u00e1b legy\u00e9l. Mint a sz\u00e9l, nagyon kedvesen, gyorsan \u00e9s hamar t\u00fal is l\u00e9pnek b\u00e1rmin. Ha \u00f6t percn\u00e9l tov\u00e1bbmaradn\u00e1l, mint amennyire figyelni b\u00edrnak, m\u00e1r m\u00e1shol vannak \u00e9s nem tart\u00f3zkodnak ennek kimutat\u00e1s\u00e1t\u00f3l. Vahabot nem n\u00e9ztem utcai udvarl\u00f3nak, nem \u00fclt eg\u00e9sz nap a semmiben. A l\u00e9zeng\u0151 alakok ink\u00e1bb a keresked\u0151k, akik a boltjuk el\u0151tt \u0151gyelegnek, \u00e1rusok; egy halvend\u00e9gl\u0151ssel \u00e9s egy sz\u0151nyegkeresked\u0151vel is tal\u00e1lkoztam ilyennel s\u00e9ta k\u00f6zben. Mindig megh\u00edv\u00e1ssal kezd\u0151dik, te\u00e1val, \u00e9s folytat\u00f3dik, ameddig te is hajland\u00f3 vagy elmenni. De nincs m\u00f6g\u00f6tte t\u00e9t a m\u00e1sik r\u00e9sz\u00e9r\u0151l. Ha j\u00f3 \u2013 igen, s ha nem, az is j\u00f3, a mindennapjaiban kicsi sem v\u00e1ltozik ett\u0151l, eltelt egy napja. Ezt akarom itt kiemelni, Vahab m\u00f6g\u00f6tt t\u00f6bb is volt.<\/p>\t\t\t\t\t\t\t\t<\/div>\n\t\t\t\t<\/div>\n\t\t\t\t\t<\/div>\n\t\t<\/div>\n\t\t\t\t\t<\/div>\n\t\t<\/section>\n\t\t\t\t<section class=\"has_eae_slider elementor-section elementor-top-section elementor-element elementor-element-ac6f6b6 elementor-section-boxed elementor-section-height-default elementor-section-height-default\" data-id=\"ac6f6b6\" data-element_type=\"section\">\n\t\t\t\t\t\t<div class=\"elementor-container elementor-column-gap-default\">\n\t\t\t\t\t<div class=\"has_eae_slider elementor-column elementor-col-100 elementor-top-column elementor-element elementor-element-1fff63b\" data-id=\"1fff63b\" data-element_type=\"column\">\n\t\t\t<div class=\"elementor-widget-wrap elementor-element-populated\">\n\t\t\t\t\t\t<div class=\"elementor-element elementor-element-f367f9a elementor-widget elementor-widget-image-gallery\" data-id=\"f367f9a\" data-element_type=\"widget\" data-widget_type=\"image-gallery.default\">\n\t\t\t\t<div class=\"elementor-widget-container\">\n\t\t\t\t\t\t\t<div class=\"elementor-image-gallery\">\n\t\t\t\n\t\t<style type=\"text\/css\">\n\t\t\t#gallery-8 {\n\t\t\t\tmargin: auto;\n\t\t\t}\n\t\t\t#gallery-8 .gallery-item {\n\t\t\t\tfloat: left;\n\t\t\t\tmargin-top: 10px;\n\t\t\t\ttext-align: center;\n\t\t\t\twidth: 100%;\n\t\t\t}\n\t\t\t#gallery-8 img {\n\t\t\t\tborder: 2px solid #cfcfcf;\n\t\t\t}\n\t\t\t#gallery-8 .gallery-caption {\n\t\t\t\tmargin-left: 0;\n\t\t\t}\n\t\t\t\/* see gallery_shortcode() in wp-includes\/media.php *\/\n\t\t<\/style>\n\t\t<div id='gallery-8' class='gallery galleryid-1684 gallery-columns-1 gallery-size-full'><dl class='gallery-item'>\n\t\t\t<dt class='gallery-icon portrait'>\n\t\t\t\t<a data-elementor-open-lightbox=\"yes\" data-elementor-lightbox-slideshow=\"f367f9a\" data-e-action-hash=\"#elementor-action%3Aaction%3Dlightbox%26settings%3DeyJpZCI6MTcyMCwidXJsIjoiaHR0cHM6XC9cL3d3dy5wb3N0aWN1bS5yb1wvd3AtY29udGVudFwvdXBsb2Fkc1wvMjAyMVwvMDJcL2lzenRfNF8xLmpwZyIsInNsaWRlc2hvdyI6ImYzNjdmOWEifQ%3D%3D\" href='https:\/\/www.posticum.ro\/wp-content\/uploads\/2021\/02\/iszt_4_1.jpg'><img loading=\"lazy\" decoding=\"async\" width=\"1430\" height=\"1907\" src=\"https:\/\/www.posticum.ro\/wp-content\/uploads\/2021\/02\/iszt_4_1.jpg\" class=\"attachment-full size-full\" alt=\"\" srcset=\"https:\/\/www.posticum.ro\/wp-content\/uploads\/2021\/02\/iszt_4_1.jpg 1430w, https:\/\/www.posticum.ro\/wp-content\/uploads\/2021\/02\/iszt_4_1-225x300.jpg 225w, https:\/\/www.posticum.ro\/wp-content\/uploads\/2021\/02\/iszt_4_1-768x1024.jpg 768w, https:\/\/www.posticum.ro\/wp-content\/uploads\/2021\/02\/iszt_4_1-1152x1536.jpg 1152w\" sizes=\"(max-width: 1430px) 100vw, 1430px\" \/><\/a>\n\t\t\t<\/dt><\/dl><br style=\"clear: both\" \/><dl class='gallery-item'>\n\t\t\t<dt class='gallery-icon landscape'>\n\t\t\t\t<a data-elementor-open-lightbox=\"yes\" data-elementor-lightbox-slideshow=\"f367f9a\" data-e-action-hash=\"#elementor-action%3Aaction%3Dlightbox%26settings%3DeyJpZCI6MTcyMSwidXJsIjoiaHR0cHM6XC9cL3d3dy5wb3N0aWN1bS5yb1wvd3AtY29udGVudFwvdXBsb2Fkc1wvMjAyMVwvMDJcL2lzenRfNF8yLmpwZyIsInNsaWRlc2hvdyI6ImYzNjdmOWEifQ%3D%3D\" href='https:\/\/www.posticum.ro\/wp-content\/uploads\/2021\/02\/iszt_4_2.jpg'><img loading=\"lazy\" decoding=\"async\" width=\"1270\" height=\"953\" src=\"https:\/\/www.posticum.ro\/wp-content\/uploads\/2021\/02\/iszt_4_2.jpg\" class=\"attachment-full size-full\" alt=\"\" srcset=\"https:\/\/www.posticum.ro\/wp-content\/uploads\/2021\/02\/iszt_4_2.jpg 1270w, https:\/\/www.posticum.ro\/wp-content\/uploads\/2021\/02\/iszt_4_2-300x225.jpg 300w, https:\/\/www.posticum.ro\/wp-content\/uploads\/2021\/02\/iszt_4_2-1024x768.jpg 1024w, https:\/\/www.posticum.ro\/wp-content\/uploads\/2021\/02\/iszt_4_2-768x576.jpg 768w\" sizes=\"(max-width: 1270px) 100vw, 1270px\" \/><\/a>\n\t\t\t<\/dt><\/dl><br style=\"clear: both\" \/><dl class='gallery-item'>\n\t\t\t<dt class='gallery-icon landscape'>\n\t\t\t\t<a data-elementor-open-lightbox=\"yes\" data-elementor-lightbox-slideshow=\"f367f9a\" data-e-action-hash=\"#elementor-action%3Aaction%3Dlightbox%26settings%3DeyJpZCI6MTcyMiwidXJsIjoiaHR0cHM6XC9cL3d3dy5wb3N0aWN1bS5yb1wvd3AtY29udGVudFwvdXBsb2Fkc1wvMjAyMVwvMDJcL2lzenRfNF8zLmpwZyIsInNsaWRlc2hvdyI6ImYzNjdmOWEifQ%3D%3D\" href='https:\/\/www.posticum.ro\/wp-content\/uploads\/2021\/02\/iszt_4_3.jpg'><img loading=\"lazy\" decoding=\"async\" width=\"1270\" height=\"953\" src=\"https:\/\/www.posticum.ro\/wp-content\/uploads\/2021\/02\/iszt_4_3.jpg\" class=\"attachment-full size-full\" alt=\"\" srcset=\"https:\/\/www.posticum.ro\/wp-content\/uploads\/2021\/02\/iszt_4_3.jpg 1270w, https:\/\/www.posticum.ro\/wp-content\/uploads\/2021\/02\/iszt_4_3-300x225.jpg 300w, https:\/\/www.posticum.ro\/wp-content\/uploads\/2021\/02\/iszt_4_3-1024x768.jpg 1024w, https:\/\/www.posticum.ro\/wp-content\/uploads\/2021\/02\/iszt_4_3-768x576.jpg 768w\" sizes=\"(max-width: 1270px) 100vw, 1270px\" \/><\/a>\n\t\t\t<\/dt><\/dl><br style=\"clear: both\" \/><dl class='gallery-item'>\n\t\t\t<dt class='gallery-icon landscape'>\n\t\t\t\t<a data-elementor-open-lightbox=\"yes\" data-elementor-lightbox-slideshow=\"f367f9a\" data-e-action-hash=\"#elementor-action%3Aaction%3Dlightbox%26settings%3DeyJpZCI6MTcyMywidXJsIjoiaHR0cHM6XC9cL3d3dy5wb3N0aWN1bS5yb1wvd3AtY29udGVudFwvdXBsb2Fkc1wvMjAyMVwvMDJcL2lzenRfNF80LmpwZyIsInNsaWRlc2hvdyI6ImYzNjdmOWEifQ%3D%3D\" href='https:\/\/www.posticum.ro\/wp-content\/uploads\/2021\/02\/iszt_4_4.jpg'><img loading=\"lazy\" decoding=\"async\" width=\"1270\" height=\"953\" src=\"https:\/\/www.posticum.ro\/wp-content\/uploads\/2021\/02\/iszt_4_4.jpg\" class=\"attachment-full size-full\" alt=\"\" srcset=\"https:\/\/www.posticum.ro\/wp-content\/uploads\/2021\/02\/iszt_4_4.jpg 1270w, https:\/\/www.posticum.ro\/wp-content\/uploads\/2021\/02\/iszt_4_4-300x225.jpg 300w, https:\/\/www.posticum.ro\/wp-content\/uploads\/2021\/02\/iszt_4_4-1024x768.jpg 1024w, https:\/\/www.posticum.ro\/wp-content\/uploads\/2021\/02\/iszt_4_4-768x576.jpg 768w\" sizes=\"(max-width: 1270px) 100vw, 1270px\" \/><\/a>\n\t\t\t<\/dt><\/dl><br style=\"clear: both\" \/><dl class='gallery-item'>\n\t\t\t<dt class='gallery-icon landscape'>\n\t\t\t\t<a data-elementor-open-lightbox=\"yes\" data-elementor-lightbox-slideshow=\"f367f9a\" data-e-action-hash=\"#elementor-action%3Aaction%3Dlightbox%26settings%3DeyJpZCI6MTcyNCwidXJsIjoiaHR0cHM6XC9cL3d3dy5wb3N0aWN1bS5yb1wvd3AtY29udGVudFwvdXBsb2Fkc1wvMjAyMVwvMDJcL2lzenRfNF81LmpwZyIsInNsaWRlc2hvdyI6ImYzNjdmOWEifQ%3D%3D\" href='https:\/\/www.posticum.ro\/wp-content\/uploads\/2021\/02\/iszt_4_5.jpg'><img loading=\"lazy\" decoding=\"async\" width=\"1270\" height=\"953\" src=\"https:\/\/www.posticum.ro\/wp-content\/uploads\/2021\/02\/iszt_4_5.jpg\" class=\"attachment-full size-full\" alt=\"\" srcset=\"https:\/\/www.posticum.ro\/wp-content\/uploads\/2021\/02\/iszt_4_5.jpg 1270w, https:\/\/www.posticum.ro\/wp-content\/uploads\/2021\/02\/iszt_4_5-300x225.jpg 300w, https:\/\/www.posticum.ro\/wp-content\/uploads\/2021\/02\/iszt_4_5-1024x768.jpg 1024w, https:\/\/www.posticum.ro\/wp-content\/uploads\/2021\/02\/iszt_4_5-768x576.jpg 768w\" sizes=\"(max-width: 1270px) 100vw, 1270px\" \/><\/a>\n\t\t\t<\/dt><\/dl><br style=\"clear: both\" \/>\n\t\t<\/div>\n\t\t<\/div>\n\t\t\t\t\t\t<\/div>\n\t\t\t\t<\/div>\n\t\t\t\t\t<\/div>\n\t\t<\/div>\n\t\t\t\t\t<\/div>\n\t\t<\/section>\n\t\t\t\t<section class=\"has_eae_slider elementor-section elementor-top-section elementor-element elementor-element-6f9d203 elementor-section-boxed elementor-section-height-default elementor-section-height-default\" data-id=\"6f9d203\" data-element_type=\"section\">\n\t\t\t\t\t\t<div class=\"elementor-container elementor-column-gap-default\">\n\t\t\t\t\t<div class=\"has_eae_slider elementor-column elementor-col-100 elementor-top-column elementor-element elementor-element-bff899c\" data-id=\"bff899c\" data-element_type=\"column\">\n\t\t\t<div class=\"elementor-widget-wrap elementor-element-populated\">\n\t\t\t\t\t\t<div class=\"elementor-element elementor-element-1b2c12c elementor-widget elementor-widget-text-editor\" data-id=\"1b2c12c\" data-element_type=\"widget\" data-widget_type=\"text-editor.default\">\n\t\t\t\t<div class=\"elementor-widget-container\">\n\t\t\t\t\t\t\t\t\t<p style=\"margin-top: 1.3em; margin-bottom: 0px; padding: 0px; border: 0px; font-variant-numeric: inherit; font-variant-east-asian: inherit; font-stretch: inherit; font-size: 13.2px; line-height: inherit; font-family: Arial; vertical-align: baseline; color: #000000; text-align: justify;\">Mindezek Taximban. A harmadik tal\u00e1lkoz\u00e1s ugyanitt egy dob\u00fczlet. Feh\u00e9r Holdnak h\u00edvj\u00e1k az elad\u00f3 sr\u00e1cot. Valamilyen fogyat\u00e9koss\u00e1ga volt, m\u00e1r nem tudom mi. Tal\u00e1n remgett a keze? Kapok t\u0151le sok zen\u00e9t a laptopj\u00e1r\u00f3l, k\u00f6zte Erkan Ogurt. F\u00e9nyk\u00e9pet is ad, eredeti m\u00e9retet, vizet fot\u00f3zott. Most van usb-m a k\u00e9peimmel, cser\u00e9l\u00fcnk. Kipr\u00f3b\u00e1lom a dobokat. Van cser\u00e9p \u00e9s b\u0151r, van amelyikhez er\u0151s ujj kell \u2013 \u00e1ltal\u00e1ban csak er\u0151s, edzett ujjra sz\u00f3lnak. Csak a tabl\u00e1k \u00e9rz\u00e9kenyek a legkisebb p\u00f6ccint\u00e9sre is, illetve a h\u00e1lyogosok. Van cserg\u0151dob is. Elmegy szendvicset venni, fel\u00e9t nekem adja.<\/p><p style=\"margin-top: 1.3em; margin-bottom: 0px; padding: 0px; border: 0px; font-variant-numeric: inherit; font-variant-east-asian: inherit; font-stretch: inherit; font-size: 13.2px; line-height: inherit; font-family: Arial; vertical-align: baseline; color: #000000; text-align: justify;\">Ugyanezen az utc\u00e1n lennebb tal\u00e1lok egy kirakatot ruh\u00e1kkal. Ezek azok, amilyent akarok. Pont az a szab\u00e1s, az az anyag, az a sz\u00edn \u00e9s az a m\u00e9ret. Teh\u00e1t a gondolatok \u00e9s \u00e1lmok mindenki\u00e9: k\u00f6rbekeringenek \u00e9s valakin\u00e9l val\u00f3s\u00e1gg\u00e1 v\u00e1lnak. Itt vannak az \u00e9n ruh\u00e1im. Bemegyek, az \u00e1rak borsosk\u00e1k, de most meg tudom engedni. Nem sokat gondolkozom. Ha ez az \u2013 ez az. Nadr\u00e1got veszek f\u0151leg, mert Rom\u00e1ni\u00e1ban sohasem volt rendes nekemval\u00f3 a legeleg\u00e1nsabb butikban sem. Ezeknek anyaga pamut \u00e9s n\u00e9zem a c\u00edmk\u00e9t, Nep\u00e1l. B\u0151, szokny\u00e1nak is j\u00f3, m\u00e9gis nadr\u00e1g, ugrani is lehet benne, m\u00e9gse f\u00fajja fel a sz\u00e9l, ha f\u00e1zn\u00e9k, azt veszek al\u00e1, amit akarok, zsebe is van. Egy sz\u00f3 mint sz\u00e1z, tetszik, \u00e9s az \u00fczlet is, \u00fagy, ahogy van. Tal\u00e1lok egy feh\u00e9r csontgy\u00f6ngyb\u0151l k\u00e9sz\u00fclt imaf\u00fcz\u00e9rt 108 szemmel. Ez nem t\u00f6r\u00f6k, hanem buddhista, a t\u00f6r\u00f6k 99 szemb\u0151l \u00e1ll Allah 99 nev\u00e9nek tisztelet\u00e9re. A 108-as sz\u00e1m Indi\u00e1ban szent, a teljess\u00e9g sz\u00e1ma. Mantr\u00e1kat mondok rajta. K\u00e9s\u0151bb id\u0151m\u00e9rni haszn\u00e1lom az \u00fcld\u00f6g\u00e9l\u00e9sben vagy az utc\u00e1n, zsebemben.<\/p><p style=\"margin-top: 1.3em; margin-bottom: 0px; padding: 0px; border: 0px; font-variant-numeric: inherit; font-variant-east-asian: inherit; font-stretch: inherit; font-size: 13.2px; line-height: inherit; font-family: Arial; vertical-align: baseline; color: #000000; text-align: justify;\">Ami itt t\u00f6rt\u00e9nt \u00e9s amit itt vettem, abb\u00f3l \u00e9vekig \u00e9ltem-\u00e9lek. Egy kicsi mozdulat is el\u00e9g t\u00e1gas tudott lenni, hogy mindig inspir\u00e1ljon. M\u00e1sik \u00fczletben vettem azt a k\u00e9k kab\u00e1tot, amely m\u00e9g mindig megvan. T\u00f6lt\u00f6tt pamut, ez is Nep\u00e1lb\u00f3l, apr\u00f3 \u00fcvegk\u00f6r\u00f6kkel \u00e9s s\u00f6t\u00e9tk\u00e9k h\u00edmz\u00e9ssel. Ha nagyap\u00e1mat elk\u00e9pzelem, akkor ez a kab\u00e1t t\u00f6k\u00e9letesen hozz\u00e1illik. \u00dagy \u00e9rzem, mintha \u0151 adn\u00e1 fel r\u00e1m. Meleg is, hideg is, ahogy kell. Ny\u00e1ri k\u00e1nikul\u00e1kat ezzel v\u00e9szeltem \u00e1t, ugyan\u00fagy a kolozsv\u00e1ri telet. Isztambulban nekem \u00e9rdemes kereskedni, adni \u00e9s venni, keresni \u00e9s tal\u00e1lni. Ez k\u00fcl\u00f6nben is keresked\u0151-orsz\u00e1g, keresked\u0151-n\u00e9p \u00e9s keresked\u0151-v\u00e1ros. \u00c9rt a kedvess\u00e9ghez, h\u00e1t ezt k\u00f6nnyen tal\u00e1ltam itt \u00e9s k\u00f6nnyen is tudok mit kezdeni vele. \u0150k is velem, mert midnenhol sz\u00edvesen fogadtak.<\/p><p style=\"margin-top: 1.3em; margin-bottom: 0px; padding: 0px; border: 0px; font-variant-numeric: inherit; font-variant-east-asian: inherit; font-stretch: inherit; font-size: 13.2px; line-height: inherit; font-family: Arial; vertical-align: baseline; color: #000000; text-align: justify;\">Az aut\u00f3p\u00e1lya mellett \u00e9rdekl\u0151d\u00f6m valamir\u0151l. Egy embert sz\u00f3l\u00edtok meg. Elmagyar\u00e1zza azt\u00e1n azt mondja, ink\u00e1bb megmutatja. Velem j\u00f6n, azaz \u00e9n vele, \u00fatk\u00f6zben elhaladunk egy pereces mellett \u00e9s vesz. A t\u00f6r\u00f6k perecet \u00e9n h\u00edvom \u00edgy itt, k\u00fcl\u00f6n neve van ennek az \u00e9dess\u00e9gnek, val\u00f3j\u00e1ban p\u00e1nk\u00f3t\u00e9szta cukorba \u00e9s olajba \u00e1ztatva. \u00c9s 35 fok melegben \u00e1rulva. Nem tudom megenni fel\u00e9t se. Odaadjuk egy k\u00e9reget\u0151 gyereknek \u2013 ilyen is van b\u0151ven. K\u00e9reget\u0151 feln\u0151tt kevesebb. A feln\u0151ttek nem j\u00e1rnak k\u00f6r\u00fcl, hanem le\u00fclnek valahova \u00e9s kitesznek egy t\u00e1rgyat, egy zsebkend\u0151t p\u00e9d\u00e1ul, amib\u0151l vil\u00e1gosan l\u00e1tszik, hogy adhatsz nekik. Ha j\u00e1rnak, kevesen \u00e9s t\u00f6bbnyire n\u0151k. T\u00f6bbnyire gyerekkel. \u00c9n gyorsan l\u00e9pegetek, a fi\u00fa mellettem k\u00f6nnyen, az\u00e9rt s\u00e9t\u00e1l\u00f3sabb. N\u00e9zek k\u00f6r\u00fcl \u00e9s m\u00e1r rohann\u00e9k is \u00e1t a kocsik k\u00f6z\u00f6tt, amikor visszatart a kezemn\u00e9l: Ne siess. Nem f\u00e9lsz? Azt\u00e1n egy\u00fctt megy\u00fcnk \u00e1t. Mes\u00e9l a csal\u00e1dj\u00e1r\u00f3l, aki m\u00e1shol lakik. \u0150 Isztambulban dolgozik egy varrod\u00e1ban reggelt\u0151l estig, mondja az \u00f3rarendet, az \u00f3r\u00e1kat \u00e9s amit varrnak. Angolul besz\u00e9l\u00fcnk, \u0151 keveset tud, abb\u00f3l pr\u00f3b\u00e1lok \u00e9rteni. A t\u00f6bbit kital\u00e1lom.<\/p>\t\t\t\t\t\t\t\t<\/div>\n\t\t\t\t<\/div>\n\t\t\t\t\t<\/div>\n\t\t<\/div>\n\t\t\t\t\t<\/div>\n\t\t<\/section>\n\t\t\t\t<section class=\"has_eae_slider elementor-section elementor-top-section elementor-element elementor-element-cbfe079 elementor-section-boxed elementor-section-height-default elementor-section-height-default\" data-id=\"cbfe079\" data-element_type=\"section\">\n\t\t\t\t\t\t<div class=\"elementor-container elementor-column-gap-default\">\n\t\t\t\t\t<div class=\"has_eae_slider elementor-column elementor-col-100 elementor-top-column elementor-element elementor-element-f5bfc75\" data-id=\"f5bfc75\" data-element_type=\"column\">\n\t\t\t<div class=\"elementor-widget-wrap elementor-element-populated\">\n\t\t\t\t\t\t<div class=\"elementor-element elementor-element-053a0c5 elementor-widget elementor-widget-image-gallery\" data-id=\"053a0c5\" data-element_type=\"widget\" data-widget_type=\"image-gallery.default\">\n\t\t\t\t<div class=\"elementor-widget-container\">\n\t\t\t\t\t\t\t<div class=\"elementor-image-gallery\">\n\t\t\t\n\t\t<style type=\"text\/css\">\n\t\t\t#gallery-9 {\n\t\t\t\tmargin: auto;\n\t\t\t}\n\t\t\t#gallery-9 .gallery-item {\n\t\t\t\tfloat: left;\n\t\t\t\tmargin-top: 10px;\n\t\t\t\ttext-align: center;\n\t\t\t\twidth: 100%;\n\t\t\t}\n\t\t\t#gallery-9 img {\n\t\t\t\tborder: 2px solid #cfcfcf;\n\t\t\t}\n\t\t\t#gallery-9 .gallery-caption {\n\t\t\t\tmargin-left: 0;\n\t\t\t}\n\t\t\t\/* see gallery_shortcode() in wp-includes\/media.php *\/\n\t\t<\/style>\n\t\t<div id='gallery-9' class='gallery galleryid-1684 gallery-columns-1 gallery-size-full'><dl class='gallery-item'>\n\t\t\t<dt class='gallery-icon portrait'>\n\t\t\t\t<a data-elementor-open-lightbox=\"yes\" data-elementor-lightbox-slideshow=\"053a0c5\" data-e-action-hash=\"#elementor-action%3Aaction%3Dlightbox%26settings%3DeyJpZCI6MTcyNSwidXJsIjoiaHR0cHM6XC9cL3d3dy5wb3N0aWN1bS5yb1wvd3AtY29udGVudFwvdXBsb2Fkc1wvMjAyMVwvMDJcL2lzenRfM18xLmpwZyIsInNsaWRlc2hvdyI6IjA1M2EwYzUifQ%3D%3D\" href='https:\/\/www.posticum.ro\/wp-content\/uploads\/2021\/02\/iszt_3_1.jpg'><img loading=\"lazy\" decoding=\"async\" width=\"1430\" height=\"1907\" src=\"https:\/\/www.posticum.ro\/wp-content\/uploads\/2021\/02\/iszt_3_1.jpg\" class=\"attachment-full size-full\" alt=\"\" srcset=\"https:\/\/www.posticum.ro\/wp-content\/uploads\/2021\/02\/iszt_3_1.jpg 1430w, https:\/\/www.posticum.ro\/wp-content\/uploads\/2021\/02\/iszt_3_1-225x300.jpg 225w, https:\/\/www.posticum.ro\/wp-content\/uploads\/2021\/02\/iszt_3_1-768x1024.jpg 768w, https:\/\/www.posticum.ro\/wp-content\/uploads\/2021\/02\/iszt_3_1-1152x1536.jpg 1152w\" sizes=\"(max-width: 1430px) 100vw, 1430px\" \/><\/a>\n\t\t\t<\/dt><\/dl><br style=\"clear: both\" \/><dl class='gallery-item'>\n\t\t\t<dt class='gallery-icon landscape'>\n\t\t\t\t<a data-elementor-open-lightbox=\"yes\" data-elementor-lightbox-slideshow=\"053a0c5\" data-e-action-hash=\"#elementor-action%3Aaction%3Dlightbox%26settings%3DeyJpZCI6MTcyNiwidXJsIjoiaHR0cHM6XC9cL3d3dy5wb3N0aWN1bS5yb1wvd3AtY29udGVudFwvdXBsb2Fkc1wvMjAyMVwvMDJcL2lzenRfM18yLmpwZyIsInNsaWRlc2hvdyI6IjA1M2EwYzUifQ%3D%3D\" href='https:\/\/www.posticum.ro\/wp-content\/uploads\/2021\/02\/iszt_3_2.jpg'><img loading=\"lazy\" decoding=\"async\" width=\"1270\" height=\"953\" src=\"https:\/\/www.posticum.ro\/wp-content\/uploads\/2021\/02\/iszt_3_2.jpg\" class=\"attachment-full size-full\" alt=\"\" srcset=\"https:\/\/www.posticum.ro\/wp-content\/uploads\/2021\/02\/iszt_3_2.jpg 1270w, https:\/\/www.posticum.ro\/wp-content\/uploads\/2021\/02\/iszt_3_2-300x225.jpg 300w, https:\/\/www.posticum.ro\/wp-content\/uploads\/2021\/02\/iszt_3_2-1024x768.jpg 1024w, https:\/\/www.posticum.ro\/wp-content\/uploads\/2021\/02\/iszt_3_2-768x576.jpg 768w\" sizes=\"(max-width: 1270px) 100vw, 1270px\" \/><\/a>\n\t\t\t<\/dt><\/dl><br style=\"clear: both\" \/><dl class='gallery-item'>\n\t\t\t<dt class='gallery-icon landscape'>\n\t\t\t\t<a data-elementor-open-lightbox=\"yes\" data-elementor-lightbox-slideshow=\"053a0c5\" data-e-action-hash=\"#elementor-action%3Aaction%3Dlightbox%26settings%3DeyJpZCI6MTcyNywidXJsIjoiaHR0cHM6XC9cL3d3dy5wb3N0aWN1bS5yb1wvd3AtY29udGVudFwvdXBsb2Fkc1wvMjAyMVwvMDJcL2lzenRfM18zLmpwZyIsInNsaWRlc2hvdyI6IjA1M2EwYzUifQ%3D%3D\" href='https:\/\/www.posticum.ro\/wp-content\/uploads\/2021\/02\/iszt_3_3.jpg'><img loading=\"lazy\" decoding=\"async\" width=\"1248\" height=\"953\" src=\"https:\/\/www.posticum.ro\/wp-content\/uploads\/2021\/02\/iszt_3_3.jpg\" class=\"attachment-full size-full\" alt=\"\" srcset=\"https:\/\/www.posticum.ro\/wp-content\/uploads\/2021\/02\/iszt_3_3.jpg 1248w, https:\/\/www.posticum.ro\/wp-content\/uploads\/2021\/02\/iszt_3_3-300x229.jpg 300w, https:\/\/www.posticum.ro\/wp-content\/uploads\/2021\/02\/iszt_3_3-1024x782.jpg 1024w, https:\/\/www.posticum.ro\/wp-content\/uploads\/2021\/02\/iszt_3_3-768x586.jpg 768w\" sizes=\"(max-width: 1248px) 100vw, 1248px\" \/><\/a>\n\t\t\t<\/dt><\/dl><br style=\"clear: both\" \/>\n\t\t<\/div>\n\t\t<\/div>\n\t\t\t\t\t\t<\/div>\n\t\t\t\t<\/div>\n\t\t\t\t\t<\/div>\n\t\t<\/div>\n\t\t\t\t\t<\/div>\n\t\t<\/section>\n\t\t\t\t<section class=\"has_eae_slider elementor-section elementor-top-section elementor-element elementor-element-fa33f53 elementor-section-boxed elementor-section-height-default elementor-section-height-default\" data-id=\"fa33f53\" data-element_type=\"section\">\n\t\t\t\t\t\t<div class=\"elementor-container elementor-column-gap-default\">\n\t\t\t\t\t<div class=\"has_eae_slider elementor-column elementor-col-100 elementor-top-column elementor-element elementor-element-25972d4\" data-id=\"25972d4\" data-element_type=\"column\">\n\t\t\t<div class=\"elementor-widget-wrap elementor-element-populated\">\n\t\t\t\t\t\t<div class=\"elementor-element elementor-element-8273a28 elementor-widget elementor-widget-text-editor\" data-id=\"8273a28\" data-element_type=\"widget\" data-widget_type=\"text-editor.default\">\n\t\t\t\t<div class=\"elementor-widget-container\">\n\t\t\t\t\t\t\t\t\t<p style=\"margin-top: 1.3em; margin-bottom: 0px; padding: 0px; border: 0px; font-variant-numeric: inherit; font-variant-east-asian: inherit; font-stretch: inherit; font-size: 13.2px; line-height: inherit; font-family: Arial; vertical-align: baseline; color: #000000; text-align: justify;\">Megyek az utc\u00e1n \u2013 az isztambuli t\u00f6rt\u00e9netek \u00edgy kezd\u0151dnek. \u00c9s van, a sokmilli\u00f3 (itt nincs t\u00falz\u00e1s) ember k\u00f6zt egy. A sokezer \u00fczlet k\u00f6zt egy, ahova most bel\u00e9pek. Kit\u00e9ve k\u00f6vek, gy\u00f6ngy\u00f6k, \u00e9s vill\u00e1k is, mert ebb\u0151l megg\u00f6rb\u00edtve karperec lesz. Bent van a m\u0171helyben. Vastag szem\u00f6ld\u00f6ke van, tiszta M\u00e1la, csak \u0151 f\u00e9rfi. Er\u0151s k\u00e9k szemei vannak \u00e9s er\u0151s sz\u00e1ja. T\u00f6mzsi, alacsonyabb. R\u00f6gt\u00f6n megh\u00edv te\u00e1zni. F\u0171z\u00f6k neked egy kark\u00f6t\u0151t. J\u00f3kai magyar n\u00e1bobj\u00e1b\u00f3l tudom, n\u00e9hol ez elk\u00f6telez. Ha nem is, mert 21. sz\u00e1zad \u00e9s turista vagyok, a h\u00e1tt\u00e9r akkor is hasonl\u00f3. \u00dagyhogy azt felelem, rendben, oda fogom adni a bar\u00e1tomnak. Az\u00e9rt elk\u00e9sz\u00edti. Ragyog az eg\u00e9sz ember \u00e9s azt sem tudja, hova forduljon a nagy kedvess\u00e9gt\u0151l. Fest\u0151 vagyok, mondom. Meg akar h\u00edvni m\u00e1snap eb\u00e9dre, nem fogadom el, vissza sem utas\u00edtom, csak nem megyek. De d\u00e9lut\u00e1n igen, meglepet\u00e9sb\u0151l. Kurd, az ap\u00f3sa a nagy Baz\u00e1rban \u00e1rul. Egyszer tal\u00e1lkozunk is \u00e9s megh\u00edv a boltj\u00e1ba a baz\u00e1rba. A kurd szeretettel besz\u00e9l Rom\u00e1ni\u00e1r\u00f3l, akar menni oda \u00fczletelni \u00e9s nagy, t\u00e1gra ny\u00edlt szemekkel k\u00e9rdi t\u0151lem, mit gondolok, \u00e9rdemes? Persze, felelem, olyan ember kev\u00e9s van Rom\u00e1ni\u00e1ban, mint te. Nincsenek olyan k\u00f6vek, mint n\u00e1lad, nincs az a k\u00edn\u00e1lat, f\u0151leg pedig nincsenek olyan \u00e1rak. Ha ezzel az \u00e1rral \u00e9s ezekkel a k\u00f6vekkel m\u00e9sz, j\u00f3 \u00fczletet tudsz k\u00f6tni. Veszek t\u0151le egy \u00e9kk\u0151-l\u00e1ncot, nem vagyok \u00e1sv\u00e1nyszak\u00e9rt\u0151, tetszik a k\u0151. Tal\u00e1n t\u00e9nyleg lapis lazuli, ha nem az, az sem \u00e9rdekel. Szeretem a s\u00faly\u00e1t, az anyag\u00e1t, igazi k\u0151, ez a l\u00e9nyeg. Egyszer\u0171 madzagra van \u00f6sszef\u0171zve, ez is megfelel. A k\u0151 a l\u00e9nyeg. Fel sincs nagyon dolgozva, f\u00e9lig van form\u00e1ja, f\u00e9lig brut\u00e1lis. Amikor a nyakamra teszem h\u0171v\u00f6s \u00e9s h\u00faz, jobban vagyok t\u0151le, \u00e9rzem a f\u00f6ldet, \u00e9rzem, mi az a k\u0151. J\u00f3csk\u00e1n alkuszom az \u00e1rb\u00f3l \u00e9s ut\u00e1nam hagyja. A l\u00e1ncai k\u00f6z\u00f6tt kev\u00e9s van ilyen, a t\u00f6bbi m\u00e1sik k\u0151, vagy k\u00f6vek \u00e9s f\u00e9m keverve, csics\u00e1sabbak. Ez itt pont r\u00e1m v\u00e1rt. Boldog. \u00c9n is. Azt mondja, volt egy rom\u00e1n bar\u00e1tn\u0151je. Nagyon szerette, m\u00e9g most is.<\/p><p style=\"margin-top: 1.3em; margin-bottom: 0px; padding: 0px; border: 0px; font-variant-numeric: inherit; font-variant-east-asian: inherit; font-stretch: inherit; font-size: 13.2px; line-height: inherit; font-family: Arial; vertical-align: baseline; color: #000000; text-align: justify;\"><\/p><p style=\"margin-top: 1.3em; margin-bottom: 0px; padding: 0px; border: 0px; font-variant-numeric: inherit; font-variant-east-asian: inherit; font-stretch: inherit; font-size: 13.2px; line-height: inherit; font-family: Arial; vertical-align: baseline; color: #000000; text-align: justify;\">Megyek az utc\u00e1n \u2013 m\u00e1sik bolt. Egy f\u00e9mr\u00f3l\u00f3 felengedve, kit\u00e9ve semmi, az ablak az eg\u00e9sz falat kiteszi, odabent egy f\u00e9rfi tekercseket bontogat. R\u00e9gi b\u0151r\u00f6ndb\u0151l szedi el\u0151, egym\u00e1s mellett rengeteg tekercs. A f\u00e9rfi negyven\u00f6t k\u00f6r\u00fcl lehet, feh\u00e9r hajjal \u00e9s hegyes cip\u0151vel, amire fent g\u00f6rbe \u00e9s hegyes orra v\u00e1laszol. Feh\u00e9r ingben, az itt szokott \u00e9l\u00e9re vasalt nadr\u00e1gban sz\u00edjjal. Gy\u0171r\u0171t visel, nagy pecs\u00e9tgy\u0171r\u0171t. A tekercseken jap\u00e1n tusok: t\u00e1jak, emberek, vonal \u00e9s folt egyar\u00e1nt. Bel\u00e9pek. Maradhatok. Kider\u00fcl, egy franciaorsz\u00e1gi nemesi csal\u00e1dt\u00f3l szerezte \u0151ket, meghalt a nemtomki, ut\u00f3d, \u00f6r\u00f6k\u00f6s, aki folytat\u00f3 lenne, \u00e9s el kellett adjanak a holmib\u00f3l. \u0150 el\u00e9g olcs\u00f3n vette \u2013 eredetiek. \u00c9letemben akkor l\u00e1tok el\u0151sz\u00f6r ilyen tekercset. Eddig a k\u00f6nyvt\u00e1r reprodukci\u00f3it l\u00e1ttam. Most a k\u00fcl\u00f6nbs\u00e9get is a kett\u0151 k\u00f6z\u00f6tt. Van egy egyszer\u0171 k\u00e9p, egy fa \u00e9s alatta egy ember. Csak ennyi, de \u00e9rzem, l\u00e1tom, amint f\u00faj rajta a sz\u00e9l, pedig nincsenek rep\u00fcl\u0151 levelek \u00e9s vonalak k\u00f6r\u00f6s k\u00f6r\u00fcl. Olyan k\u00f6nny\u0171, olyan semmi. Az ember ki-kin\u00e9z, nemsok\u00e1ra megjelenik egy l\u00e1ny. M\u0171v\u00e9szetire j\u00e1r, egy f\u00fczettel j\u00f6n. Mutatja rajzait. Hamarosan elmennek majd a bar\u00e1ti k\u00f6rbe, a l\u00e1ny bar\u00e1tai, itt az egyik k\u00f6zeli k\u00e1v\u00e9z\u00f3ban. N\u00e9zem az embert, n\u00e9zem a l\u00e1nyt. K\u00f6zvetlenek. N\u00e9zem a rajzait. Sz\u00ednesek, er\u0151s sz\u00ednekkel, \u00e9l\u00e9nk vonalakkal, zs\u00edrkr\u00e9ta. N\u00e1lam most semmi, amit mutathatn\u00e9k. Ink\u00e1bb a tekercseket n\u00e9zem. N\u00e9melyik finom sz\u00f6veten van, apr\u00f3 pasztellmint\u00e1son. M\u00e1snap m\u00e9g ott lesznek, mondj\u00e1k, d\u00e9l k\u00f6r\u00fcl. Visszamegyek, leeresztett r\u00f3l\u00f3t tal\u00e1lok.<\/p>\t\t\t\t\t\t\t\t<\/div>\n\t\t\t\t<\/div>\n\t\t\t\t\t<\/div>\n\t\t<\/div>\n\t\t\t\t\t<\/div>\n\t\t<\/section>\n\t\t\t\t<section class=\"has_eae_slider elementor-section elementor-top-section elementor-element elementor-element-1f2e21d elementor-section-boxed elementor-section-height-default elementor-section-height-default\" data-id=\"1f2e21d\" data-element_type=\"section\">\n\t\t\t\t\t\t<div class=\"elementor-container elementor-column-gap-default\">\n\t\t\t\t\t<div class=\"has_eae_slider elementor-column elementor-col-100 elementor-top-column elementor-element elementor-element-947a7bb\" data-id=\"947a7bb\" data-element_type=\"column\">\n\t\t\t<div class=\"elementor-widget-wrap elementor-element-populated\">\n\t\t\t\t\t\t<div class=\"elementor-element elementor-element-dfd4677 elementor-widget elementor-widget-image-gallery\" data-id=\"dfd4677\" data-element_type=\"widget\" data-widget_type=\"image-gallery.default\">\n\t\t\t\t<div class=\"elementor-widget-container\">\n\t\t\t\t\t\t\t<div class=\"elementor-image-gallery\">\n\t\t\t\n\t\t<style type=\"text\/css\">\n\t\t\t#gallery-10 {\n\t\t\t\tmargin: auto;\n\t\t\t}\n\t\t\t#gallery-10 .gallery-item {\n\t\t\t\tfloat: left;\n\t\t\t\tmargin-top: 10px;\n\t\t\t\ttext-align: center;\n\t\t\t\twidth: 100%;\n\t\t\t}\n\t\t\t#gallery-10 img {\n\t\t\t\tborder: 2px solid #cfcfcf;\n\t\t\t}\n\t\t\t#gallery-10 .gallery-caption {\n\t\t\t\tmargin-left: 0;\n\t\t\t}\n\t\t\t\/* see gallery_shortcode() in wp-includes\/media.php *\/\n\t\t<\/style>\n\t\t<div id='gallery-10' class='gallery galleryid-1684 gallery-columns-1 gallery-size-full'><dl class='gallery-item'>\n\t\t\t<dt class='gallery-icon landscape'>\n\t\t\t\t<a data-elementor-open-lightbox=\"yes\" data-elementor-lightbox-slideshow=\"dfd4677\" data-e-action-hash=\"#elementor-action%3Aaction%3Dlightbox%26settings%3DeyJpZCI6MTcyOCwidXJsIjoiaHR0cHM6XC9cL3d3dy5wb3N0aWN1bS5yb1wvd3AtY29udGVudFwvdXBsb2Fkc1wvMjAyMVwvMDJcL2lzenRfMl8xLmpwZyIsInNsaWRlc2hvdyI6ImRmZDQ2NzcifQ%3D%3D\" href='https:\/\/www.posticum.ro\/wp-content\/uploads\/2021\/02\/iszt_2_1.jpg'><img loading=\"lazy\" decoding=\"async\" width=\"1429\" height=\"1072\" src=\"https:\/\/www.posticum.ro\/wp-content\/uploads\/2021\/02\/iszt_2_1.jpg\" class=\"attachment-full size-full\" alt=\"\" srcset=\"https:\/\/www.posticum.ro\/wp-content\/uploads\/2021\/02\/iszt_2_1.jpg 1429w, https:\/\/www.posticum.ro\/wp-content\/uploads\/2021\/02\/iszt_2_1-300x225.jpg 300w, https:\/\/www.posticum.ro\/wp-content\/uploads\/2021\/02\/iszt_2_1-1024x768.jpg 1024w, https:\/\/www.posticum.ro\/wp-content\/uploads\/2021\/02\/iszt_2_1-768x576.jpg 768w\" sizes=\"(max-width: 1429px) 100vw, 1429px\" \/><\/a>\n\t\t\t<\/dt><\/dl><br style=\"clear: both\" \/><dl class='gallery-item'>\n\t\t\t<dt class='gallery-icon landscape'>\n\t\t\t\t<a data-elementor-open-lightbox=\"yes\" data-elementor-lightbox-slideshow=\"dfd4677\" data-e-action-hash=\"#elementor-action%3Aaction%3Dlightbox%26settings%3DeyJpZCI6MTcyOSwidXJsIjoiaHR0cHM6XC9cL3d3dy5wb3N0aWN1bS5yb1wvd3AtY29udGVudFwvdXBsb2Fkc1wvMjAyMVwvMDJcL2lzenRfMl8yLmpwZyIsInNsaWRlc2hvdyI6ImRmZDQ2NzcifQ%3D%3D\" href='https:\/\/www.posticum.ro\/wp-content\/uploads\/2021\/02\/iszt_2_2.jpg'><img loading=\"lazy\" decoding=\"async\" width=\"1270\" height=\"953\" src=\"https:\/\/www.posticum.ro\/wp-content\/uploads\/2021\/02\/iszt_2_2.jpg\" class=\"attachment-full size-full\" alt=\"\" srcset=\"https:\/\/www.posticum.ro\/wp-content\/uploads\/2021\/02\/iszt_2_2.jpg 1270w, https:\/\/www.posticum.ro\/wp-content\/uploads\/2021\/02\/iszt_2_2-300x225.jpg 300w, https:\/\/www.posticum.ro\/wp-content\/uploads\/2021\/02\/iszt_2_2-1024x768.jpg 1024w, https:\/\/www.posticum.ro\/wp-content\/uploads\/2021\/02\/iszt_2_2-768x576.jpg 768w\" sizes=\"(max-width: 1270px) 100vw, 1270px\" \/><\/a>\n\t\t\t<\/dt><\/dl><br style=\"clear: both\" \/><dl class='gallery-item'>\n\t\t\t<dt class='gallery-icon landscape'>\n\t\t\t\t<a data-elementor-open-lightbox=\"yes\" data-elementor-lightbox-slideshow=\"dfd4677\" data-e-action-hash=\"#elementor-action%3Aaction%3Dlightbox%26settings%3DeyJpZCI6MTczMCwidXJsIjoiaHR0cHM6XC9cL3d3dy5wb3N0aWN1bS5yb1wvd3AtY29udGVudFwvdXBsb2Fkc1wvMjAyMVwvMDJcL2lzenRfMl8zLmpwZyIsInNsaWRlc2hvdyI6ImRmZDQ2NzcifQ%3D%3D\" href='https:\/\/www.posticum.ro\/wp-content\/uploads\/2021\/02\/iszt_2_3.jpg'><img loading=\"lazy\" decoding=\"async\" width=\"1270\" height=\"953\" src=\"https:\/\/www.posticum.ro\/wp-content\/uploads\/2021\/02\/iszt_2_3.jpg\" class=\"attachment-full size-full\" alt=\"\" srcset=\"https:\/\/www.posticum.ro\/wp-content\/uploads\/2021\/02\/iszt_2_3.jpg 1270w, https:\/\/www.posticum.ro\/wp-content\/uploads\/2021\/02\/iszt_2_3-300x225.jpg 300w, https:\/\/www.posticum.ro\/wp-content\/uploads\/2021\/02\/iszt_2_3-1024x768.jpg 1024w, https:\/\/www.posticum.ro\/wp-content\/uploads\/2021\/02\/iszt_2_3-768x576.jpg 768w\" sizes=\"(max-width: 1270px) 100vw, 1270px\" \/><\/a>\n\t\t\t<\/dt><\/dl><br style=\"clear: both\" \/>\n\t\t<\/div>\n\t\t<\/div>\n\t\t\t\t\t\t<\/div>\n\t\t\t\t<\/div>\n\t\t\t\t\t<\/div>\n\t\t<\/div>\n\t\t\t\t\t<\/div>\n\t\t<\/section>\n\t\t\t\t<section class=\"has_eae_slider elementor-section elementor-top-section elementor-element elementor-element-caed546 elementor-section-boxed elementor-section-height-default elementor-section-height-default\" data-id=\"caed546\" data-element_type=\"section\">\n\t\t\t\t\t\t<div class=\"elementor-container elementor-column-gap-default\">\n\t\t\t\t\t<div class=\"has_eae_slider elementor-column elementor-col-100 elementor-top-column elementor-element elementor-element-5049045\" data-id=\"5049045\" data-element_type=\"column\">\n\t\t\t<div class=\"elementor-widget-wrap elementor-element-populated\">\n\t\t\t\t\t\t<div class=\"elementor-element elementor-element-b7b723e elementor-widget elementor-widget-text-editor\" data-id=\"b7b723e\" data-element_type=\"widget\" data-widget_type=\"text-editor.default\">\n\t\t\t\t<div class=\"elementor-widget-container\">\n\t\t\t\t\t\t\t\t\t<p style=\"margin-top: 1.3em; margin-bottom: 0px; padding: 0px; border: 0px; font-variant-numeric: inherit; font-variant-east-asian: inherit; font-stretch: inherit; font-size: 13.2px; line-height: inherit; font-family: Arial; vertical-align: baseline; color: #000000; text-align: justify;\">Leutaztam \u00e9jjel Bukarestbe. Az \u00e1llom\u00e1shoz k\u00f6zel megkaptam a t\u00e1rsas\u00e1g irod\u00e1j\u00e1t. A f\u0151n\u00f6kn\u0151 saj\u00e1t kocsij\u00e1n vitt a buszig, amely m\u00e1shol dokkolt, j\u00f3 messze. R\u00e1b\u00edzott az utasfel\u00fcgyel\u0151re, egy n\u0151re, aki rendesen indul\u00e1st \u00e9s meg\u00e1ll\u00e1st bejelent, akihez sz\u00f3lhatsz \u00e9s aki osztogatja az \u00fati uzsonn\u00e1t, amely a t\u00e1rsas\u00e1gt\u00f3l j\u00e1r. Egyed\u00fcl megyek? k\u00e9rdezt\u00e9k. Majd seg\u00edts neki kapni egy sz\u00e1llod\u00e1t, mondta a f\u0151n\u00f6kn\u0151.<\/p><p style=\"margin-top: 1.3em; margin-bottom: 0px; padding: 0px; border: 0px; font-variant-numeric: inherit; font-variant-east-asian: inherit; font-stretch: inherit; font-size: 13.2px; line-height: inherit; font-family: Arial; vertical-align: baseline; color: #000000; text-align: justify;\">A hat\u00e1rn\u00e1l igazoltatnak, T\u00f6r\u00f6korsz\u00e1gba \u00fatlev\u00e9l kell \u00e9s fizetsz p\u00e9nzt a bel\u00e9p\u00e9skor. Mikor m\u00e1sodj\u00e1ra megyek, m\u00e1r csak \u00fatlev\u00e9l kell. \u00c9jf\u00e9l k\u00f6r\u00fcl az \u00e1tkel\u00e9s \u00f6r\u00f6m\u00e9re a busz meg\u00e1ll az egyik k\u00f6zeli fogad\u00f3n\u00e1l. Megh\u00edvnak egy csorb\u00e1csk\u00e1ra, j\u00f3 paprik\u00e1s is. Kett\u0151kor tesznek ki a k\u00f6zpontban, az egyetemhez k\u00f6zel. A n\u0151 addigra besz\u00e9lt k\u00f6r\u00fcl \u00e9s azt mondja k\u00e9t embernek, akik zs\u00e1kokkal sz\u00e1llod\u00e1t keresni mennek, keressenek nekem is szob\u00e1t. Kb. egy szinten voln\u00e1nk p\u00e9nzbelileg, vagyis a min\u00e9l-olcs\u00f3bb kateg\u00f3ria. Az emberek kocogtatnak helyr\u0151l helyre \u00e9s minden\u00fctt tele van, vagy nagy az \u00e1r. A tulaj mondja t\u00f6r\u00f6k\u00fcl, \u0151k ford\u00edtj\u00e1k rom\u00e1nra. V\u00e9gre az egyik 10 eur\u00f3sn\u00e1l meg\u00e1llapodom. Kapok egy szob\u00e1t, al\u00e1bb nem hagyja mert k\u00e9tszem\u00e9lyes. Van hozz\u00e1 kulcs \u00e9s villany, meg t\u00f6r\u00f6kbudi. El\u0151bb elv\u00e9gzem az aznapi gyakorlatokat \u00e9s hullaf\u00e1radtan alszom el. Tudom, nem fogok ittmaradni. K\u00e9t hetet akarok \u00fclni \u00e9s ahhoz olcs\u00f3bb helyet keresek. M\u00e1snap reggel felkelek, azaz m\u00e1r \u00f6tkor k\u00f6ltenek a m\u00fcezzinek 26 fel\u0151l, ha a meleg nem k\u00f6lt\u00f6tt volna fel vagy ha a ventill\u00e1torok.<\/p><p style=\"margin-top: 1.3em; margin-bottom: 0px; padding: 0px; border: 0px; font-variant-numeric: inherit; font-variant-east-asian: inherit; font-stretch: inherit; font-size: 13.2px; line-height: inherit; font-family: Arial; vertical-align: baseline; color: #000000; text-align: justify;\">El\u0151sz\u00f6r is fizetek \u00e9s keresek a k\u00f6zelben valami kaj\u00e1t. Strasbourg technika, hogy ne aludjam el. H\u00e1tamon a zs\u00e1k. Nem eszem sokat, mert ez nehez\u00edt. Egyszer legyen hely. Egyszer pedig s\u00e9t\u00e1lok, k\u00f6r\u00f6s-k\u00f6r\u00fcl. hotel felirat annyi van, mint s\u00fcltkukorica az utcasz\u00e9len, vagyis j\u00f3 sok. K\u00fcl\u00f6nben emberek \u00fclnek ugyanott \u00e9s issz\u00e1k a te\u00e1t. Nah\u00e1t, ez j\u00f3 k\u00f6zvetlen egy vil\u00e1gv\u00e1rosban. \u00dagy mozgok, mintha mindig itt lettem volna, vagy m\u00e9gse, mert nem untam m\u00e9g r\u00e1. D\u00e9l fel\u00e9, mikor m\u00e1r el is f\u00e1radtam, a Fuat pasa sz\u00e1dj\u00e1ban megl\u00e1tok egy Hotel feliratot \u00e9s a hely el\u00e9g lerobbant ahhoz, hogy olcs\u00f3nak rem\u00e9ljem. Az ajt\u00f3 nyitva, el\u0151tte n\u0151k pl\u00fcsspokr\u00f3cokat \u00e1rulnak. Itt is t\u00edz eur\u00f3t k\u00e9r, azt\u00e1n lealkuszom nyolcra. Van egy szob\u00e1m, kulcsa van, semmi egyebe nincs. Na j\u00f3 j\u00f3, van benne egy \u00e1gy \u00e9s egy asztalka, \u00e9s n\u00e9gy szeg az ajt\u00f3n. Meg egy ablak tulip\u00e1nos feh\u00e9r f\u00fcgg\u00f6nnyel. A ter\u00fclete? 3 m\u00b2. Az \u00e1gyon k\u00edv\u00fcl ki tudom nyitni az ajt\u00f3t. \u00c9s elmenni az ablakig. Van feh\u00e9r leped\u0151, kett\u0151. T\u00f6bbel \u00fagyse lenne micsin\u00e1lnom, mert reggel f\u00e9l \u00f6tkor 30 fok van. Csak hajnalra h\u0171l le annyira, amennyivel el is tudok aludni.<\/p><p style=\"margin-top: 1.3em; margin-bottom: 0px; padding: 0px; border: 0px; font-variant-numeric: inherit; font-variant-east-asian: inherit; font-stretch: inherit; font-size: 13.2px; line-height: inherit; font-family: Arial; vertical-align: baseline; color: #000000; text-align: justify;\">Els\u0151 ottl\u00e9temkor minden ir\u00e1nyba j\u00e1rtam, ameddig a l\u00e1bam egy nap vihetett. Mindenhov\u00e1 gyalog. Nagyon forgalmas r\u00e9szek vannak, egy hatalmas aut\u00f3p\u00e1lya, amely mellett a part asztalnyi k\u00f6vein hal\u00e1sznak vagy f\u00fcrdenek. Bankszakember koszt\u00fcmben te\u00e1t sz\u00fcrcs\u00f6l az utcak\u00f6v\u00f6n, mellette az aktat\u00e1sk\u00e1ja. Besz\u00e9lgettem a koldusokkal sz\u00f3t\u00e1rb\u00f3l. Az persze els\u0151 napokban nem volt, de mindj\u00e1rt vettem. \u00c9s mert akartam valami nagyon t\u00f6r\u00f6k\u00f6t, egy versesk\u00f6tetet is, att\u00f3l a k\u00f6lt\u0151t\u0151l, akinek nyelve legegyszer\u0171bbnek t\u0171nt. Megk\u00e9rdeztem a l\u00e1nyt az \u00fczletben, ki az \u0151k legszeretettebb k\u00f6lt\u0151j\u00fck<\/p>\t\t\t\t\t\t\t\t<\/div>\n\t\t\t\t<\/div>\n\t\t\t\t\t<\/div>\n\t\t<\/div>\n\t\t\t\t\t<\/div>\n\t\t<\/section>\n\t\t\t\t<section class=\"has_eae_slider elementor-section elementor-top-section elementor-element elementor-element-f203ed9 elementor-section-boxed elementor-section-height-default elementor-section-height-default\" data-id=\"f203ed9\" data-element_type=\"section\">\n\t\t\t\t\t\t<div class=\"elementor-container elementor-column-gap-default\">\n\t\t\t\t\t<div class=\"has_eae_slider elementor-column elementor-col-100 elementor-top-column elementor-element elementor-element-7d24425\" data-id=\"7d24425\" data-element_type=\"column\">\n\t\t\t<div class=\"elementor-widget-wrap elementor-element-populated\">\n\t\t\t\t\t\t<div class=\"elementor-element elementor-element-b47ce3e elementor-widget elementor-widget-image-gallery\" data-id=\"b47ce3e\" data-element_type=\"widget\" data-widget_type=\"image-gallery.default\">\n\t\t\t\t<div class=\"elementor-widget-container\">\n\t\t\t\t\t\t\t<div class=\"elementor-image-gallery\">\n\t\t\t\n\t\t<style type=\"text\/css\">\n\t\t\t#gallery-11 {\n\t\t\t\tmargin: auto;\n\t\t\t}\n\t\t\t#gallery-11 .gallery-item {\n\t\t\t\tfloat: left;\n\t\t\t\tmargin-top: 10px;\n\t\t\t\ttext-align: center;\n\t\t\t\twidth: 100%;\n\t\t\t}\n\t\t\t#gallery-11 img {\n\t\t\t\tborder: 2px solid #cfcfcf;\n\t\t\t}\n\t\t\t#gallery-11 .gallery-caption {\n\t\t\t\tmargin-left: 0;\n\t\t\t}\n\t\t\t\/* see gallery_shortcode() in wp-includes\/media.php *\/\n\t\t<\/style>\n\t\t<div id='gallery-11' class='gallery galleryid-1684 gallery-columns-1 gallery-size-full'><dl class='gallery-item'>\n\t\t\t<dt class='gallery-icon landscape'>\n\t\t\t\t<a data-elementor-open-lightbox=\"yes\" data-elementor-lightbox-slideshow=\"b47ce3e\" data-e-action-hash=\"#elementor-action%3Aaction%3Dlightbox%26settings%3DeyJpZCI6MTczMSwidXJsIjoiaHR0cHM6XC9cL3d3dy5wb3N0aWN1bS5yb1wvd3AtY29udGVudFwvdXBsb2Fkc1wvMjAyMVwvMDJcL2lzenRfMV8xLmpwZyIsInNsaWRlc2hvdyI6ImI0N2NlM2UifQ%3D%3D\" href='https:\/\/www.posticum.ro\/wp-content\/uploads\/2021\/02\/iszt_1_1.jpg'><img loading=\"lazy\" decoding=\"async\" width=\"1154\" height=\"866\" src=\"https:\/\/www.posticum.ro\/wp-content\/uploads\/2021\/02\/iszt_1_1.jpg\" class=\"attachment-full size-full\" alt=\"\" srcset=\"https:\/\/www.posticum.ro\/wp-content\/uploads\/2021\/02\/iszt_1_1.jpg 1154w, https:\/\/www.posticum.ro\/wp-content\/uploads\/2021\/02\/iszt_1_1-300x225.jpg 300w, https:\/\/www.posticum.ro\/wp-content\/uploads\/2021\/02\/iszt_1_1-1024x768.jpg 1024w, https:\/\/www.posticum.ro\/wp-content\/uploads\/2021\/02\/iszt_1_1-768x576.jpg 768w\" sizes=\"(max-width: 1154px) 100vw, 1154px\" \/><\/a>\n\t\t\t<\/dt><\/dl><br style=\"clear: both\" \/><dl class='gallery-item'>\n\t\t\t<dt class='gallery-icon landscape'>\n\t\t\t\t<a data-elementor-open-lightbox=\"yes\" data-elementor-lightbox-slideshow=\"b47ce3e\" data-e-action-hash=\"#elementor-action%3Aaction%3Dlightbox%26settings%3DeyJpZCI6MTczMiwidXJsIjoiaHR0cHM6XC9cL3d3dy5wb3N0aWN1bS5yb1wvd3AtY29udGVudFwvdXBsb2Fkc1wvMjAyMVwvMDJcL2lzenRfMV8yLmpwZyIsInNsaWRlc2hvdyI6ImI0N2NlM2UifQ%3D%3D\" href='https:\/\/www.posticum.ro\/wp-content\/uploads\/2021\/02\/iszt_1_2.jpg'><img loading=\"lazy\" decoding=\"async\" width=\"1429\" height=\"1072\" src=\"https:\/\/www.posticum.ro\/wp-content\/uploads\/2021\/02\/iszt_1_2.jpg\" class=\"attachment-full size-full\" alt=\"\" srcset=\"https:\/\/www.posticum.ro\/wp-content\/uploads\/2021\/02\/iszt_1_2.jpg 1429w, https:\/\/www.posticum.ro\/wp-content\/uploads\/2021\/02\/iszt_1_2-300x225.jpg 300w, https:\/\/www.posticum.ro\/wp-content\/uploads\/2021\/02\/iszt_1_2-1024x768.jpg 1024w, https:\/\/www.posticum.ro\/wp-content\/uploads\/2021\/02\/iszt_1_2-768x576.jpg 768w\" sizes=\"(max-width: 1429px) 100vw, 1429px\" \/><\/a>\n\t\t\t<\/dt><\/dl><br style=\"clear: both\" \/><dl class='gallery-item'>\n\t\t\t<dt class='gallery-icon landscape'>\n\t\t\t\t<a data-elementor-open-lightbox=\"yes\" data-elementor-lightbox-slideshow=\"b47ce3e\" data-e-action-hash=\"#elementor-action%3Aaction%3Dlightbox%26settings%3DeyJpZCI6MTczMywidXJsIjoiaHR0cHM6XC9cL3d3dy5wb3N0aWN1bS5yb1wvd3AtY29udGVudFwvdXBsb2Fkc1wvMjAyMVwvMDJcL2lzenRfMV8zLmpwZyIsInNsaWRlc2hvdyI6ImI0N2NlM2UifQ%3D%3D\" href='https:\/\/www.posticum.ro\/wp-content\/uploads\/2021\/02\/iszt_1_3.jpg'><img loading=\"lazy\" decoding=\"async\" width=\"1270\" height=\"953\" src=\"https:\/\/www.posticum.ro\/wp-content\/uploads\/2021\/02\/iszt_1_3.jpg\" class=\"attachment-full size-full\" alt=\"\" srcset=\"https:\/\/www.posticum.ro\/wp-content\/uploads\/2021\/02\/iszt_1_3.jpg 1270w, https:\/\/www.posticum.ro\/wp-content\/uploads\/2021\/02\/iszt_1_3-300x225.jpg 300w, https:\/\/www.posticum.ro\/wp-content\/uploads\/2021\/02\/iszt_1_3-1024x768.jpg 1024w, https:\/\/www.posticum.ro\/wp-content\/uploads\/2021\/02\/iszt_1_3-768x576.jpg 768w\" sizes=\"(max-width: 1270px) 100vw, 1270px\" \/><\/a>\n\t\t\t<\/dt><\/dl><br style=\"clear: both\" \/><dl class='gallery-item'>\n\t\t\t<dt class='gallery-icon landscape'>\n\t\t\t\t<a data-elementor-open-lightbox=\"yes\" data-elementor-lightbox-slideshow=\"b47ce3e\" data-e-action-hash=\"#elementor-action%3Aaction%3Dlightbox%26settings%3DeyJpZCI6MTczNCwidXJsIjoiaHR0cHM6XC9cL3d3dy5wb3N0aWN1bS5yb1wvd3AtY29udGVudFwvdXBsb2Fkc1wvMjAyMVwvMDJcL2lzenRfMV80LmpwZyIsInNsaWRlc2hvdyI6ImI0N2NlM2UifQ%3D%3D\" href='https:\/\/www.posticum.ro\/wp-content\/uploads\/2021\/02\/iszt_1_4.jpg'><img loading=\"lazy\" decoding=\"async\" width=\"1154\" height=\"866\" src=\"https:\/\/www.posticum.ro\/wp-content\/uploads\/2021\/02\/iszt_1_4.jpg\" class=\"attachment-full size-full\" alt=\"\" srcset=\"https:\/\/www.posticum.ro\/wp-content\/uploads\/2021\/02\/iszt_1_4.jpg 1154w, https:\/\/www.posticum.ro\/wp-content\/uploads\/2021\/02\/iszt_1_4-300x225.jpg 300w, https:\/\/www.posticum.ro\/wp-content\/uploads\/2021\/02\/iszt_1_4-1024x768.jpg 1024w, https:\/\/www.posticum.ro\/wp-content\/uploads\/2021\/02\/iszt_1_4-768x576.jpg 768w\" sizes=\"(max-width: 1154px) 100vw, 1154px\" \/><\/a>\n\t\t\t<\/dt><\/dl><br style=\"clear: both\" \/>\n\t\t<\/div>\n\t\t<\/div>\n\t\t\t\t\t\t<\/div>\n\t\t\t\t<\/div>\n\t\t\t\t\t<\/div>\n\t\t<\/div>\n\t\t\t\t\t<\/div>\n\t\t<\/section>\n\t\t\t\t<section class=\"has_eae_slider elementor-section elementor-top-section elementor-element elementor-element-ee7f991 elementor-section-boxed elementor-section-height-default elementor-section-height-default\" data-id=\"ee7f991\" data-element_type=\"section\">\n\t\t\t\t\t\t<div class=\"elementor-container elementor-column-gap-default\">\n\t\t\t\t\t<div class=\"has_eae_slider elementor-column elementor-col-100 elementor-top-column elementor-element elementor-element-84ce0c8\" data-id=\"84ce0c8\" data-element_type=\"column\">\n\t\t\t<div class=\"elementor-widget-wrap elementor-element-populated\">\n\t\t\t\t\t\t<div class=\"elementor-element elementor-element-94a993c elementor-widget elementor-widget-text-editor\" data-id=\"94a993c\" data-element_type=\"widget\" data-widget_type=\"text-editor.default\">\n\t\t\t\t<div class=\"elementor-widget-container\">\n\t\t\t\t\t\t\t\t\t<p style=\"margin-top: 1.3em; margin-bottom: 0px; padding: 0px; border: 0px; font-variant-numeric: inherit; font-variant-east-asian: inherit; font-stretch: inherit; font-size: 13.2px; line-height: inherit; font-family: Arial; vertical-align: baseline; color: #000000; text-align: justify;\"><em style=\"margin: 0px; padding: 0px; border: 0px; font-variant: inherit; font-weight: inherit; font-stretch: inherit; font-size: inherit; line-height: inherit; font-family: inherit; vertical-align: baseline;\">Legjobban a k\u00e9pek besz\u00e9lnek r\u00f3la. Akvarellm\u00e1zg\u00e1l\u00e1sokat \u00e9s f\u00e9nyk\u00e9peket is k\u00e9sz\u00edtettem, ezekkel egy\u00fctt is csak tizede-hetede lehet ott annak, amit kiemelhetn\u00e9k bel\u0151le.<\/em><\/p><p style=\"margin-top: 1.3em; margin-bottom: 0px; padding: 0px; border: 0px; font-variant-numeric: inherit; font-variant-east-asian: inherit; font-stretch: inherit; font-size: 13.2px; line-height: inherit; font-family: Arial; vertical-align: baseline; color: #000000; text-align: justify;\"><em style=\"margin: 0px; padding: 0px; border: 0px; font-variant: inherit; font-weight: inherit; font-stretch: inherit; font-size: inherit; line-height: inherit; font-family: inherit; vertical-align: baseline;\">A grafikus j\u00e1rt itt t\u00e9len. Most azt gondolhatni, \u00e9rte j\u00f6ttem? Neeeeeem&#8230; nekem a grafikus \u0151, \u0151 maga, nem keresn\u00e9m egy olyan helyen, ahol nem voltunk. Mi, ketten. Hanem mert tudom, hogy kieg\u00e9sz\u00edtj\u00fck egym\u00e1st. Amerre \u0151 j\u00e1r, az nekem is j\u00f3 \u00fat. \u00edgyh\u00e1t kipr\u00f3b\u00e1ltam. \u00c9s m\u0171k\u00f6d\u00f6tt.<\/em><\/p><p style=\"margin-top: 1.3em; margin-bottom: 0px; padding: 0px; border: 0px; font-variant-numeric: inherit; font-variant-east-asian: inherit; font-stretch: inherit; font-size: 13.2px; line-height: inherit; font-family: Arial; vertical-align: baseline; color: #000000; text-align: justify;\"><em style=\"margin: 0px; padding: 0px; border: 0px; font-variant: inherit; font-weight: inherit; font-stretch: inherit; font-size: inherit; line-height: inherit; font-family: inherit; vertical-align: baseline;\">A legjobb dolgok abb\u00f3l s\u00fcltek ki, mikor nem tudtam, mi\u00e9rt. Csak \u00fagy. Nem volt egy adott c\u00e9l, vagy hi\u00e1ny. Igaz\u00e1b\u00f3l v\u00e9ve fogalmam sem volt, mi\u00e9rt megyek \u00e9s most sincs. Csak.<\/em><\/p><p style=\"margin-top: 1.3em; margin-bottom: 0px; padding: 0px; border: 0px; font-variant-numeric: inherit; font-variant-east-asian: inherit; font-stretch: inherit; font-size: 13.2px; line-height: inherit; font-family: Arial; vertical-align: baseline; color: #000000; text-align: justify;\"><em style=\"margin: 0px; padding: 0px; border: 0px; font-variant: inherit; font-weight: inherit; font-stretch: inherit; font-size: inherit; line-height: inherit; font-family: inherit; vertical-align: baseline;\">\u00a0<\/em><\/p><p style=\"margin-top: 1.3em; margin-bottom: 0px; padding: 0px; border: 0px; font-variant-numeric: inherit; font-variant-east-asian: inherit; font-stretch: inherit; font-size: 13.2px; line-height: inherit; font-family: Arial; vertical-align: baseline; color: #000000; text-align: justify;\"><em style=\"margin: 0px; padding: 0px; border: 0px; font-variant: inherit; font-weight: inherit; font-stretch: inherit; font-size: inherit; line-height: inherit; font-family: inherit; vertical-align: baseline;\">Augusztus 7-ig leadtam minden egyetemi pap\u00edrt \u00e9s rendben voltak. A Jugendsherberggel nagy szerencs\u00e9m volt, mert a sz\u00e1lloda nyugt\u00e1j\u00e1val igazoltam, hogy meg\u00e9rkeztem Saarbr\u00fcckenbe 22-e el\u0151tt. Erre m\u00e9g hazaindul\u00e1skor gondoltam \u00e9s elmentem k\u00fcl\u00f6n a sz\u00e1llod\u00e1ba kik\u00e9rni. A HBK titk\u00e1rs\u00e1ga nem ad ki ilyen lapot. Ott csak a Scheine van, a kimutat\u00e1s, hogy jelen voltam az \u00f3r\u00e1kon. A titk\u00e1rn\u0151nek mondtam, milyen lapok kellenek, \u0151 \u00fagy rendezte, amint k\u00e9rtem. Itt \u00e1ltal\u00e1ban kevesebb pap\u00edrmunka van, az Erasmusn\u00e1l pedig m\u00e9g a d\u00e1tumok is sz\u00e1m\u00edtanak. A lez\u00e1r\u00e1s d\u00e1tuma p\u00e9ld\u00e1ul nem lehetett az elutaz\u00e1s ut\u00e1ni, vagyis biztosan v\u00e9gig maradt\u00e1l. Amikor ezeket leadtam, vele egy\u00fctt a vonatjegyet is. Itt nem sz\u00e1m\u00edtott, hogyan j\u00f6ttem haza, mert ezt a suli nem fizette \u2013 hanem a d\u00e1tum. Teh\u00e1t valami pap\u00edros m\u00f3dszerrel kellett hazaj\u00f6nni, hogy igazolhasd. Ha az ismer\u0151s\u00f6d hoz haza bar\u00e1ts\u00e1gb\u00f3l a kocsij\u00e1n, az nem el\u00e9g, mert nincs r\u00f3la pap\u00edr.<\/em><\/p><p style=\"margin-top: 1.3em; margin-bottom: 0px; padding: 0px; border: 0px; font-variant-numeric: inherit; font-variant-east-asian: inherit; font-stretch: inherit; font-size: 13.2px; line-height: inherit; font-family: Arial; vertical-align: baseline; color: #000000; text-align: justify;\"><em style=\"margin: 0px; padding: 0px; border: 0px; font-variant: inherit; font-weight: inherit; font-stretch: inherit; font-size: inherit; line-height: inherit; font-family: inherit; vertical-align: baseline;\">\u00a0<\/em><\/p><p style=\"margin-top: 1.3em; margin-bottom: 0px; padding: 0px; border: 0px; font-variant-numeric: inherit; font-variant-east-asian: inherit; font-stretch: inherit; font-size: 13.2px; line-height: inherit; font-family: Arial; vertical-align: baseline; color: #000000; text-align: justify;\"><em style=\"margin: 0px; padding: 0px; border: 0px; font-variant: inherit; font-weight: inherit; font-stretch: inherit; font-size: inherit; line-height: inherit; font-family: inherit; vertical-align: baseline;\">Ezut\u00e1n neten foglaltam egy helyet az egyik bukaresti t\u00e1rsas\u00e1gn\u00e1l busszal Isztambulig \u00e9s vissza. Most volt p\u00e9nzem \u00e9s azt mondtam, ha nem megyek el, akkor a p\u00e9nz megy el, zs\u00edroskeny\u00e9rre \u00e9s egy\u00e9b ilyen h\u00e9tk\u00f6znapi dolgokra. Hadd engedjem meg magamnak egyszer ezt a luxust! hogy nem tudom hova \u00e9s mi\u00e9rt megyek. Csak \u00fagy. Nagy k\u00f6lts\u00e9gekbe \u00edgy se vertem magam, nem ezt kerestem, hab\u00e1r nem is futottam t\u0151le. A busz viszonylag olcs\u00f3, most 400 p\u00e9nz lenne oda-vissza, ez nem sok ekkora t\u00e1vols\u00e1gra. Aludni meg, gondoltam, h\u00e1l\u00f3zs\u00e1kkal ak\u00e1r az \u00e9g alatt is lehet ilyen melegben.<\/em><\/p><p style=\"margin-top: 1.3em; margin-bottom: 0px; padding: 0px; border: 0px; font-variant-numeric: inherit; font-variant-east-asian: inherit; font-stretch: inherit; font-size: 13.2px; line-height: inherit; font-family: Arial; vertical-align: baseline; color: #000000; text-align: justify;\"><\/p><p style=\"margin-top: 1.3em; margin-bottom: 0px; padding: 0px; border: 0px; font-variant-numeric: inherit; font-variant-east-asian: inherit; font-stretch: inherit; font-size: 13.2px; line-height: inherit; font-family: Arial; vertical-align: baseline; color: #000000; text-align: justify;\"><\/p><p style=\"margin-top: 1.3em; margin-bottom: 0px; padding: 0px; border: 0px; font-variant-numeric: inherit; font-variant-east-asian: inherit; font-stretch: inherit; font-size: 13.2px; line-height: inherit; font-family: Arial; vertical-align: baseline; color: #000000; text-align: justify;\"><\/p><p style=\"margin-top: 1.3em; margin-bottom: 0px; padding: 0px; border: 0px; font-variant-numeric: inherit; font-variant-east-asian: inherit; font-stretch: inherit; font-size: 13.2px; line-height: inherit; font-family: Arial; vertical-align: baseline; color: #000000; text-align: justify;\"><em style=\"margin: 0px; padding: 0px; border: 0px; font-variant: inherit; font-weight: inherit; font-stretch: inherit; font-size: inherit; line-height: inherit; font-family: inherit; vertical-align: baseline;\">M\u00e9g volt okom. Magamat is kerestem ezzel az utaz\u00e1ssal. Igen, most mindennek v\u00e9ge, hazaj\u00f6ttem Rom\u00e1ni\u00e1ba \u2013 \u00e9s? majd \u00e1llamvizsga igen, de az m\u00e1r csak a suli v\u00e9ge. A saarbr\u00fcckeni \u00fcveges \u00fcres m\u0171helyben \u00fclve azt gondoltam: csak l\u00e1thassam azt a s\u00e1rga f\u00e9nyt, ami Rom\u00e1ni\u00e1ban van. vil\u00e1gosan kitetszett ott, a mag\u00e1nyban, hogy \u00e9rtelmetlen az \u00e9letet lehet\u0151s\u00e9gek n\u00e9lk\u00fcl, kihaszn\u00e1latlanul szaladni hagyni. mi, akik mind otthon vagyunk, ahol annyi tal\u00e1lkoz\u00e1s van, mi, akik tkp. nagyon akarunk tal\u00e1lkozni mert nagyon szeretj\u00fck egym\u00e1st, mi\u00e9rt toporgunk tehetetlen\u00fcl? nem \u00e9rtem.<\/em><\/p><p style=\"margin-top: 1.3em; margin-bottom: 0px; padding: 0px; border: 0px; font-variant-numeric: inherit; font-variant-east-asian: inherit; font-stretch: inherit; font-size: 13.2px; line-height: inherit; font-family: Arial; vertical-align: baseline; color: #000000; text-align: justify;\"><em style=\"margin: 0px; padding: 0px; border: 0px; font-variant: inherit; font-weight: inherit; font-stretch: inherit; font-size: inherit; line-height: inherit; font-family: inherit; vertical-align: baseline;\">Azt\u00e1n amikor Rom\u00e1ni\u00e1ba bel\u00e9ptem az els\u0151 leveg\u0151szippant\u00e1ssal visszaj\u00f6tt az \u00f6sszes addigi rom\u00e1niai hat\u00e1s. R\u00e1j\u00f6ttem, kezdtem, nekem itt nem j\u00f6nnek \u00f6ssze a tal\u00e1lkoz\u00e1sok. R\u00f6vid eur\u00f3pai utam alatt, Saarbr\u00fcckenben \u00e9s Saxon-Sionban sokkal t\u00f6bb ember tal\u00e1lt r\u00e1m \u00e9s t\u00f6bb nekem sz\u00f3l\u00f3 \u00e9lm\u00e9ny. Az els\u0151, ami a hat\u00e1ron innen velem t\u00f6rt\u00e9nt, az volt, hogy felpuffadt a gyomrom. M\u00e1s a leveg\u0151. Ugyanatt\u00f3l az \u00e9telt\u0151l ott j\u00f3l voltam, itt meg belebukn\u00e9k a f\u00f6ldbe. Tudtam, hi\u00e1ba van a grafikus ugyanebben az orsz\u00e1gban, most sokkal t\u00e1volabb vagyunk egym\u00e1st\u00f3l mint ott. Mert nek\u00fcnk az a hely adatott tal\u00e1lkozni, \u00e9s nem m\u00e1s. Ennyi a fel\u00fclet amit a vil\u00e1gegyetemt\u0151l kaptunk ez\u00fattalra. A t\u00f6bbit er\u0151ltetn\u00e9nk. De nem fogjuk persze. Itt \u2013 itt nincs tal\u00e1lkoz\u00e1s. Nem tiltakozom ellene, nem futok ut\u00e1na, csak valahogy nem j\u00f6n \u00f6ssze. \u00c9s ahogy telik az id\u0151, egyre \u00e9s egyre t\u00e1volabb van. Egyet tehetek: \u00e9n legyek k\u00f6zel az \u00fathoz. Akkor, aki rajta van, megtal\u00e1l.<\/em><\/p>\t\t\t\t\t\t\t\t<\/div>\n\t\t\t\t<\/div>\n\t\t\t\t\t<\/div>\n\t\t<\/div>\n\t\t\t\t\t<\/div>\n\t\t<\/section>\n\t\t\t\t<section class=\"has_eae_slider elementor-section elementor-top-section elementor-element elementor-element-7a41ff3 elementor-section-boxed elementor-section-height-default elementor-section-height-default\" data-id=\"7a41ff3\" data-element_type=\"section\">\n\t\t\t\t\t\t<div class=\"elementor-container elementor-column-gap-default\">\n\t\t\t\t\t<div class=\"has_eae_slider elementor-column elementor-col-100 elementor-top-column elementor-element elementor-element-0e59d2e\" data-id=\"0e59d2e\" data-element_type=\"column\">\n\t\t\t<div class=\"elementor-widget-wrap elementor-element-populated\">\n\t\t\t\t\t\t<div class=\"elementor-element elementor-element-e03509b elementor-widget elementor-widget-spacer\" data-id=\"e03509b\" data-element_type=\"widget\" data-widget_type=\"spacer.default\">\n\t\t\t\t<div class=\"elementor-widget-container\">\n\t\t\t\t\t\t\t<div class=\"elementor-spacer\">\n\t\t\t<div class=\"elementor-spacer-inner\"><\/div>\n\t\t<\/div>\n\t\t\t\t\t\t<\/div>\n\t\t\t\t<\/div>\n\t\t\t\t\t<\/div>\n\t\t<\/div>\n\t\t\t\t\t<\/div>\n\t\t<\/section>\n\t\t\t\t<\/div>","protected":false},"excerpt":{"rendered":"<p>VARGA BORB\u00c1LA Isztambuli napl\u00f3 Els\u0151nek a mecsetet nyitott\u00e1k ki. Kerek fejsipk\u00e1ban j\u00f6tt az ember, az oldalajt\u00f3n ment be. Ut\u00e1nan m\u00e1sok. F\u00e9l \u00f6t k\u00f6r\u00fcl megsz\u00f3lalt a hangsz\u00f3r\u00f3 a minareten: Allah ekber, Allah ekber. A szemem id\u0151nk\u00e9nt nyitottam ki \u00e9s mire legk\u00f6zelebb kinyitottam, j\u00f3val vil\u00e1gosabb volt \u00e9s sz\u00e1lling\u00f3ztak kifel\u00e9 a mecsetb\u0151l. Meg\u00e9rkezett [&hellip;]<\/p>","protected":false},"author":1,"featured_media":0,"parent":0,"menu_order":0,"comment_status":"closed","ping_status":"closed","template":"","meta":{"_exactmetrics_skip_tracking":false,"_exactmetrics_sitenote_active":false,"_exactmetrics_sitenote_note":"","_exactmetrics_sitenote_category":0,"footnotes":""},"class_list":["post-1684","page","type-page","status-publish","hentry"],"_links":{"self":[{"href":"https:\/\/www.posticum.ro\/ro\/wp-json\/wp\/v2\/pages\/1684","targetHints":{"allow":["GET"]}}],"collection":[{"href":"https:\/\/www.posticum.ro\/ro\/wp-json\/wp\/v2\/pages"}],"about":[{"href":"https:\/\/www.posticum.ro\/ro\/wp-json\/wp\/v2\/types\/page"}],"author":[{"embeddable":true,"href":"https:\/\/www.posticum.ro\/ro\/wp-json\/wp\/v2\/users\/1"}],"replies":[{"embeddable":true,"href":"https:\/\/www.posticum.ro\/ro\/wp-json\/wp\/v2\/comments?post=1684"}],"version-history":[{"count":31,"href":"https:\/\/www.posticum.ro\/ro\/wp-json\/wp\/v2\/pages\/1684\/revisions"}],"predecessor-version":[{"id":2836,"href":"https:\/\/www.posticum.ro\/ro\/wp-json\/wp\/v2\/pages\/1684\/revisions\/2836"}],"wp:attachment":[{"href":"https:\/\/www.posticum.ro\/ro\/wp-json\/wp\/v2\/media?parent=1684"}],"curies":[{"name":"wp","href":"https:\/\/api.w.org\/{rel}","templated":true}]}}