{"id":1849,"date":"2021-03-01T11:37:12","date_gmt":"2021-03-01T11:37:12","guid":{"rendered":"http:\/\/temp.posticum.ro\/?page_id=1849"},"modified":"2021-12-03T09:21:33","modified_gmt":"2021-12-03T07:21:33","slug":"posticum-orchestra","status":"publish","type":"page","link":"https:\/\/www.posticum.ro\/en\/posticum-orchestra\/","title":{"rendered":"Posticum Orchestra"},"content":{"rendered":"<div data-elementor-type=\"wp-page\" data-elementor-id=\"1849\" class=\"elementor elementor-1849\">\n\t\t\t\t\t\t<section class=\"has_eae_slider elementor-section elementor-top-section elementor-element elementor-element-18175a3 elementor-section-boxed elementor-section-height-default elementor-section-height-default\" data-id=\"18175a3\" data-element_type=\"section\">\n\t\t\t\t\t\t<div class=\"elementor-container elementor-column-gap-default\">\n\t\t\t\t\t<div class=\"has_eae_slider elementor-column elementor-col-100 elementor-top-column elementor-element elementor-element-11a2d3c\" data-id=\"11a2d3c\" data-element_type=\"column\">\n\t\t\t<div class=\"elementor-widget-wrap elementor-element-populated\">\n\t\t\t\t\t\t<div class=\"elementor-element elementor-element-430bd32 elementor-widget elementor-widget-menu-anchor\" data-id=\"430bd32\" data-element_type=\"widget\" data-widget_type=\"menu-anchor.default\">\n\t\t\t\t<div class=\"elementor-widget-container\">\n\t\t\t\t\t\t\t<div class=\"elementor-menu-anchor\" id=\"kezdes\"><\/div>\n\t\t\t\t\t\t<\/div>\n\t\t\t\t<\/div>\n\t\t\t\t\t<\/div>\n\t\t<\/div>\n\t\t\t\t\t<\/div>\n\t\t<\/section>\n\t\t\t\t<section class=\"has_eae_slider elementor-section elementor-top-section elementor-element elementor-element-3937ced elementor-section-boxed elementor-section-height-default elementor-section-height-default\" data-id=\"3937ced\" data-element_type=\"section\">\n\t\t\t\t\t\t<div class=\"elementor-container elementor-column-gap-default\">\n\t\t\t\t\t<div class=\"has_eae_slider elementor-column elementor-col-100 elementor-top-column elementor-element elementor-element-6163195\" data-id=\"6163195\" data-element_type=\"column\">\n\t\t\t<div class=\"elementor-widget-wrap elementor-element-populated\">\n\t\t\t\t\t\t<div class=\"elementor-element elementor-element-130c5b7 elementor-widget elementor-widget-spacer\" data-id=\"130c5b7\" data-element_type=\"widget\" data-widget_type=\"spacer.default\">\n\t\t\t\t<div class=\"elementor-widget-container\">\n\t\t\t\t\t\t\t<div class=\"elementor-spacer\">\n\t\t\t<div class=\"elementor-spacer-inner\"><\/div>\n\t\t<\/div>\n\t\t\t\t\t\t<\/div>\n\t\t\t\t<\/div>\n\t\t\t\t\t<\/div>\n\t\t<\/div>\n\t\t\t\t\t<\/div>\n\t\t<\/section>\n\t\t\t\t<section class=\"has_eae_slider elementor-section elementor-top-section elementor-element elementor-element-193eaf6 elementor-section-boxed elementor-section-height-default elementor-section-height-default\" data-id=\"193eaf6\" data-element_type=\"section\">\n\t\t\t\t\t\t<div class=\"elementor-container elementor-column-gap-default\">\n\t\t\t\t\t<div class=\"has_eae_slider elementor-column elementor-col-100 elementor-top-column elementor-element elementor-element-96d4292\" data-id=\"96d4292\" data-element_type=\"column\">\n\t\t\t<div class=\"elementor-widget-wrap elementor-element-populated\">\n\t\t\t\t\t\t<div class=\"elementor-element elementor-element-ce7f520 elementor-widget elementor-widget-video\" data-id=\"ce7f520\" data-element_type=\"widget\" data-settings=\"{&quot;youtube_url&quot;:&quot;https:\\\/\\\/www.youtube.com\\\/watch?v=9dr7BG48aOo&quot;,&quot;video_type&quot;:&quot;youtube&quot;,&quot;controls&quot;:&quot;yes&quot;}\" data-widget_type=\"video.default\">\n\t\t\t\t<div class=\"elementor-widget-container\">\n\t\t\t\t\t\t\t<div class=\"elementor-wrapper elementor-open-inline\">\n\t\t\t<div class=\"elementor-video\"><\/div>\t\t<\/div>\n\t\t\t\t\t\t<\/div>\n\t\t\t\t<\/div>\n\t\t\t\t\t<\/div>\n\t\t<\/div>\n\t\t\t\t\t<\/div>\n\t\t<\/section>\n\t\t\t\t<section class=\"has_eae_slider elementor-section elementor-top-section elementor-element elementor-element-5f74071 elementor-section-boxed elementor-section-height-default elementor-section-height-default\" data-id=\"5f74071\" data-element_type=\"section\">\n\t\t\t\t\t\t<div class=\"elementor-container elementor-column-gap-default\">\n\t\t\t\t\t<div class=\"has_eae_slider elementor-column elementor-col-100 elementor-top-column elementor-element elementor-element-056e257\" data-id=\"056e257\" data-element_type=\"column\">\n\t\t\t<div class=\"elementor-widget-wrap elementor-element-populated\">\n\t\t\t\t\t\t<div class=\"elementor-element elementor-element-6a268f1 elementor-widget elementor-widget-spacer\" data-id=\"6a268f1\" data-element_type=\"widget\" data-widget_type=\"spacer.default\">\n\t\t\t\t<div class=\"elementor-widget-container\">\n\t\t\t\t\t\t\t<div class=\"elementor-spacer\">\n\t\t\t<div class=\"elementor-spacer-inner\"><\/div>\n\t\t<\/div>\n\t\t\t\t\t\t<\/div>\n\t\t\t\t<\/div>\n\t\t\t\t\t<\/div>\n\t\t<\/div>\n\t\t\t\t\t<\/div>\n\t\t<\/section>\n\t\t\t\t<section class=\"has_eae_slider elementor-section elementor-top-section elementor-element elementor-element-fe6dc58 elementor-section-boxed elementor-section-height-default elementor-section-height-default\" data-id=\"fe6dc58\" data-element_type=\"section\">\n\t\t\t\t\t\t<div class=\"elementor-container elementor-column-gap-default\">\n\t\t\t\t\t<div class=\"has_eae_slider elementor-column elementor-col-100 elementor-top-column elementor-element elementor-element-4ae5f5a\" data-id=\"4ae5f5a\" data-element_type=\"column\">\n\t\t\t<div class=\"elementor-widget-wrap elementor-element-populated\">\n\t\t\t\t\t\t<div class=\"elementor-element elementor-element-edb68cb elementor-widget elementor-widget-heading\" data-id=\"edb68cb\" data-element_type=\"widget\" data-widget_type=\"heading.default\">\n\t\t\t\t<div class=\"elementor-widget-container\">\n\t\t\t\t\t<h2 class=\"elementor-heading-title elementor-size-default\">Orchestra POSTICUM<\/h2>\t\t\t\t<\/div>\n\t\t\t\t<\/div>\n\t\t\t\t\t<\/div>\n\t\t<\/div>\n\t\t\t\t\t<\/div>\n\t\t<\/section>\n\t\t\t\t<section class=\"has_eae_slider elementor-section elementor-top-section elementor-element elementor-element-554b5d23 elementor-section-boxed elementor-section-height-default elementor-section-height-default\" data-id=\"554b5d23\" data-element_type=\"section\">\n\t\t\t\t\t\t<div class=\"elementor-container elementor-column-gap-default\">\n\t\t\t\t\t<div class=\"has_eae_slider elementor-column elementor-col-100 elementor-top-column elementor-element elementor-element-539eb620\" data-id=\"539eb620\" data-element_type=\"column\">\n\t\t\t<div class=\"elementor-widget-wrap elementor-element-populated\">\n\t\t\t\t\t\t<div class=\"elementor-element elementor-element-21958085 elementor-widget elementor-widget-text-editor\" data-id=\"21958085\" data-element_type=\"widget\" data-widget_type=\"text-editor.default\">\n\t\t\t\t<div class=\"elementor-widget-container\">\n\t\t\t\t\t\t\t\t\t<p style=\"margin: 0cm; margin-bottom: .0001pt; text-align: justify; text-indent: 35.4pt;\"><span lang=\"DE-CH\" style=\"font-family: 'Garamond','serif';\">K\u00fcl\u00f6nleges kultur\u00e1lis esem\u00e9nyre ker\u00fclt sor Nagyv\u00e1radon szeptember 14-\u00e9n, kedden 19 \u00f3rai kezdettel: a Posticum Nemzetk\u00f6zi Ifj\u00fas\u00e1gi Zenekara (Orchestra Posticum Iuventutis Internationalis) adott majd\u2019 k\u00e9t\u00f3r\u00e1s hangversenyt a R\u00f3mai Katolikus P\u00fcsp\u00f6ki Palota nagyterm\u00e9ben. <o:p><\/o:p><\/span><\/p>\n<p style=\"margin: 0cm; margin-bottom: .0001pt; text-align: justify; text-indent: 35.4pt;\"><span lang=\"DE-CH\" style=\"font-family: 'Garamond','serif';\">A koncertet magas szakmai m\u00e9rce jellemezte, valamint p\u00e9lda\u00e9rt\u00e9k\u0171 nemzetk\u00f6zi \u00f6sszefog\u00e1s. Hat orsz\u00e1g negyven fiatal zen\u00e9sze olyan min\u0151s\u00e9gi \u00fatmutat\u00f3val szolg\u00e1lt a nagyv\u00e1radiaknak most, az \u0151szi koncertid\u00e9ny kezdet\u00e9n, amely nemcsak \u00fcd\u00edt\u0151 \u00e9s megsz\u00edvlelend\u0151, de ir\u00e1nyad\u00f3 mindannyiunknak ebben a kult\u00far\u00e1t \u00e9s az igaz emberi \u00e9rt\u00e9keket egyre ink\u00e1bb feled\u00e9sbe tasz\u00edt\u00f3 v\u00e1ls\u00e1gid\u0151szakban.<o:p><\/o:p><\/span><\/p>\n<p style=\"margin: 0cm; margin-bottom: .0001pt; text-align: justify; text-indent: 35.4pt;\"><span lang=\"DE-CH\" style=\"font-family: 'Garamond','serif';\">Az esem\u00e9ny m\u00e9ltat\u00e1sa el\u0151tt mindenk\u00e9ppen \u00e9rdemes n\u00e9h\u00e1ny sz\u00f3ban kit\u00e9rni a zenekar megalakul\u00e1s\u00e1nak h\u00e1tter\u00e9re. A 14 \u00e9s 20 \u00e9v k\u00f6z\u00f6tti fiatal zenem\u0171v\u00e9szeti k\u00f6z\u00e9piskol\u00e1sokb\u00f3l \u00e9s f\u0151iskol\u00e1sokb\u00f3l \u00e1ll\u00f3 zenekart a Nagyv\u00e1radi Posticum Ifj\u00fas\u00e1gi K\u00f6zpont \u00e9s a Szegedi Tudom\u00e1nyegyetem V\u00e1ntus Istv\u00e1n Gyakorl\u00f3 Zenem\u0171v\u00e9szeti Szakk\u00f6z\u00e9piskol\u00e1ja \u00e1lmodta meg \u00e9s h\u00edvta \u00e9letre, els\u0151 \u00edzben a tavaly, 2009-ben. Id\u00e9n is, az el\u0151z\u0151 \u00e9vhez hasonl\u00f3an, meghallgat\u00e1s \u00e9s zs\u0171riz\u00e9s \u00fatj\u00e1n ker\u00fclhettek be a csapatba azok a jelentkez\u0151k, akik a szakmai v\u00e1logat\u00e1s sor\u00e1n a legtehets\u00e9gesebbnek bizonyultak. A nemzetis\u00e9gi \u00f6sszet\u00e9tel rendk\u00edv\u00fcl sz\u00ednes, ami csak emeli az \u00f6sszefog\u00e1s \u00e9rt\u00e9k\u00e9t: Kolozsv\u00e1rott, Nagyv\u00e1radon, Szegeden, Debrecenben, Pr\u00e1g\u00e1ban, \u00dajvid\u00e9ken, P\u00e1rm\u00e1ban, Pr\u00e1g\u00e1ban \u00e9s Madridban tanul\u00f3 fiatalok nyertek felv\u00e9telt az egy\u00fcttesbe. <o:p><\/o:p><\/span><\/p>\n<p style=\"margin: 0cm; margin-bottom: .0001pt; text-align: justify; text-indent: 35.4pt;\"><span lang=\"DE-CH\" style=\"font-family: 'Garamond','serif';\">A kultur\u00e1lis projekt els\u0151 \u00e1llom\u00e1sa volt Nagyv\u00e1rad, ahol m\u00e1r cs\u00fct\u00f6rt\u00f6k \u00f3ta zajlottak a megfesz\u00edtett pr\u00f3b\u00e1k, napi nyolc \u00f3r\u00e1ban is. A tov\u00e1bbi koncerthelysz\u00ednek az elk\u00f6vetkez\u0151 napokban: Szeged, Pannonhalma, Sv\u00e1jc (R\u00fcthi \u00e9s Appenzell), illetve Pr\u00e1ga. <o:p><\/o:p><\/span><\/p>\n<p style=\"margin: 0cm; margin-bottom: .0001pt; text-align: justify; text-indent: 35.4pt;\"><span lang=\"DE-CH\" style=\"font-family: 'Garamond','serif';\">Az egy\u00fcttes m\u0171v\u00e9szeti vezet\u0151je, karmestere, a cseh sz\u00e1rmaz\u00e1s\u00fa dirigens, el\u0151ad\u00f3m\u0171v\u00e9sz, Petr Zejfart, aki jelenleg a p\u00e1rmai konzervat\u00f3rium tan\u00e1ra \u00e9s tegy\u00fck hozz\u00e1, a l\u00e1tottak-hallottak alapj\u00e1n a zenekar legf\u00e1radhatatlanabb \u00f6sszefog\u00f3ja \u00e9s hajt\u00f3motorja. <o:p><\/o:p><\/span><\/p>\n<p style=\"margin: 0cm; margin-bottom: .0001pt; text-align: justify; text-indent: 35.4pt;\"><span lang=\"DE-CH\" style=\"font-family: 'Garamond','serif';\">A tavaly szeptemberi koncert a filharm\u00f3nia term\u00e9ben zajlott, az id\u00e9n ehhez k\u00e9pest valami k\u00fcl\u00f6nleges t\u00f6rt\u00e9nt. Azt mondhatn\u00e1nk, hogy a zene hazatal\u00e1lt, a P\u00fcsp\u00f6ki Palot\u00e1ba, legal\u00e1bbis, ha a m\u0171sor els\u0151, barokk fel\u00e9t tekintj\u00fck. Persze az sem mell\u00e9kes a mi szempontunkb\u00f3l, hogy a koncert pontosan Michael Haydn 273. sz\u00fclet\u00e9snapj\u00e1ra esett, s b\u00e1r az 1762-ig Nagyv\u00e1radon tev\u00e9kenyked\u0151 <\/span><em><span lang=\"DE-CH\">kappelmeister<\/span><\/em><span lang=\"DE-CH\" style=\"font-family: 'Garamond','serif';\"> m\u00e1r nem \u00e9lvezhette az 1777-re fel\u00e9p\u00fclt barokkpalota ny\u00fajtotta koncertez\u00e9si lehet\u0151s\u00e9geket, az\u00e9rt most k\u00e1rp\u00f3tl\u00e1sul egykori munkaad\u00f3ja, a m\u0171v\u00e9szetp\u00e1rtol\u00e1s\u00e1r\u00f3l ismert B\u00e1r\u00f3 Patachich \u00c1d\u00e1m p\u00fcsp\u00f6k (falra festett portr\u00e9j\u00e1r\u00f3l) mindv\u00e9gig mosollyal arc\u00e1n k\u00eds\u00e9rt figyelemmel benn\u00fcnket a d\u00edszterem bal fels\u0151 sark\u00e1b\u00f3l. A k\u00f6z\u00f6ns\u00e9g is meg\u00e9rezhetett valamit az esem\u00e9ny s\u00faly\u00e1b\u00f3l, hiszen a terem sz\u00edn\u00fcltig telt, sokan \u00e1lltak is, nagyj\u00e1b\u00f3l 150-en gy\u0171lhett\u00fcnk \u00f6ssze, ami m\u00e9g melegebb\u00e9 tette ezt az am\u00fagy is kellemes l\u00e9gk\u00f6r\u0171 \u0151szi est\u00e9t. Az els\u0151 zenei hangokat B\u00f6cskei L\u00e1szl\u00f3 nagyv\u00e1radi p\u00fcsp\u00f6k \u00f6tnyelv\u0171 (magyar, olasz, n\u00e9met, cseh, rom\u00e1n) k\u00f6sz\u00f6nt\u0151je el\u0151zte meg, majd v\u00e9gre a fiatalok\u00e9 lett a \u201esz\u00f3\u201d.<o:p><\/o:p><\/span><\/p>\n<p style=\"margin: 0cm; margin-bottom: .0001pt; text-align: justify; text-indent: 35.4pt;\"><span lang=\"DE-CH\" style=\"font-family: 'Garamond','serif';\">A k\u00e9tr\u00e9szes koncert els\u0151 fele egy olasz barokk zenei csokor volt. <o:p><\/o:p><\/span><\/p>\n<p style=\"margin: 0cm; margin-bottom: .0001pt; text-align: justify; text-indent: 35.4pt;\"><span lang=\"DE-CH\" style=\"font-family: 'Garamond','serif';\">Els\u0151k\u00e9nt Vivaldi <\/span><em><span lang=\"DE-CH\">g-moll concert\u00f3ja<\/span><\/em><span lang=\"DE-CH\" style=\"font-family: 'Garamond','serif';\"> (RV 156) hangzott el a von\u00f3sok el\u0151ad\u00e1s\u00e1ban. M\u00e1r itt felt\u0171nt az a ritmikailag prec\u00edz \u00e9s egy\u00fctthangz\u00f3, minden hamis hangt\u00f3l mentes dallamvezet\u00e9s, ami a teljes koncert muzikalit\u00e1s\u00e1t jellemezte. Az egy\u00fcttj\u00e1tsz\u00e1s \u00f6r\u00f6me, a szakmai koncentr\u00e1l\u00e1s \u00e9s egym\u00e1sra figyel\u00e9s \u00e1ltal a zene a f\u00fcl\u00fcnk hallat\u00e1ra sz\u00fcletett meg, a st\u00edlus \u00e9rtelmes kivitelez\u00e9se pedig mag\u00e1val ragad\u00f3 volt \u2013 \u00e9rdemes belegondolnunk, hogy mind\u00f6ssze n\u00e9gy nap \u00e1llt a rendelkez\u00e9s\u00e9re ennek az Eur\u00f3pa t\u00f6bb szeglet\u00e9b\u0151l \u00f6ssze\u00e1llt csapatnak, hogy kivitelezze ezt az ig\u00e9nyes m\u0171sort. <o:p><\/o:p><\/span><\/p>\n<p style=\"margin: 0cm; margin-bottom: .0001pt; text-align: justify; text-indent: 35.4pt;\"><span lang=\"DE-CH\" style=\"font-family: 'Garamond','serif';\">A m\u00e1sodik darabban, Pergolesi c-moll <\/span><em><span lang=\"DE-CH\">Salve Regin\u00e1j\u00e1ban<\/span><\/em><span lang=\"DE-CH\" style=\"font-family: 'Garamond','serif';\"> egy fiatal szegedi f\u0151iskol\u00e1s \u00e9nekes sz\u00f3list\u00e1t is megismerhett\u00fcnk Pint\u00e9r T\u00fcnde szopr\u00e1n szem\u00e9ly\u00e9ben. Aki m\u00e1r hallotta Pergolesi <\/span><em><span lang=\"DE-CH\">Stabat Mater\u00e9t<\/span><\/em><span lang=\"DE-CH\" style=\"font-family: 'Garamond','serif';\">, annak bizony\u00e1ra kellemesen ismer\u0151sen csenghetett a <\/span><em><span lang=\"DE-CH\">Salve Regina<\/span><\/em><span lang=\"DE-CH\" style=\"font-family: 'Garamond','serif';\"> kezd\u0151hangjainak sora is. A m\u0171 a mind\u00f6ssze 26 esztend\u0151sen elhunyt Pergolesi egyik utols\u00f3 munk\u00e1ja, \u00e9s ez\u00fattal v\u00e9lhet\u0151en tisztelg\u00e9s is volt az it\u00e1liai mester sz\u00fclet\u00e9s\u00e9nek 300. \u00e9vfordul\u00f3j\u00e1n. A fiatal szopr\u00e1n tiszta, egyenes, meleg inton\u00e1ci\u00f3val, hallhat\u00f3an nagy szeretettel \u00e9s \u00e1t\u00e9l\u00e9ssel form\u00e1lta meg sz\u00f3l\u00f3j\u00e1t, siker\u00fclt visszaadnia a Pergolesi \u00e1ltal \u00fajragondolt M\u00e1ria-antifona tiszteletre- \u00e9s csod\u00e1latra m\u00e9lt\u00f3, purit\u00e1n, m\u00e9gis expressz\u00edv l\u00e9gk\u00f6r\u00e9t. <o:p><\/o:p><\/span><\/p>\n<p style=\"margin: 0cm; margin-bottom: .0001pt; text-align: justify; text-indent: 35.4pt;\"><span lang=\"DE-CH\" style=\"font-family: 'Garamond','serif';\">A barokk zene szenved\u00e9lyess\u00e9ge \u00e9s historikus tisztas\u00e1ggal val\u00f3 el\u0151ad\u00e1sa szint\u00e9n kiv\u00e1l\u00f3an csengett \u00f6ssze a k\u00f6vetkez\u0151, virtu\u00f3z f\u00fav\u00f3ssz\u00f3l\u00f3kat is b\u0151s\u00e9gesen felvonultat\u00f3 Vivaldi <\/span><em><span lang=\"DE-CH\">g-moll concert\u00f3ban <\/span><\/em><span lang=\"DE-CH\" style=\"font-family: 'Garamond','serif';\">(RV 577). A m\u0171 alc\u00edme \u201eper l\u2019orchestra di Dresda\u201d, vagyis \u201ea drezdai zenekarnak\u201d. Kiemelked\u0151 volt az I. oboa, Eva Otradovsk\u00e1 (Pr\u00e1ga) \u00e9s az I. fagott, Tereza Kr\u00e1tk\u00e1 (Pr\u00e1ga) \u00e1ltal virtu\u00f3zan megform\u00e1lt sz\u00f3lama, valamint a fiatal olasz koncertmester Gabriele Toscani heged\u0171sz\u00f3l\u00f3ja. Vivaldi \u00fagynevezett drezdai concert\u00f3it \u00e1ll\u00edt\u00f3lag a korabeli Velenc\u00e9be l\u00e1togat\u00f3 kiv\u00e1l\u00f3 n\u00e9met zen\u00e9szekkel k\u00f6t\u00f6tt ismerets\u00e9ge, k\u00fcl\u00f6n\u00f6sk\u00e9ppen Johann Pisendel heged\u0171ssel kialakult bar\u00e1ts\u00e1ga inspir\u00e1lta. <o:p><\/o:p><\/span><\/p>\n<p style=\"margin: 0cm; margin-bottom: .0001pt; text-align: justify; text-indent: 35.4pt;\"><span lang=\"DE-CH\" style=\"font-family: 'Garamond','serif';\">Ezzel sajnos v\u00e9get is \u00e9rt hangverseny barokk-zenei fele. A preklasszikus darabok leny\u0171g\u00f6z\u0151 st\u00edlustisztas\u00e1ga mellett egyik furcsa, kicsit meglep\u0151 tanuls\u00e1ga is lehet a m\u0171sor ezen r\u00e9sz\u00e9nek, hogy a lass\u00fa temp\u00f3ra v\u00e1lt\u00e1sok sokkal k\u00f6nnyebben \u00f6sszezavart\u00e1k az \u00f6sszhangot, mint a sebes t\u00e9telek \u2013 fogjuk tal\u00e1n ezt a n\u00e9h\u00e1ny apr\u00f3 \u00f6sszerezzen\u00e9st a fiatalok lend\u00fclet\u00e9re, hiszen b\u00e1rmelyik profi zenekarnak ugyanolyan neh\u00e9zs\u00e9get okozna. <o:p><\/o:p><\/span><\/p>\n<p style=\"margin: 0cm; margin-bottom: .0001pt; text-align: justify; text-indent: 35.4pt;\"><span lang=\"DE-CH\" style=\"font-family: 'Garamond','serif';\">R\u00f6vid sz\u00fcnet ut\u00e1n a koncert folytat\u00f3dott, m\u00e9ghozz\u00e1 a m\u00e9lt\u00e1n hazatal\u00e1lt Michael Haydn-darabbal, az 1787-ben, Salzburgban keletkezett <\/span><em><span lang=\"DE-CH\">Androm\u00e9da \u00e9s Perszeusz<\/span><\/em><span lang=\"DE-CH\" style=\"font-family: 'Garamond','serif';\"> c\u00edm\u0171 opera \u00fcnnep\u00e9lyes hangv\u00e9tel\u0171 nyit\u00e1ny\u00e1val. A hangverseny eddigi pontj\u00e1ig Krist\u00f3fi J\u00e1nos Zsigmond nagyv\u00e1radi orgonam\u0171v\u00e9sz \u00fcgyelt a continuo biztos sz\u00f3lam\u00e1ra orgonapozit\u00edvon, illetve a Nagyv\u00e1radon sajnos feh\u00e9rholl\u00f3 sz\u00e1mba men\u0151 csembal\u00f3n. <o:p><\/o:p><\/span><\/p>\n<p style=\"margin: 0cm; margin-bottom: .0001pt; text-align: justify; text-indent: 35.4pt;\"><span lang=\"DE-CH\" style=\"font-family: 'Garamond','serif';\">A program alaphangulat\u00e1nak felfel\u00e9 \u00edvel\u00e9se Beethoven I., <\/span><em><span lang=\"DE-CH\">C-d\u00far szimf\u00f3ni\u00e1j\u00e1val<\/span><\/em><span lang=\"DE-CH\" style=\"font-family: 'Garamond','serif';\"> cs\u00facsosodott ki. Mer\u00e9szebbn\u00e9l mer\u00e9szebb temp\u00f3k \u00e9s ha lehet m\u00e9g hihetetlenebb \u00f6sszhang jellemezte a fiatalok j\u00e1t\u00e9k\u00e1t. A karmester \u00e9rdeme itt v\u00e1lt a legnyilv\u00e1nval\u00f3bb\u00e1, a pr\u00f3b\u00e1k sor\u00e1n rendk\u00edv\u00fcli m\u00f3don kicsiszolt minden egyes sz\u00f3lamot, egyszerre a m\u0171 minden jellegzetes motivikus konstrukci\u00f3j\u00fa apr\u00f3, bels\u0151 alkot\u00f3eleme \u00e9rtelmess\u00e9 \u00e9s vil\u00e1goss\u00e1 v\u00e1lt. \u00dagysz\u00f3lv\u00e1n minden r\u00e9szlet a hely\u00e9re ker\u00fclt ebben a hihetetlen sebess\u00e9gben is, a terem k\u00e9nyes akusztik\u00e1ja ellen\u00e9re. Nyugodt sz\u00edvvel mondhatjuk, hogy ez volt az egyik legeredetibb \u00e9s legjobb Beethoven-interpret\u00e1ci\u00f3, amit az elm\u00falt \u00e9vekben V\u00e1radon hallhattunk.<o:p><\/o:p><\/span><\/p>\n<p style=\"margin: 0cm; margin-bottom: .0001pt; text-align: justify; text-indent: 35.4pt;\"><span lang=\"DE-CH\" style=\"font-family: 'Garamond','serif';\">A koncert hangos sikere m\u00e9lt\u00f3 volt a fiatalok szakmailag fegyelmezett \u00e9s komoly munk\u00e1j\u00e1hoz, m\u0171v\u00e9szileg pedig \u00e1t\u00e9lt \u00e9s l\u00e1that\u00f3-hallhat\u00f3 \u00e9lvezettel tolm\u00e1csolt zen\u00e9j\u00e9hez. V\u00e9gezet\u00fcl egy r\u00e1ad\u00e1ssal k\u00f6sz\u00f6nt\u00e9k meg a k\u00f6z\u00f6ns\u00e9g lelkesed\u00e9s\u00e9t. Ism\u00e9t Pint\u00e9r T\u00fcnde \u00e9nekelt, ez\u00fattal egy k\u00e9sei Mozart-oper\u00e1b\u00f3l <\/span><em><span lang=\"DE-CH\">(La clemenza di Tito) <\/span><\/em><span lang=\"DE-CH\" style=\"font-family: 'Garamond','serif';\">v\u00e1lasztott csillog\u00f3 sz\u00e9ps\u00e9g\u0171 \u00e1ri\u00e1t <\/span><em><span lang=\"DE-CH\">(S&#8217;altro che lagrime)<\/span><\/em><span lang=\"DE-CH\" style=\"font-family: 'Garamond','serif';\">. <o:p><\/o:p><\/span><\/p>\n<p style=\"margin: 0cm; margin-bottom: .0001pt; text-align: justify; text-indent: 35.4pt;\"><span lang=\"DE-CH\" style=\"font-family: 'Garamond','serif';\">A hangverseny v\u00e9gezt\u00e9vel nyugt\u00e1zhattuk, nagyj\u00e1b\u00f3l k\u00e9t \u00f3r\u00e1ra siker\u00fclt elfelejten\u00fcnk a kinti h\u00e9tk\u00f6znapokat, hiszen ezek a fiatalok kiv\u00e1l\u00f3an besz\u00e9lik azt a k\u00f6z\u00f6s nyelvet, ami ebben a feled\u00e9sben mindannyiunknak seg\u00edthet: a zen\u00e9t \u2013 \u00e9s ezzel rem\u00e9lhet\u0151leg m\u00e9g sokaknak szereznek majd \u00f6r\u00f6met \u00e9s gy\u00f3gy\u00edrt az el\u0151tt\u00fck \u00e1ll\u00f3 m\u0171v\u00e9szi p\u00e1lya sor\u00e1n.<\/span><\/p>\t\t\t\t\t\t\t\t<\/div>\n\t\t\t\t<\/div>\n\t\t\t\t\t<\/div>\n\t\t<\/div>\n\t\t\t\t\t<\/div>\n\t\t<\/section>\n\t\t\t\t<section class=\"has_eae_slider elementor-section elementor-top-section elementor-element elementor-element-6ac4917 elementor-section-boxed elementor-section-height-default elementor-section-height-default\" data-id=\"6ac4917\" data-element_type=\"section\">\n\t\t\t\t\t\t<div class=\"elementor-container elementor-column-gap-default\">\n\t\t\t\t\t<div class=\"has_eae_slider elementor-column elementor-col-100 elementor-top-column elementor-element elementor-element-c0a4f82\" data-id=\"c0a4f82\" data-element_type=\"column\">\n\t\t\t<div class=\"elementor-widget-wrap elementor-element-populated\">\n\t\t\t\t\t\t<div class=\"elementor-element elementor-element-8e85b89 elementor-widget elementor-widget-text-editor\" data-id=\"8e85b89\" data-element_type=\"widget\" data-widget_type=\"text-editor.default\">\n\t\t\t\t<div class=\"elementor-widget-container\">\n\t\t\t\t\t\t\t\t\t<p><em><span lang=\"DE-CH\" style=\"font-size: 12pt;\">T\u00f3th G\u00e1bor, www.erdely.ma, 2010. szept. 17, ill. V\u00e1rad, 7 (2010)<\/span><\/em><\/p>\t\t\t\t\t\t\t\t<\/div>\n\t\t\t\t<\/div>\n\t\t\t\t\t<\/div>\n\t\t<\/div>\n\t\t\t\t\t<\/div>\n\t\t<\/section>\n\t\t\t\t<section class=\"has_eae_slider elementor-section elementor-top-section elementor-element elementor-element-459511a elementor-section-boxed elementor-section-height-default elementor-section-height-default\" data-id=\"459511a\" data-element_type=\"section\">\n\t\t\t\t\t\t<div class=\"elementor-container elementor-column-gap-default\">\n\t\t\t\t\t<div class=\"has_eae_slider elementor-column elementor-col-100 elementor-top-column elementor-element elementor-element-617fd08\" data-id=\"617fd08\" data-element_type=\"column\">\n\t\t\t<div class=\"elementor-widget-wrap elementor-element-populated\">\n\t\t\t\t\t\t<div class=\"elementor-element elementor-element-ca995c4 elementor-widget elementor-widget-spacer\" data-id=\"ca995c4\" data-element_type=\"widget\" data-widget_type=\"spacer.default\">\n\t\t\t\t<div class=\"elementor-widget-container\">\n\t\t\t\t\t\t\t<div class=\"elementor-spacer\">\n\t\t\t<div class=\"elementor-spacer-inner\"><\/div>\n\t\t<\/div>\n\t\t\t\t\t\t<\/div>\n\t\t\t\t<\/div>\n\t\t\t\t\t<\/div>\n\t\t<\/div>\n\t\t\t\t\t<\/div>\n\t\t<\/section>\n\t\t\t\t<section class=\"has_eae_slider elementor-section elementor-top-section elementor-element elementor-element-57777db elementor-section-boxed elementor-section-height-default elementor-section-height-default\" data-id=\"57777db\" data-element_type=\"section\">\n\t\t\t\t\t\t<div class=\"elementor-container elementor-column-gap-default\">\n\t\t\t\t\t<div class=\"has_eae_slider elementor-column elementor-col-100 elementor-top-column elementor-element elementor-element-4ead5d1\" data-id=\"4ead5d1\" data-element_type=\"column\">\n\t\t\t<div class=\"elementor-widget-wrap elementor-element-populated\">\n\t\t\t\t\t\t<div class=\"elementor-element elementor-element-c91bda1 elementor-widget elementor-widget-heading\" data-id=\"c91bda1\" data-element_type=\"widget\" data-widget_type=\"heading.default\">\n\t\t\t\t<div class=\"elementor-widget-container\">\n\t\t\t\t\t<h2 class=\"elementor-heading-title elementor-size-default\">A Posticum Ifj\u00fas\u00e1gi Zenekar szeptemberi sikere Nagyv\u00e1radon<\/h2>\t\t\t\t<\/div>\n\t\t\t\t<\/div>\n\t\t\t\t\t<\/div>\n\t\t<\/div>\n\t\t\t\t\t<\/div>\n\t\t<\/section>\n\t\t\t\t<section class=\"has_eae_slider elementor-section elementor-top-section elementor-element elementor-element-951614e elementor-section-boxed elementor-section-height-default elementor-section-height-default\" data-id=\"951614e\" data-element_type=\"section\">\n\t\t\t\t\t\t<div class=\"elementor-container elementor-column-gap-default\">\n\t\t\t\t\t<div class=\"has_eae_slider elementor-column elementor-col-100 elementor-top-column elementor-element elementor-element-f02c6cc\" data-id=\"f02c6cc\" data-element_type=\"column\">\n\t\t\t<div class=\"elementor-widget-wrap elementor-element-populated\">\n\t\t\t\t\t\t<div class=\"elementor-element elementor-element-a13cddf elementor-widget elementor-widget-text-editor\" data-id=\"a13cddf\" data-element_type=\"widget\" data-widget_type=\"text-editor.default\">\n\t\t\t\t<div class=\"elementor-widget-container\">\n\t\t\t\t\t\t\t\t\t<p style=\"margin-bottom: .0001pt; text-align: justify; text-indent: 35.4pt;\"><span lang=\"DE-CH\" style=\"font-family: 'Garamond','serif';\">Zen\u00e9szek \u00e9s m\u0171kedvel\u0151k \u00e1ltal imm\u00e1r egyar\u00e1nt v\u00e1rva v\u00e1rt \u0151szi esem\u00e9ny, ugyanakkor a nagyv\u00e1radi zenei \u00e9let szerves r\u00e9sz\u00e9v\u00e9 v\u00e1lt az a sz\u00e9p hagyom\u00e1ny, hogy a <\/span><em><span lang=\"DE-CH\">Posticum Nemzetk\u00f6zi Ifj\u00fas\u00e1gi Zenekar (Orchestra Posticum Iuventutis Internationalis)<\/span><\/em><span lang=\"DE-CH\" style=\"font-family: 'Garamond','serif';\"> a P\u00fcsp\u00f6ki Palota d\u00edszterm\u00e9ben tartja szeptemberi kurzusz\u00e1r\u00f3, illetve turn\u00e9nyit\u00f3 hangverseny\u00e9t \u00e9s innen indul azut\u00e1n tov\u00e1bb nemzetk\u00f6zi koncertk\u00f6r\u00fatj\u00e1ra.<o:p><\/o:p><\/span><\/p><p style=\"margin: 0cm; margin-bottom: .0001pt; text-align: justify; text-indent: 35.4pt;\"><span lang=\"DE-CH\" style=\"font-family: 'Garamond','serif';\">Mi pedig k\u00f6zben \u0151szint\u00e9n \u00f6r\u00fclhet\u00fcnk, hogy v\u00e9gre l\u00e1that\u00f3an \u00e9s hallhat\u00f3an eredm\u00e9nyesen m\u0171k\u00f6dik Nagyv\u00e1radon egy olyan ifj\u00fas\u00e1gi zenei m\u0171hely, mely egyhetes intenz\u00edv zenekari k\u00e9pz\u00e9st ny\u00fajt \u00fagy hazai, mint Eur\u00f3pa m\u00e1s orsz\u00e1gaib\u00f3l \u00e9rkezett fiatalok sz\u00e1m\u00e1ra. \u00d6rvend\u00fcnk, m\u00e9g akkor is, ha ebbe a k\u00f6zel negyventag\u00fa, rendk\u00edv\u00fcl soksz\u00edn\u0171, soknyelv\u0171 \u2013 egy k\u00f6z\u00f6s nyelvet: a Zen\u00e9t mindenesetre kiv\u00e1l\u00f3an \u201ebesz\u00e9l\u0151\u201d \u2013 hallhat\u00f3an profi csapatba, a felt\u00fcntetett n\u00e9vsor szerint ez\u00fattal csak k\u00e9t v\u00e1radi fiatal lett bev\u00e1logatva. Nem tudni, hogy ez az ar\u00e1ny a nagyv\u00e1radi zenei oktat\u00e1s sz\u00ednvonal\u00e1t t\u00fckr\u00f6zi, a zen\u00e9t tanulni m\u00e1s v\u00e1rosokba elv\u00e1gy\u00f3 v\u00e1radi fiatalok sz\u00e1m\u00e1t, avagy puszt\u00e1n a v\u00e1logat\u00e1s kor\u00e1bbi meghirdet\u00e9se ir\u00e1nt mutatott \u00e9rdekl\u0151d\u00e9s itteni hi\u00e1ny\u00e1t, hiszen a kolozsv\u00e1ri \u00e9s szegedi iskol\u00e1k-f\u0151iskol\u00e1k 20 \u00e9v alatti hallgat\u00f3i j\u00f3val nagyobb sz\u00e1mban k\u00e9pviseltett\u00e9k magukat az id\u00e9n h\u00e1rom orsz\u00e1gb\u00f3l (Rom\u00e1nia, Magyarorsz\u00e1g, Olaszorsz\u00e1g) \u00f6ssze\u00e1llt <\/span><em><span lang=\"DE-CH\">Orchestr\u00e1ban<\/span><\/em><span lang=\"DE-CH\" style=\"font-family: 'Garamond','serif';\">.<o:p><\/o:p><\/span><\/p><p style=\"margin: 0cm; margin-bottom: .0001pt; text-align: justify; text-indent: 35.4pt;\"><span lang=\"DE-CH\" style=\"font-family: 'Garamond','serif';\">A zenekart 2009-ben \u00e9letre h\u00edv\u00f3 k\u00e9t int\u00e9zm\u00e9ny a n\u00e9vad\u00f3 Posticum Ifj\u00fas\u00e1gi K\u00f6zpont, valamint a Szegedi Tudom\u00e1nyegyetem V\u00e1ntus Istv\u00e1n Gyakorl\u00f3 Zenem\u0171v\u00e9szeti Szakk\u00f6z\u00e9piskol\u00e1ja volt, a fiatalokat gondosan v\u00e1logat\u00f3 f\u00fcl \u00e9s az \u0151ket prec\u00edzen ir\u00e1ny\u00edt\u00f3 karmesteri k\u00e9z pedig v\u00e1ltozatlanul a p\u00e1rmai konzervat\u00f3rium cseh sz\u00e1rmaz\u00e1s\u00fa tan\u00e1ra, Petr Zejfart dirigens, akinek energikus munk\u00e1j\u00e1t \u00e9s mindenre kiterjed\u0151 figyelm\u00e9t az id\u00e9n is csod\u00e1lhattuk. <o:p><\/o:p><\/span><\/p><p style=\"margin: 0cm; margin-bottom: .0001pt; text-align: justify; text-indent: 35.4pt;\"><span lang=\"DE-CH\" style=\"font-family: 'Garamond','serif';\">A koncertet ez\u00fattal is egyhetes intenz\u00edv pr\u00f3ba el\u0151zte meg, aminek ism\u00e9t a Posticum biztos\u00edtott teret, ez napi 8-9 \u00f3ra zenekari pr\u00f3b\u00e1t jelentett (k\u00e9t r\u00e9szletben), illetve ki tudja m\u00e9g mennyi egy\u00e9ni gyakorl\u00e1st&#8230; Ett\u0151l f\u00fcggetlen\u00fcl a fiatalokon nyoma sem volt l\u00e1that\u00f3 vagy hallhat\u00f3 f\u00e1radts\u00e1gnak. R\u00e1ad\u00e1sul r\u00f6gt\u00f6n a k\u00f6vetkez\u0151 napokban hossz\u00fa utaz\u00e1s \u00e9s m\u00e9g tov\u00e1bbi koncertek v\u00e1rtak r\u00e1juk Szegeden, P\u00e1rm\u00e1ban, Monig\u00e1ban, valamint egy jutalomkir\u00e1ndul\u00e1s Velenc\u00e9be. <o:p><\/o:p><\/span><\/p><p style=\"margin: 0cm; margin-bottom: .0001pt; text-align: justify; text-indent: 35.4pt;\"><span lang=\"DE-CH\" style=\"font-family: 'Garamond','serif';\">A nyit\u00f3koncert helysz\u00edne teh\u00e1t a Nagyv\u00e1radi R\u00f3mai Katolikus P\u00fcsp\u00f6ki Palota d\u00edszterme volt, az id\u0151pont 2011. szeptember 18, vas\u00e1rnap, 19 \u00f3ra, a k\u00f6z\u00f6ns\u00e9g l\u00e9tsz\u00e1ma pedig, ak\u00e1rcsak a tavaly, b\u0151ven a szervez\u0151k \u00e1ltal el\u0151re megbecs\u00fclt \u00fcl\u0151helyek sz\u00e1ma f\u00f6l\u00f6tti, m\u00e9g \u00fagy is, hogy ezzel p\u00e1rhuzamosan m\u00e1s zenei esem\u00e9ny is zajlik a v\u00e1rosban. <o:p><\/o:p><\/span><\/p><p class=\"MsoNormal\" style=\"text-indent: 35.4pt;\"><span lang=\"DE-CH\" style=\"font-family: 'Garamond','serif';\">A zenekart vend\u00e9g\u00fcl l\u00e1t\u00f3 Nagyv\u00e1radi R\u00f3mai Katolikus P\u00fcsp\u00f6ks\u00e9g nev\u00e9ben Kov\u00e1cs Zsolt irodavezet\u0151 k\u00f6sz\u00f6nt\u00f6tte r\u00f6viden az egybegy\u0171lteket \u00e9s j\u00f6hetett a koncert. Szinte mindenki ismeri H\u00e4ndel <\/span><em><span lang=\"DE-CH\">V\u00edzi zen\u00e9j\u00e9t<\/span><\/em><span lang=\"DE-CH\" style=\"font-family: 'Garamond','serif';\">, sokan m\u00e9g azt is tudni v\u00e9lj\u00fck, hogy I. Gy\u00f6rgy kiengesztel\u00e9s\u00e9re kompon\u00e1lta a szerz\u0151 \u00e9s a kir\u00e1lyt k\u00eds\u00e9r\u0151 haj\u00f3kon j\u00e1tszott\u00e1k a Temz\u00e9n. Ezzel ellent\u00e9tben biztosan kevesebben hallottunk Georg Philipp Telemann <\/span><em><span lang=\"DE-CH\">V\u00edzi zen\u00e9j\u00e9r\u0151l<\/span><\/em><span lang=\"DE-CH\" style=\"font-family: 'Garamond','serif';\">, amely 1723-ban \u00edr\u00f3dott, szil\u00e1rd f\u00f6ldre, de egy nagyszab\u00e1s\u00fa hamburgi tenger\u00e9szeti \u00fcnneps\u00e9g alkalm\u00e1b\u00f3l \u2013 az alc\u00edme <\/span><em><span lang=\"DE-CH\">Hamburger Ebb und Fluth<\/span><\/em><span lang=\"DE-CH\" style=\"font-family: 'Garamond','serif';\">, vagyis a hamburgi jellegzetes t\u00f6lcs\u00e9rtorkolat ap\u00e1ly\u00e1ra \u00e9s dag\u00e1ly\u00e1ra utal. Ennek nyit\u00e1nya hangzott el r\u00f6gt\u00f6n a koncert elej\u00e9n. Egyb\u0151l a meglepet\u00e9s erej\u00e9vel hatott az az \u00e1mulatba ejt\u0151 tiszta st\u00edlush\u0171s\u00e9g, amelyet a zenekar kiv\u00e1l\u00f3an saj\u00e1t\u00edtott el Zejfart mester betan\u00edt\u00e1s\u00e1val.<\/span><\/p><p class=\"MsoNormal\" style=\"text-indent: 35.4pt;\"><span style=\"font-family: Garamond, serif; font-size: inherit; text-indent: 35.4pt;\">A m\u00e9lt\u00f3s\u00e1gteljes temp\u00f3j\u00fa bevezet\u0151 \u201eap\u00e1lyt\u201d a karmester \u00e1ltal kicsit olaszosan f\u00e9nyes-szell\u0151s-dinamikus modorban k\u00e9zbe ragadott \u201edag\u00e1ly\u201d k\u00f6vette. A von\u00f3sok egy\u00f6ntet\u0171 j\u00e1t\u00e9ka mellett m\u00e1r itt felfigyelhett\u00fcnk az obo\u00e1k \u00e9s fuvol\u00e1k min\u0151s\u00e9gi sz\u00f3lisztikus momentumaira. Dinamikai ar\u00e1nyok, vil\u00e1goss\u00e1g, \u00e9rthet\u0151 megform\u00e1l\u00e1s, a zenekari egy\u00fcttj\u00e1tsz\u00e1s \u00f6r\u00f6me v\u00e1lt nyilv\u00e1nval\u00f3v\u00e1 \u00e9s az, hogy ezek a fiatalok nemcsak \u00e9lvezik, de \u00e9rtik is amit j\u00e1tszanak. A barokk zene besz\u00e9dess\u00e9ge saj\u00e1tos historikus nyelv\u00e9n sz\u00f3lalt meg.<\/span><\/p><p style=\"margin: 0cm; margin-bottom: .0001pt; text-align: justify; text-indent: 35.4pt;\"><span lang=\"DE-CH\" style=\"font-family: 'Garamond','serif';\">Hangszertechnika \u00e9s st\u00edlus szempontj\u00e1b\u00f3l egy\u00e9nien \u00e9s egy\u00fctt is ugyanilyen otthonosan, laz\u00e1n j\u00e1tszotta a k\u00f6vetkez\u0151 m\u0171vet is a zenekar, \u00e9s itt a von\u00f3sokat k\u00fcl\u00f6n egy\u00fcttesben (\u00e0 cinque) is szem\u00fcgyre vehett\u00fck Tomaso Albinoni az 1700-as \u00e9vek els\u0151 \u00e9vtizede t\u00e1j\u00e9k\u00e1n keletkezett 3., <\/span><em><span lang=\"DE-CH\">A-d\u00far sinfoni\u00e1j\u00e1ban<\/span><\/em><span lang=\"DE-CH\" style=\"font-family: 'Garamond','serif';\"> mellyel mindj\u00e1rt a korabeli It\u00e1li\u00e1ban \u00e9rezhett\u00fck magunkat. Mindek\u00f6zben j\u00f3 \u00e9rz\u00e9s volt hallani azt is, hogy a Posticum \u00e1ltal nemr\u00e9giben v\u00e1s\u00e1rolt egyik csembal\u00f3 m\u00e9lt\u00f3 hely\u00e9re \u00e9s megfelel\u0151 kezekre tal\u00e1lt Krist\u00f3fi J\u00e1nos Zsigmond nagyv\u00e1radi orgonam\u0171v\u00e9sz mindv\u00e9gig kiv\u00e1l\u00f3 continuo-j\u00e1t\u00e9k\u00e1ban.<o:p><\/o:p><\/span><\/p><p style=\"margin: 0cm; margin-bottom: .0001pt; text-align: justify; text-indent: 35.4pt;\"><span lang=\"DE-CH\" style=\"font-family: 'Garamond','serif';\">A koncert els\u0151 fel\u00e9nek z\u00e1r\u00f3 sz\u00e1ma Ji\u0159\u00ed Anton\u00edn Benda <\/span><em><span lang=\"DE-CH\">F-d\u00far br\u00e1csaversenye<\/span><\/em><span lang=\"DE-CH\" style=\"font-family: 'Garamond','serif';\"> volt. A sz\u00f3l\u00f3t a kolozsv\u00e1ri zenel\u00edceum XII. oszt\u00e1lyos, v\u00e9gz\u0151s tanul\u00f3ja, Papp Albert j\u00e1tszotta, aki eleinte kicsit visszafogottan \u00e1llt a zenekar \u00e9s a k\u00f6z\u00f6ns\u00e9g el\u00e9 \u2013 b\u00e1r amint az k\u00f6zben j\u00e1t\u00e9k\u00e1ban bebizonyosodott, szakmailag semmi oka nem lett volna r\u00e1\u2013, a m\u00e1sodik t\u00e9telt\u0151l kezd\u0151d\u0151en viszont m\u00e1r \u00e9rezhet\u0151en felold\u00f3dott j\u00e1t\u00e9ka. A cseh kappelmeister 1775 k\u00f6r\u00fcl keletkezett klasszikus versenym\u0171v\u00e9nek \u00f6sszetettebb volta \u00e9s az \u00f6sszj\u00e1t\u00e9k k\u00f6vetelm\u00e9nyei m\u00e1r hallhat\u00f3an valamivel nagyobb neh\u00e9zs\u00e9get t\u00e1masztottak a fiataloknak, mint az ezt megel\u0151z\u0151 barokk m\u0171vek.<o:p><\/o:p><\/span><\/p><p style=\"margin: 0cm; margin-bottom: .0001pt; text-align: justify; text-indent: 35.4pt;\"><span lang=\"DE-CH\" style=\"font-family: 'Garamond','serif';\">Johann Christian Bach, a \u201enagy\u201d Bach 11. gyermekek\u00e9nt sz\u00fcletett, a barokk mester m\u00e1sodik, Anna Magdalen\u00e1val val\u00f3 h\u00e1zass\u00e1g\u00e1b\u00f3l. A \u201eMil\u00e1n\u00f3i\u201d \u00e9s \u201eLondoni\u201d Bachk\u00e9nt is sz\u00e1mon tartott klasszikus szerz\u0151nek Londonnal val\u00f3 kapcsolata a King\u2019s Theatre felk\u00e9r\u00e9s\u00e9vel kezd\u0151d\u00f6tt, k\u00e9t opera megrendel\u00e9ssel, ezek egyike az 1863-ban bemutatott Orione. A m\u00e1sodik r\u00e9sz kezdet\u00e9n az Orione-nyit\u00e1nyt hallhattuk. A faf\u00fav\u00f3sok ism\u00e9t remekeltek, ez\u00fattal egy eg\u00e9sz tri\u00f3-r\u00e9sz is rendelkez\u00e9s\u00fckre \u00e1llt, hogy k\u00fcl\u00f6n is megmutatkozzanak. <o:p><\/o:p><\/span><\/p><p style=\"margin: 0cm; margin-bottom: .0001pt; text-align: justify; text-indent: 35.4pt;\"><span lang=\"DE-CH\" style=\"font-family: 'Garamond','serif';\">A koncert legnagyobb falatja az utols\u00f3 m\u0171 volt, Mozart <\/span><em><span lang=\"DE-CH\">40., g-moll szimf\u00f3ni\u00e1ja<\/span><\/em><span lang=\"DE-CH\" style=\"font-family: 'Garamond','serif';\">, amit azt hiszem mindenki a legjobban v\u00e1rt. Amint megsz\u00f3laltak a f\u0151t\u00e9ma els\u0151 ismert s\u00f3hajhangjai r\u00f6gt\u00f6n nyilv\u00e1nval\u00f3v\u00e1 v\u00e1lt, hogy Zejfart ism\u00e9t valami k\u00fcl\u00f6nlegeset tett, Mozart dr\u00e1mai arca rendk\u00edv\u00fcl \u00e9rzelmesen, mag\u00e1val ragad\u00f3 er\u0151vel sz\u00f3lalt meg a zenekar j\u00e1t\u00e9k\u00e1ban, m\u00e9gis purit\u00e1n klasszikus egyszer\u0171s\u00e9ggel (nem t\u00falromantiz\u00e1lva, mint ahogyan az gyakorta el\u0151fordul). A zenekarhoz frissen csatlakozott klarin\u00e9tosok j\u00e1t\u00e9k\u00e1t is dics\u00e9rhetj\u00fck. A sarokt\u00e9telek feszes temp\u00f3v\u00e1laszt\u00e1sa nem okozott k\u00fcl\u00f6n\u00f6sebb gondot a fiataloknak, k\u00fcl\u00f6n\u00f6s, hogy ism\u00e9t a lass\u00fa t\u00e9tel volt az, amely \u00f6sszetetts\u00e9g\u00e9ben, bels\u0151 dial\u00f3gusaival kisebb neh\u00e9zs\u00e9geket t\u00e1masztott az egy\u00fctt marad\u00e1s \u00e9s koncentr\u00e1l\u00e1s tekintet\u00e9ben. Eml\u00e9kezhet\u00fcnk a tavalyi m\u0171sort z\u00e1r\u00f3 Beethoven I. szimf\u00f3ni\u00e1ra, nos most is elmondhatjuk ugyanazt, a hallottak alapj\u00e1n a teljes Mozart-szimf\u00f3nia minden apr\u00f3 r\u00e9szlet\u00e9nek megvolt a helye \u00e9s \u00e9rtelme az el\u0151ad\u00e1s sor\u00e1n.<o:p><\/o:p><\/span><\/p><p style=\"margin: 0cm; margin-bottom: .0001pt; text-align: justify; text-indent: 35.4pt;\"><span lang=\"DE-CH\" style=\"font-family: 'Garamond','serif';\">A meg\u00e9rdemelten nagy sikerre val\u00f3 tekintettel egy r\u00e1ad\u00e1st is adott az <\/span><em><span lang=\"DE-CH\">Orchestra<\/span><\/em><span lang=\"DE-CH\" style=\"font-family: 'Garamond','serif';\">, Vivaldi tavaly m\u00e1r ugyanitt elhangzott, \u00fan. <\/span><em><span lang=\"DE-CH\">Drezdai concert\u00f3j\u00e1nak<\/span><\/em><span lang=\"DE-CH\" style=\"font-family: 'Garamond','serif';\"> I. t\u00e9tel\u00e9t j\u00e1tszott\u00e1k, amelyben m\u00e9g egyszer megcsod\u00e1lhattuk a faf\u00fav\u00f3sokat koncentr\u00e1l\u00f3 j\u00e1t\u00e9kukban.<o:p><\/o:p><\/span><\/p><p style=\"margin: 0cm; margin-bottom: .0001pt; text-align: justify; text-indent: 35.4pt;\"><span lang=\"DE-CH\" style=\"font-family: 'Garamond','serif';\">Petr Zejfart a j\u00f3 sz\u00e1zpercnyi zene ut\u00e1n z\u00e1r\u00f3szavaiban dics\u00e9rte azt a kitart\u00e1st \u00e9s odaad\u00e1st, amivel ezek a fiatalok a zene ir\u00e1nt elk\u00f6telezt\u00e9k magukat, ez egyben p\u00e9ldamutat\u00f3 m\u00e1s fiatalok sz\u00e1m\u00e1ra is egy olyan vil\u00e1gban, ahol sajnos a k\u00e9zzel foghat\u00f3 \u201e\u00e9rt\u00e9kek\u201d-re, a l\u00e1tszatra sokkal t\u00f6bb hangs\u00falyt fektet\u00fcnk. Az teh\u00e1t, hogy ez a m\u0171hely mennyire szakmai, a hallottak alapj\u00e1n term\u00e9szetesen egy\u00e9rtelm\u0171, az viszont megfoghatatlan, hogy emell\u00e9 milyen lelket sz\u00e9p\u00edt\u0151 \u00e9s gazdag\u00edt\u00f3 szellemi \u00fatraval\u00f3t kapnak ezek a fiatalok, ugyanakkor k\u00f6z\u00f6ss\u00e9gi \u00e9lm\u00e9nyt \u00e9s az egy\u00fctt j\u00e1tsz\u00e1s \u00f6r\u00f6m\u00e9t, amit a hallgat\u00f3s\u00e1gnak is \u00e1tadhatnak.<o:p><\/o:p><\/span><\/p><p style=\"margin: 0cm; margin-bottom: .0001pt; text-align: justify; text-indent: 35.4pt;\"><span lang=\"DE-CH\" style=\"font-family: 'Garamond','serif';\"><o:p>\u00a0<\/o:p><\/span><\/p><p><\/p><p class=\"MsoNormal\" align=\"right\" style=\"text-align: right;\"><i><span lang=\"DE-CH\" style=\"font-family: Garamond, serif;\">T\u00f3th G\u00e1bor, <\/span><\/i><i><span lang=\"DE-CH\" style=\"font-family: 'Garamond','serif';\">www.erdely.ma, 2011. szeptember 26.<b><o:p><\/o:p><\/b><\/span><\/i><\/p>\t\t\t\t\t\t\t\t<\/div>\n\t\t\t\t<\/div>\n\t\t\t\t\t<\/div>\n\t\t<\/div>\n\t\t\t\t\t<\/div>\n\t\t<\/section>\n\t\t\t\t<section class=\"has_eae_slider elementor-section elementor-top-section elementor-element elementor-element-5a0fb14 elementor-section-boxed elementor-section-height-default elementor-section-height-default\" data-id=\"5a0fb14\" data-element_type=\"section\">\n\t\t\t\t\t\t<div class=\"elementor-container elementor-column-gap-default\">\n\t\t\t\t\t<div class=\"has_eae_slider elementor-column elementor-col-100 elementor-top-column elementor-element elementor-element-af70bed\" data-id=\"af70bed\" data-element_type=\"column\">\n\t\t\t<div class=\"elementor-widget-wrap elementor-element-populated\">\n\t\t\t\t\t\t<div class=\"elementor-element elementor-element-2e7ad09 elementor-widget elementor-widget-spacer\" data-id=\"2e7ad09\" data-element_type=\"widget\" data-widget_type=\"spacer.default\">\n\t\t\t\t<div class=\"elementor-widget-container\">\n\t\t\t\t\t\t\t<div class=\"elementor-spacer\">\n\t\t\t<div class=\"elementor-spacer-inner\"><\/div>\n\t\t<\/div>\n\t\t\t\t\t\t<\/div>\n\t\t\t\t<\/div>\n\t\t\t\t\t<\/div>\n\t\t<\/div>\n\t\t\t\t\t<\/div>\n\t\t<\/section>\n\t\t\t\t<\/div>","protected":false},"excerpt":{"rendered":"<p>Orchestra POSTICUM K\u00fcl\u00f6nleges kultur\u00e1lis esem\u00e9nyre ker\u00fclt sor Nagyv\u00e1radon szeptember 14-\u00e9n, kedden 19 \u00f3rai kezdettel: a Posticum Nemzetk\u00f6zi Ifj\u00fas\u00e1gi Zenekara (Orchestra Posticum Iuventutis Internationalis) adott majd\u2019 k\u00e9t\u00f3r\u00e1s hangversenyt a R\u00f3mai Katolikus P\u00fcsp\u00f6ki Palota nagyterm\u00e9ben. A koncertet magas szakmai m\u00e9rce jellemezte, valamint p\u00e9lda\u00e9rt\u00e9k\u0171 nemzetk\u00f6zi \u00f6sszefog\u00e1s. Hat orsz\u00e1g negyven fiatal zen\u00e9sze olyan min\u0151s\u00e9gi [&hellip;]<\/p>","protected":false},"author":1,"featured_media":0,"parent":0,"menu_order":0,"comment_status":"closed","ping_status":"closed","template":"","meta":{"_exactmetrics_skip_tracking":false,"_exactmetrics_sitenote_active":false,"_exactmetrics_sitenote_note":"","_exactmetrics_sitenote_category":0,"footnotes":""},"class_list":["post-1849","page","type-page","status-publish","hentry"],"_links":{"self":[{"href":"https:\/\/www.posticum.ro\/en\/wp-json\/wp\/v2\/pages\/1849","targetHints":{"allow":["GET"]}}],"collection":[{"href":"https:\/\/www.posticum.ro\/en\/wp-json\/wp\/v2\/pages"}],"about":[{"href":"https:\/\/www.posticum.ro\/en\/wp-json\/wp\/v2\/types\/page"}],"author":[{"embeddable":true,"href":"https:\/\/www.posticum.ro\/en\/wp-json\/wp\/v2\/users\/1"}],"replies":[{"embeddable":true,"href":"https:\/\/www.posticum.ro\/en\/wp-json\/wp\/v2\/comments?post=1849"}],"version-history":[{"count":19,"href":"https:\/\/www.posticum.ro\/en\/wp-json\/wp\/v2\/pages\/1849\/revisions"}],"predecessor-version":[{"id":3526,"href":"https:\/\/www.posticum.ro\/en\/wp-json\/wp\/v2\/pages\/1849\/revisions\/3526"}],"wp:attachment":[{"href":"https:\/\/www.posticum.ro\/en\/wp-json\/wp\/v2\/media?parent=1849"}],"curies":[{"name":"wp","href":"https:\/\/api.w.org\/{rel}","templated":true}]}}