{"id":1578,"date":"2021-01-26T09:49:16","date_gmt":"2021-01-26T09:49:16","guid":{"rendered":"http:\/\/temp.posticum.ro\/?page_id=1578"},"modified":"2021-12-14T18:37:35","modified_gmt":"2021-12-14T16:37:35","slug":"credonk","status":"publish","type":"page","link":"https:\/\/www.posticum.ro\/en\/credonk\/","title":{"rendered":"Cred\u00f3nk"},"content":{"rendered":"<h2>Cred\u00f3nk<\/h2>\n<p>Meggy\u0151z\u0151d\u00e9s\u00fcnk, hogy a kereszt\u00e9ny kult\u00fara k\u00e9tezer \u00e9ves \u00e9p\u00fclet\u00e9be nemcsak a f\u0151bej\u00e1raton kereszt\u00fcl vezet \u00fat, hanem van egy nem t\u00fal l\u00e1tv\u00e1nyos, eldugott, \u00e9s sokszor jelent\u00e9ktelennek tartott &#8222;h\u00e1ts\u00f3 ajt\u00f3&#8221; is (ez a latin <i>posticum<\/i> sz\u00f3 jelent\u00e9se), amelyen kereszt\u00fcl \u00e9pp\u00fagy be lehet jutni a Legszentebb szent\u00e9ly\u00e9be.<\/p>\n<p>A Posticum az elm\u00falt k\u00e9t \u00e9vtizedben kultur\u00e1lis \u00e9s karitat\u00edv programok sz\u00e9lesk\u00f6r\u0171 k\u00edn\u00e1lat\u00e1val igyekezett e h\u00e1ts\u00f3ajt\u00f3-szerep\u00e9t bet\u00f6lteni. Sokr\u00e9t\u0171 tev\u00e9kenys\u00e9ge sor\u00e1n azonban egyre ink\u00e1bb a bels\u0151 energiaforr\u00e1sok fellel\u00e9s\u00e9re \u00e9s \u00e1pol\u00e1s\u00e1ra ir\u00e1nyult figyelm\u00fcnk, \u00edgy az id\u0151k jeleihez igazodva a h\u00e1ts\u00f3 ajt\u00f3t egyre hat\u00e1rozottabban a csenddel, a szeml\u00e9l\u0151d\u0151 elm\u00e9ly\u00fcl\u00e9ssel azonos\u00edtottuk.<\/p>\n<p>A csend term\u00e9szetesen nem minden, csak kapu, de mindenkinek kereszt\u00fcl kell mennie rajta, aki a vall\u00e1soss\u00e1got t\u00f6bbnek akarja meg\u00e9lni ki\u00fcresedett n\u00e9pi folkl\u00f3rn\u00e1l, az egyh\u00e1zi szertart\u00e1sokat szem\u00e9lytelen hagyom\u00e1ny\u0151rz\u00e9sn\u00e9l. Aki nem a csend kapuj\u00e1n l\u00e9p be az Egyh\u00e1z \u00e9p\u00fclet\u00e9be, k\u00f6nnyen meglehet, hogy muze\u00e1lis t\u00e1rlatvezet\u00e9shez hasonl\u00f3 kultur\u00e1lis \u00e9lm\u00e9nyben lesz r\u00e9sze, az \u00d6r\u00f6kk\u00e9val\u00f3 jelenl\u00e9t\u00e9nek k\u00f6zvetlen megtapasztal\u00e1sa azonban hi\u00e1nyozni fog az \u00e9let\u00e9b\u0151l. Az \u00e9let pedig e tapasztalat h\u00edj\u00e1n el\u0151bb-ut\u00f3bb elsek\u00e9lyesedik, ellaposodik, megfakul \u00e9s \u00edz\u00e9t veszti.<\/p>\n<p>Ez\u00e9rt a Posticum h\u00e1ts\u00f3 kapuja els\u0151sorban azok el\u0151tt \u00e1ll nyitva, akik a mindennapokhoz n\u00e9lk\u00fcl\u00f6zhetetlen\u00fcl sz\u00fcks\u00e9ges \u00e9letad\u00f3 er\u0151forr\u00e1st a csendes szeml\u00e9l\u0151d\u00e9sb\u0151l, a kontemplat\u00edv \u00e9letm\u00f3db\u00f3l szeretn\u00e9k mer\u00edteni, \u00e9s szeretn\u00e9nek r\u00e1lelni szem\u00e9lyes \u00e9let\u00fatjukra a t\u00f6megkult\u00fara zajos \u00fatveszt\u0151j\u00e9ben.<\/p>\n<p>Hissz\u00fck tov\u00e1bb\u00e1, hogy nemcsak egy\u00e9nekk\u00e9nt, de vall\u00e1si k\u00f6z\u00f6ss\u00e9gekk\u00e9nt is a meditat\u00edv szeml\u00e9l\u0151d\u00e9s \u00fatj\u00e1n j\u00e1rva fedezhetj\u00fck fel azt a minden vil\u00e1gvall\u00e1sban megtal\u00e1lhat\u00f3 k\u00f6z\u00f6s forr\u00e1st, amelyb\u0151l mer\u00edtve &#8211; a t\u00f6rt\u00e9nelmi, kultur\u00e1lis \u00e9s teol\u00f3giai k\u00fcl\u00f6nb\u00f6z\u0151s\u00e9gek ellen\u00e9re is &#8211; es\u00e9ly\u00fcnk lehet egy testv\u00e9ris\u00e9gen alapul\u00f3 t\u00e1rsadalmat \u00e9p\u00edteni.<\/p>\n<h4>Bruncs\u00e1k Istv\u00e1n gondolatai a Posticumr\u00f3l (2010)<\/h4>\n<p><b style=\"font-size: inherit;\">Sziget a sz\u00e1razf\u00f6ld\u00f6n<\/b><\/p>\n<p>\u2013 gondolatok a Posticumr\u00f3l, fenn\u00e1ll\u00e1s\u00e1nak 10. \u00e9vfordul\u00f3j\u00e1ra k\u00e9sz\u00fclve \u2013<\/p>\n<p>A 90-es \u00e9vek m\u00e1sodik fel\u00e9ben j\u00e1rtam el\u0151sz\u00f6r a Posticumban. A falak m\u00e9g nem \u00e1lltak, de az \u00e9p\u00fclet m\u00e1r l\u00e9tezett meg\u00e1lmod\u00f3j\u00e1nak elk\u00e9pzel\u00e9seiben.&nbsp;Az alig megkezdett \u00e9p\u00edtkez\u00e9sen v\u00e9gigvezetve <strong style=\"font-family: Garamond, serif; font-size: inherit; text-indent: 35.4pt;\">Imre Rencsik<\/strong><b style=\"font-family: Garamond, serif; font-size: inherit; text-indent: 35.4pt;\"> <\/b>a v\u00e1rand\u00f3s any\u00e1k izgalommal teli \u00f6r\u00f6m\u00e9vel \u00e9s f\u00e9lt\u0151 aggodalm\u00e1val mes\u00e9lte hol lesz a sz\u00fcletend\u0151ben lev\u0151 \u00faj int\u00e9zm\u00e9ny d\u00edszterme, k\u00e1poln\u00e1ja, recepci\u00f3ja\u2026 Majd hosszas vaj\u00fad\u00e1s ut\u00e1n megsz\u00fcletett a v\u00e1rva-v\u00e1rt j\u00f6vev\u00e9ny, 2000. m\u00e1jus 21-\u00e9n \u00fcnnep\u00e9lyes keretek k\u00f6z\u00f6tt megkeresztelt\u00e9k \u00e9s elkezdte \u00f6n\u00e1ll\u00f3 \u00e9let\u00e9t. Lassan kin\u0151tte gyermekbetegs\u00e9geit, kamaszod\u00f3 tin\u00e9dzserkorba l\u00e9pett \u00e9s imm\u00e1r \u00faj korszak el\u00e9 n\u00e9z, amely feltehet\u0151en \u2013 mint minden hasonl\u00f3 kor\u00fa kamasz eset\u00e9ben \u2013 az \u00f6nazonoss\u00e1g tudatosabb keres\u00e9s\u00e9nek id\u0151szaka lesz. A sz\u00fcntelen\u00fcl v\u00e1ltoz\u00f3 k\u00fcls\u0151 k\u00f6r\u00fclm\u00e9nyek, a bels\u0151 \u00e9r\u00e9si folyamat \u00e9s az id\u0151k\u00f6zben felhalmoz\u00f3d\u00f3 tapasztalat arra k\u00e9sztet, hogy mindig \u00fajrafogalmazzuk \u00f6nmagunkat, hiszen \u2013 H. Haag n\u00e9met teol\u00f3gus szavaival \u00e9lve \u2013 \u201ecsak aki v\u00e1ltozik, marad h\u0171 \u00f6nmag\u00e1hoz\u201d. A j\u00f6v\u0151ben a Posticumnak is minden bizonnyal v\u00e1ltoznia kell. A t\u00edzedik sz\u00fclet\u00e9snap azonban m\u00e9g a visszatekint\u00e9s \u00e9s az \u00fcnnepl\u00e9s ideje. Ezen alkalomra k\u00e9sz\u00fcl\u0151dve h\u00e1rom olyan alapvet\u0151 von\u00e1st \u00e9rdemes megeml\u00edteni, amely az elm\u00falt \u00e9vtizedek sor\u00e1n mindig jellemezte a h\u00e1zat, \u00e9s amelyeket a j\u00f6v\u0151ben sem adhat fel, ha a napjainkban szinte minden int\u00e9zm\u00e9nyt pr\u00f3b\u00e1ra tev\u0151 gyors v\u00e1ltoz\u00e1sok k\u00f6zepette tov\u00e1bbra is h\u0171 akar maradni \u00f6nmag\u00e1hoz, eredeti k\u00fcldet\u00e9s\u00e9hez.<\/p>\n<p><strong style=\"font-size: inherit;\">Otthon.<\/strong> A h\u00e1zba bet\u00e9r\u0151k els\u0151&nbsp;benyom\u00e1sa \u2013 a bej\u00e1rat melletti vend\u00e9gk\u00f6nyvben olvashat\u00f3 bejegyz\u00e9sek tan\u00fas\u00e1ga szerint \u2013 az otthonoss\u00e1g \u00e9rz\u00e9se. Nem int\u00e9zm\u00e9ny, nem szervezet, hanem meghitts\u00e9get, csal\u00e1dias hangulatot sug\u00e1rz\u00f3 otthon. A h\u00e1z \u00e9p\u00edt\u00e9szetileg is ezt hivatott sugallni, \u00e9s az itt dolgoz\u00f3k is sz\u00edvesebben defini\u00e1lj\u00e1k magukat k\u00f6z\u00f6ss\u00e9gk\u00e9nt, mintsem alkalmazottakk\u00e9nt. A <strong>Posticum<\/strong> azonban a sz\u00f3 t\u00e1gabb \u00e9rtelm\u00e9ben is otthon k\u00edv\u00e1n lenni. Napjainkra megsz\u00e1ml\u00e1lhatatlanul sokan v\u00e1ltak lelkileg, szellemileg hontalann\u00e1, hajl\u00e9ktalann\u00e1. A nagy ideol\u00f3gia rendszerek buk\u00e1sa, a t\u00f6rt\u00e9nelmi egyh\u00e1zak \u00e9s a hagyom\u00e1nyos k\u00f6z\u00f6ss\u00e9gek (csal\u00e1d, iskola) megtart\u00f3 erej\u00e9nek megcsappan\u00e1sa \u00f3ta sokan \u00e9rzik magukat \u2013 k\u00fcl\u00f6n\u00f6sen a fiatalok k\u00f6r\u00e9ben \u2013 otthontalannak. A h\u00e1zaikat, otthonaikat elvesz\u00edt\u0151 emberekr\u0151l az \u00e1llami, egyh\u00e1zi, karitat\u00edv szervezetek igyekeznek gondoskodni \u00e1tmeneti sz\u00e1ll\u00e1sok, meleged\u0151k \u00e9p\u00edt\u00e9s\u00e9vel. A lelkileg otthontalann\u00e1 v\u00e1ltak el\u0151tt els\u0151sorban szekt\u00e1k, fundamentalista, fanatikus csoportok t\u00e1rj\u00e1k ki kapuikat, de alig akad olyan hely, ahol az elbizonytalanodott, \u00e9lete \u00e9rtelm\u00e9t keres\u0151, kutat\u00f3 ember sz\u00e1m\u00e1ra teremten\u00e9k meg a lehet\u0151s\u00e9get egzisztenci\u00e1lis k\u00e9rd\u00e9seinek megv\u00e1laszol\u00e1s\u00e1hoz. A <strong>Posticum<\/strong> ilyen szellemi \u00e9rtelemben vett \u201e\u00e1tmeneti sz\u00e1ll\u00f3\u201d (is) szeretne lenni, ahol senkire nem k\u00e9nyszer\u00edtenek semmif\u00e9le ideol\u00f3gi\u00e1t, hitet, meggy\u0151z\u0151d\u00e9st, olyan hely, ahol nem csak szabad, hanem k\u00edv\u00e1natos is k\u00e9rd\u00e9seket felvetni, k\u00e9telkedni \u2013 de csak az igazs\u00e1g szenved\u00e9lyes keres\u00e9se, \u00e9s nem puszt\u00e1n a k\u00e9telked\u00e9s okozta negat\u00edv \u00f6r\u00f6m kedv\u00e9\u00e9rt. Ez\u00e9rt itt hajl\u00e9kra tal\u00e1lhatnak mindazok, akik merik v\u00e1llalni a k\u00e9rdez\u00e9s kock\u00e1zat\u00e1t, a k\u00e9telked\u00e9ssel j\u00e1r\u00f3 bizonytalans\u00e1got, annak vesz\u00e9ly\u00e9t, hogy a t\u00e1rsadalom megszokott keretei k\u00f6z\u00f6tt nem lelnek otthonra.<\/p>\n<p style=\"margin-bottom: .0001pt; text-align: justify;\">\n<p style=\"margin-bottom: .0001pt; text-align: justify;\"><strong>Szem\u00e9lyess\u00e9g.<\/strong> A mondottakb\u00f3l k\u00f6vetkezik egy m\u00e1sik saj\u00e1tos jegy, amely mindig is jellemezte a h\u00e1zat \u00e9s annak rendezv\u00e9nyeit: a szem\u00e9lyess\u00e9g. Az alap\u00edt\u00f3k \u00e9s programszervez\u0151k kezdett\u0151l fogva tudt\u00e1k, hogy nem fognak (\u00e9s nem is \u00e1llt sz\u00e1nd\u00e9kukban) t\u00f6megeket megmozgatni. Egy\u00e9ni kezdem\u00e9nyez\u00e9sek eredm\u00e9nyek\u00e9nt \u00e9s nagyon sok bar\u00e1t, szimpatiz\u00e1ns \u00f6tlete, szem\u00e9lyes er\u0151fesz\u00edt\u00e9se r\u00e9v\u00e9n sz\u00fcletett meg a h\u00e1z. A k\u00fcl\u00f6nb\u00f6z\u0151 programok t\u00falnyom\u00f3 t\u00f6bbs\u00e9ge mind a mai napig egy\u00e9ni k\u00f6t\u0151d\u00e9sek, szem\u00e9lyes kapcsolatok r\u00e9v\u00e9n alakul ki. Nem t\u00f6megrendezv\u00e9nyek szervez\u00e9se a c\u00e9l, hanem olyan szem\u00e9lyes tal\u00e1lkoz\u00e1sok lehet\u0151s\u00e9g\u00e9nek a megteremt\u00e9se, ahol a k\u00f6z\u00f6s egy\u00fcttl\u00e9t \u00f6r\u00f6me \u00e9s var\u00e1zsa k\u00e9pes az egy\u00e9nt megsz\u00f3l\u00edtani, maradand\u00f3 nyomokat hagyni benne \u00e9s szem\u00e9lyes felel\u0151ss\u00e9gv\u00e1llal\u00e1sra, elk\u00f6telez\u0151d\u00e9sre sarkallni. A t\u00f6megben val\u00f3 elmer\u00fcl\u00e9s \u00e9s az arctalann\u00e1 v\u00e1l\u00e1s a jelent\u00e9ktelens\u00e9g-, haszontalan\u00e1g-, f\u00f6l\u00f6slegess\u00e9g-\u00e9rz\u00e9s vesz\u00e9ly\u00e9vel j\u00e1r, ami gyakran \u2013 mintegy \u00f6rd\u00f6gi k\u00f6rk\u00e9nt \u2013 arra \u00f6szt\u00f6nzi az embert, hogy a szem\u00e9lyes elk\u00f6telez\u0151d\u00e9s \u00e9s felel\u0151ss\u00e9gv\u00e1llal\u00e1s terh\u00e9t mag\u00e1r\u00f3l rezign\u00e1ltan ler\u00e1zza, megb\u00fajjon a t\u00f6megben \u00e9s elmenek\u00fclj\u00f6n szem\u00e9lyes \u00e9letfeladat\u00e1nak megval\u00f3s\u00edt\u00e1sa el\u0151l. A <strong>Posticum<\/strong> tudatosan igyekszik e tendencia ellen hatni, ez\u00e9rt a szem\u00e9lyes megsz\u00f3l\u00edtotts\u00e1g d\u00f6nt\u0151 szerepet j\u00e1tszik az \u00e9let\u00e9ben \u00e9s (olykor kimondatlanul) elv\u00e1r\u00e1sk\u00e9nt fogalmaz\u00f3dik meg \u00fagy a megh\u00edvott el\u0151ad\u00f3k, mint pedig a programokon r\u00e9sztvev\u0151k fel\u00e9.<o:p><\/o:p><\/p>\n<p style=\"margin-bottom: .0001pt; text-align: justify;\">\n<p style=\"margin-bottom: .0001pt; text-align: justify;\"><strong>Teljess\u00e9g.<\/strong> Az \u00e9let ellehetetlen\u00fcl\u00e9s\u00e9nek nagy vers\u00e9ben Ady m\u00e1r sz\u00e1z&nbsp;\u00e9vvel ezel\u0151tt megfogalmazta: \u201eMinden Eg\u00e9sz elt\u00f6r\u00f6tt \/ Minden l\u00e1ng csak r\u00e9szekben lobban\u201d. Az emberl\u00e9t minden t\u00f6red\u00e9kess\u00e9ge, olykor megt\u00f6rts\u00e9ge \u00e9s \u00f6sszet\u00f6rts\u00e9ge dac\u00e1ra is, mag\u00e1ban hordozza a teljess\u00e9g ut\u00e1ni v\u00e1gyat. Sem az emberr\u0151l, sem a Posticumr\u00f3l alkotott k\u00e9p nem lenne teljes, ha figyelmen k\u00edv\u00fcl hagyn\u00e1k ezt a mindny\u00e1junkban ott szunnyad\u00f3 teljess\u00e9gig\u00e9nyt. A h\u00e1z \u00e1ltal felk\u00edn\u00e1lt lelkigondoz\u00e1s erre a \u201em\u00e9lyb\u0151l forr\u00e1soz\u00f3 lelkis\u00e9gre\u201d (A. Gr\u00fcn) \u00f6sszpontos\u00edt. Nem a kereszt\u00e9ny lelkigondoz\u00e1sban mindm\u00e1ig t\u00falzottan hangs\u00falyozott t\u00f6k\u00e9letess\u00e9geszm\u00e9nyb\u0151l indul ki, amelynek az elv\u00e1r\u00e1saihoz k\u00e9pest mindig alulmarad az ember, hanem az egy\u00e9ni adotts\u00e1gok, k\u00e9pess\u00e9gek fel- \u00e9s megismer\u00e9s\u00e9n kereszt\u00fcl igyekszik a l\u00e9t teljess\u00e9g\u00e9re vezet\u0151 utat szabadd\u00e1 tenni, a transzcendenci\u00e1ra ny\u00edl\u00f3 kaput, a \u201eh\u00e1ts\u00f3 ajt\u00f3t\u201d nyitva tartani. <strong>V. E. Frankl,<\/strong> a logoter\u00e1pia megalap\u00edt\u00f3ja a <strong>Time magazin<\/strong><b> <\/b>k\u00e9rd\u00e9s\u00e9re, vajon a jelenlegi trend elvezet-e a vall\u00e1st\u00f3l, azt v\u00e1laszolta, \u201ea trend a vall\u00e1st\u00f3l nem vezet el, de ann\u00e1l ink\u00e1bb azokt\u00f3l a felekezetekt\u0151l, amelyek l\u00e1tsz\u00f3lag m\u00e1st sem tesznek, mint egym\u00e1s ellen harcolnak, \u00e9s megpr\u00f3b\u00e1lj\u00e1k elorozni egym\u00e1s h\u00edveit\u201d. A tov\u00e1bbi k\u00e9rd\u00e9sre pedig, mely azt firtatta, ez az jelenti-e, hogy el\u0151bb-ut\u00f3bb egy univerz\u00e1lis vall\u00e1s j\u00f6n-e a l\u00e9tre, azt v\u00e1laszolta: \u201eellenkez\u0151leg, nem univerz\u00e1lis, hanem perszon\u00e1lis (m\u00e9lys\u00e9gesen szem\u00e9lyes) vall\u00e1soss\u00e1g fel\u00e9 haladunk, olyan vall\u00e1s fel\u00e9, amelyb\u0151l kiindulva mindenki megtal\u00e1lhatja saj\u00e1t, legszem\u00e9lyesebb nyelv\u00e9t, ha Istenhez fordul\u201d. A Posticum az ilyen fajta Isten-ember k\u00f6zti tal\u00e1lkoz\u00e1snak a szolg\u00e1lat\u00e1ban szeretne \u00e1llni, tudat\u00e1ban l\u00e9v\u00e9n annak a spiritu\u00e1lis sz\u00fcks\u00e9gletnek, amit <strong>Proh\u00e1szka Ottok\u00e1r,<\/strong> Ady kort\u00e1rsa, \u00edgy fogalmazott meg: \u201e\u00faj \u00e9rz\u00e9sekb\u0151l fakad\u00f3 \u00e9nekeket nem lehet r\u00e9gi kott\u00e1k n\u00f3t\u00e1ira szedni\u201d.<o:p><\/o:p><\/p>\n<p style=\"margin-bottom: .0001pt; text-align: justify;\">\n<p style=\"margin: 0cm; margin-bottom: .0001pt; text-align: justify;\"><strong>Sziget a sz\u00e1razf\u00f6ld\u00f6n.<\/strong> Sziget a sz\u00e1razf\u00f6ld\u00f6n \u2013 \u00edrta a <strong>Posticum<\/strong>r\u00f3l egyik vend\u00e9ge. E tal\u00e1l\u00f3&nbsp;megfogalmaz\u00e1ssal sz\u00edvesen azonosul a h\u00e1z. Nem sz\u00e1nd\u00e9ka az elszigetel\u0151d\u00e9s, ugyanakkor a \u201ekontinenssel\u201d, a mindenkori k\u00f6zgondolkod\u00e1ssal, t\u00e1rsadalmi szervez\u0151d\u00e9sekkel, politikai c\u00e9lkit\u0171z\u00e9sekkel sem k\u00edv\u00e1n \u00f6sszeolvadni. Olyan hely szeretne lenni, ahova vissza lehet vonulni a kontinenshez \u00e9s a transzcendenci\u00e1hoz f\u0171z\u0151d\u0151 viszonyunkat nyugodt k\u00f6r\u00fclm\u00e9nyek k\u00f6z\u00f6tt \u00e1tgondolni, \u00fajragondolni \u00e9s megtal\u00e1lni a v\u00e1ltoz\u00e1shoz, a v\u00e1ltoztat\u00e1shoz sz\u00fcks\u00e9ges energi\u00e1kat. Most azonban, t\u00edzedik sz\u00fclet\u00e9snapj\u00e1ra k\u00e9sz\u00fclve, egyszer\u0171en \u00fcnnepelni szeretne, amire m\u00e1jus 21\u201323. k\u00f6z\u00f6tt ez\u00faton is mindenkit szeretettel h\u00edv \u00e9s v\u00e1r.<o:p><\/o:p><\/p>\n<p style=\"margin: 0cm; margin-bottom: .0001pt; text-align: justify;\"><i><o:p>&nbsp;<\/o:p><\/i><\/p>\n<p style=\"margin: 0cm; margin-bottom: .0001pt; text-align: right;\" align=\"right\"><em>Bruncs\u00e1k Istv\u00e1n, erdon.ro, 2010. m\u00e1jus 6.&nbsp;<\/em><i><o:p><\/o:p><\/i><\/p>","protected":false},"excerpt":{"rendered":"<p>Cred\u00f3nk Meggy\u0151z\u0151d\u00e9s\u00fcnk, hogy a kereszt\u00e9ny kult\u00fara k\u00e9tezer \u00e9ves \u00e9p\u00fclet\u00e9be nemcsak a f\u0151bej\u00e1raton kereszt\u00fcl vezet \u00fat, hanem van egy nem t\u00fal l\u00e1tv\u00e1nyos, eldugott, \u00e9s sokszor jelent\u00e9ktelennek tartott &#8222;h\u00e1ts\u00f3 ajt\u00f3&#8221; is (ez a latin posticum sz\u00f3 jelent\u00e9se), amelyen kereszt\u00fcl \u00e9pp\u00fagy be lehet jutni a Legszentebb szent\u00e9ly\u00e9be. A Posticum az elm\u00falt k\u00e9t \u00e9vtizedben [&hellip;]<\/p>","protected":false},"author":1,"featured_media":0,"parent":0,"menu_order":0,"comment_status":"closed","ping_status":"closed","template":"","meta":{"_exactmetrics_skip_tracking":false,"_exactmetrics_sitenote_active":false,"_exactmetrics_sitenote_note":"","_exactmetrics_sitenote_category":0,"footnotes":""},"class_list":["post-1578","page","type-page","status-publish","hentry"],"_links":{"self":[{"href":"https:\/\/www.posticum.ro\/en\/wp-json\/wp\/v2\/pages\/1578","targetHints":{"allow":["GET"]}}],"collection":[{"href":"https:\/\/www.posticum.ro\/en\/wp-json\/wp\/v2\/pages"}],"about":[{"href":"https:\/\/www.posticum.ro\/en\/wp-json\/wp\/v2\/types\/page"}],"author":[{"embeddable":true,"href":"https:\/\/www.posticum.ro\/en\/wp-json\/wp\/v2\/users\/1"}],"replies":[{"embeddable":true,"href":"https:\/\/www.posticum.ro\/en\/wp-json\/wp\/v2\/comments?post=1578"}],"version-history":[{"count":32,"href":"https:\/\/www.posticum.ro\/en\/wp-json\/wp\/v2\/pages\/1578\/revisions"}],"predecessor-version":[{"id":3531,"href":"https:\/\/www.posticum.ro\/en\/wp-json\/wp\/v2\/pages\/1578\/revisions\/3531"}],"wp:attachment":[{"href":"https:\/\/www.posticum.ro\/en\/wp-json\/wp\/v2\/media?parent=1578"}],"curies":[{"name":"wp","href":"https:\/\/api.w.org\/{rel}","templated":true}]}}