{"id":2367,"date":"2021-03-31T10:31:35","date_gmt":"2021-03-31T10:31:35","guid":{"rendered":"http:\/\/temp.posticum.ro\/?page_id=2367"},"modified":"2021-11-08T12:01:19","modified_gmt":"2021-11-08T10:01:19","slug":"history-and-credo","status":"publish","type":"page","link":"https:\/\/www.posticum.ro\/de\/history-and-credo\/","title":{"rendered":"Geschichte und Credo"},"content":{"rendered":"<div data-elementor-type=\"wp-page\" data-elementor-id=\"2367\" class=\"elementor elementor-2367\">\n\t\t\t\t\t\t<section class=\"has_eae_slider elementor-section elementor-top-section elementor-element elementor-element-24996b7 elementor-section-boxed elementor-section-height-default elementor-section-height-default\" data-id=\"24996b7\" data-element_type=\"section\">\n\t\t\t\t\t\t<div class=\"elementor-container elementor-column-gap-default\">\n\t\t\t\t\t<div class=\"has_eae_slider elementor-column elementor-col-100 elementor-top-column elementor-element elementor-element-0a8bc62\" data-id=\"0a8bc62\" data-element_type=\"column\">\n\t\t\t<div class=\"elementor-widget-wrap elementor-element-populated\">\n\t\t\t\t\t\t<div class=\"elementor-element elementor-element-36ae17c elementor-widget elementor-widget-menu-anchor\" data-id=\"36ae17c\" data-element_type=\"widget\" data-widget_type=\"menu-anchor.default\">\n\t\t\t\t<div class=\"elementor-widget-container\">\n\t\t\t\t\t\t\t<div class=\"elementor-menu-anchor\" id=\"start\"><\/div>\n\t\t\t\t\t\t<\/div>\n\t\t\t\t<\/div>\n\t\t\t\t\t<\/div>\n\t\t<\/div>\n\t\t\t\t\t<\/div>\n\t\t<\/section>\n\t\t\t\t<section class=\"has_eae_slider elementor-section elementor-top-section elementor-element elementor-element-e955b88 elementor-section-boxed elementor-section-height-default elementor-section-height-default\" data-id=\"e955b88\" data-element_type=\"section\">\n\t\t\t\t\t\t<div class=\"elementor-container elementor-column-gap-default\">\n\t\t\t\t\t<div class=\"has_eae_slider elementor-column elementor-col-100 elementor-top-column elementor-element elementor-element-19bfe23\" data-id=\"19bfe23\" data-element_type=\"column\">\n\t\t\t<div class=\"elementor-widget-wrap elementor-element-populated\">\n\t\t\t\t\t\t<div class=\"elementor-element elementor-element-c025197 elementor-widget elementor-widget-spacer\" data-id=\"c025197\" data-element_type=\"widget\" data-widget_type=\"spacer.default\">\n\t\t\t\t<div class=\"elementor-widget-container\">\n\t\t\t\t\t\t\t<div class=\"elementor-spacer\">\n\t\t\t<div class=\"elementor-spacer-inner\"><\/div>\n\t\t<\/div>\n\t\t\t\t\t\t<\/div>\n\t\t\t\t<\/div>\n\t\t\t\t\t<\/div>\n\t\t<\/div>\n\t\t\t\t\t<\/div>\n\t\t<\/section>\n\t\t\t\t<section class=\"has_eae_slider elementor-section elementor-top-section elementor-element elementor-element-ea1db8b elementor-section-boxed elementor-section-height-default elementor-section-height-default\" data-id=\"ea1db8b\" data-element_type=\"section\">\n\t\t\t\t\t\t<div class=\"elementor-container elementor-column-gap-default\">\n\t\t\t\t\t<div class=\"has_eae_slider elementor-column elementor-col-100 elementor-top-column elementor-element elementor-element-e2fa593\" data-id=\"e2fa593\" data-element_type=\"column\">\n\t\t\t<div class=\"elementor-widget-wrap elementor-element-populated\">\n\t\t\t\t\t\t<div class=\"elementor-element elementor-element-62cd2b7 elementor-widget elementor-widget-heading\" data-id=\"62cd2b7\" data-element_type=\"widget\" data-widget_type=\"heading.default\">\n\t\t\t\t<div class=\"elementor-widget-container\">\n\t\t\t\t\t<h2 class=\"elementor-heading-title elementor-size-default\">Credo<\/h2>\t\t\t\t<\/div>\n\t\t\t\t<\/div>\n\t\t\t\t\t<\/div>\n\t\t<\/div>\n\t\t\t\t\t<\/div>\n\t\t<\/section>\n\t\t\t\t<section class=\"has_eae_slider elementor-section elementor-top-section elementor-element elementor-element-176cec97 elementor-section-boxed elementor-section-height-default elementor-section-height-default\" data-id=\"176cec97\" data-element_type=\"section\">\n\t\t\t\t\t\t<div class=\"elementor-container elementor-column-gap-default\">\n\t\t\t\t\t<div class=\"has_eae_slider elementor-column elementor-col-100 elementor-top-column elementor-element elementor-element-3d4d9877\" data-id=\"3d4d9877\" data-element_type=\"column\">\n\t\t\t<div class=\"elementor-widget-wrap elementor-element-populated\">\n\t\t\t\t\t\t<div class=\"elementor-element elementor-element-1526d259 elementor-widget elementor-widget-text-editor\" data-id=\"1526d259\" data-element_type=\"widget\" data-widget_type=\"text-editor.default\">\n\t\t\t\t<div class=\"elementor-widget-container\">\n\t\t\t\t\t\t\t\t\t<p>Wir sind davon \u00fcberzeugt, dass es nicht nur der Haupteingang ist, durch den man das 2.000 Jahre alte Geb\u00e4ude der christlichen Kultur betreten kann, sondern dass es eine nicht allzu spektakul\u00e4re, eher versteckte Hintert\u00fcr gibt (auf Lateinisch: <i>posticum<\/i>), der oft als unbedeutend angesehen wird und ebenfalls zum Allerheiligsten f\u00fchrt.<\/p><p>In den letzten zwei Jahrzehnten hat das Posticum versucht, diese Rolle als Hintert\u00fcr zu erf\u00fcllen, indem es ein breites Spektrum an kulturellen und karitativen Programmen angeboten hat. Allm\u00e4hlich hat sich der Schwerpunkt darauf verlagert, unsere inneren Energiequellen zu finden und zu n\u00e4hren, und so haben wir, den Zeichen der Zeit folgend, die Hintert\u00fcr immer mehr mit Stille und Kontemplation identifiziert.<\/p><p>Die Stille ist nat\u00fcrlich nicht alles, sondern nur ein Tor; aber jeder muss es durchschreiten, wenn er die Religion nicht nur als leere Folklore und die Liturgie nicht nur als hohles, unpers\u00f6nliches Brauchtum erleben will. Wenn jemand das Geb\u00e4ude der Kirche nicht durch das Tor der Stille betritt, kann er leicht eine angenehme kulturelle Erfahrung wie eine F\u00fchrung in einem Museum machen, aber die direkte Wahrnehmung der Gegenwart des Ewigen wird seinem Leben fehlen. Und das Leben ohne diese Erfahrung neigt dazu, oberfl\u00e4chlich und langweilig zu werden, verliert seine Farben und seinen Geschmack.<\/p><p>Die Hintert\u00fcr von Posticum steht also in erster Linie denjenigen offen, die diese unverzichtbare Lebensenergie aus der Quelle der Stille und Kontemplation sch\u00f6pfen wollen und sich bem\u00fchen, ihren pers\u00f6nlichen Lebensweg im l\u00e4rmenden Labyrinth der Massenkultur zu finden.<\/p><p>Wir glauben au\u00dferdem, dass wir nicht nur als Einzelne, sondern auch als Religionsgemeinschaften durch den Weg der Kontemplation die gemeinsame Quelle entdecken k\u00f6nnen, die in jeder gro\u00dfen Weltreligion vorhanden ist, und dass wir von dort aus die Chance haben, trotz aller historischen, kulturellen und theologischen Unterschiede eine Gesellschaft der Br\u00fcderlichkeit aufzubauen.<span style=\"font-size: inherit;\">.<\/span><\/p>\t\t\t\t\t\t\t\t<\/div>\n\t\t\t\t<\/div>\n\t\t\t\t\t<\/div>\n\t\t<\/div>\n\t\t\t\t\t<\/div>\n\t\t<\/section>\n\t\t\t\t<section class=\"has_eae_slider elementor-section elementor-top-section elementor-element elementor-element-c0d844a elementor-section-boxed elementor-section-height-default elementor-section-height-default\" data-id=\"c0d844a\" data-element_type=\"section\">\n\t\t\t\t\t\t<div class=\"elementor-container elementor-column-gap-default\">\n\t\t\t\t\t<div class=\"has_eae_slider elementor-column elementor-col-100 elementor-top-column elementor-element elementor-element-574da6d\" data-id=\"574da6d\" data-element_type=\"column\">\n\t\t\t<div class=\"elementor-widget-wrap elementor-element-populated\">\n\t\t\t\t\t\t<div class=\"elementor-element elementor-element-a641cae elementor-widget elementor-widget-spacer\" data-id=\"a641cae\" data-element_type=\"widget\" data-widget_type=\"spacer.default\">\n\t\t\t\t<div class=\"elementor-widget-container\">\n\t\t\t\t\t\t\t<div class=\"elementor-spacer\">\n\t\t\t<div class=\"elementor-spacer-inner\"><\/div>\n\t\t<\/div>\n\t\t\t\t\t\t<\/div>\n\t\t\t\t<\/div>\n\t\t\t\t\t<\/div>\n\t\t<\/div>\n\t\t\t\t\t<\/div>\n\t\t<\/section>\n\t\t\t\t<section class=\"has_eae_slider elementor-section elementor-top-section elementor-element elementor-element-6c547cb elementor-section-boxed elementor-section-height-default elementor-section-height-default\" data-id=\"6c547cb\" data-element_type=\"section\">\n\t\t\t\t\t\t<div class=\"elementor-container elementor-column-gap-default\">\n\t\t\t\t\t<div class=\"has_eae_slider elementor-column elementor-col-100 elementor-top-column elementor-element elementor-element-d70d864\" data-id=\"d70d864\" data-element_type=\"column\">\n\t\t\t<div class=\"elementor-widget-wrap elementor-element-populated\">\n\t\t\t\t\t\t<div class=\"elementor-element elementor-element-3a95a0e elementor-widget elementor-widget-heading\" data-id=\"3a95a0e\" data-element_type=\"widget\" data-widget_type=\"heading.default\">\n\t\t\t\t<div class=\"elementor-widget-container\">\n\t\t\t\t\t<h2 class=\"elementor-heading-title elementor-size-default\">Unsere kurze Geschichte<\/h2>\t\t\t\t<\/div>\n\t\t\t\t<\/div>\n\t\t\t\t\t<\/div>\n\t\t<\/div>\n\t\t\t\t\t<\/div>\n\t\t<\/section>\n\t\t\t\t<section class=\"has_eae_slider elementor-section elementor-top-section elementor-element elementor-element-981bc5d elementor-section-boxed elementor-section-height-default elementor-section-height-default\" data-id=\"981bc5d\" data-element_type=\"section\">\n\t\t\t\t\t\t<div class=\"elementor-container elementor-column-gap-default\">\n\t\t\t\t\t<div class=\"has_eae_slider elementor-column elementor-col-100 elementor-top-column elementor-element elementor-element-cd93724\" data-id=\"cd93724\" data-element_type=\"column\">\n\t\t\t<div class=\"elementor-widget-wrap elementor-element-populated\">\n\t\t\t\t\t\t<div class=\"elementor-element elementor-element-d5a5c0e elementor-widget elementor-widget-text-editor\" data-id=\"d5a5c0e\" data-element_type=\"widget\" data-widget_type=\"text-editor.default\">\n\t\t\t\t<div class=\"elementor-widget-container\">\n\t\t\t\t\t\t\t\t\t<p>Die Geschichte von Posticum begann mit einer Person. Es bedurfte der Zusammenarbeit, der Ideen, der finanziellen und praktischen Unterst\u00fctzung vieler, um den Traum Wirklichkeit werden zu lassen, doch die Verantwortung f\u00fcr das ganze Unterfangen trug Imre Rencsik, ein katholischer Priester, der sich auf Jugendseelsorge spezialisiert hatte.<\/p>\t\t\t\t\t\t\t\t<\/div>\n\t\t\t\t<\/div>\n\t\t\t\t\t<\/div>\n\t\t<\/div>\n\t\t\t\t\t<\/div>\n\t\t<\/section>\n\t\t\t\t<section class=\"has_eae_slider elementor-section elementor-top-section elementor-element elementor-element-eff9c8e elementor-section-boxed elementor-section-height-default elementor-section-height-default\" data-id=\"eff9c8e\" data-element_type=\"section\">\n\t\t\t\t\t\t<div class=\"elementor-container elementor-column-gap-default\">\n\t\t\t\t\t<div class=\"has_eae_slider elementor-column elementor-col-100 elementor-top-column elementor-element elementor-element-cd61d1c\" data-id=\"cd61d1c\" data-element_type=\"column\">\n\t\t\t<div class=\"elementor-widget-wrap elementor-element-populated\">\n\t\t\t\t\t\t<div class=\"elementor-element elementor-element-e13e198 elementor-widget elementor-widget-image\" data-id=\"e13e198\" data-element_type=\"widget\" data-widget_type=\"image.default\">\n\t\t\t\t<div class=\"elementor-widget-container\">\n\t\t\t\t\t\t\t\t\t\t\t\t<figure class=\"wp-caption\">\n\t\t\t\t\t\t\t\t\t\t<img fetchpriority=\"high\" decoding=\"async\" width=\"600\" height=\"416\" src=\"https:\/\/www.posticum.ro\/wp-content\/uploads\/2021\/01\/Rencsik-Imre-Posticum-alapito-vezeto.jpg\" class=\"attachment-full size-full wp-image-1556\" alt=\"\" srcset=\"https:\/\/www.posticum.ro\/wp-content\/uploads\/2021\/01\/Rencsik-Imre-Posticum-alapito-vezeto.jpg 600w, https:\/\/www.posticum.ro\/wp-content\/uploads\/2021\/01\/Rencsik-Imre-Posticum-alapito-vezeto-300x208.jpg 300w\" sizes=\"(max-width: 600px) 100vw, 600px\" \/>\t\t\t\t\t\t\t\t\t\t\t<figcaption class=\"widget-image-caption wp-caption-text\">Imre Rencsik, Gr\u00fcnder und Direktor von Posticum<\/figcaption>\n\t\t\t\t\t\t\t\t\t\t<\/figure>\n\t\t\t\t\t\t\t\t\t<\/div>\n\t\t\t\t<\/div>\n\t\t\t\t\t<\/div>\n\t\t<\/div>\n\t\t\t\t\t<\/div>\n\t\t<\/section>\n\t\t\t\t<section class=\"has_eae_slider elementor-section elementor-top-section elementor-element elementor-element-54bfb97 elementor-section-boxed elementor-section-height-default elementor-section-height-default\" data-id=\"54bfb97\" data-element_type=\"section\">\n\t\t\t\t\t\t<div class=\"elementor-container elementor-column-gap-default\">\n\t\t\t\t\t<div class=\"has_eae_slider elementor-column elementor-col-100 elementor-top-column elementor-element elementor-element-e0efb92\" data-id=\"e0efb92\" data-element_type=\"column\">\n\t\t\t<div class=\"elementor-widget-wrap elementor-element-populated\">\n\t\t\t\t\t\t<div class=\"elementor-element elementor-element-7f7f538 elementor-widget elementor-widget-text-editor\" data-id=\"7f7f538\" data-element_type=\"widget\" data-widget_type=\"text-editor.default\">\n\t\t\t\t<div class=\"elementor-widget-container\">\n\t\t\t\t\t\t\t\t\t<p>Der Verein wurde 1994 rechtlich eingetragen, und zwei Jahre sp\u00e4ter wurde der Grundstein f\u00fcr seinen Hauptsitz gelegt. Der Geb\u00e4udekomplex wurde schlie\u00dflich am 21. Mai des Jahres 2000 eingeweiht.<span style=\"font-size: inherit;\">\u00a0von Bischof J\u00f3zsef Tempfli,<\/span><span style=\"font-size: inherit;\">\u00a0bei der Finissage des ber\u00fchmten Stadtfestes Varadinum<\/span><span style=\"font-size: inherit;\">.<\/span><\/p>\t\t\t\t\t\t\t\t<\/div>\n\t\t\t\t<\/div>\n\t\t\t\t\t<\/div>\n\t\t<\/div>\n\t\t\t\t\t<\/div>\n\t\t<\/section>\n\t\t\t\t<section class=\"has_eae_slider elementor-section elementor-top-section elementor-element elementor-element-407b7ca elementor-section-boxed elementor-section-height-default elementor-section-height-default\" data-id=\"407b7ca\" data-element_type=\"section\">\n\t\t\t\t\t\t<div class=\"elementor-container elementor-column-gap-default\">\n\t\t\t\t\t<div class=\"has_eae_slider elementor-column elementor-col-100 elementor-top-column elementor-element elementor-element-a45ddba\" data-id=\"a45ddba\" data-element_type=\"column\">\n\t\t\t<div class=\"elementor-widget-wrap elementor-element-populated\">\n\t\t\t\t\t\t<div class=\"elementor-element elementor-element-409e11c elementor-widget elementor-widget-text-editor\" data-id=\"409e11c\" data-element_type=\"widget\" data-widget_type=\"text-editor.default\">\n\t\t\t\t<div class=\"elementor-widget-container\">\n\t\t\t\t\t\t\t\t\t<p><i>\"Die Arche Noah...\"<\/i><\/p><p>Dichter J\u00e1nos Zudor, 21. Mai, 2000<\/p>\t\t\t\t\t\t\t\t<\/div>\n\t\t\t\t<\/div>\n\t\t\t\t\t<\/div>\n\t\t<\/div>\n\t\t\t\t\t<\/div>\n\t\t<\/section>\n\t\t\t\t<section class=\"has_eae_slider elementor-section elementor-top-section elementor-element elementor-element-38dc50a elementor-section-boxed elementor-section-height-default elementor-section-height-default\" data-id=\"38dc50a\" data-element_type=\"section\">\n\t\t\t\t\t\t<div class=\"elementor-container elementor-column-gap-default\">\n\t\t\t\t\t<div class=\"has_eae_slider elementor-column elementor-col-100 elementor-top-column elementor-element elementor-element-4f9b796\" data-id=\"4f9b796\" data-element_type=\"column\">\n\t\t\t<div class=\"elementor-widget-wrap elementor-element-populated\">\n\t\t\t\t\t\t<div class=\"elementor-element elementor-element-8a29e28 elementor-widget elementor-widget-text-editor\" data-id=\"8a29e28\" data-element_type=\"widget\" data-widget_type=\"text-editor.default\">\n\t\t\t\t<div class=\"elementor-widget-container\">\n\t\t\t\t\t\t\t\t\t<p>Dem Wunsch der Gr\u00fcnder entsprechend wurde das Zentrum am Jahrestag der Gr\u00fcndung von Oradea er\u00f6ffnet. Sie waren der Meinung, dass am Ende des Jahrtausends \"eine neue Stadt, eine geistige Polis\" gebraucht wird. Jeder kann ihr B\u00fcrger werden, der bereit ist, mit seinen Gedanken, seinem Wissen und seinen Taten zur Entwicklung der gr\u00f6\u00dferen Gemeinschaft beizutragen: der Nation und eines Landes mit europ\u00e4ischen Werten.<\/p><p>Seit dem Jahr 2000 hat sich das Zentrum zu einem der wichtigsten kulturellen Zentren von Oradea entwickelt, das sich durch eine offene, spirituelle Atmosph\u00e4re auszeichnet, die die G\u00e4ste zu einem authentischeren und menschlicheren Leben einl\u00e4dt.<\/p>\t\t\t\t\t\t\t\t<\/div>\n\t\t\t\t<\/div>\n\t\t\t\t\t<\/div>\n\t\t<\/div>\n\t\t\t\t\t<\/div>\n\t\t<\/section>\n\t\t\t\t<section class=\"has_eae_slider elementor-section elementor-top-section elementor-element elementor-element-824fc9c elementor-section-boxed elementor-section-height-default elementor-section-height-default\" data-id=\"824fc9c\" data-element_type=\"section\">\n\t\t\t\t\t\t<div class=\"elementor-container elementor-column-gap-default\">\n\t\t\t\t\t<div class=\"has_eae_slider elementor-column elementor-col-100 elementor-top-column elementor-element elementor-element-a7b7084\" data-id=\"a7b7084\" data-element_type=\"column\">\n\t\t\t<div class=\"elementor-widget-wrap elementor-element-populated\">\n\t\t\t\t\t\t<div class=\"elementor-element elementor-element-c62a3bb elementor-widget elementor-widget-spacer\" data-id=\"c62a3bb\" data-element_type=\"widget\" data-widget_type=\"spacer.default\">\n\t\t\t\t<div class=\"elementor-widget-container\">\n\t\t\t\t\t\t\t<div class=\"elementor-spacer\">\n\t\t\t<div class=\"elementor-spacer-inner\"><\/div>\n\t\t<\/div>\n\t\t\t\t\t\t<\/div>\n\t\t\t\t<\/div>\n\t\t\t\t\t<\/div>\n\t\t<\/div>\n\t\t\t\t\t<\/div>\n\t\t<\/section>\n\t\t\t\t<section class=\"has_eae_slider elementor-section elementor-top-section elementor-element elementor-element-3f84ac1 elementor-section-boxed elementor-section-height-default elementor-section-height-default\" data-id=\"3f84ac1\" data-element_type=\"section\">\n\t\t\t\t\t\t<div class=\"elementor-container elementor-column-gap-default\">\n\t\t\t\t\t<div class=\"has_eae_slider elementor-column elementor-col-100 elementor-top-column elementor-element elementor-element-c6e9372\" data-id=\"c6e9372\" data-element_type=\"column\">\n\t\t\t<div class=\"elementor-widget-wrap elementor-element-populated\">\n\t\t\t\t\t\t<div class=\"elementor-element elementor-element-af1f9cd elementor-widget elementor-widget-heading\" data-id=\"af1f9cd\" data-element_type=\"widget\" data-widget_type=\"heading.default\">\n\t\t\t\t<div class=\"elementor-widget-container\">\n\t\t\t\t\t<h2 class=\"elementor-heading-title elementor-size-default\">\u00dcber das Geb\u00e4ude<\/h2>\t\t\t\t<\/div>\n\t\t\t\t<\/div>\n\t\t\t\t\t<\/div>\n\t\t<\/div>\n\t\t\t\t\t<\/div>\n\t\t<\/section>\n\t\t\t\t<section class=\"has_eae_slider elementor-section elementor-top-section elementor-element elementor-element-b7166b3 elementor-section-boxed elementor-section-height-default elementor-section-height-default\" data-id=\"b7166b3\" data-element_type=\"section\">\n\t\t\t\t\t\t<div class=\"elementor-container elementor-column-gap-default\">\n\t\t\t\t\t<div class=\"has_eae_slider elementor-column elementor-col-100 elementor-top-column elementor-element elementor-element-9b0f247\" data-id=\"9b0f247\" data-element_type=\"column\">\n\t\t\t<div class=\"elementor-widget-wrap elementor-element-populated\">\n\t\t\t\t\t\t<div class=\"elementor-element elementor-element-5d92aae elementor-widget elementor-widget-text-editor\" data-id=\"5d92aae\" data-element_type=\"widget\" data-widget_type=\"text-editor.default\">\n\t\t\t\t<div class=\"elementor-widget-container\">\n\t\t\t\t\t\t\t\t\t<p><i>\"Imre, ich werde so ein Haus f\u00fcr dich planen, dass jemand, der es betritt, das Gef\u00fchl hat, in einer anderen Welt zu sein.\"<\/i><\/p><p><span style=\"font-size: inherit; letter-spacing: 0px;\"><b>Arnold Szab\u00f3, ehemaliger Chefarchitekt von Oradea<\/b><\/span><\/p>\t\t\t\t\t\t\t\t<\/div>\n\t\t\t\t<\/div>\n\t\t\t\t\t<\/div>\n\t\t<\/div>\n\t\t\t\t\t<\/div>\n\t\t<\/section>\n\t\t\t\t<section class=\"has_eae_slider elementor-section elementor-top-section elementor-element elementor-element-46c7af6 elementor-section-boxed elementor-section-height-default elementor-section-height-default\" data-id=\"46c7af6\" data-element_type=\"section\">\n\t\t\t\t\t\t<div class=\"elementor-container elementor-column-gap-default\">\n\t\t\t\t\t<div class=\"has_eae_slider elementor-column elementor-col-100 elementor-top-column elementor-element elementor-element-b8fa3d9\" data-id=\"b8fa3d9\" data-element_type=\"column\">\n\t\t\t<div class=\"elementor-widget-wrap elementor-element-populated\">\n\t\t\t\t\t\t<div class=\"elementor-element elementor-element-eb19a8d elementor-widget elementor-widget-text-editor\" data-id=\"eb19a8d\" data-element_type=\"widget\" data-widget_type=\"text-editor.default\">\n\t\t\t\t<div class=\"elementor-widget-container\">\n\t\t\t\t\t\t\t\t\t<p>Das Grundst\u00fcck, auf dem Posticum errichtet wurde, war eine Schenkung der r\u00f6misch-katholischen Di\u00f6zese Oradea. In der Mitte des 20. Jahrhunderts wurde darauf ein Klerikerhaus gebaut, das sp\u00e4ter von den Einheimischen als Kapelle genutzt wurde. In den folgenden Jahrzehnten war der Hof vor dem Geb\u00e4ude zugewachsen, w\u00e4hrend viele den Platz als M\u00fcllkippe nutzten. Im Keller fanden Obdachlose eine Bleibe.<\/p><p>Der Bau des Posticum begann 1996 nach den Pl\u00e4nen von Arnold Szab\u00f3. Das G\u00e4stehaus war der erste Fl\u00fcgel, der in den folgenden zwei Jahren errichtet wurde. Es hat f\u00fcnf Stockwerke mit insgesamt zehn Zimmern, einem Restaurant und einer K\u00fcche. Die M\u00f6bel wurden in der Don-Bosco-Schreinerei des Posticum nach den Pl\u00e4nen der Innenarchitektin Eszter M\u00e9sz\u00f6ly gefertigt.<\/p><p><\/p>\t\t\t\t\t\t\t\t<\/div>\n\t\t\t\t<\/div>\n\t\t\t\t\t<\/div>\n\t\t<\/div>\n\t\t\t\t\t<\/div>\n\t\t<\/section>\n\t\t\t\t<section class=\"has_eae_slider elementor-section elementor-top-section elementor-element elementor-element-636c2dc elementor-section-boxed elementor-section-height-default elementor-section-height-default\" data-id=\"636c2dc\" data-element_type=\"section\">\n\t\t\t\t\t\t<div class=\"elementor-container elementor-column-gap-default\">\n\t\t\t\t\t<div class=\"has_eae_slider elementor-column elementor-col-100 elementor-top-column elementor-element elementor-element-603ab9a\" data-id=\"603ab9a\" data-element_type=\"column\">\n\t\t\t<div class=\"elementor-widget-wrap elementor-element-populated\">\n\t\t\t\t\t\t<div class=\"elementor-element elementor-element-3e8cca7 elementor-widget elementor-widget-image\" data-id=\"3e8cca7\" data-element_type=\"widget\" data-widget_type=\"image.default\">\n\t\t\t\t<div class=\"elementor-widget-container\">\n\t\t\t\t\t\t\t\t\t\t\t\t<figure class=\"wp-caption\">\n\t\t\t\t\t\t\t\t\t\t<img decoding=\"async\" width=\"2560\" height=\"1526\" src=\"https:\/\/www.posticum.ro\/wp-content\/uploads\/2021\/01\/Szabo-Arnold-Posticum-terve-scaled.jpg\" class=\"attachment-full size-full wp-image-1560\" alt=\"\" srcset=\"https:\/\/www.posticum.ro\/wp-content\/uploads\/2021\/01\/Szabo-Arnold-Posticum-terve-scaled.jpg 2560w, https:\/\/www.posticum.ro\/wp-content\/uploads\/2021\/01\/Szabo-Arnold-Posticum-terve-300x179.jpg 300w, https:\/\/www.posticum.ro\/wp-content\/uploads\/2021\/01\/Szabo-Arnold-Posticum-terve-1024x610.jpg 1024w, https:\/\/www.posticum.ro\/wp-content\/uploads\/2021\/01\/Szabo-Arnold-Posticum-terve-768x458.jpg 768w, https:\/\/www.posticum.ro\/wp-content\/uploads\/2021\/01\/Szabo-Arnold-Posticum-terve-1536x916.jpg 1536w, https:\/\/www.posticum.ro\/wp-content\/uploads\/2021\/01\/Szabo-Arnold-Posticum-terve-2048x1221.jpg 2048w\" sizes=\"(max-width: 2560px) 100vw, 2560px\" \/>\t\t\t\t\t\t\t\t\t\t\t<figcaption class=\"widget-image-caption wp-caption-text\">Der urspr\u00fcngliche Plan von Posticum - ein Aquarell des Architekten Arnold Szab\u00f3<\/figcaption>\n\t\t\t\t\t\t\t\t\t\t<\/figure>\n\t\t\t\t\t\t\t\t\t<\/div>\n\t\t\t\t<\/div>\n\t\t\t\t\t<\/div>\n\t\t<\/div>\n\t\t\t\t\t<\/div>\n\t\t<\/section>\n\t\t\t\t<section class=\"has_eae_slider elementor-section elementor-top-section elementor-element elementor-element-0047c5b elementor-section-boxed elementor-section-height-default elementor-section-height-default\" data-id=\"0047c5b\" data-element_type=\"section\">\n\t\t\t\t\t\t<div class=\"elementor-container elementor-column-gap-default\">\n\t\t\t\t\t<div class=\"has_eae_slider elementor-column elementor-col-100 elementor-top-column elementor-element elementor-element-96bcbe3\" data-id=\"96bcbe3\" data-element_type=\"column\">\n\t\t\t<div class=\"elementor-widget-wrap elementor-element-populated\">\n\t\t\t\t\t\t<div class=\"elementor-element elementor-element-6988990 elementor-widget elementor-widget-text-editor\" data-id=\"6988990\" data-element_type=\"widget\" data-widget_type=\"text-editor.default\">\n\t\t\t\t<div class=\"elementor-widget-container\">\n\t\t\t\t\t\t\t\t\t<p>In den beiden anderen Fl\u00fcgeln, die zwischen 1998 und 2000 gebaut wurden, befinden sich unter anderem die Lounge (die auch als Veranstaltungsort dient), die Kapelle, das Jazzland (ein Musiklokal im Untergeschoss), das Teehaus und die Bibliothek.<\/p><p>Der ungew\u00f6hnliche architektonische Entwurf stellte eine gro\u00dfe Herausforderung bei der Umsetzung dar, zum Beispiel die Dachkonstruktion der Kapelle, die einem Schiffsrumpf \u00e4hnelt. Allein diese Arbeiten dauerten mehrere Monate, aber die dabei gesammelten Erfahrungen waren f\u00fcr die sp\u00e4tere Karriere der Bauleute von gro\u00dfem Wert. Die letzte Phase des Baus war die Anlage eines Gartens in der Umarmung der Geb\u00e4ude, die von zwei jungen Studenten, dem K\u00fcnstler Szil\u00e1rd Filep und der Gartengestalterin \u00c1gnes F\u00fczesi, realisiert wurde.<\/p>\t\t\t\t\t\t\t\t<\/div>\n\t\t\t\t<\/div>\n\t\t\t\t\t<\/div>\n\t\t<\/div>\n\t\t\t\t\t<\/div>\n\t\t<\/section>\n\t\t\t\t<section class=\"has_eae_slider elementor-section elementor-top-section elementor-element elementor-element-1013e26 elementor-section-boxed elementor-section-height-default elementor-section-height-default\" data-id=\"1013e26\" data-element_type=\"section\">\n\t\t\t\t\t\t<div class=\"elementor-container elementor-column-gap-default\">\n\t\t\t\t\t<div class=\"has_eae_slider elementor-column elementor-col-100 elementor-top-column elementor-element elementor-element-8faf609\" data-id=\"8faf609\" data-element_type=\"column\">\n\t\t\t<div class=\"elementor-widget-wrap elementor-element-populated\">\n\t\t\t\t\t\t<div class=\"elementor-element elementor-element-13cb851 elementor-widget elementor-widget-image\" data-id=\"13cb851\" data-element_type=\"widget\" data-widget_type=\"image.default\">\n\t\t\t\t<div class=\"elementor-widget-container\">\n\t\t\t\t\t\t\t\t\t\t\t\t<figure class=\"wp-caption\">\n\t\t\t\t\t\t\t\t\t\t<img decoding=\"async\" width=\"1000\" height=\"625\" src=\"https:\/\/www.posticum.ro\/wp-content\/uploads\/2021\/01\/Kapolnamennyezet-Erdei-Gabor-acsmester-munkaja.jpg\" class=\"attachment-full size-full wp-image-1562\" alt=\"\" srcset=\"https:\/\/www.posticum.ro\/wp-content\/uploads\/2021\/01\/Kapolnamennyezet-Erdei-Gabor-acsmester-munkaja.jpg 1000w, https:\/\/www.posticum.ro\/wp-content\/uploads\/2021\/01\/Kapolnamennyezet-Erdei-Gabor-acsmester-munkaja-300x188.jpg 300w, https:\/\/www.posticum.ro\/wp-content\/uploads\/2021\/01\/Kapolnamennyezet-Erdei-Gabor-acsmester-munkaja-768x480.jpg 768w\" sizes=\"(max-width: 1000px) 100vw, 1000px\" \/>\t\t\t\t\t\t\t\t\t\t\t<figcaption class=\"widget-image-caption wp-caption-text\">Das Dach der Kapelle - ein Werk des Zimmermeisters G\u00e1bor Erdei<\/figcaption>\n\t\t\t\t\t\t\t\t\t\t<\/figure>\n\t\t\t\t\t\t\t\t\t<\/div>\n\t\t\t\t<\/div>\n\t\t\t\t\t<\/div>\n\t\t<\/div>\n\t\t\t\t\t<\/div>\n\t\t<\/section>\n\t\t\t\t<section class=\"has_eae_slider elementor-section elementor-top-section elementor-element elementor-element-81273c7 elementor-section-boxed elementor-section-height-default elementor-section-height-default\" data-id=\"81273c7\" data-element_type=\"section\">\n\t\t\t\t\t\t<div class=\"elementor-container elementor-column-gap-default\">\n\t\t\t\t\t<div class=\"has_eae_slider elementor-column elementor-col-100 elementor-top-column elementor-element elementor-element-c40a6fb\" data-id=\"c40a6fb\" data-element_type=\"column\">\n\t\t\t<div class=\"elementor-widget-wrap elementor-element-populated\">\n\t\t\t\t\t\t<div class=\"elementor-element elementor-element-9b0193c elementor-widget elementor-widget-text-editor\" data-id=\"9b0193c\" data-element_type=\"widget\" data-widget_type=\"text-editor.default\">\n\t\t\t\t<div class=\"elementor-widget-container\">\n\t\t\t\t\t\t\t\t\t<p>Im Jahr 2005 entstand die Notwendigkeit, die Kapazit\u00e4t des G\u00e4stehauses durch ein weiteres Geb\u00e4ude zu erweitern. Die ersten Planungsentw\u00fcrfe wurden von Studenten der Universit\u00e4t Liechtenstein im Sommer 2007 erstellt. Darunter\u00a0<span style=\"text-align: justify;\">Der Entwurf von Aline M\u00fcller wurde als der beste befunden. Nach der Fertigstellung ihrer Pl\u00e4ne begannen die Bauarbeiten Anfang 2010 an der Stelle des alten Pfarrhauses. Die Innenr\u00e4ume wurden von dem Oradeaner Maler\u00a0<\/span><span style=\"text-align: justify;\">Costea Constantin.<\/span><\/p>\t\t\t\t\t\t\t\t<\/div>\n\t\t\t\t<\/div>\n\t\t\t\t\t<\/div>\n\t\t<\/div>\n\t\t\t\t\t<\/div>\n\t\t<\/section>\n\t\t\t\t<section class=\"has_eae_slider elementor-section elementor-top-section elementor-element elementor-element-f1fcc17 elementor-section-boxed elementor-section-height-default elementor-section-height-default\" data-id=\"f1fcc17\" data-element_type=\"section\">\n\t\t\t\t\t\t<div class=\"elementor-container elementor-column-gap-default\">\n\t\t\t\t\t<div class=\"has_eae_slider elementor-column elementor-col-100 elementor-top-column elementor-element elementor-element-3b3affa\" data-id=\"3b3affa\" data-element_type=\"column\">\n\t\t\t<div class=\"elementor-widget-wrap elementor-element-populated\">\n\t\t\t\t\t\t<div class=\"elementor-element elementor-element-12721bb elementor-widget elementor-widget-video\" data-id=\"12721bb\" data-element_type=\"widget\" data-settings=\"{&quot;youtube_url&quot;:&quot;https:\\\/\\\/www.youtube.com\\\/watch?v=SK-33EtUSkI&quot;,&quot;video_type&quot;:&quot;youtube&quot;,&quot;controls&quot;:&quot;yes&quot;}\" data-widget_type=\"video.default\">\n\t\t\t\t<div class=\"elementor-widget-container\">\n\t\t\t\t\t\t\t<div class=\"elementor-wrapper elementor-open-inline\">\n\t\t\t<div class=\"elementor-video\"><\/div>\t\t<\/div>\n\t\t\t\t\t\t<\/div>\n\t\t\t\t<\/div>\n\t\t\t\t\t<\/div>\n\t\t<\/div>\n\t\t\t\t\t<\/div>\n\t\t<\/section>\n\t\t\t\t<section class=\"has_eae_slider elementor-section elementor-top-section elementor-element elementor-element-8606f3b elementor-section-boxed elementor-section-height-default elementor-section-height-default\" data-id=\"8606f3b\" data-element_type=\"section\">\n\t\t\t\t\t\t<div class=\"elementor-container elementor-column-gap-default\">\n\t\t\t\t\t<div class=\"has_eae_slider elementor-column elementor-col-100 elementor-top-column elementor-element elementor-element-c12546a\" data-id=\"c12546a\" data-element_type=\"column\">\n\t\t\t<div class=\"elementor-widget-wrap elementor-element-populated\">\n\t\t\t\t\t\t<div class=\"elementor-element elementor-element-4e382e1 elementor-widget elementor-widget-video\" data-id=\"4e382e1\" data-element_type=\"widget\" data-settings=\"{&quot;youtube_url&quot;:&quot;https:\\\/\\\/www.youtube.com\\\/watch?v=sFP9USPENsA&quot;,&quot;video_type&quot;:&quot;youtube&quot;,&quot;controls&quot;:&quot;yes&quot;}\" data-widget_type=\"video.default\">\n\t\t\t\t<div class=\"elementor-widget-container\">\n\t\t\t\t\t\t\t<div class=\"elementor-wrapper elementor-open-inline\">\n\t\t\t<div class=\"elementor-video\"><\/div>\t\t<\/div>\n\t\t\t\t\t\t<\/div>\n\t\t\t\t<\/div>\n\t\t\t\t\t<\/div>\n\t\t<\/div>\n\t\t\t\t\t<\/div>\n\t\t<\/section>\n\t\t\t\t<section class=\"has_eae_slider elementor-section elementor-top-section elementor-element elementor-element-f3f5809 elementor-section-boxed elementor-section-height-default elementor-section-height-default\" data-id=\"f3f5809\" data-element_type=\"section\">\n\t\t\t\t\t\t<div class=\"elementor-container elementor-column-gap-default\">\n\t\t\t\t\t<div class=\"has_eae_slider elementor-column elementor-col-100 elementor-top-column elementor-element elementor-element-1474941\" data-id=\"1474941\" data-element_type=\"column\">\n\t\t\t<div class=\"elementor-widget-wrap elementor-element-populated\">\n\t\t\t\t\t\t<div class=\"elementor-element elementor-element-08b4868 elementor-widget elementor-widget-spacer\" data-id=\"08b4868\" data-element_type=\"widget\" data-widget_type=\"spacer.default\">\n\t\t\t\t<div class=\"elementor-widget-container\">\n\t\t\t\t\t\t\t<div class=\"elementor-spacer\">\n\t\t\t<div class=\"elementor-spacer-inner\"><\/div>\n\t\t<\/div>\n\t\t\t\t\t\t<\/div>\n\t\t\t\t<\/div>\n\t\t\t\t\t<\/div>\n\t\t<\/div>\n\t\t\t\t\t<\/div>\n\t\t<\/section>\n\t\t\t\t<section class=\"has_eae_slider elementor-section elementor-top-section elementor-element elementor-element-d02d01d elementor-section-boxed elementor-section-height-default elementor-section-height-default\" data-id=\"d02d01d\" data-element_type=\"section\">\n\t\t\t\t\t\t<div class=\"elementor-container elementor-column-gap-default\">\n\t\t\t\t\t<div class=\"has_eae_slider elementor-column elementor-col-100 elementor-top-column elementor-element elementor-element-59f6c9b\" data-id=\"59f6c9b\" data-element_type=\"column\">\n\t\t\t<div class=\"elementor-widget-wrap elementor-element-populated\">\n\t\t\t\t\t\t<div class=\"elementor-element elementor-element-466b323 elementor-widget elementor-widget-heading\" data-id=\"466b323\" data-element_type=\"widget\" data-widget_type=\"heading.default\">\n\t\t\t\t<div class=\"elementor-widget-container\">\n\t\t\t\t\t<h2 class=\"elementor-heading-title elementor-size-default\">Stiftungsrat<\/h2>\t\t\t\t<\/div>\n\t\t\t\t<\/div>\n\t\t\t\t\t<\/div>\n\t\t<\/div>\n\t\t\t\t\t<\/div>\n\t\t<\/section>\n\t\t\t\t<section class=\"has_eae_slider elementor-section elementor-top-section elementor-element elementor-element-ceee0be elementor-section-boxed elementor-section-height-default elementor-section-height-default\" data-id=\"ceee0be\" data-element_type=\"section\">\n\t\t\t\t\t\t<div class=\"elementor-container elementor-column-gap-default\">\n\t\t\t\t\t<div class=\"has_eae_slider elementor-column elementor-col-100 elementor-top-column elementor-element elementor-element-67e67f6\" data-id=\"67e67f6\" data-element_type=\"column\">\n\t\t\t<div class=\"elementor-widget-wrap elementor-element-populated\">\n\t\t\t\t\t\t<div class=\"elementor-element elementor-element-a1b9714 elementor-widget elementor-widget-text-editor\" data-id=\"a1b9714\" data-element_type=\"widget\" data-widget_type=\"text-editor.default\">\n\t\t\t\t<div class=\"elementor-widget-container\">\n\t\t\t\t\t\t\t\t\t<p>1) B\u00e9la Csern\u00e1k<\/p><p>2. imre\u00a0<span style=\"font-size: inherit;\">Rencsik<\/span><\/p><p>3. Andrea Maria\u00a0<span style=\"font-size: inherit;\">Wagner<\/span><\/p><p>4. stephan\u00a0<span style=\"font-size: inherit;\">Bak\u00f3<\/span><\/p><p>5. stephan\u00a0<span style=\"font-size: inherit;\">Bruncs\u00e1k<\/span><\/p><p>6. franziskus\u00a0<span style=\"font-size: inherit;\">Chibi<\/span><\/p><p>7. Szil\u00e1rd S\u00e1ndor\u00a0<span style=\"font-size: inherit;\">Schwarz<\/span><\/p><p>8. franziskus\u00a0<span style=\"font-size: inherit;\">George<\/span><\/p><p>9. Karl Gritsch<\/p><p>10. Konrad Fundneider<\/p><p>11. lydia\u00a0<span style=\"font-size: inherit;\">Loibl<\/span><\/p><p>12. Stephen\u00a0<span style=\"font-size: inherit;\">Paul<\/span><\/p><p>13. istv\u00e1n\u00a0<span style=\"font-size: inherit;\">Rencsik<\/span><\/p><p>14. tibor\u00a0<span style=\"font-size: inherit;\">Rencsik<\/span><\/p><p>15. aloysius\u00a0<span style=\"font-size: inherit;\">S\u00e1ghy<\/span><\/p><p>16. john\u00a0<span style=\"font-size: inherit;\">Schiermeier<\/span><\/p><p>17. gedeon Hidber Gyula\u00a0<span style=\"font-size: inherit;\">Zsug\u00e1n<\/span><\/p><p>18. Constantin Daniel\u00a0<span style=\"font-size: inherit;\">Costea<\/span><\/p><p>19. J\u00e1nos Zsigmond\u00a0<span style=\"font-size: inherit;\">Christopher<\/span><\/p><p><span style=\"font-size: inherit;\">20. Istv\u00e1n Szaladj\u00e1k<\/span><\/p><p><span style=\"font-size: inherit;\">21 Viktor Jecs<\/span><\/p>\t\t\t\t\t\t\t\t<\/div>\n\t\t\t\t<\/div>\n\t\t\t\t\t<\/div>\n\t\t<\/div>\n\t\t\t\t\t<\/div>\n\t\t<\/section>\n\t\t\t\t<section class=\"has_eae_slider elementor-section elementor-top-section elementor-element elementor-element-15a0a30 elementor-section-boxed elementor-section-height-default elementor-section-height-default\" data-id=\"15a0a30\" data-element_type=\"section\">\n\t\t\t\t\t\t<div class=\"elementor-container elementor-column-gap-default\">\n\t\t\t\t\t<div class=\"has_eae_slider elementor-column elementor-col-100 elementor-top-column elementor-element elementor-element-ad0d672\" data-id=\"ad0d672\" data-element_type=\"column\">\n\t\t\t<div class=\"elementor-widget-wrap elementor-element-populated\">\n\t\t\t\t\t\t<div class=\"elementor-element elementor-element-4712b57 elementor-widget elementor-widget-spacer\" data-id=\"4712b57\" data-element_type=\"widget\" data-widget_type=\"spacer.default\">\n\t\t\t\t<div class=\"elementor-widget-container\">\n\t\t\t\t\t\t\t<div class=\"elementor-spacer\">\n\t\t\t<div class=\"elementor-spacer-inner\"><\/div>\n\t\t<\/div>\n\t\t\t\t\t\t<\/div>\n\t\t\t\t<\/div>\n\t\t\t\t\t<\/div>\n\t\t<\/div>\n\t\t\t\t\t<\/div>\n\t\t<\/section>\n\t\t\t\t<\/div>","protected":false},"excerpt":{"rendered":"<p>Credo We are convinced that it is not only the main entrance through which one may enter the 2,000-year-old building of Christian culture. There is a not too spectacular, rather hidden backdoor (in Latin: posticum), often considered to be insignificant, which also leads to the Holy of Holies. In the [&hellip;]<\/p>","protected":false},"author":1,"featured_media":0,"parent":0,"menu_order":0,"comment_status":"closed","ping_status":"closed","template":"","meta":{"_exactmetrics_skip_tracking":false,"_exactmetrics_sitenote_active":false,"_exactmetrics_sitenote_note":"","_exactmetrics_sitenote_category":0,"footnotes":""},"class_list":["post-2367","page","type-page","status-publish","hentry"],"_links":{"self":[{"href":"https:\/\/www.posticum.ro\/de\/wp-json\/wp\/v2\/pages\/2367","targetHints":{"allow":["GET"]}}],"collection":[{"href":"https:\/\/www.posticum.ro\/de\/wp-json\/wp\/v2\/pages"}],"about":[{"href":"https:\/\/www.posticum.ro\/de\/wp-json\/wp\/v2\/types\/page"}],"author":[{"embeddable":true,"href":"https:\/\/www.posticum.ro\/de\/wp-json\/wp\/v2\/users\/1"}],"replies":[{"embeddable":true,"href":"https:\/\/www.posticum.ro\/de\/wp-json\/wp\/v2\/comments?post=2367"}],"version-history":[{"count":94,"href":"https:\/\/www.posticum.ro\/de\/wp-json\/wp\/v2\/pages\/2367\/revisions"}],"predecessor-version":[{"id":3310,"href":"https:\/\/www.posticum.ro\/de\/wp-json\/wp\/v2\/pages\/2367\/revisions\/3310"}],"wp:attachment":[{"href":"https:\/\/www.posticum.ro\/de\/wp-json\/wp\/v2\/media?parent=2367"}],"curies":[{"name":"wp","href":"https:\/\/api.w.org\/{rel}","templated":true}]}}